{"id":2495,"date":"2025-06-20T07:39:43","date_gmt":"2025-06-20T07:39:43","guid":{"rendered":"https:\/\/www.donizettiopera.org\/the-artistic-director\/"},"modified":"2025-06-26T07:10:34","modified_gmt":"2025-06-26T07:10:34","slug":"the-artistic-director","status":"publish","type":"page","link":"https:\/\/www.donizettiopera.org\/en\/the-artistic-director\/","title":{"rendered":"The Artistic Director"},"content":{"rendered":"<div class=\"fusion-fullwidth fullwidth-box fusion-builder-row-1 fusion-flex-container has-pattern-background has-mask-background nonhundred-percent-fullwidth non-hundred-percent-height-scrolling\" style=\"--awb-border-radius-top-left:0px;--awb-border-radius-top-right:0px;--awb-border-radius-bottom-right:0px;--awb-border-radius-bottom-left:0px;--awb-padding-top:80px;--awb-padding-bottom:80px;--awb-flex-wrap:wrap;\" ><div class=\"fusion-builder-row fusion-row fusion-flex-align-items-flex-start fusion-flex-content-wrap\" style=\"max-width:1248px;margin-left: calc(-4% \/ 2 );margin-right: calc(-4% \/ 2 );\"><div class=\"fusion-layout-column fusion_builder_column fusion-builder-column-0 fusion_builder_column_1_1 1_1 fusion-flex-column\" style=\"--awb-bg-size:cover;--awb-width-large:100%;--awb-margin-top-large:0px;--awb-spacing-right-large:1.92%;--awb-margin-bottom-large:40px;--awb-spacing-left-large:1.92%;--awb-width-medium:100%;--awb-order-medium:0;--awb-spacing-right-medium:1.92%;--awb-spacing-left-medium:1.92%;--awb-width-small:100%;--awb-order-small:0;--awb-spacing-right-small:1.92%;--awb-spacing-left-small:1.92%;\" data-scroll-devices=\"small-visibility,medium-visibility,large-visibility\"><div class=\"fusion-column-wrapper fusion-column-has-shadow fusion-flex-justify-content-flex-start fusion-content-layout-column\"><div class=\"fusion-text fusion-text-1\"><p><strong>Riccardo Frizza<\/strong> is artistic and musical director of the Donizetti Opera festival in Bergamo, as well as principal conductor of the Hungarian Radio Symphony Orchestra and Choir.<\/p>\n<p>Born in Brescia, he trained at the Milan Conservatory and the Accademia Chigiana in Siena. He is one of the leading conductors of his generation and regularly works with the world&#8217;s most important theatres.<\/p>\n<p>Despite being one of the most sought-after opera conductors, he is also passionate about the symphonic repertoire, as evidenced by his busy schedule. In this capacity, he has conducted the Accademia Nazionale di Santa Cecilia, the Gewandhaus in Leipzig, the S\u00e4chsische Staatskapelle in Dresden, the Milan Symphony Orchestra, the Mahler Chamber Orchestra, the St. Petersburg Philharmonic Orchestra, the Philharmonia Orchestra in London, the Tonk\u00fcnstler Orchestra, the Euskadiko Orchestra, the Tokyo Symphony Orchestra, the Haydn Orchestra and the Tokyo Philharmonic Orchestra.<\/p>\n<\/div><\/div><\/div><div class=\"fusion-layout-column fusion_builder_column fusion-builder-column-1 fusion_builder_column_1_2 1_2 fusion-flex-column\" style=\"--awb-bg-size:cover;--awb-width-large:50%;--awb-margin-top-large:0px;--awb-spacing-right-large:3.84%;--awb-margin-bottom-large:0px;--awb-spacing-left-large:3.84%;--awb-width-medium:50%;--awb-spacing-right-medium:3.84%;--awb-spacing-left-medium:3.84%;--awb-width-small:100%;--awb-spacing-right-small:1.92%;--awb-spacing-left-small:1.92%;\"><div class=\"fusion-column-wrapper fusion-flex-justify-content-flex-start fusion-content-layout-column\"><div class=\"fusion-image-element \" style=\"--awb-margin-bottom:20px;--awb-caption-title-font-family:var(--h2_typography-font-family);--awb-caption-title-font-weight:var(--h2_typography-font-weight);--awb-caption-title-font-style:var(--h2_typography-font-style);--awb-caption-title-size:var(--h2_typography-font-size);--awb-caption-title-transform:var(--h2_typography-text-transform);--awb-caption-title-line-height:var(--h2_typography-line-height);--awb-caption-title-letter-spacing:var(--h2_typography-letter-spacing);\"><span class=\" fusion-imageframe imageframe-none imageframe-1 hover-type-none\"><a href=\"https:\/\/www.donizettiopera.org\/wp-content\/uploads\/2025\/06\/Donizetti-Opera-Il-Direttore-artistico-Riccardo-Frizza.webp\" class=\"fusion-lightbox\" data-rel=\"iLightbox[ac3db1f1082f0b9965c]\" data-title=\"Donizetti Opera-Il Direttore artistico-Riccardo Frizza\" title=\"Donizetti Opera-Il Direttore artistico-Riccardo Frizza\"><img decoding=\"async\" width=\"1920\" height=\"1280\" src=\"https:\/\/www.donizettiopera.org\/wp-content\/uploads\/2025\/06\/Donizetti-Opera-Il-Direttore-artistico-Riccardo-Frizza.webp\" alt class=\"img-responsive wp-image-2907\" srcset=\"https:\/\/www.donizettiopera.org\/wp-content\/uploads\/2025\/06\/Donizetti-Opera-Il-Direttore-artistico-Riccardo-Frizza-200x133.webp 200w, https:\/\/www.donizettiopera.org\/wp-content\/uploads\/2025\/06\/Donizetti-Opera-Il-Direttore-artistico-Riccardo-Frizza-400x267.webp 400w, https:\/\/www.donizettiopera.org\/wp-content\/uploads\/2025\/06\/Donizetti-Opera-Il-Direttore-artistico-Riccardo-Frizza-600x400.webp 600w, https:\/\/www.donizettiopera.org\/wp-content\/uploads\/2025\/06\/Donizetti-Opera-Il-Direttore-artistico-Riccardo-Frizza-800x533.webp 800w, https:\/\/www.donizettiopera.org\/wp-content\/uploads\/2025\/06\/Donizetti-Opera-Il-Direttore-artistico-Riccardo-Frizza-1200x800.webp 1200w, https:\/\/www.donizettiopera.org\/wp-content\/uploads\/2025\/06\/Donizetti-Opera-Il-Direttore-artistico-Riccardo-Frizza.webp 1920w\" sizes=\"(max-width: 640px) 100vw, 600px\" \/><\/a><\/span><\/div><\/div><\/div><div class=\"fusion-layout-column fusion_builder_column fusion-builder-column-2 fusion_builder_column_1_2 1_2 fusion-flex-column\" style=\"--awb-bg-size:cover;--awb-width-large:50%;--awb-margin-top-large:0px;--awb-spacing-right-large:3.84%;--awb-margin-bottom-large:0px;--awb-spacing-left-large:3.84%;--awb-width-medium:50%;--awb-spacing-right-medium:3.84%;--awb-spacing-left-medium:3.84%;--awb-width-small:100%;--awb-spacing-right-small:1.92%;--awb-spacing-left-small:1.92%;\"><div class=\"fusion-column-wrapper fusion-flex-justify-content-flex-start fusion-content-layout-column\"><div class=\"fusion-image-element \" style=\"--awb-margin-bottom:20px;--awb-caption-title-font-family:var(--h2_typography-font-family);--awb-caption-title-font-weight:var(--h2_typography-font-weight);--awb-caption-title-font-style:var(--h2_typography-font-style);--awb-caption-title-size:var(--h2_typography-font-size);--awb-caption-title-transform:var(--h2_typography-text-transform);--awb-caption-title-line-height:var(--h2_typography-line-height);--awb-caption-title-letter-spacing:var(--h2_typography-letter-spacing);\"><span class=\" fusion-imageframe imageframe-none imageframe-2 hover-type-none\"><a href=\"https:\/\/www.donizettiopera.org\/wp-content\/uploads\/2025\/06\/Donizetti-Opera-Il-Direttore-artistico-Riccardo-Frizza-2.webp\" class=\"fusion-lightbox\" data-rel=\"iLightbox[1a853e01a0badaf5f72]\" data-title=\"Donizetti Opera-Il Direttore artistico-Riccardo Frizza-2\" title=\"Donizetti Opera-Il Direttore artistico-Riccardo Frizza-2\"><img decoding=\"async\" width=\"1920\" height=\"1280\" src=\"https:\/\/www.donizettiopera.org\/wp-content\/uploads\/2025\/06\/Donizetti-Opera-Il-Direttore-artistico-Riccardo-Frizza-2.webp\" alt class=\"img-responsive wp-image-2921\" srcset=\"https:\/\/www.donizettiopera.org\/wp-content\/uploads\/2025\/06\/Donizetti-Opera-Il-Direttore-artistico-Riccardo-Frizza-2-200x133.webp 200w, https:\/\/www.donizettiopera.org\/wp-content\/uploads\/2025\/06\/Donizetti-Opera-Il-Direttore-artistico-Riccardo-Frizza-2-400x267.webp 400w, https:\/\/www.donizettiopera.org\/wp-content\/uploads\/2025\/06\/Donizetti-Opera-Il-Direttore-artistico-Riccardo-Frizza-2-600x400.webp 600w, https:\/\/www.donizettiopera.org\/wp-content\/uploads\/2025\/06\/Donizetti-Opera-Il-Direttore-artistico-Riccardo-Frizza-2-800x533.webp 800w, https:\/\/www.donizettiopera.org\/wp-content\/uploads\/2025\/06\/Donizetti-Opera-Il-Direttore-artistico-Riccardo-Frizza-2-1200x800.webp 1200w, https:\/\/www.donizettiopera.org\/wp-content\/uploads\/2025\/06\/Donizetti-Opera-Il-Direttore-artistico-Riccardo-Frizza-2.webp 1920w\" sizes=\"(max-width: 640px) 100vw, 600px\" \/><\/a><\/span><\/div><\/div><\/div><div class=\"fusion-layout-column fusion_builder_column fusion-builder-column-3 fusion_builder_column_1_1 1_1 fusion-flex-column\" style=\"--awb-bg-size:cover;--awb-width-large:100%;--awb-margin-top-large:40px;--awb-spacing-right-large:1.92%;--awb-margin-bottom-large:0px;--awb-spacing-left-large:1.92%;--awb-width-medium:100%;--awb-order-medium:0;--awb-spacing-right-medium:1.92%;--awb-spacing-left-medium:1.92%;--awb-width-small:100%;--awb-order-small:0;--awb-spacing-right-small:1.92%;--awb-spacing-left-small:1.92%;\" data-scroll-devices=\"small-visibility,medium-visibility,large-visibility\"><div class=\"fusion-column-wrapper fusion-column-has-shadow fusion-flex-justify-content-flex-start fusion-content-layout-column\"><div class=\"fusion-text fusion-text-2\"><p>Since March 2022, he has been Principal Conductor of the Hungarian Radio Symphony Orchestra and Choir, whose repertoire he is enriching with masterpieces by Richard Strauss and Mahler, as well as Italian symphonies by Martucci and Respighi. He has begun an intense collaboration with these historic ensembles in Budapest, on tour and in the recording studio. The first CD, released in spring 2024, contains the <em>Requiem <\/em>and <em>Stabat Mater<\/em> by Elisabetta Brusa, one of the world&#8217;s most original and prestigious composers.  <\/p>\n<p>Since 2017, Riccardo Frizza has been music director of the Donizetti Opera festival in Bergamo, where he conducted <em>Il castello di Kenilworth<\/em> in 2018, <em>Lucrezia Borgia<\/em> in 2019 for the first performance of the new critical edition of the score published by Ricordi and Fondazione Teatro Donizetti, <em>Marino Faliero<\/em> and <em>Belisario <\/em>in 2020, <em>L&#8217;elisir d&#8217;amore<\/em> in 2021, <em>La Favorite<\/em> in 2022, <em>Il diluvio universale<\/em> in 2023, and <em>Roberto Devereux<\/em> in 2024. His Donizetti repertoire also includes <em>Lucia di Lammermoor<\/em>, <em>Linda di Chamounix<\/em>, <em>Maria Stuarda<\/em>, <em>La fille du r\u00e9giment, Don Pasquale<\/em> and <em>Anna Bolena<\/em>. <\/p>\n<p>On 4 December 2024, he was also appointed artistic director of Donizetti Opera for the three-year period 2025-2027.<\/p>\n<p>In recent seasons, he has conducted operas and concerts at the Lyric Opera of Chicago (<em>Norma<\/em>), Liceu in Barcelona (<em>Rigoletto, Il Trovatore, Un ballo in maschera<\/em>), Teatro La Fenice (<em>Lucia di Lammermoor, Ernani, Aida<\/em>), M\u00fcpa Budapest (<em>I puritani, Aida<\/em>), Festival Verdi in Parma (<em>Falstaff, Simon Boccanegra, Attila<\/em>), Bilbao Opera (<em>Lucia di Lammermoor, La clemenza di Tito<\/em>), Dallas Opera (<em>Falstaff<\/em>), Teatro alla Scala (<em>Il pirata<\/em>), Op\u00e9ra Bastille (<em>I puritani<\/em>), Rome Opera House (<em>Anna Bolena, Rigoletto<\/em>), Accademia Nazionale di Santa Cecilia (<em>Omaggio a Caruso<\/em>), Maggio Musicale Fiorentino (<em>Rigoletto, L\u2019amico Fritz<\/em>), Th\u00e9\u00e2tre des Champs-\u00c9lys\u00e9es (<em>La Sonnambul<\/em>a), Teatro di San Carlo (<em>Il barbiere di Siviglia, Anna Bolena, Maria Stuarda<\/em>), Teatro Real in Madrid (<em>La Cenerentola<\/em>), Metropolitan Opera (<em>Lucia di Lammermoor<\/em>), Teatro Comunale in Bologna (<em>La Traviata, Werther<\/em>), Teatro Regio in Turin (<em>I Vespri siciliani, Le villi<\/em>), Teatro Grande in Brescia (<em>Madama Butterfly<\/em>, Brescia version), Dresdner Philharmonie (<em>I puritani<\/em>). His idea led to the creation in 2020 of the opera-concert-recording project <em>The Three Queens<\/em>, conceived for Sondra Radvanovsky, and performed in theatres in Chicago, Barcelona, Naples and Madrid. In 2024, he conducted symphonic concerts in Madrid, Vienna, the Basque Country and the United Kingdom, where he completed a triumphant tour of eight concerts that began in Birmingham and ended in London.  <\/p>\n<p>His engagements for 2025 include <em>La Fanciulla del West<\/em> and <em>Un ballo in maschera<\/em> at the Teatro Comunale in Bologna, <em>La Favorite<\/em> at the ABAO Bilbao Opera, <em>Maria Padilla<\/em> in Seville, <em>La Boh\u00e8me<\/em> at the Metropolitan Opera in New York, <em>Roberto Devereux<\/em> at the San Carlo in Naples and various symphonic concerts with the Hungarian Radio Symphony Orchestra in Budapest.<\/p>\n<p>In June 2021, he won the \u00d3pera XXI Award for Best Musical Director. The award, presented by the association of theatres, festivals and regular seasons of the same name in Spain, was given to him for his excellence in<em> Lucia di Lammermoor<\/em> at the Bilbao Opera in October 2019. <\/p>\n<p>In November 2024, a jury made up of the most prestigious Spanish music critics awarded him the \u201cAmics del Liceu\u201d prize for best musical direction of the current season (<em>Un ballo in maschera<\/em>).<\/p>\n<p>He has an impressive discography, especially in the field of opera. Since 2022, CDs have been released by singers of the calibre of Sondra Radvanovsky (<em>The Three Queens<\/em>, Pentatone), Nadine Sierra (<em>Made for opera<\/em>, Deutsche Grammophon), Javier Camarena (<em>Signor Gaetano<\/em>, Pentatone) and Jessica Pratt (<em>Delirio<\/em>,\u200e Tancredi Records). The DVDs of Mascagni&#8217;s opera<em> L&#8217;amico Fritz<\/em> (Dynamic, 2023) with the Orchestra del Maggio Musicale Fiorentino and Donizetti&#8217;s sacred opera <em>Il diluvio universale<\/em> (Dynamic, 2024) have also been very well received, as has the CD of the opera<em> I puritani<\/em> (Euroarts, 2024).  <\/p>\n<p>On the 2nd June 2024, he was appointed Knight of the Order of Merit of the Italian Republic by President Sergio Mattarella, and on the 1st June 2025, he has been invited to conduct the traditional Concert at the Quirinale for the celebrations of the Republic Day, broadcast live on Rai Uno.<\/p>\n<\/div><\/div><\/div><\/div><\/div>\n","protected":false},"excerpt":{"rendered":"","protected":false},"author":1,"featured_media":0,"parent":0,"menu_order":0,"comment_status":"closed","ping_status":"closed","template":"100-width.php","meta":{"footnotes":""},"class_list":["post-2495","page","type-page","status-publish","hentry"],"yoast_head":"<!-- This site is optimized with the Yoast SEO plugin v26.9 - https:\/\/yoast.com\/product\/yoast-seo-wordpress\/ -->\n<title>The Artistic Director - Donizetti Opera Festival<\/title>\n<meta name=\"robots\" content=\"index, follow, max-snippet:-1, max-image-preview:large, max-video-preview:-1\" \/>\n<link rel=\"canonical\" href=\"https:\/\/www.donizettiopera.org\/en\/the-artistic-director\/\" \/>\n<meta property=\"og:locale\" content=\"en_US\" \/>\n<meta property=\"og:type\" content=\"article\" \/>\n<meta property=\"og:title\" content=\"The Artistic Director - Donizetti Opera Festival\" \/>\n<meta property=\"og:url\" content=\"https:\/\/www.donizettiopera.org\/en\/the-artistic-director\/\" \/>\n<meta property=\"og:site_name\" content=\"Donizetti Opera Festival\" \/>\n<meta property=\"article:modified_time\" content=\"2025-06-26T07:10:34+00:00\" \/>\n<meta name=\"twitter:card\" content=\"summary_large_image\" \/>\n<meta name=\"twitter:label1\" content=\"Est. reading time\" \/>\n\t<meta name=\"twitter:data1\" content=\"17 minutes\" \/>\n<script type=\"application\/ld+json\" class=\"yoast-schema-graph\">{\"@context\":\"https:\/\/schema.org\",\"@graph\":[{\"@type\":\"WebPage\",\"@id\":\"https:\/\/www.donizettiopera.org\/en\/the-artistic-director\/\",\"url\":\"https:\/\/www.donizettiopera.org\/en\/the-artistic-director\/\",\"name\":\"The Artistic Director - Donizetti Opera Festival\",\"isPartOf\":{\"@id\":\"https:\/\/www.donizettiopera.org\/it\/#website\"},\"datePublished\":\"2025-06-20T07:39:43+00:00\",\"dateModified\":\"2025-06-26T07:10:34+00:00\",\"breadcrumb\":{\"@id\":\"https:\/\/www.donizettiopera.org\/en\/the-artistic-director\/#breadcrumb\"},\"inLanguage\":\"en-US\",\"potentialAction\":[{\"@type\":\"ReadAction\",\"target\":[\"https:\/\/www.donizettiopera.org\/en\/the-artistic-director\/\"]}]},{\"@type\":\"BreadcrumbList\",\"@id\":\"https:\/\/www.donizettiopera.org\/en\/the-artistic-director\/#breadcrumb\",\"itemListElement\":[{\"@type\":\"ListItem\",\"position\":1,\"name\":\"Home\",\"item\":\"https:\/\/www.donizettiopera.org\/en\/\"},{\"@type\":\"ListItem\",\"position\":2,\"name\":\"The Artistic Director\"}]},{\"@type\":\"WebSite\",\"@id\":\"https:\/\/www.donizettiopera.org\/it\/#website\",\"url\":\"https:\/\/www.donizettiopera.org\/it\/\",\"name\":\"Donizetti Opera Festival\",\"description\":\"Donizetti Opera Festival\",\"potentialAction\":[{\"@type\":\"SearchAction\",\"target\":{\"@type\":\"EntryPoint\",\"urlTemplate\":\"https:\/\/www.donizettiopera.org\/it\/?s={search_term_string}\"},\"query-input\":{\"@type\":\"PropertyValueSpecification\",\"valueRequired\":true,\"valueName\":\"search_term_string\"}}],\"inLanguage\":\"en-US\"}]}<\/script>\n<!-- \/ Yoast SEO plugin. -->","yoast_head_json":{"title":"The Artistic Director - Donizetti Opera Festival","robots":{"index":"index","follow":"follow","max-snippet":"max-snippet:-1","max-image-preview":"max-image-preview:large","max-video-preview":"max-video-preview:-1"},"canonical":"https:\/\/www.donizettiopera.org\/en\/the-artistic-director\/","og_locale":"en_US","og_type":"article","og_title":"The Artistic Director - Donizetti Opera Festival","og_url":"https:\/\/www.donizettiopera.org\/en\/the-artistic-director\/","og_site_name":"Donizetti Opera Festival","article_modified_time":"2025-06-26T07:10:34+00:00","twitter_card":"summary_large_image","twitter_misc":{"Est. reading time":"17 minutes"},"schema":{"@context":"https:\/\/schema.org","@graph":[{"@type":"WebPage","@id":"https:\/\/www.donizettiopera.org\/en\/the-artistic-director\/","url":"https:\/\/www.donizettiopera.org\/en\/the-artistic-director\/","name":"The Artistic Director - Donizetti Opera Festival","isPartOf":{"@id":"https:\/\/www.donizettiopera.org\/it\/#website"},"datePublished":"2025-06-20T07:39:43+00:00","dateModified":"2025-06-26T07:10:34+00:00","breadcrumb":{"@id":"https:\/\/www.donizettiopera.org\/en\/the-artistic-director\/#breadcrumb"},"inLanguage":"en-US","potentialAction":[{"@type":"ReadAction","target":["https:\/\/www.donizettiopera.org\/en\/the-artistic-director\/"]}]},{"@type":"BreadcrumbList","@id":"https:\/\/www.donizettiopera.org\/en\/the-artistic-director\/#breadcrumb","itemListElement":[{"@type":"ListItem","position":1,"name":"Home","item":"https:\/\/www.donizettiopera.org\/en\/"},{"@type":"ListItem","position":2,"name":"The Artistic Director"}]},{"@type":"WebSite","@id":"https:\/\/www.donizettiopera.org\/it\/#website","url":"https:\/\/www.donizettiopera.org\/it\/","name":"Donizetti Opera Festival","description":"Donizetti Opera Festival","potentialAction":[{"@type":"SearchAction","target":{"@type":"EntryPoint","urlTemplate":"https:\/\/www.donizettiopera.org\/it\/?s={search_term_string}"},"query-input":{"@type":"PropertyValueSpecification","valueRequired":true,"valueName":"search_term_string"}}],"inLanguage":"en-US"}]}},"_links":{"self":[{"href":"https:\/\/www.donizettiopera.org\/en\/wp-json\/wp\/v2\/pages\/2495","targetHints":{"allow":["GET"]}}],"collection":[{"href":"https:\/\/www.donizettiopera.org\/en\/wp-json\/wp\/v2\/pages"}],"about":[{"href":"https:\/\/www.donizettiopera.org\/en\/wp-json\/wp\/v2\/types\/page"}],"author":[{"embeddable":true,"href":"https:\/\/www.donizettiopera.org\/en\/wp-json\/wp\/v2\/users\/1"}],"replies":[{"embeddable":true,"href":"https:\/\/www.donizettiopera.org\/en\/wp-json\/wp\/v2\/comments?post=2495"}],"version-history":[{"count":0,"href":"https:\/\/www.donizettiopera.org\/en\/wp-json\/wp\/v2\/pages\/2495\/revisions"}],"wp:attachment":[{"href":"https:\/\/www.donizettiopera.org\/en\/wp-json\/wp\/v2\/media?parent=2495"}],"curies":[{"name":"wp","href":"https:\/\/api.w.org\/{rel}","templated":true}]}}