{"id":1730,"date":"2025-06-18T09:24:06","date_gmt":"2025-06-18T09:24:06","guid":{"rendered":"https:\/\/www.donizettiopera.org\/?page_id=1730"},"modified":"2025-06-26T07:04:05","modified_gmt":"2025-06-26T07:04:05","slug":"la-storia-del-festival","status":"publish","type":"page","link":"https:\/\/www.donizettiopera.org\/it\/la-storia-del-festival\/","title":{"rendered":"La Storia del Festival"},"content":{"rendered":"<div class=\"fusion-fullwidth fullwidth-box fusion-builder-row-1 fusion-flex-container has-pattern-background has-mask-background nonhundred-percent-fullwidth non-hundred-percent-height-scrolling\" style=\"--awb-border-radius-top-left:0px;--awb-border-radius-top-right:0px;--awb-border-radius-bottom-right:0px;--awb-border-radius-bottom-left:0px;--awb-margin-top:80px;--awb-margin-bottom:80px;--awb-flex-wrap:wrap;\" ><div class=\"fusion-builder-row fusion-row fusion-flex-align-items-flex-start fusion-flex-content-wrap\" style=\"max-width:1248px;margin-left: calc(-4% \/ 2 );margin-right: calc(-4% \/ 2 );\"><div class=\"fusion-layout-column fusion_builder_column fusion-builder-column-0 fusion_builder_column_1_1 1_1 fusion-flex-column\" style=\"--awb-bg-size:cover;--awb-width-large:100%;--awb-margin-top-large:0px;--awb-spacing-right-large:1.92%;--awb-margin-bottom-large:0px;--awb-spacing-left-large:1.92%;--awb-width-medium:100%;--awb-order-medium:0;--awb-spacing-right-medium:1.92%;--awb-spacing-left-medium:1.92%;--awb-width-small:100%;--awb-order-small:0;--awb-spacing-right-small:1.92%;--awb-spacing-left-small:1.92%;\"><div class=\"fusion-column-wrapper fusion-column-has-shadow fusion-flex-justify-content-flex-start fusion-content-layout-column\"><div class=\"fusion-text fusion-text-1\"><p>Dal 2015 al 2024, il Donizetti Opera ha attraversato dieci edizioni, mettendo al centro Gaetano Donizetti e la sua musica, con coraggio, visione, riscoperte, studio, ricerca, coinvolgimento del pubblico, superamento dei confini tradizionali e riconoscimenti della critica nazionale e internazionale.<\/p>\n<\/div><div class=\"fusion-text fusion-text-2\"><p>Fin dall\u2019inizio il Festival ha oltrepassato le pareti del teatro per entrare nella citt\u00e0, spostandosi anche al Teatro Sociale durante il restauro del Donizetti, e gi\u00e0 dal 2015 occupando piazze, palazzi storici, scuole, chiese, club notturni, centri sociali, negozi, l\u2019aeroporto, raggiungendo anche le persone del carcere, degli ospedali e delle RSA. Sempre con l\u2019intento di raccontare quanto la musica di Gaetano possa attraversare i confini.<\/p>\n<\/div><div class=\"fusion-image-carousel fusion-image-carousel-auto fusion-image-carousel-1 lightbox-enabled\"><div data-slide-effect=\"fade\" class=\"awb-carousel awb-swiper awb-swiper-carousel awb-carousel--slider awb-swiper-dots-position-below\" data-layout=\"slider\" data-autoplay=\"no\" data-autoplayspeed=\"2500\" data-autoplaypause=\"no\" data-columns=\"5\" data-columnsmedium=\"1\" data-columnssmall=\"1\" data-itemmargin=\"13\" data-itemwidth=\"180\" data-touchscroll=\"drag_wheel\" data-freemode=\"no\" data-imagesize=\"auto\" data-scrollitems=\"0\" data-centeredslides=\"no\" data-rotationangle=\"50\" data-depth=\"100\" data-speed=\"500\" data-shadow=\"no\" data-pagination=\"bullets\" style=\"--awb-arrow-bgcolor:rgba(221,42,64,0.8);--awb-dots-spacing:8px;--awb-dots-align:center;\"><div class=\"swiper-wrapper awb-image-carousel-wrapper fusion-flex-align-items-center\"><div class=\"swiper-slide\"><div class=\"fusion-carousel-item-wrapper\"><div class=\"fusion-image-wrapper hover-type-none\"><img decoding=\"async\" width=\"1920\" height=\"1280\" src=\"https:\/\/www.donizettiopera.org\/wp-content\/uploads\/2025\/06\/Donizetti-Opera-Teatro-citta-Concerto-a-Palazzo-Moroni-2016.webp\" class=\"attachment-full size-full\" alt=\"\" srcset=\"https:\/\/www.donizettiopera.org\/wp-content\/uploads\/2025\/06\/Donizetti-Opera-Teatro-citta-Concerto-a-Palazzo-Moroni-2016-200x133.webp 200w, https:\/\/www.donizettiopera.org\/wp-content\/uploads\/2025\/06\/Donizetti-Opera-Teatro-citta-Concerto-a-Palazzo-Moroni-2016-300x200.webp 300w, https:\/\/www.donizettiopera.org\/wp-content\/uploads\/2025\/06\/Donizetti-Opera-Teatro-citta-Concerto-a-Palazzo-Moroni-2016-400x267.webp 400w, https:\/\/www.donizettiopera.org\/wp-content\/uploads\/2025\/06\/Donizetti-Opera-Teatro-citta-Concerto-a-Palazzo-Moroni-2016-600x400.webp 600w, https:\/\/www.donizettiopera.org\/wp-content\/uploads\/2025\/06\/Donizetti-Opera-Teatro-citta-Concerto-a-Palazzo-Moroni-2016-768x512.webp 768w, https:\/\/www.donizettiopera.org\/wp-content\/uploads\/2025\/06\/Donizetti-Opera-Teatro-citta-Concerto-a-Palazzo-Moroni-2016-800x533.webp 800w, https:\/\/www.donizettiopera.org\/wp-content\/uploads\/2025\/06\/Donizetti-Opera-Teatro-citta-Concerto-a-Palazzo-Moroni-2016-1024x683.webp 1024w, https:\/\/www.donizettiopera.org\/wp-content\/uploads\/2025\/06\/Donizetti-Opera-Teatro-citta-Concerto-a-Palazzo-Moroni-2016-1200x800.webp 1200w, https:\/\/www.donizettiopera.org\/wp-content\/uploads\/2025\/06\/Donizetti-Opera-Teatro-citta-Concerto-a-Palazzo-Moroni-2016-1536x1024.webp 1536w, https:\/\/www.donizettiopera.org\/wp-content\/uploads\/2025\/06\/Donizetti-Opera-Teatro-citta-Concerto-a-Palazzo-Moroni-2016.webp 1920w\" sizes=\"(max-width: 1920px) 100vw, 1920px\" \/><\/div><\/div><\/div><div class=\"swiper-slide\"><div class=\"fusion-carousel-item-wrapper\"><div class=\"fusion-image-wrapper hover-type-none\"><img decoding=\"async\" width=\"1920\" height=\"1282\" src=\"https:\/\/www.donizettiopera.org\/wp-content\/uploads\/2025\/06\/Donizetti-Opera-Teatro-citta-Bergamo-piazza-Vecchia-2017.webp\" class=\"attachment-full size-full\" alt=\"\" srcset=\"https:\/\/www.donizettiopera.org\/wp-content\/uploads\/2025\/06\/Donizetti-Opera-Teatro-citta-Bergamo-piazza-Vecchia-2017-200x134.webp 200w, https:\/\/www.donizettiopera.org\/wp-content\/uploads\/2025\/06\/Donizetti-Opera-Teatro-citta-Bergamo-piazza-Vecchia-2017-300x200.webp 300w, https:\/\/www.donizettiopera.org\/wp-content\/uploads\/2025\/06\/Donizetti-Opera-Teatro-citta-Bergamo-piazza-Vecchia-2017-400x267.webp 400w, https:\/\/www.donizettiopera.org\/wp-content\/uploads\/2025\/06\/Donizetti-Opera-Teatro-citta-Bergamo-piazza-Vecchia-2017-600x401.webp 600w, https:\/\/www.donizettiopera.org\/wp-content\/uploads\/2025\/06\/Donizetti-Opera-Teatro-citta-Bergamo-piazza-Vecchia-2017-768x513.webp 768w, https:\/\/www.donizettiopera.org\/wp-content\/uploads\/2025\/06\/Donizetti-Opera-Teatro-citta-Bergamo-piazza-Vecchia-2017-800x534.webp 800w, https:\/\/www.donizettiopera.org\/wp-content\/uploads\/2025\/06\/Donizetti-Opera-Teatro-citta-Bergamo-piazza-Vecchia-2017-1024x684.webp 1024w, https:\/\/www.donizettiopera.org\/wp-content\/uploads\/2025\/06\/Donizetti-Opera-Teatro-citta-Bergamo-piazza-Vecchia-2017-1200x801.webp 1200w, https:\/\/www.donizettiopera.org\/wp-content\/uploads\/2025\/06\/Donizetti-Opera-Teatro-citta-Bergamo-piazza-Vecchia-2017-1536x1026.webp 1536w, https:\/\/www.donizettiopera.org\/wp-content\/uploads\/2025\/06\/Donizetti-Opera-Teatro-citta-Bergamo-piazza-Vecchia-2017.webp 1920w\" sizes=\"(max-width: 1920px) 100vw, 1920px\" \/><\/div><\/div><\/div><div class=\"swiper-slide\"><div class=\"fusion-carousel-item-wrapper\"><div class=\"fusion-image-wrapper hover-type-none\"><img decoding=\"async\" width=\"1920\" height=\"1277\" src=\"https:\/\/www.donizettiopera.org\/wp-content\/uploads\/2025\/06\/Donizetti-Opera-Teatro-citta-Ambasciatori-al-Teatro-Donizetti-2023.webp\" class=\"attachment-full size-full\" alt=\"\" srcset=\"https:\/\/www.donizettiopera.org\/wp-content\/uploads\/2025\/06\/Donizetti-Opera-Teatro-citta-Ambasciatori-al-Teatro-Donizetti-2023-200x133.webp 200w, https:\/\/www.donizettiopera.org\/wp-content\/uploads\/2025\/06\/Donizetti-Opera-Teatro-citta-Ambasciatori-al-Teatro-Donizetti-2023-300x200.webp 300w, https:\/\/www.donizettiopera.org\/wp-content\/uploads\/2025\/06\/Donizetti-Opera-Teatro-citta-Ambasciatori-al-Teatro-Donizetti-2023-400x266.webp 400w, https:\/\/www.donizettiopera.org\/wp-content\/uploads\/2025\/06\/Donizetti-Opera-Teatro-citta-Ambasciatori-al-Teatro-Donizetti-2023-600x399.webp 600w, https:\/\/www.donizettiopera.org\/wp-content\/uploads\/2025\/06\/Donizetti-Opera-Teatro-citta-Ambasciatori-al-Teatro-Donizetti-2023-768x511.webp 768w, https:\/\/www.donizettiopera.org\/wp-content\/uploads\/2025\/06\/Donizetti-Opera-Teatro-citta-Ambasciatori-al-Teatro-Donizetti-2023-800x532.webp 800w, https:\/\/www.donizettiopera.org\/wp-content\/uploads\/2025\/06\/Donizetti-Opera-Teatro-citta-Ambasciatori-al-Teatro-Donizetti-2023-1024x681.webp 1024w, https:\/\/www.donizettiopera.org\/wp-content\/uploads\/2025\/06\/Donizetti-Opera-Teatro-citta-Ambasciatori-al-Teatro-Donizetti-2023-1200x798.webp 1200w, https:\/\/www.donizettiopera.org\/wp-content\/uploads\/2025\/06\/Donizetti-Opera-Teatro-citta-Ambasciatori-al-Teatro-Donizetti-2023-1536x1022.webp 1536w, https:\/\/www.donizettiopera.org\/wp-content\/uploads\/2025\/06\/Donizetti-Opera-Teatro-citta-Ambasciatori-al-Teatro-Donizetti-2023.webp 1920w\" sizes=\"(max-width: 1920px) 100vw, 1920px\" \/><\/div><\/div><\/div><div class=\"swiper-slide\"><div class=\"fusion-carousel-item-wrapper\"><div class=\"fusion-image-wrapper hover-type-none\"><img decoding=\"async\" width=\"1920\" height=\"1280\" src=\"https:\/\/www.donizettiopera.org\/wp-content\/uploads\/2025\/06\/Donizetti-Opera-Teatro-citta-Teatro-Donizetti-per-volare-nel-mondo-2016.webp\" class=\"attachment-full size-full\" alt=\"\" srcset=\"https:\/\/www.donizettiopera.org\/wp-content\/uploads\/2025\/06\/Donizetti-Opera-Teatro-citta-Teatro-Donizetti-per-volare-nel-mondo-2016-200x133.webp 200w, https:\/\/www.donizettiopera.org\/wp-content\/uploads\/2025\/06\/Donizetti-Opera-Teatro-citta-Teatro-Donizetti-per-volare-nel-mondo-2016-300x200.webp 300w, https:\/\/www.donizettiopera.org\/wp-content\/uploads\/2025\/06\/Donizetti-Opera-Teatro-citta-Teatro-Donizetti-per-volare-nel-mondo-2016-400x267.webp 400w, https:\/\/www.donizettiopera.org\/wp-content\/uploads\/2025\/06\/Donizetti-Opera-Teatro-citta-Teatro-Donizetti-per-volare-nel-mondo-2016-600x400.webp 600w, https:\/\/www.donizettiopera.org\/wp-content\/uploads\/2025\/06\/Donizetti-Opera-Teatro-citta-Teatro-Donizetti-per-volare-nel-mondo-2016-768x512.webp 768w, https:\/\/www.donizettiopera.org\/wp-content\/uploads\/2025\/06\/Donizetti-Opera-Teatro-citta-Teatro-Donizetti-per-volare-nel-mondo-2016-800x533.webp 800w, https:\/\/www.donizettiopera.org\/wp-content\/uploads\/2025\/06\/Donizetti-Opera-Teatro-citta-Teatro-Donizetti-per-volare-nel-mondo-2016-1024x683.webp 1024w, https:\/\/www.donizettiopera.org\/wp-content\/uploads\/2025\/06\/Donizetti-Opera-Teatro-citta-Teatro-Donizetti-per-volare-nel-mondo-2016-1200x800.webp 1200w, https:\/\/www.donizettiopera.org\/wp-content\/uploads\/2025\/06\/Donizetti-Opera-Teatro-citta-Teatro-Donizetti-per-volare-nel-mondo-2016-1536x1024.webp 1536w, https:\/\/www.donizettiopera.org\/wp-content\/uploads\/2025\/06\/Donizetti-Opera-Teatro-citta-Teatro-Donizetti-per-volare-nel-mondo-2016.webp 1920w\" sizes=\"(max-width: 1920px) 100vw, 1920px\" \/><\/div><\/div><\/div><div class=\"swiper-slide\"><div class=\"fusion-carousel-item-wrapper\"><div class=\"fusion-image-wrapper hover-type-none\"><img decoding=\"async\" width=\"1920\" height=\"1281\" src=\"https:\/\/www.donizettiopera.org\/wp-content\/uploads\/2025\/06\/Donizetti-Opera-Teatro-citta-Spettacolo-alla-Fondazione-Casa-di-Riposo-S.-Maria-Ausiliatrice-2016.webp\" class=\"attachment-full size-full\" alt=\"\" srcset=\"https:\/\/www.donizettiopera.org\/wp-content\/uploads\/2025\/06\/Donizetti-Opera-Teatro-citta-Spettacolo-alla-Fondazione-Casa-di-Riposo-S.-Maria-Ausiliatrice-2016-200x133.webp 200w, https:\/\/www.donizettiopera.org\/wp-content\/uploads\/2025\/06\/Donizetti-Opera-Teatro-citta-Spettacolo-alla-Fondazione-Casa-di-Riposo-S.-Maria-Ausiliatrice-2016-300x200.webp 300w, https:\/\/www.donizettiopera.org\/wp-content\/uploads\/2025\/06\/Donizetti-Opera-Teatro-citta-Spettacolo-alla-Fondazione-Casa-di-Riposo-S.-Maria-Ausiliatrice-2016-400x267.webp 400w, https:\/\/www.donizettiopera.org\/wp-content\/uploads\/2025\/06\/Donizetti-Opera-Teatro-citta-Spettacolo-alla-Fondazione-Casa-di-Riposo-S.-Maria-Ausiliatrice-2016-600x400.webp 600w, https:\/\/www.donizettiopera.org\/wp-content\/uploads\/2025\/06\/Donizetti-Opera-Teatro-citta-Spettacolo-alla-Fondazione-Casa-di-Riposo-S.-Maria-Ausiliatrice-2016-768x512.webp 768w, https:\/\/www.donizettiopera.org\/wp-content\/uploads\/2025\/06\/Donizetti-Opera-Teatro-citta-Spettacolo-alla-Fondazione-Casa-di-Riposo-S.-Maria-Ausiliatrice-2016-800x534.webp 800w, https:\/\/www.donizettiopera.org\/wp-content\/uploads\/2025\/06\/Donizetti-Opera-Teatro-citta-Spettacolo-alla-Fondazione-Casa-di-Riposo-S.-Maria-Ausiliatrice-2016-1024x683.webp 1024w, https:\/\/www.donizettiopera.org\/wp-content\/uploads\/2025\/06\/Donizetti-Opera-Teatro-citta-Spettacolo-alla-Fondazione-Casa-di-Riposo-S.-Maria-Ausiliatrice-2016-1200x801.webp 1200w, https:\/\/www.donizettiopera.org\/wp-content\/uploads\/2025\/06\/Donizetti-Opera-Teatro-citta-Spettacolo-alla-Fondazione-Casa-di-Riposo-S.-Maria-Ausiliatrice-2016-1536x1025.webp 1536w, https:\/\/www.donizettiopera.org\/wp-content\/uploads\/2025\/06\/Donizetti-Opera-Teatro-citta-Spettacolo-alla-Fondazione-Casa-di-Riposo-S.-Maria-Ausiliatrice-2016.webp 1920w\" sizes=\"(max-width: 1920px) 100vw, 1920px\" \/><\/div><\/div><\/div><div class=\"swiper-slide\"><div class=\"fusion-carousel-item-wrapper\"><div class=\"fusion-image-wrapper hover-type-none\"><img decoding=\"async\" width=\"1920\" height=\"1280\" src=\"https:\/\/www.donizettiopera.org\/wp-content\/uploads\/2025\/06\/Donizetti-Opera-Teatro-citta-Rita-presso-Orio-Center-2019.webp\" class=\"attachment-full size-full\" alt=\"\" srcset=\"https:\/\/www.donizettiopera.org\/wp-content\/uploads\/2025\/06\/Donizetti-Opera-Teatro-citta-Rita-presso-Orio-Center-2019-200x133.webp 200w, https:\/\/www.donizettiopera.org\/wp-content\/uploads\/2025\/06\/Donizetti-Opera-Teatro-citta-Rita-presso-Orio-Center-2019-300x200.webp 300w, https:\/\/www.donizettiopera.org\/wp-content\/uploads\/2025\/06\/Donizetti-Opera-Teatro-citta-Rita-presso-Orio-Center-2019-400x267.webp 400w, https:\/\/www.donizettiopera.org\/wp-content\/uploads\/2025\/06\/Donizetti-Opera-Teatro-citta-Rita-presso-Orio-Center-2019-600x400.webp 600w, https:\/\/www.donizettiopera.org\/wp-content\/uploads\/2025\/06\/Donizetti-Opera-Teatro-citta-Rita-presso-Orio-Center-2019-768x512.webp 768w, https:\/\/www.donizettiopera.org\/wp-content\/uploads\/2025\/06\/Donizetti-Opera-Teatro-citta-Rita-presso-Orio-Center-2019-800x533.webp 800w, https:\/\/www.donizettiopera.org\/wp-content\/uploads\/2025\/06\/Donizetti-Opera-Teatro-citta-Rita-presso-Orio-Center-2019-1024x683.webp 1024w, https:\/\/www.donizettiopera.org\/wp-content\/uploads\/2025\/06\/Donizetti-Opera-Teatro-citta-Rita-presso-Orio-Center-2019-1200x800.webp 1200w, https:\/\/www.donizettiopera.org\/wp-content\/uploads\/2025\/06\/Donizetti-Opera-Teatro-citta-Rita-presso-Orio-Center-2019-1536x1024.webp 1536w, https:\/\/www.donizettiopera.org\/wp-content\/uploads\/2025\/06\/Donizetti-Opera-Teatro-citta-Rita-presso-Orio-Center-2019.webp 1920w\" sizes=\"(max-width: 1920px) 100vw, 1920px\" \/><\/div><\/div><\/div><div class=\"swiper-slide\"><div class=\"fusion-carousel-item-wrapper\"><div class=\"fusion-image-wrapper hover-type-none\"><img decoding=\"async\" width=\"1920\" height=\"1282\" src=\"https:\/\/www.donizettiopera.org\/wp-content\/uploads\/2025\/06\/Donizetti-Opera-Teatro-citta-Lucia-Off-nei-quartieri-della-citta-2018.webp\" class=\"attachment-full size-full\" alt=\"\" srcset=\"https:\/\/www.donizettiopera.org\/wp-content\/uploads\/2025\/06\/Donizetti-Opera-Teatro-citta-Lucia-Off-nei-quartieri-della-citta-2018-200x134.webp 200w, https:\/\/www.donizettiopera.org\/wp-content\/uploads\/2025\/06\/Donizetti-Opera-Teatro-citta-Lucia-Off-nei-quartieri-della-citta-2018-300x200.webp 300w, https:\/\/www.donizettiopera.org\/wp-content\/uploads\/2025\/06\/Donizetti-Opera-Teatro-citta-Lucia-Off-nei-quartieri-della-citta-2018-400x267.webp 400w, https:\/\/www.donizettiopera.org\/wp-content\/uploads\/2025\/06\/Donizetti-Opera-Teatro-citta-Lucia-Off-nei-quartieri-della-citta-2018-600x401.webp 600w, https:\/\/www.donizettiopera.org\/wp-content\/uploads\/2025\/06\/Donizetti-Opera-Teatro-citta-Lucia-Off-nei-quartieri-della-citta-2018-768x513.webp 768w, https:\/\/www.donizettiopera.org\/wp-content\/uploads\/2025\/06\/Donizetti-Opera-Teatro-citta-Lucia-Off-nei-quartieri-della-citta-2018-800x534.webp 800w, https:\/\/www.donizettiopera.org\/wp-content\/uploads\/2025\/06\/Donizetti-Opera-Teatro-citta-Lucia-Off-nei-quartieri-della-citta-2018-1024x684.webp 1024w, https:\/\/www.donizettiopera.org\/wp-content\/uploads\/2025\/06\/Donizetti-Opera-Teatro-citta-Lucia-Off-nei-quartieri-della-citta-2018-1200x801.webp 1200w, https:\/\/www.donizettiopera.org\/wp-content\/uploads\/2025\/06\/Donizetti-Opera-Teatro-citta-Lucia-Off-nei-quartieri-della-citta-2018-1536x1026.webp 1536w, https:\/\/www.donizettiopera.org\/wp-content\/uploads\/2025\/06\/Donizetti-Opera-Teatro-citta-Lucia-Off-nei-quartieri-della-citta-2018.webp 1920w\" sizes=\"(max-width: 1920px) 100vw, 1920px\" \/><\/div><\/div><\/div><div class=\"swiper-slide\"><div class=\"fusion-carousel-item-wrapper\"><div class=\"fusion-image-wrapper hover-type-none\"><img decoding=\"async\" width=\"1920\" height=\"1277\" src=\"https:\/\/www.donizettiopera.org\/wp-content\/uploads\/2025\/06\/Donizetti-Opera-Teatro-citta-La-Guardia-di-Finanza-al-Teatro-Donizetti-2022.webp\" class=\"attachment-full size-full\" alt=\"\" srcset=\"https:\/\/www.donizettiopera.org\/wp-content\/uploads\/2025\/06\/Donizetti-Opera-Teatro-citta-La-Guardia-di-Finanza-al-Teatro-Donizetti-2022-200x133.webp 200w, https:\/\/www.donizettiopera.org\/wp-content\/uploads\/2025\/06\/Donizetti-Opera-Teatro-citta-La-Guardia-di-Finanza-al-Teatro-Donizetti-2022-300x200.webp 300w, https:\/\/www.donizettiopera.org\/wp-content\/uploads\/2025\/06\/Donizetti-Opera-Teatro-citta-La-Guardia-di-Finanza-al-Teatro-Donizetti-2022-400x266.webp 400w, https:\/\/www.donizettiopera.org\/wp-content\/uploads\/2025\/06\/Donizetti-Opera-Teatro-citta-La-Guardia-di-Finanza-al-Teatro-Donizetti-2022-600x399.webp 600w, https:\/\/www.donizettiopera.org\/wp-content\/uploads\/2025\/06\/Donizetti-Opera-Teatro-citta-La-Guardia-di-Finanza-al-Teatro-Donizetti-2022-768x511.webp 768w, https:\/\/www.donizettiopera.org\/wp-content\/uploads\/2025\/06\/Donizetti-Opera-Teatro-citta-La-Guardia-di-Finanza-al-Teatro-Donizetti-2022-800x532.webp 800w, https:\/\/www.donizettiopera.org\/wp-content\/uploads\/2025\/06\/Donizetti-Opera-Teatro-citta-La-Guardia-di-Finanza-al-Teatro-Donizetti-2022-1024x681.webp 1024w, https:\/\/www.donizettiopera.org\/wp-content\/uploads\/2025\/06\/Donizetti-Opera-Teatro-citta-La-Guardia-di-Finanza-al-Teatro-Donizetti-2022-1200x798.webp 1200w, https:\/\/www.donizettiopera.org\/wp-content\/uploads\/2025\/06\/Donizetti-Opera-Teatro-citta-La-Guardia-di-Finanza-al-Teatro-Donizetti-2022-1536x1022.webp 1536w, https:\/\/www.donizettiopera.org\/wp-content\/uploads\/2025\/06\/Donizetti-Opera-Teatro-citta-La-Guardia-di-Finanza-al-Teatro-Donizetti-2022.webp 1920w\" sizes=\"(max-width: 1920px) 100vw, 1920px\" \/><\/div><\/div><\/div><div class=\"swiper-slide\"><div class=\"fusion-carousel-item-wrapper\"><div class=\"fusion-image-wrapper hover-type-none\"><img decoding=\"async\" width=\"1920\" height=\"1277\" src=\"https:\/\/www.donizettiopera.org\/wp-content\/uploads\/2025\/06\/Donizetti-Opera-Teatro-citta-Francesco-Micheli-e-i-giovani-al-Teatro-Donizetti-2022.webp\" class=\"attachment-full size-full\" alt=\"\" srcset=\"https:\/\/www.donizettiopera.org\/wp-content\/uploads\/2025\/06\/Donizetti-Opera-Teatro-citta-Francesco-Micheli-e-i-giovani-al-Teatro-Donizetti-2022-200x133.webp 200w, https:\/\/www.donizettiopera.org\/wp-content\/uploads\/2025\/06\/Donizetti-Opera-Teatro-citta-Francesco-Micheli-e-i-giovani-al-Teatro-Donizetti-2022-300x200.webp 300w, https:\/\/www.donizettiopera.org\/wp-content\/uploads\/2025\/06\/Donizetti-Opera-Teatro-citta-Francesco-Micheli-e-i-giovani-al-Teatro-Donizetti-2022-400x266.webp 400w, https:\/\/www.donizettiopera.org\/wp-content\/uploads\/2025\/06\/Donizetti-Opera-Teatro-citta-Francesco-Micheli-e-i-giovani-al-Teatro-Donizetti-2022-600x399.webp 600w, https:\/\/www.donizettiopera.org\/wp-content\/uploads\/2025\/06\/Donizetti-Opera-Teatro-citta-Francesco-Micheli-e-i-giovani-al-Teatro-Donizetti-2022-768x511.webp 768w, https:\/\/www.donizettiopera.org\/wp-content\/uploads\/2025\/06\/Donizetti-Opera-Teatro-citta-Francesco-Micheli-e-i-giovani-al-Teatro-Donizetti-2022-800x532.webp 800w, https:\/\/www.donizettiopera.org\/wp-content\/uploads\/2025\/06\/Donizetti-Opera-Teatro-citta-Francesco-Micheli-e-i-giovani-al-Teatro-Donizetti-2022-1024x681.webp 1024w, https:\/\/www.donizettiopera.org\/wp-content\/uploads\/2025\/06\/Donizetti-Opera-Teatro-citta-Francesco-Micheli-e-i-giovani-al-Teatro-Donizetti-2022-1200x798.webp 1200w, https:\/\/www.donizettiopera.org\/wp-content\/uploads\/2025\/06\/Donizetti-Opera-Teatro-citta-Francesco-Micheli-e-i-giovani-al-Teatro-Donizetti-2022-1536x1022.webp 1536w, https:\/\/www.donizettiopera.org\/wp-content\/uploads\/2025\/06\/Donizetti-Opera-Teatro-citta-Francesco-Micheli-e-i-giovani-al-Teatro-Donizetti-2022.webp 1920w\" sizes=\"(max-width: 1920px) 100vw, 1920px\" \/><\/div><\/div><\/div><div class=\"swiper-slide\"><div class=\"fusion-carousel-item-wrapper\"><div class=\"fusion-image-wrapper hover-type-none\"><img decoding=\"async\" width=\"1920\" height=\"1282\" src=\"https:\/\/www.donizettiopera.org\/wp-content\/uploads\/2025\/06\/Donizetti-Opera-Teatro-citta-Donizetti-Run-2017.webp\" class=\"attachment-full size-full\" alt=\"\" srcset=\"https:\/\/www.donizettiopera.org\/wp-content\/uploads\/2025\/06\/Donizetti-Opera-Teatro-citta-Donizetti-Run-2017-200x134.webp 200w, https:\/\/www.donizettiopera.org\/wp-content\/uploads\/2025\/06\/Donizetti-Opera-Teatro-citta-Donizetti-Run-2017-300x200.webp 300w, https:\/\/www.donizettiopera.org\/wp-content\/uploads\/2025\/06\/Donizetti-Opera-Teatro-citta-Donizetti-Run-2017-400x267.webp 400w, https:\/\/www.donizettiopera.org\/wp-content\/uploads\/2025\/06\/Donizetti-Opera-Teatro-citta-Donizetti-Run-2017-600x401.webp 600w, https:\/\/www.donizettiopera.org\/wp-content\/uploads\/2025\/06\/Donizetti-Opera-Teatro-citta-Donizetti-Run-2017-768x513.webp 768w, https:\/\/www.donizettiopera.org\/wp-content\/uploads\/2025\/06\/Donizetti-Opera-Teatro-citta-Donizetti-Run-2017-800x534.webp 800w, https:\/\/www.donizettiopera.org\/wp-content\/uploads\/2025\/06\/Donizetti-Opera-Teatro-citta-Donizetti-Run-2017-1024x684.webp 1024w, https:\/\/www.donizettiopera.org\/wp-content\/uploads\/2025\/06\/Donizetti-Opera-Teatro-citta-Donizetti-Run-2017-1200x801.webp 1200w, https:\/\/www.donizettiopera.org\/wp-content\/uploads\/2025\/06\/Donizetti-Opera-Teatro-citta-Donizetti-Run-2017-1536x1026.webp 1536w, https:\/\/www.donizettiopera.org\/wp-content\/uploads\/2025\/06\/Donizetti-Opera-Teatro-citta-Donizetti-Run-2017.webp 1920w\" sizes=\"(max-width: 1920px) 100vw, 1920px\" \/><\/div><\/div><\/div><div class=\"swiper-slide\"><div class=\"fusion-carousel-item-wrapper\"><div class=\"fusion-image-wrapper hover-type-none\"><img decoding=\"async\" width=\"1920\" height=\"1277\" src=\"https:\/\/www.donizettiopera.org\/wp-content\/uploads\/2025\/06\/Donizetti-Opera-Teatro-citta-Turta-del-Dunizet-2023.webp\" class=\"attachment-full size-full\" alt=\"\" srcset=\"https:\/\/www.donizettiopera.org\/wp-content\/uploads\/2025\/06\/Donizetti-Opera-Teatro-citta-Turta-del-Dunizet-2023-200x133.webp 200w, https:\/\/www.donizettiopera.org\/wp-content\/uploads\/2025\/06\/Donizetti-Opera-Teatro-citta-Turta-del-Dunizet-2023-300x200.webp 300w, https:\/\/www.donizettiopera.org\/wp-content\/uploads\/2025\/06\/Donizetti-Opera-Teatro-citta-Turta-del-Dunizet-2023-400x266.webp 400w, https:\/\/www.donizettiopera.org\/wp-content\/uploads\/2025\/06\/Donizetti-Opera-Teatro-citta-Turta-del-Dunizet-2023-600x399.webp 600w, https:\/\/www.donizettiopera.org\/wp-content\/uploads\/2025\/06\/Donizetti-Opera-Teatro-citta-Turta-del-Dunizet-2023-768x511.webp 768w, https:\/\/www.donizettiopera.org\/wp-content\/uploads\/2025\/06\/Donizetti-Opera-Teatro-citta-Turta-del-Dunizet-2023-800x532.webp 800w, https:\/\/www.donizettiopera.org\/wp-content\/uploads\/2025\/06\/Donizetti-Opera-Teatro-citta-Turta-del-Dunizet-2023-1024x681.webp 1024w, https:\/\/www.donizettiopera.org\/wp-content\/uploads\/2025\/06\/Donizetti-Opera-Teatro-citta-Turta-del-Dunizet-2023-1200x798.webp 1200w, https:\/\/www.donizettiopera.org\/wp-content\/uploads\/2025\/06\/Donizetti-Opera-Teatro-citta-Turta-del-Dunizet-2023-1536x1022.webp 1536w, https:\/\/www.donizettiopera.org\/wp-content\/uploads\/2025\/06\/Donizetti-Opera-Teatro-citta-Turta-del-Dunizet-2023.webp 1920w\" sizes=\"(max-width: 1920px) 100vw, 1920px\" \/><\/div><\/div><\/div><div class=\"swiper-slide\"><div class=\"fusion-carousel-item-wrapper\"><div class=\"fusion-image-wrapper hover-type-none\"><img decoding=\"async\" width=\"1920\" height=\"1280\" src=\"https:\/\/www.donizettiopera.org\/wp-content\/uploads\/2025\/06\/Donizetti-Opera-Teatro-citta-Donizetti-Opera-presso-Aeroporto-di-Orio-al-Serio-2019.webp\" class=\"attachment-full size-full\" alt=\"\" srcset=\"https:\/\/www.donizettiopera.org\/wp-content\/uploads\/2025\/06\/Donizetti-Opera-Teatro-citta-Donizetti-Opera-presso-Aeroporto-di-Orio-al-Serio-2019-200x133.webp 200w, https:\/\/www.donizettiopera.org\/wp-content\/uploads\/2025\/06\/Donizetti-Opera-Teatro-citta-Donizetti-Opera-presso-Aeroporto-di-Orio-al-Serio-2019-300x200.webp 300w, https:\/\/www.donizettiopera.org\/wp-content\/uploads\/2025\/06\/Donizetti-Opera-Teatro-citta-Donizetti-Opera-presso-Aeroporto-di-Orio-al-Serio-2019-400x267.webp 400w, https:\/\/www.donizettiopera.org\/wp-content\/uploads\/2025\/06\/Donizetti-Opera-Teatro-citta-Donizetti-Opera-presso-Aeroporto-di-Orio-al-Serio-2019-600x400.webp 600w, https:\/\/www.donizettiopera.org\/wp-content\/uploads\/2025\/06\/Donizetti-Opera-Teatro-citta-Donizetti-Opera-presso-Aeroporto-di-Orio-al-Serio-2019-768x512.webp 768w, https:\/\/www.donizettiopera.org\/wp-content\/uploads\/2025\/06\/Donizetti-Opera-Teatro-citta-Donizetti-Opera-presso-Aeroporto-di-Orio-al-Serio-2019-800x533.webp 800w, https:\/\/www.donizettiopera.org\/wp-content\/uploads\/2025\/06\/Donizetti-Opera-Teatro-citta-Donizetti-Opera-presso-Aeroporto-di-Orio-al-Serio-2019-1024x683.webp 1024w, https:\/\/www.donizettiopera.org\/wp-content\/uploads\/2025\/06\/Donizetti-Opera-Teatro-citta-Donizetti-Opera-presso-Aeroporto-di-Orio-al-Serio-2019-1200x800.webp 1200w, https:\/\/www.donizettiopera.org\/wp-content\/uploads\/2025\/06\/Donizetti-Opera-Teatro-citta-Donizetti-Opera-presso-Aeroporto-di-Orio-al-Serio-2019-1536x1024.webp 1536w, https:\/\/www.donizettiopera.org\/wp-content\/uploads\/2025\/06\/Donizetti-Opera-Teatro-citta-Donizetti-Opera-presso-Aeroporto-di-Orio-al-Serio-2019.webp 1920w\" sizes=\"(max-width: 1920px) 100vw, 1920px\" \/><\/div><\/div><\/div><div class=\"swiper-slide\"><div class=\"fusion-carousel-item-wrapper\"><div class=\"fusion-image-wrapper hover-type-none\"><img decoding=\"async\" width=\"1919\" height=\"1281\" src=\"https:\/\/www.donizettiopera.org\/wp-content\/uploads\/2025\/06\/Donizetti-Opera-Teatro-citta-Donizetti-Night-Notte-Teatro-al-Donizetti-2017.webp\" class=\"attachment-full size-full\" alt=\"\" srcset=\"https:\/\/www.donizettiopera.org\/wp-content\/uploads\/2025\/06\/Donizetti-Opera-Teatro-citta-Donizetti-Night-Notte-Teatro-al-Donizetti-2017-200x134.webp 200w, https:\/\/www.donizettiopera.org\/wp-content\/uploads\/2025\/06\/Donizetti-Opera-Teatro-citta-Donizetti-Night-Notte-Teatro-al-Donizetti-2017-300x200.webp 300w, https:\/\/www.donizettiopera.org\/wp-content\/uploads\/2025\/06\/Donizetti-Opera-Teatro-citta-Donizetti-Night-Notte-Teatro-al-Donizetti-2017-400x267.webp 400w, https:\/\/www.donizettiopera.org\/wp-content\/uploads\/2025\/06\/Donizetti-Opera-Teatro-citta-Donizetti-Night-Notte-Teatro-al-Donizetti-2017-600x401.webp 600w, https:\/\/www.donizettiopera.org\/wp-content\/uploads\/2025\/06\/Donizetti-Opera-Teatro-citta-Donizetti-Night-Notte-Teatro-al-Donizetti-2017-768x513.webp 768w, https:\/\/www.donizettiopera.org\/wp-content\/uploads\/2025\/06\/Donizetti-Opera-Teatro-citta-Donizetti-Night-Notte-Teatro-al-Donizetti-2017-800x534.webp 800w, https:\/\/www.donizettiopera.org\/wp-content\/uploads\/2025\/06\/Donizetti-Opera-Teatro-citta-Donizetti-Night-Notte-Teatro-al-Donizetti-2017-1024x684.webp 1024w, https:\/\/www.donizettiopera.org\/wp-content\/uploads\/2025\/06\/Donizetti-Opera-Teatro-citta-Donizetti-Night-Notte-Teatro-al-Donizetti-2017-1200x801.webp 1200w, https:\/\/www.donizettiopera.org\/wp-content\/uploads\/2025\/06\/Donizetti-Opera-Teatro-citta-Donizetti-Night-Notte-Teatro-al-Donizetti-2017-1536x1025.webp 1536w, https:\/\/www.donizettiopera.org\/wp-content\/uploads\/2025\/06\/Donizetti-Opera-Teatro-citta-Donizetti-Night-Notte-Teatro-al-Donizetti-2017.webp 1919w\" sizes=\"(max-width: 1919px) 100vw, 1919px\" \/><\/div><\/div><\/div><\/div><div class=\"swiper-pagination\"><\/div><div class=\"awb-swiper-button awb-swiper-button-prev\"><i class=\"awb-icon-angle-left\" aria-hidden=\"true\"><\/i><\/div><div class=\"awb-swiper-button awb-swiper-button-next\"><i class=\"awb-icon-angle-right\" aria-hidden=\"true\"><\/i><\/div><\/div><\/div><div class=\"fusion-text fusion-text-3\"><p>Sconfinare ha voluto dire anche superare i limiti, come quando \u00e8 andata in scena al Teatro Donizetti ancora cantiere per i restauri <em>L\u2019Ange de Nisida<\/em>, opera che Donizetti aveva scritto ma che era rimasta sulla carta finch\u00e9 non \u00e8 stata allestita a Bergamo nel 2019. Dopo la ricostruzione della partitura attraverso documenti sparsi per l\u2019Europa, l\u2019opera ha abbattuto le separazioni tra palcoscenico e platea, pubblico e artisti, scena e retroscena. Nell\u2019ambito della stessa sperimentazione informale e anticonvenzionale si sono visti allestimenti contemporanei e \u201cdigitali\u201d come <em>L\u2019aio nell\u2019imbarazzo<\/em> (2022), provocatori come <em>Lu OperRave<\/em> (2023 e 2024), imprevedibili come <em>La Favorite<\/em> (2022) con le sue \u201cFavorite\u201d in scena, sperimentali come <em>Donizetti Alive<\/em> (2015), fino a <em>Il Diluvio Universale<\/em><br \/>\n(2023) con Enea Scala e Giuliana Gianfaldoni.<\/p>\n<\/div><div class=\"fusion-image-carousel fusion-image-carousel-auto fusion-image-carousel-2 lightbox-enabled\"><div data-slide-effect=\"fade\" class=\"awb-carousel awb-swiper awb-swiper-carousel awb-carousel--slider awb-swiper-dots-position-below\" data-layout=\"slider\" data-autoplay=\"no\" data-autoplayspeed=\"2500\" data-autoplaypause=\"no\" data-columns=\"5\" data-columnsmedium=\"1\" data-columnssmall=\"1\" data-itemmargin=\"13\" data-itemwidth=\"180\" data-touchscroll=\"drag_wheel\" data-freemode=\"no\" data-imagesize=\"auto\" data-scrollitems=\"0\" data-centeredslides=\"no\" data-rotationangle=\"50\" data-depth=\"100\" data-speed=\"500\" data-shadow=\"no\" data-pagination=\"bullets\" style=\"--awb-arrow-bgcolor:rgba(221,42,64,0.8);--awb-dots-spacing:8px;--awb-dots-align:center;\"><div class=\"swiper-wrapper awb-image-carousel-wrapper fusion-flex-align-items-center\"><div class=\"swiper-slide\"><div class=\"fusion-carousel-item-wrapper\"><div class=\"fusion-image-wrapper hover-type-none\"><img decoding=\"async\" width=\"1920\" height=\"1280\" src=\"https:\/\/www.donizettiopera.org\/wp-content\/uploads\/2025\/06\/Donizetti-Opera-Sconfinamenti-Il-Diluvio-universale-2023.webp\" class=\"attachment-full size-full\" alt=\"\" srcset=\"https:\/\/www.donizettiopera.org\/wp-content\/uploads\/2025\/06\/Donizetti-Opera-Sconfinamenti-Il-Diluvio-universale-2023-200x133.webp 200w, https:\/\/www.donizettiopera.org\/wp-content\/uploads\/2025\/06\/Donizetti-Opera-Sconfinamenti-Il-Diluvio-universale-2023-300x200.webp 300w, https:\/\/www.donizettiopera.org\/wp-content\/uploads\/2025\/06\/Donizetti-Opera-Sconfinamenti-Il-Diluvio-universale-2023-400x267.webp 400w, https:\/\/www.donizettiopera.org\/wp-content\/uploads\/2025\/06\/Donizetti-Opera-Sconfinamenti-Il-Diluvio-universale-2023-600x400.webp 600w, https:\/\/www.donizettiopera.org\/wp-content\/uploads\/2025\/06\/Donizetti-Opera-Sconfinamenti-Il-Diluvio-universale-2023-768x512.webp 768w, https:\/\/www.donizettiopera.org\/wp-content\/uploads\/2025\/06\/Donizetti-Opera-Sconfinamenti-Il-Diluvio-universale-2023-800x533.webp 800w, https:\/\/www.donizettiopera.org\/wp-content\/uploads\/2025\/06\/Donizetti-Opera-Sconfinamenti-Il-Diluvio-universale-2023-1024x683.webp 1024w, https:\/\/www.donizettiopera.org\/wp-content\/uploads\/2025\/06\/Donizetti-Opera-Sconfinamenti-Il-Diluvio-universale-2023-1200x800.webp 1200w, https:\/\/www.donizettiopera.org\/wp-content\/uploads\/2025\/06\/Donizetti-Opera-Sconfinamenti-Il-Diluvio-universale-2023-1536x1024.webp 1536w, https:\/\/www.donizettiopera.org\/wp-content\/uploads\/2025\/06\/Donizetti-Opera-Sconfinamenti-Il-Diluvio-universale-2023.webp 1920w\" sizes=\"(max-width: 1920px) 100vw, 1920px\" \/><\/div><\/div><\/div><div class=\"swiper-slide\"><div class=\"fusion-carousel-item-wrapper\"><div class=\"fusion-image-wrapper hover-type-none\"><img decoding=\"async\" width=\"1920\" height=\"1281\" src=\"https:\/\/www.donizettiopera.org\/wp-content\/uploads\/2025\/06\/Donizetti-Opera-Sconfinamenti-Donizetti-Alive-2015.webp\" class=\"attachment-full size-full\" alt=\"\" srcset=\"https:\/\/www.donizettiopera.org\/wp-content\/uploads\/2025\/06\/Donizetti-Opera-Sconfinamenti-Donizetti-Alive-2015-200x133.webp 200w, https:\/\/www.donizettiopera.org\/wp-content\/uploads\/2025\/06\/Donizetti-Opera-Sconfinamenti-Donizetti-Alive-2015-300x200.webp 300w, https:\/\/www.donizettiopera.org\/wp-content\/uploads\/2025\/06\/Donizetti-Opera-Sconfinamenti-Donizetti-Alive-2015-400x267.webp 400w, https:\/\/www.donizettiopera.org\/wp-content\/uploads\/2025\/06\/Donizetti-Opera-Sconfinamenti-Donizetti-Alive-2015-600x400.webp 600w, https:\/\/www.donizettiopera.org\/wp-content\/uploads\/2025\/06\/Donizetti-Opera-Sconfinamenti-Donizetti-Alive-2015-768x512.webp 768w, https:\/\/www.donizettiopera.org\/wp-content\/uploads\/2025\/06\/Donizetti-Opera-Sconfinamenti-Donizetti-Alive-2015-800x534.webp 800w, https:\/\/www.donizettiopera.org\/wp-content\/uploads\/2025\/06\/Donizetti-Opera-Sconfinamenti-Donizetti-Alive-2015-1024x683.webp 1024w, https:\/\/www.donizettiopera.org\/wp-content\/uploads\/2025\/06\/Donizetti-Opera-Sconfinamenti-Donizetti-Alive-2015-1200x801.webp 1200w, https:\/\/www.donizettiopera.org\/wp-content\/uploads\/2025\/06\/Donizetti-Opera-Sconfinamenti-Donizetti-Alive-2015-1536x1025.webp 1536w, https:\/\/www.donizettiopera.org\/wp-content\/uploads\/2025\/06\/Donizetti-Opera-Sconfinamenti-Donizetti-Alive-2015.webp 1920w\" sizes=\"(max-width: 1920px) 100vw, 1920px\" \/><\/div><\/div><\/div><div class=\"swiper-slide\"><div class=\"fusion-carousel-item-wrapper\"><div class=\"fusion-image-wrapper hover-type-none\"><img decoding=\"async\" width=\"1920\" height=\"1277\" src=\"https:\/\/www.donizettiopera.org\/wp-content\/uploads\/2025\/06\/Donizetti-Opera-Sconfinamenti-LU-Opera-Rave-2023.webp\" class=\"attachment-full size-full\" alt=\"\" srcset=\"https:\/\/www.donizettiopera.org\/wp-content\/uploads\/2025\/06\/Donizetti-Opera-Sconfinamenti-LU-Opera-Rave-2023-200x133.webp 200w, https:\/\/www.donizettiopera.org\/wp-content\/uploads\/2025\/06\/Donizetti-Opera-Sconfinamenti-LU-Opera-Rave-2023-300x200.webp 300w, https:\/\/www.donizettiopera.org\/wp-content\/uploads\/2025\/06\/Donizetti-Opera-Sconfinamenti-LU-Opera-Rave-2023-400x266.webp 400w, https:\/\/www.donizettiopera.org\/wp-content\/uploads\/2025\/06\/Donizetti-Opera-Sconfinamenti-LU-Opera-Rave-2023-600x399.webp 600w, https:\/\/www.donizettiopera.org\/wp-content\/uploads\/2025\/06\/Donizetti-Opera-Sconfinamenti-LU-Opera-Rave-2023-768x511.webp 768w, https:\/\/www.donizettiopera.org\/wp-content\/uploads\/2025\/06\/Donizetti-Opera-Sconfinamenti-LU-Opera-Rave-2023-800x532.webp 800w, https:\/\/www.donizettiopera.org\/wp-content\/uploads\/2025\/06\/Donizetti-Opera-Sconfinamenti-LU-Opera-Rave-2023-1024x681.webp 1024w, https:\/\/www.donizettiopera.org\/wp-content\/uploads\/2025\/06\/Donizetti-Opera-Sconfinamenti-LU-Opera-Rave-2023-1200x798.webp 1200w, https:\/\/www.donizettiopera.org\/wp-content\/uploads\/2025\/06\/Donizetti-Opera-Sconfinamenti-LU-Opera-Rave-2023-1536x1022.webp 1536w, https:\/\/www.donizettiopera.org\/wp-content\/uploads\/2025\/06\/Donizetti-Opera-Sconfinamenti-LU-Opera-Rave-2023.webp 1920w\" sizes=\"(max-width: 1920px) 100vw, 1920px\" \/><\/div><\/div><\/div><div class=\"swiper-slide\"><div class=\"fusion-carousel-item-wrapper\"><div class=\"fusion-image-wrapper hover-type-none\"><img decoding=\"async\" width=\"1920\" height=\"1280\" src=\"https:\/\/www.donizettiopera.org\/wp-content\/uploads\/2025\/06\/Donizetti-Opera-Sconfinamenti-LAnge-de-Nisida_-2019.webp\" class=\"attachment-full size-full\" alt=\"\" srcset=\"https:\/\/www.donizettiopera.org\/wp-content\/uploads\/2025\/06\/Donizetti-Opera-Sconfinamenti-LAnge-de-Nisida_-2019-200x133.webp 200w, https:\/\/www.donizettiopera.org\/wp-content\/uploads\/2025\/06\/Donizetti-Opera-Sconfinamenti-LAnge-de-Nisida_-2019-300x200.webp 300w, https:\/\/www.donizettiopera.org\/wp-content\/uploads\/2025\/06\/Donizetti-Opera-Sconfinamenti-LAnge-de-Nisida_-2019-400x267.webp 400w, https:\/\/www.donizettiopera.org\/wp-content\/uploads\/2025\/06\/Donizetti-Opera-Sconfinamenti-LAnge-de-Nisida_-2019-600x400.webp 600w, https:\/\/www.donizettiopera.org\/wp-content\/uploads\/2025\/06\/Donizetti-Opera-Sconfinamenti-LAnge-de-Nisida_-2019-768x512.webp 768w, https:\/\/www.donizettiopera.org\/wp-content\/uploads\/2025\/06\/Donizetti-Opera-Sconfinamenti-LAnge-de-Nisida_-2019-800x533.webp 800w, https:\/\/www.donizettiopera.org\/wp-content\/uploads\/2025\/06\/Donizetti-Opera-Sconfinamenti-LAnge-de-Nisida_-2019-1024x683.webp 1024w, https:\/\/www.donizettiopera.org\/wp-content\/uploads\/2025\/06\/Donizetti-Opera-Sconfinamenti-LAnge-de-Nisida_-2019-1200x800.webp 1200w, https:\/\/www.donizettiopera.org\/wp-content\/uploads\/2025\/06\/Donizetti-Opera-Sconfinamenti-LAnge-de-Nisida_-2019-1536x1024.webp 1536w, https:\/\/www.donizettiopera.org\/wp-content\/uploads\/2025\/06\/Donizetti-Opera-Sconfinamenti-LAnge-de-Nisida_-2019.webp 1920w\" sizes=\"(max-width: 1920px) 100vw, 1920px\" \/><\/div><\/div><\/div><div class=\"swiper-slide\"><div class=\"fusion-carousel-item-wrapper\"><div class=\"fusion-image-wrapper hover-type-none\"><img decoding=\"async\" width=\"1920\" height=\"1280\" src=\"https:\/\/www.donizettiopera.org\/wp-content\/uploads\/2025\/06\/Donizetti-Opera-Sconfinamenti-LAnge-de-Nisida-___-2019.webp\" class=\"attachment-full size-full\" alt=\"\" srcset=\"https:\/\/www.donizettiopera.org\/wp-content\/uploads\/2025\/06\/Donizetti-Opera-Sconfinamenti-LAnge-de-Nisida-___-2019-200x133.webp 200w, https:\/\/www.donizettiopera.org\/wp-content\/uploads\/2025\/06\/Donizetti-Opera-Sconfinamenti-LAnge-de-Nisida-___-2019-300x200.webp 300w, https:\/\/www.donizettiopera.org\/wp-content\/uploads\/2025\/06\/Donizetti-Opera-Sconfinamenti-LAnge-de-Nisida-___-2019-400x267.webp 400w, https:\/\/www.donizettiopera.org\/wp-content\/uploads\/2025\/06\/Donizetti-Opera-Sconfinamenti-LAnge-de-Nisida-___-2019-600x400.webp 600w, https:\/\/www.donizettiopera.org\/wp-content\/uploads\/2025\/06\/Donizetti-Opera-Sconfinamenti-LAnge-de-Nisida-___-2019-768x512.webp 768w, https:\/\/www.donizettiopera.org\/wp-content\/uploads\/2025\/06\/Donizetti-Opera-Sconfinamenti-LAnge-de-Nisida-___-2019-800x533.webp 800w, https:\/\/www.donizettiopera.org\/wp-content\/uploads\/2025\/06\/Donizetti-Opera-Sconfinamenti-LAnge-de-Nisida-___-2019-1024x683.webp 1024w, https:\/\/www.donizettiopera.org\/wp-content\/uploads\/2025\/06\/Donizetti-Opera-Sconfinamenti-LAnge-de-Nisida-___-2019-1200x800.webp 1200w, https:\/\/www.donizettiopera.org\/wp-content\/uploads\/2025\/06\/Donizetti-Opera-Sconfinamenti-LAnge-de-Nisida-___-2019-1536x1024.webp 1536w, https:\/\/www.donizettiopera.org\/wp-content\/uploads\/2025\/06\/Donizetti-Opera-Sconfinamenti-LAnge-de-Nisida-___-2019.webp 1920w\" sizes=\"(max-width: 1920px) 100vw, 1920px\" \/><\/div><\/div><\/div><div class=\"swiper-slide\"><div class=\"fusion-carousel-item-wrapper\"><div class=\"fusion-image-wrapper hover-type-none\"><img decoding=\"async\" width=\"1920\" height=\"1280\" src=\"https:\/\/www.donizettiopera.org\/wp-content\/uploads\/2025\/06\/Donizetti-Opera-Sconfinamenti-LAnge-de-Nisida-2019.webp\" class=\"attachment-full size-full\" alt=\"\" srcset=\"https:\/\/www.donizettiopera.org\/wp-content\/uploads\/2025\/06\/Donizetti-Opera-Sconfinamenti-LAnge-de-Nisida-2019-200x133.webp 200w, https:\/\/www.donizettiopera.org\/wp-content\/uploads\/2025\/06\/Donizetti-Opera-Sconfinamenti-LAnge-de-Nisida-2019-300x200.webp 300w, https:\/\/www.donizettiopera.org\/wp-content\/uploads\/2025\/06\/Donizetti-Opera-Sconfinamenti-LAnge-de-Nisida-2019-400x267.webp 400w, https:\/\/www.donizettiopera.org\/wp-content\/uploads\/2025\/06\/Donizetti-Opera-Sconfinamenti-LAnge-de-Nisida-2019-600x400.webp 600w, https:\/\/www.donizettiopera.org\/wp-content\/uploads\/2025\/06\/Donizetti-Opera-Sconfinamenti-LAnge-de-Nisida-2019-768x512.webp 768w, https:\/\/www.donizettiopera.org\/wp-content\/uploads\/2025\/06\/Donizetti-Opera-Sconfinamenti-LAnge-de-Nisida-2019-800x533.webp 800w, https:\/\/www.donizettiopera.org\/wp-content\/uploads\/2025\/06\/Donizetti-Opera-Sconfinamenti-LAnge-de-Nisida-2019-1024x683.webp 1024w, https:\/\/www.donizettiopera.org\/wp-content\/uploads\/2025\/06\/Donizetti-Opera-Sconfinamenti-LAnge-de-Nisida-2019-1200x800.webp 1200w, https:\/\/www.donizettiopera.org\/wp-content\/uploads\/2025\/06\/Donizetti-Opera-Sconfinamenti-LAnge-de-Nisida-2019-1536x1024.webp 1536w, https:\/\/www.donizettiopera.org\/wp-content\/uploads\/2025\/06\/Donizetti-Opera-Sconfinamenti-LAnge-de-Nisida-2019.webp 1920w\" sizes=\"(max-width: 1920px) 100vw, 1920px\" \/><\/div><\/div><\/div><div class=\"swiper-slide\"><div class=\"fusion-carousel-item-wrapper\"><div class=\"fusion-image-wrapper hover-type-none\"><img decoding=\"async\" width=\"1920\" height=\"1277\" src=\"https:\/\/www.donizettiopera.org\/wp-content\/uploads\/2025\/06\/Donizetti-Opera-Sconfinamenti-LAio-nellimbarazzo-2022.webp\" class=\"attachment-full size-full\" alt=\"\" srcset=\"https:\/\/www.donizettiopera.org\/wp-content\/uploads\/2025\/06\/Donizetti-Opera-Sconfinamenti-LAio-nellimbarazzo-2022-200x133.webp 200w, https:\/\/www.donizettiopera.org\/wp-content\/uploads\/2025\/06\/Donizetti-Opera-Sconfinamenti-LAio-nellimbarazzo-2022-300x200.webp 300w, https:\/\/www.donizettiopera.org\/wp-content\/uploads\/2025\/06\/Donizetti-Opera-Sconfinamenti-LAio-nellimbarazzo-2022-400x266.webp 400w, https:\/\/www.donizettiopera.org\/wp-content\/uploads\/2025\/06\/Donizetti-Opera-Sconfinamenti-LAio-nellimbarazzo-2022-600x399.webp 600w, https:\/\/www.donizettiopera.org\/wp-content\/uploads\/2025\/06\/Donizetti-Opera-Sconfinamenti-LAio-nellimbarazzo-2022-768x511.webp 768w, https:\/\/www.donizettiopera.org\/wp-content\/uploads\/2025\/06\/Donizetti-Opera-Sconfinamenti-LAio-nellimbarazzo-2022-800x532.webp 800w, https:\/\/www.donizettiopera.org\/wp-content\/uploads\/2025\/06\/Donizetti-Opera-Sconfinamenti-LAio-nellimbarazzo-2022-1024x681.webp 1024w, https:\/\/www.donizettiopera.org\/wp-content\/uploads\/2025\/06\/Donizetti-Opera-Sconfinamenti-LAio-nellimbarazzo-2022-1200x798.webp 1200w, https:\/\/www.donizettiopera.org\/wp-content\/uploads\/2025\/06\/Donizetti-Opera-Sconfinamenti-LAio-nellimbarazzo-2022-1536x1022.webp 1536w, https:\/\/www.donizettiopera.org\/wp-content\/uploads\/2025\/06\/Donizetti-Opera-Sconfinamenti-LAio-nellimbarazzo-2022.webp 1920w\" sizes=\"(max-width: 1920px) 100vw, 1920px\" \/><\/div><\/div><\/div><div class=\"swiper-slide\"><div class=\"fusion-carousel-item-wrapper\"><div class=\"fusion-image-wrapper hover-type-none\"><img decoding=\"async\" width=\"1920\" height=\"1280\" src=\"https:\/\/www.donizettiopera.org\/wp-content\/uploads\/2025\/06\/Donizetti-Opera-Sconfinamenti-La-Favorite-2022.webp\" class=\"attachment-full size-full\" alt=\"\" srcset=\"https:\/\/www.donizettiopera.org\/wp-content\/uploads\/2025\/06\/Donizetti-Opera-Sconfinamenti-La-Favorite-2022-200x133.webp 200w, https:\/\/www.donizettiopera.org\/wp-content\/uploads\/2025\/06\/Donizetti-Opera-Sconfinamenti-La-Favorite-2022-300x200.webp 300w, https:\/\/www.donizettiopera.org\/wp-content\/uploads\/2025\/06\/Donizetti-Opera-Sconfinamenti-La-Favorite-2022-400x267.webp 400w, https:\/\/www.donizettiopera.org\/wp-content\/uploads\/2025\/06\/Donizetti-Opera-Sconfinamenti-La-Favorite-2022-600x400.webp 600w, https:\/\/www.donizettiopera.org\/wp-content\/uploads\/2025\/06\/Donizetti-Opera-Sconfinamenti-La-Favorite-2022-768x512.webp 768w, https:\/\/www.donizettiopera.org\/wp-content\/uploads\/2025\/06\/Donizetti-Opera-Sconfinamenti-La-Favorite-2022-800x533.webp 800w, https:\/\/www.donizettiopera.org\/wp-content\/uploads\/2025\/06\/Donizetti-Opera-Sconfinamenti-La-Favorite-2022-1024x683.webp 1024w, https:\/\/www.donizettiopera.org\/wp-content\/uploads\/2025\/06\/Donizetti-Opera-Sconfinamenti-La-Favorite-2022-1200x800.webp 1200w, https:\/\/www.donizettiopera.org\/wp-content\/uploads\/2025\/06\/Donizetti-Opera-Sconfinamenti-La-Favorite-2022-1536x1024.webp 1536w, https:\/\/www.donizettiopera.org\/wp-content\/uploads\/2025\/06\/Donizetti-Opera-Sconfinamenti-La-Favorite-2022.webp 1920w\" sizes=\"(max-width: 1920px) 100vw, 1920px\" \/><\/div><\/div><\/div><\/div><div class=\"swiper-pagination\"><\/div><div class=\"awb-swiper-button awb-swiper-button-prev\"><i class=\"awb-icon-angle-left\" aria-hidden=\"true\"><\/i><\/div><div class=\"awb-swiper-button awb-swiper-button-next\"><i class=\"awb-icon-angle-right\" aria-hidden=\"true\"><\/i><\/div><\/div><\/div><div class=\"fusion-text fusion-text-4\"><p>Dal desiderio di riscoprire la produzione giovanile del compositore \u00e8 nato il progetto #Donizetti200, che ogni anno ha riportato in scena un\u2019opera scritta due secoli prima, spesso con strumenti originali dell\u2019epoca. Dal 2017 con <em>Pigmalione<\/em>, la prima composizione scenica del bergamasco, si \u00e8 passati a <em>Enrico di Borgogna<\/em>, <em>Pietro il Grande<\/em>, <em>Le nozze in Villa<\/em>, <em>Chiara e Serafina<\/em>, <em>Alfredo il Grande<\/em>, <em>Zoraida di Granata<\/em>: il Centro Studi donizettiano ha recuperato musica mai ascoltata in epoca moderna e documenti d\u2019archivio che raccontano la vita, l\u2019arte e l\u2019umanit\u00e0 del compositore.<\/p>\n<\/div><div class=\"fusion-image-carousel fusion-image-carousel-auto fusion-image-carousel-3 lightbox-enabled\"><div data-slide-effect=\"fade\" class=\"awb-carousel awb-swiper awb-swiper-carousel awb-carousel--slider awb-swiper-dots-position-below\" data-layout=\"slider\" data-autoplay=\"no\" data-autoplayspeed=\"2500\" data-autoplaypause=\"no\" data-columns=\"5\" data-columnsmedium=\"1\" data-columnssmall=\"1\" data-itemmargin=\"13\" data-itemwidth=\"180\" data-touchscroll=\"drag_wheel\" data-freemode=\"no\" data-imagesize=\"auto\" data-scrollitems=\"0\" data-centeredslides=\"no\" data-rotationangle=\"50\" data-depth=\"100\" data-speed=\"500\" data-shadow=\"no\" data-pagination=\"bullets\" style=\"--awb-arrow-bgcolor:rgba(221,42,64,0.8);--awb-dots-spacing:8px;--awb-dots-align:center;\"><div class=\"swiper-wrapper awb-image-carousel-wrapper fusion-flex-align-items-center\"><div class=\"swiper-slide\"><div class=\"fusion-carousel-item-wrapper\"><div class=\"fusion-image-wrapper hover-type-none\"><img decoding=\"async\" width=\"1920\" height=\"1280\" src=\"https:\/\/www.donizettiopera.org\/wp-content\/uploads\/2025\/06\/Donizetti-Opera-Riscoperte-Enrico-di-Borgogna-2018.webp\" class=\"attachment-full size-full\" alt=\"\" srcset=\"https:\/\/www.donizettiopera.org\/wp-content\/uploads\/2025\/06\/Donizetti-Opera-Riscoperte-Enrico-di-Borgogna-2018-200x133.webp 200w, https:\/\/www.donizettiopera.org\/wp-content\/uploads\/2025\/06\/Donizetti-Opera-Riscoperte-Enrico-di-Borgogna-2018-300x200.webp 300w, https:\/\/www.donizettiopera.org\/wp-content\/uploads\/2025\/06\/Donizetti-Opera-Riscoperte-Enrico-di-Borgogna-2018-400x267.webp 400w, https:\/\/www.donizettiopera.org\/wp-content\/uploads\/2025\/06\/Donizetti-Opera-Riscoperte-Enrico-di-Borgogna-2018-600x400.webp 600w, https:\/\/www.donizettiopera.org\/wp-content\/uploads\/2025\/06\/Donizetti-Opera-Riscoperte-Enrico-di-Borgogna-2018-768x512.webp 768w, https:\/\/www.donizettiopera.org\/wp-content\/uploads\/2025\/06\/Donizetti-Opera-Riscoperte-Enrico-di-Borgogna-2018-800x533.webp 800w, https:\/\/www.donizettiopera.org\/wp-content\/uploads\/2025\/06\/Donizetti-Opera-Riscoperte-Enrico-di-Borgogna-2018-1024x683.webp 1024w, https:\/\/www.donizettiopera.org\/wp-content\/uploads\/2025\/06\/Donizetti-Opera-Riscoperte-Enrico-di-Borgogna-2018-1200x800.webp 1200w, https:\/\/www.donizettiopera.org\/wp-content\/uploads\/2025\/06\/Donizetti-Opera-Riscoperte-Enrico-di-Borgogna-2018-1536x1024.webp 1536w, https:\/\/www.donizettiopera.org\/wp-content\/uploads\/2025\/06\/Donizetti-Opera-Riscoperte-Enrico-di-Borgogna-2018.webp 1920w\" sizes=\"(max-width: 1920px) 100vw, 1920px\" \/><\/div><\/div><\/div><div class=\"swiper-slide\"><div class=\"fusion-carousel-item-wrapper\"><div class=\"fusion-image-wrapper hover-type-none\"><img decoding=\"async\" width=\"1920\" height=\"1277\" src=\"https:\/\/www.donizettiopera.org\/wp-content\/uploads\/2025\/06\/Donizetti-Opera-Riscoperte-Chiara-e-Serafina-2022.webp\" class=\"attachment-full size-full\" alt=\"\" srcset=\"https:\/\/www.donizettiopera.org\/wp-content\/uploads\/2025\/06\/Donizetti-Opera-Riscoperte-Chiara-e-Serafina-2022-200x133.webp 200w, https:\/\/www.donizettiopera.org\/wp-content\/uploads\/2025\/06\/Donizetti-Opera-Riscoperte-Chiara-e-Serafina-2022-300x200.webp 300w, https:\/\/www.donizettiopera.org\/wp-content\/uploads\/2025\/06\/Donizetti-Opera-Riscoperte-Chiara-e-Serafina-2022-400x266.webp 400w, https:\/\/www.donizettiopera.org\/wp-content\/uploads\/2025\/06\/Donizetti-Opera-Riscoperte-Chiara-e-Serafina-2022-600x399.webp 600w, https:\/\/www.donizettiopera.org\/wp-content\/uploads\/2025\/06\/Donizetti-Opera-Riscoperte-Chiara-e-Serafina-2022-768x511.webp 768w, https:\/\/www.donizettiopera.org\/wp-content\/uploads\/2025\/06\/Donizetti-Opera-Riscoperte-Chiara-e-Serafina-2022-800x532.webp 800w, https:\/\/www.donizettiopera.org\/wp-content\/uploads\/2025\/06\/Donizetti-Opera-Riscoperte-Chiara-e-Serafina-2022-1024x681.webp 1024w, https:\/\/www.donizettiopera.org\/wp-content\/uploads\/2025\/06\/Donizetti-Opera-Riscoperte-Chiara-e-Serafina-2022-1200x798.webp 1200w, https:\/\/www.donizettiopera.org\/wp-content\/uploads\/2025\/06\/Donizetti-Opera-Riscoperte-Chiara-e-Serafina-2022-1536x1022.webp 1536w, https:\/\/www.donizettiopera.org\/wp-content\/uploads\/2025\/06\/Donizetti-Opera-Riscoperte-Chiara-e-Serafina-2022.webp 1920w\" sizes=\"(max-width: 1920px) 100vw, 1920px\" \/><\/div><\/div><\/div><div class=\"swiper-slide\"><div class=\"fusion-carousel-item-wrapper\"><div class=\"fusion-image-wrapper hover-type-none\"><img decoding=\"async\" width=\"1920\" height=\"1083\" src=\"https:\/\/www.donizettiopera.org\/wp-content\/uploads\/2025\/06\/Donizetti-Opera-Riscoperte-Alfredo-il-grande-2023.webp\" class=\"attachment-full size-full\" alt=\"\" srcset=\"https:\/\/www.donizettiopera.org\/wp-content\/uploads\/2025\/06\/Donizetti-Opera-Riscoperte-Alfredo-il-grande-2023-200x113.webp 200w, https:\/\/www.donizettiopera.org\/wp-content\/uploads\/2025\/06\/Donizetti-Opera-Riscoperte-Alfredo-il-grande-2023-300x169.webp 300w, https:\/\/www.donizettiopera.org\/wp-content\/uploads\/2025\/06\/Donizetti-Opera-Riscoperte-Alfredo-il-grande-2023-400x226.webp 400w, https:\/\/www.donizettiopera.org\/wp-content\/uploads\/2025\/06\/Donizetti-Opera-Riscoperte-Alfredo-il-grande-2023-600x338.webp 600w, https:\/\/www.donizettiopera.org\/wp-content\/uploads\/2025\/06\/Donizetti-Opera-Riscoperte-Alfredo-il-grande-2023-768x433.webp 768w, https:\/\/www.donizettiopera.org\/wp-content\/uploads\/2025\/06\/Donizetti-Opera-Riscoperte-Alfredo-il-grande-2023-800x451.webp 800w, https:\/\/www.donizettiopera.org\/wp-content\/uploads\/2025\/06\/Donizetti-Opera-Riscoperte-Alfredo-il-grande-2023-1024x578.webp 1024w, https:\/\/www.donizettiopera.org\/wp-content\/uploads\/2025\/06\/Donizetti-Opera-Riscoperte-Alfredo-il-grande-2023-1200x677.webp 1200w, https:\/\/www.donizettiopera.org\/wp-content\/uploads\/2025\/06\/Donizetti-Opera-Riscoperte-Alfredo-il-grande-2023-1536x866.webp 1536w, https:\/\/www.donizettiopera.org\/wp-content\/uploads\/2025\/06\/Donizetti-Opera-Riscoperte-Alfredo-il-grande-2023.webp 1920w\" sizes=\"(max-width: 1920px) 100vw, 1920px\" \/><\/div><\/div><\/div><div class=\"swiper-slide\"><div class=\"fusion-carousel-item-wrapper\"><div class=\"fusion-image-wrapper hover-type-none\"><img decoding=\"async\" width=\"1920\" height=\"1277\" src=\"https:\/\/www.donizettiopera.org\/wp-content\/uploads\/2025\/06\/Donizetti-Opera-Riscoperte-Zoraida-di-Granata-2024.webp\" class=\"attachment-full size-full\" alt=\"\" srcset=\"https:\/\/www.donizettiopera.org\/wp-content\/uploads\/2025\/06\/Donizetti-Opera-Riscoperte-Zoraida-di-Granata-2024-200x133.webp 200w, https:\/\/www.donizettiopera.org\/wp-content\/uploads\/2025\/06\/Donizetti-Opera-Riscoperte-Zoraida-di-Granata-2024-300x200.webp 300w, https:\/\/www.donizettiopera.org\/wp-content\/uploads\/2025\/06\/Donizetti-Opera-Riscoperte-Zoraida-di-Granata-2024-400x266.webp 400w, https:\/\/www.donizettiopera.org\/wp-content\/uploads\/2025\/06\/Donizetti-Opera-Riscoperte-Zoraida-di-Granata-2024-600x399.webp 600w, https:\/\/www.donizettiopera.org\/wp-content\/uploads\/2025\/06\/Donizetti-Opera-Riscoperte-Zoraida-di-Granata-2024-768x511.webp 768w, https:\/\/www.donizettiopera.org\/wp-content\/uploads\/2025\/06\/Donizetti-Opera-Riscoperte-Zoraida-di-Granata-2024-800x532.webp 800w, https:\/\/www.donizettiopera.org\/wp-content\/uploads\/2025\/06\/Donizetti-Opera-Riscoperte-Zoraida-di-Granata-2024-1024x681.webp 1024w, https:\/\/www.donizettiopera.org\/wp-content\/uploads\/2025\/06\/Donizetti-Opera-Riscoperte-Zoraida-di-Granata-2024-1200x798.webp 1200w, https:\/\/www.donizettiopera.org\/wp-content\/uploads\/2025\/06\/Donizetti-Opera-Riscoperte-Zoraida-di-Granata-2024-1536x1022.webp 1536w, https:\/\/www.donizettiopera.org\/wp-content\/uploads\/2025\/06\/Donizetti-Opera-Riscoperte-Zoraida-di-Granata-2024.webp 1920w\" sizes=\"(max-width: 1920px) 100vw, 1920px\" \/><\/div><\/div><\/div><div class=\"swiper-slide\"><div class=\"fusion-carousel-item-wrapper\"><div class=\"fusion-image-wrapper hover-type-none\"><img decoding=\"async\" width=\"1920\" height=\"1280\" src=\"https:\/\/www.donizettiopera.org\/wp-content\/uploads\/2025\/06\/Donizetti-Opera-Riscoperte-Pigmalione-2017.webp\" class=\"attachment-full size-full\" alt=\"\" srcset=\"https:\/\/www.donizettiopera.org\/wp-content\/uploads\/2025\/06\/Donizetti-Opera-Riscoperte-Pigmalione-2017-200x133.webp 200w, https:\/\/www.donizettiopera.org\/wp-content\/uploads\/2025\/06\/Donizetti-Opera-Riscoperte-Pigmalione-2017-300x200.webp 300w, https:\/\/www.donizettiopera.org\/wp-content\/uploads\/2025\/06\/Donizetti-Opera-Riscoperte-Pigmalione-2017-400x267.webp 400w, https:\/\/www.donizettiopera.org\/wp-content\/uploads\/2025\/06\/Donizetti-Opera-Riscoperte-Pigmalione-2017-600x400.webp 600w, https:\/\/www.donizettiopera.org\/wp-content\/uploads\/2025\/06\/Donizetti-Opera-Riscoperte-Pigmalione-2017-768x512.webp 768w, https:\/\/www.donizettiopera.org\/wp-content\/uploads\/2025\/06\/Donizetti-Opera-Riscoperte-Pigmalione-2017-800x533.webp 800w, https:\/\/www.donizettiopera.org\/wp-content\/uploads\/2025\/06\/Donizetti-Opera-Riscoperte-Pigmalione-2017-1024x683.webp 1024w, https:\/\/www.donizettiopera.org\/wp-content\/uploads\/2025\/06\/Donizetti-Opera-Riscoperte-Pigmalione-2017-1200x800.webp 1200w, https:\/\/www.donizettiopera.org\/wp-content\/uploads\/2025\/06\/Donizetti-Opera-Riscoperte-Pigmalione-2017-1536x1024.webp 1536w, https:\/\/www.donizettiopera.org\/wp-content\/uploads\/2025\/06\/Donizetti-Opera-Riscoperte-Pigmalione-2017.webp 1920w\" sizes=\"(max-width: 1920px) 100vw, 1920px\" \/><\/div><\/div><\/div><div class=\"swiper-slide\"><div class=\"fusion-carousel-item-wrapper\"><div class=\"fusion-image-wrapper hover-type-none\"><img decoding=\"async\" width=\"1920\" height=\"971\" src=\"https:\/\/www.donizettiopera.org\/wp-content\/uploads\/2025\/06\/Donizetti-Opera-Riscoperte-Pietro-il-grande_2019.webp\" class=\"attachment-full size-full\" alt=\"\" srcset=\"https:\/\/www.donizettiopera.org\/wp-content\/uploads\/2025\/06\/Donizetti-Opera-Riscoperte-Pietro-il-grande_2019-200x101.webp 200w, https:\/\/www.donizettiopera.org\/wp-content\/uploads\/2025\/06\/Donizetti-Opera-Riscoperte-Pietro-il-grande_2019-300x152.webp 300w, https:\/\/www.donizettiopera.org\/wp-content\/uploads\/2025\/06\/Donizetti-Opera-Riscoperte-Pietro-il-grande_2019-400x202.webp 400w, https:\/\/www.donizettiopera.org\/wp-content\/uploads\/2025\/06\/Donizetti-Opera-Riscoperte-Pietro-il-grande_2019-540x272.webp 540w, https:\/\/www.donizettiopera.org\/wp-content\/uploads\/2025\/06\/Donizetti-Opera-Riscoperte-Pietro-il-grande_2019-600x303.webp 600w, https:\/\/www.donizettiopera.org\/wp-content\/uploads\/2025\/06\/Donizetti-Opera-Riscoperte-Pietro-il-grande_2019-768x388.webp 768w, https:\/\/www.donizettiopera.org\/wp-content\/uploads\/2025\/06\/Donizetti-Opera-Riscoperte-Pietro-il-grande_2019-800x405.webp 800w, https:\/\/www.donizettiopera.org\/wp-content\/uploads\/2025\/06\/Donizetti-Opera-Riscoperte-Pietro-il-grande_2019-1024x518.webp 1024w, https:\/\/www.donizettiopera.org\/wp-content\/uploads\/2025\/06\/Donizetti-Opera-Riscoperte-Pietro-il-grande_2019-1200x607.webp 1200w, https:\/\/www.donizettiopera.org\/wp-content\/uploads\/2025\/06\/Donizetti-Opera-Riscoperte-Pietro-il-grande_2019-1536x777.webp 1536w, https:\/\/www.donizettiopera.org\/wp-content\/uploads\/2025\/06\/Donizetti-Opera-Riscoperte-Pietro-il-grande_2019.webp 1920w\" sizes=\"(max-width: 1920px) 100vw, 1920px\" \/><\/div><\/div><\/div><div class=\"swiper-slide\"><div class=\"fusion-carousel-item-wrapper\"><div class=\"fusion-image-wrapper hover-type-none\"><img decoding=\"async\" width=\"1280\" height=\"1920\" src=\"https:\/\/www.donizettiopera.org\/wp-content\/uploads\/2025\/06\/Donizetti-Opera-Riscoperte-Pietro-il-grande-2019.webp\" class=\"attachment-full size-full\" alt=\"\" srcset=\"https:\/\/www.donizettiopera.org\/wp-content\/uploads\/2025\/06\/Donizetti-Opera-Riscoperte-Pietro-il-grande-2019-200x300.webp 200w, https:\/\/www.donizettiopera.org\/wp-content\/uploads\/2025\/06\/Donizetti-Opera-Riscoperte-Pietro-il-grande-2019-400x600.webp 400w, https:\/\/www.donizettiopera.org\/wp-content\/uploads\/2025\/06\/Donizetti-Opera-Riscoperte-Pietro-il-grande-2019-600x900.webp 600w, https:\/\/www.donizettiopera.org\/wp-content\/uploads\/2025\/06\/Donizetti-Opera-Riscoperte-Pietro-il-grande-2019-683x1024.webp 683w, https:\/\/www.donizettiopera.org\/wp-content\/uploads\/2025\/06\/Donizetti-Opera-Riscoperte-Pietro-il-grande-2019-768x1152.webp 768w, https:\/\/www.donizettiopera.org\/wp-content\/uploads\/2025\/06\/Donizetti-Opera-Riscoperte-Pietro-il-grande-2019-800x1200.webp 800w, https:\/\/www.donizettiopera.org\/wp-content\/uploads\/2025\/06\/Donizetti-Opera-Riscoperte-Pietro-il-grande-2019-1024x1536.webp 1024w, https:\/\/www.donizettiopera.org\/wp-content\/uploads\/2025\/06\/Donizetti-Opera-Riscoperte-Pietro-il-grande-2019-1200x1800.webp 1200w, https:\/\/www.donizettiopera.org\/wp-content\/uploads\/2025\/06\/Donizetti-Opera-Riscoperte-Pietro-il-grande-2019.webp 1280w\" sizes=\"(max-width: 1280px) 100vw, 1280px\" \/><\/div><\/div><\/div><div class=\"swiper-slide\"><div class=\"fusion-carousel-item-wrapper\"><div class=\"fusion-image-wrapper hover-type-none\"><img decoding=\"async\" width=\"1920\" height=\"1279\" src=\"https:\/\/www.donizettiopera.org\/wp-content\/uploads\/2025\/06\/Donizetti-Opera-Riscoperte-Olivo-e-Pasquale-2016.webp\" class=\"attachment-full size-full\" alt=\"\" srcset=\"https:\/\/www.donizettiopera.org\/wp-content\/uploads\/2025\/06\/Donizetti-Opera-Riscoperte-Olivo-e-Pasquale-2016-200x133.webp 200w, https:\/\/www.donizettiopera.org\/wp-content\/uploads\/2025\/06\/Donizetti-Opera-Riscoperte-Olivo-e-Pasquale-2016-300x200.webp 300w, https:\/\/www.donizettiopera.org\/wp-content\/uploads\/2025\/06\/Donizetti-Opera-Riscoperte-Olivo-e-Pasquale-2016-400x266.webp 400w, https:\/\/www.donizettiopera.org\/wp-content\/uploads\/2025\/06\/Donizetti-Opera-Riscoperte-Olivo-e-Pasquale-2016-600x400.webp 600w, https:\/\/www.donizettiopera.org\/wp-content\/uploads\/2025\/06\/Donizetti-Opera-Riscoperte-Olivo-e-Pasquale-2016-768x512.webp 768w, https:\/\/www.donizettiopera.org\/wp-content\/uploads\/2025\/06\/Donizetti-Opera-Riscoperte-Olivo-e-Pasquale-2016-800x533.webp 800w, https:\/\/www.donizettiopera.org\/wp-content\/uploads\/2025\/06\/Donizetti-Opera-Riscoperte-Olivo-e-Pasquale-2016-1024x682.webp 1024w, https:\/\/www.donizettiopera.org\/wp-content\/uploads\/2025\/06\/Donizetti-Opera-Riscoperte-Olivo-e-Pasquale-2016-1200x799.webp 1200w, https:\/\/www.donizettiopera.org\/wp-content\/uploads\/2025\/06\/Donizetti-Opera-Riscoperte-Olivo-e-Pasquale-2016-1536x1023.webp 1536w, https:\/\/www.donizettiopera.org\/wp-content\/uploads\/2025\/06\/Donizetti-Opera-Riscoperte-Olivo-e-Pasquale-2016.webp 1920w\" sizes=\"(max-width: 1920px) 100vw, 1920px\" \/><\/div><\/div><\/div><div class=\"swiper-slide\"><div class=\"fusion-carousel-item-wrapper\"><div class=\"fusion-image-wrapper hover-type-none\"><img decoding=\"async\" width=\"1920\" height=\"1280\" src=\"https:\/\/www.donizettiopera.org\/wp-content\/uploads\/2025\/06\/Donizetti-Opera-Riscoperte-Nozze-in-Villa-2020.webp\" class=\"attachment-full size-full\" alt=\"\" srcset=\"https:\/\/www.donizettiopera.org\/wp-content\/uploads\/2025\/06\/Donizetti-Opera-Riscoperte-Nozze-in-Villa-2020-200x133.webp 200w, https:\/\/www.donizettiopera.org\/wp-content\/uploads\/2025\/06\/Donizetti-Opera-Riscoperte-Nozze-in-Villa-2020-300x200.webp 300w, https:\/\/www.donizettiopera.org\/wp-content\/uploads\/2025\/06\/Donizetti-Opera-Riscoperte-Nozze-in-Villa-2020-400x267.webp 400w, https:\/\/www.donizettiopera.org\/wp-content\/uploads\/2025\/06\/Donizetti-Opera-Riscoperte-Nozze-in-Villa-2020-600x400.webp 600w, https:\/\/www.donizettiopera.org\/wp-content\/uploads\/2025\/06\/Donizetti-Opera-Riscoperte-Nozze-in-Villa-2020-768x512.webp 768w, https:\/\/www.donizettiopera.org\/wp-content\/uploads\/2025\/06\/Donizetti-Opera-Riscoperte-Nozze-in-Villa-2020-800x533.webp 800w, https:\/\/www.donizettiopera.org\/wp-content\/uploads\/2025\/06\/Donizetti-Opera-Riscoperte-Nozze-in-Villa-2020-1024x683.webp 1024w, https:\/\/www.donizettiopera.org\/wp-content\/uploads\/2025\/06\/Donizetti-Opera-Riscoperte-Nozze-in-Villa-2020-1200x800.webp 1200w, https:\/\/www.donizettiopera.org\/wp-content\/uploads\/2025\/06\/Donizetti-Opera-Riscoperte-Nozze-in-Villa-2020-1536x1024.webp 1536w, https:\/\/www.donizettiopera.org\/wp-content\/uploads\/2025\/06\/Donizetti-Opera-Riscoperte-Nozze-in-Villa-2020.webp 1920w\" sizes=\"(max-width: 1920px) 100vw, 1920px\" \/><\/div><\/div><\/div><\/div><div class=\"swiper-pagination\"><\/div><div class=\"awb-swiper-button awb-swiper-button-prev\"><i class=\"awb-icon-angle-left\" aria-hidden=\"true\"><\/i><\/div><div class=\"awb-swiper-button awb-swiper-button-next\"><i class=\"awb-icon-angle-right\" aria-hidden=\"true\"><\/i><\/div><\/div><\/div><div class=\"fusion-text fusion-text-5\"><p>Parallelamente, il Festival ha presentato i titoli pi\u00f9 noti, interpretati dai massimi cantanti della scena lirica attuale. <em>Anna Bolena<\/em> (2015) con Alex Esposito e Carmela Remigio, protagonista anche di <em>Lucrezia Borgia<\/em> con Xabier Anduaga (2019); <em>Marino Faliero<\/em> (2020) con Michele Pertusi; <em>L\u2019elisir d\u2019amore<\/em> (2021) con Javier Camarena; <em>La fille du r\u00e9giment<\/em> (2021) con Paolo Bordogna e John Osborn; <em>La Favorite<\/em> (2022) ancora con Camarena, Florian Sempey e Annalisa Stroppa; <em>Roberto Devereux<\/em> (2024) con John Osborn e Jessica Pratt; <em>Don Pasquale<\/em> (2024) con Roberto De Candia e il ritorno di Javier Camarena.<\/p>\n<\/div><div class=\"fusion-text fusion-text-6\"><p>Le donne hanno avuto un ruolo centrale: cantanti, dive, antidive ma sempre protagoniste sul palcoscenico, a contatto con il pubblico e dietro le quinte, vere icone donizettiane. Carmela Remigio e Jessica Pratt sono diventate volto, voce e simbolo del Donizetti Opera, partecipando anche come artiste residenti in titoli come <em>Anna Bolena<\/em>, <em>Il Castello di Kenilworth<\/em>, <em>Lucrezia Borgia<\/em>, <em>Rosmonda d\u2019Inghilterra<\/em> e <em>Roberto Devereux<\/em>.<\/p>\n<\/div><div class=\"fusion-image-carousel fusion-image-carousel-auto fusion-image-carousel-4 lightbox-enabled\"><div data-slide-effect=\"fade\" class=\"awb-carousel awb-swiper awb-swiper-carousel awb-carousel--slider awb-swiper-dots-position-below\" data-layout=\"slider\" data-autoplay=\"no\" data-autoplayspeed=\"2500\" data-autoplaypause=\"no\" data-columns=\"5\" data-columnsmedium=\"1\" data-columnssmall=\"1\" data-itemmargin=\"13\" data-itemwidth=\"180\" data-touchscroll=\"drag_wheel\" data-freemode=\"no\" data-imagesize=\"auto\" data-scrollitems=\"0\" data-centeredslides=\"no\" data-rotationangle=\"50\" data-depth=\"100\" data-speed=\"500\" data-shadow=\"no\" data-pagination=\"bullets\" style=\"--awb-arrow-bgcolor:rgba(221,42,64,0.8);--awb-dots-spacing:8px;--awb-dots-align:center;\"><div class=\"swiper-wrapper awb-image-carousel-wrapper fusion-flex-align-items-center\"><div class=\"swiper-slide\"><div class=\"fusion-carousel-item-wrapper\"><div class=\"fusion-image-wrapper hover-type-none\"><img decoding=\"async\" width=\"1920\" height=\"1280\" src=\"https:\/\/www.donizettiopera.org\/wp-content\/uploads\/2025\/06\/Donizetti-Opera-Donne-Il-castello-di-Kenilwort-2018.webp\" class=\"attachment-full size-full\" alt=\"\" srcset=\"https:\/\/www.donizettiopera.org\/wp-content\/uploads\/2025\/06\/Donizetti-Opera-Donne-Il-castello-di-Kenilwort-2018-200x133.webp 200w, https:\/\/www.donizettiopera.org\/wp-content\/uploads\/2025\/06\/Donizetti-Opera-Donne-Il-castello-di-Kenilwort-2018-300x200.webp 300w, https:\/\/www.donizettiopera.org\/wp-content\/uploads\/2025\/06\/Donizetti-Opera-Donne-Il-castello-di-Kenilwort-2018-400x267.webp 400w, https:\/\/www.donizettiopera.org\/wp-content\/uploads\/2025\/06\/Donizetti-Opera-Donne-Il-castello-di-Kenilwort-2018-600x400.webp 600w, https:\/\/www.donizettiopera.org\/wp-content\/uploads\/2025\/06\/Donizetti-Opera-Donne-Il-castello-di-Kenilwort-2018-768x512.webp 768w, https:\/\/www.donizettiopera.org\/wp-content\/uploads\/2025\/06\/Donizetti-Opera-Donne-Il-castello-di-Kenilwort-2018-800x533.webp 800w, https:\/\/www.donizettiopera.org\/wp-content\/uploads\/2025\/06\/Donizetti-Opera-Donne-Il-castello-di-Kenilwort-2018-1024x683.webp 1024w, https:\/\/www.donizettiopera.org\/wp-content\/uploads\/2025\/06\/Donizetti-Opera-Donne-Il-castello-di-Kenilwort-2018-1200x800.webp 1200w, https:\/\/www.donizettiopera.org\/wp-content\/uploads\/2025\/06\/Donizetti-Opera-Donne-Il-castello-di-Kenilwort-2018-1536x1024.webp 1536w, https:\/\/www.donizettiopera.org\/wp-content\/uploads\/2025\/06\/Donizetti-Opera-Donne-Il-castello-di-Kenilwort-2018.webp 1920w\" sizes=\"(max-width: 1920px) 100vw, 1920px\" \/><\/div><\/div><\/div><div class=\"swiper-slide\"><div class=\"fusion-carousel-item-wrapper\"><div class=\"fusion-image-wrapper hover-type-none\"><img decoding=\"async\" width=\"1920\" height=\"1280\" src=\"https:\/\/www.donizettiopera.org\/wp-content\/uploads\/2025\/06\/Donizetti-Opera-Donne-Anna-Bolena-2015.webp\" class=\"attachment-full size-full\" alt=\"\" srcset=\"https:\/\/www.donizettiopera.org\/wp-content\/uploads\/2025\/06\/Donizetti-Opera-Donne-Anna-Bolena-2015-200x133.webp 200w, https:\/\/www.donizettiopera.org\/wp-content\/uploads\/2025\/06\/Donizetti-Opera-Donne-Anna-Bolena-2015-300x200.webp 300w, https:\/\/www.donizettiopera.org\/wp-content\/uploads\/2025\/06\/Donizetti-Opera-Donne-Anna-Bolena-2015-400x267.webp 400w, https:\/\/www.donizettiopera.org\/wp-content\/uploads\/2025\/06\/Donizetti-Opera-Donne-Anna-Bolena-2015-600x400.webp 600w, https:\/\/www.donizettiopera.org\/wp-content\/uploads\/2025\/06\/Donizetti-Opera-Donne-Anna-Bolena-2015-768x512.webp 768w, https:\/\/www.donizettiopera.org\/wp-content\/uploads\/2025\/06\/Donizetti-Opera-Donne-Anna-Bolena-2015-800x533.webp 800w, https:\/\/www.donizettiopera.org\/wp-content\/uploads\/2025\/06\/Donizetti-Opera-Donne-Anna-Bolena-2015-1024x683.webp 1024w, https:\/\/www.donizettiopera.org\/wp-content\/uploads\/2025\/06\/Donizetti-Opera-Donne-Anna-Bolena-2015-1200x800.webp 1200w, https:\/\/www.donizettiopera.org\/wp-content\/uploads\/2025\/06\/Donizetti-Opera-Donne-Anna-Bolena-2015-1536x1024.webp 1536w, https:\/\/www.donizettiopera.org\/wp-content\/uploads\/2025\/06\/Donizetti-Opera-Donne-Anna-Bolena-2015.webp 1920w\" sizes=\"(max-width: 1920px) 100vw, 1920px\" \/><\/div><\/div><\/div><div class=\"swiper-slide\"><div class=\"fusion-carousel-item-wrapper\"><div class=\"fusion-image-wrapper hover-type-none\"><img decoding=\"async\" width=\"1920\" height=\"1280\" src=\"https:\/\/www.donizettiopera.org\/wp-content\/uploads\/2025\/06\/Donizetti-Opera-Donne-Rosmonda-dInghilterra-2016.webp\" class=\"attachment-full size-full\" alt=\"\" srcset=\"https:\/\/www.donizettiopera.org\/wp-content\/uploads\/2025\/06\/Donizetti-Opera-Donne-Rosmonda-dInghilterra-2016-200x133.webp 200w, https:\/\/www.donizettiopera.org\/wp-content\/uploads\/2025\/06\/Donizetti-Opera-Donne-Rosmonda-dInghilterra-2016-300x200.webp 300w, https:\/\/www.donizettiopera.org\/wp-content\/uploads\/2025\/06\/Donizetti-Opera-Donne-Rosmonda-dInghilterra-2016-400x267.webp 400w, https:\/\/www.donizettiopera.org\/wp-content\/uploads\/2025\/06\/Donizetti-Opera-Donne-Rosmonda-dInghilterra-2016-600x400.webp 600w, https:\/\/www.donizettiopera.org\/wp-content\/uploads\/2025\/06\/Donizetti-Opera-Donne-Rosmonda-dInghilterra-2016-768x512.webp 768w, https:\/\/www.donizettiopera.org\/wp-content\/uploads\/2025\/06\/Donizetti-Opera-Donne-Rosmonda-dInghilterra-2016-800x533.webp 800w, https:\/\/www.donizettiopera.org\/wp-content\/uploads\/2025\/06\/Donizetti-Opera-Donne-Rosmonda-dInghilterra-2016-1024x683.webp 1024w, https:\/\/www.donizettiopera.org\/wp-content\/uploads\/2025\/06\/Donizetti-Opera-Donne-Rosmonda-dInghilterra-2016-1200x800.webp 1200w, https:\/\/www.donizettiopera.org\/wp-content\/uploads\/2025\/06\/Donizetti-Opera-Donne-Rosmonda-dInghilterra-2016-1536x1024.webp 1536w, https:\/\/www.donizettiopera.org\/wp-content\/uploads\/2025\/06\/Donizetti-Opera-Donne-Rosmonda-dInghilterra-2016.webp 1920w\" sizes=\"(max-width: 1920px) 100vw, 1920px\" \/><\/div><\/div><\/div><div class=\"swiper-slide\"><div class=\"fusion-carousel-item-wrapper\"><div class=\"fusion-image-wrapper hover-type-none\"><img decoding=\"async\" width=\"1920\" height=\"1277\" src=\"https:\/\/www.donizettiopera.org\/wp-content\/uploads\/2025\/06\/Donizetti-Opera-Donne-Medea-in-Corinto-2021.webp\" class=\"attachment-full size-full\" alt=\"\" srcset=\"https:\/\/www.donizettiopera.org\/wp-content\/uploads\/2025\/06\/Donizetti-Opera-Donne-Medea-in-Corinto-2021-200x133.webp 200w, https:\/\/www.donizettiopera.org\/wp-content\/uploads\/2025\/06\/Donizetti-Opera-Donne-Medea-in-Corinto-2021-300x200.webp 300w, https:\/\/www.donizettiopera.org\/wp-content\/uploads\/2025\/06\/Donizetti-Opera-Donne-Medea-in-Corinto-2021-400x266.webp 400w, https:\/\/www.donizettiopera.org\/wp-content\/uploads\/2025\/06\/Donizetti-Opera-Donne-Medea-in-Corinto-2021-600x399.webp 600w, https:\/\/www.donizettiopera.org\/wp-content\/uploads\/2025\/06\/Donizetti-Opera-Donne-Medea-in-Corinto-2021-768x511.webp 768w, https:\/\/www.donizettiopera.org\/wp-content\/uploads\/2025\/06\/Donizetti-Opera-Donne-Medea-in-Corinto-2021-800x532.webp 800w, https:\/\/www.donizettiopera.org\/wp-content\/uploads\/2025\/06\/Donizetti-Opera-Donne-Medea-in-Corinto-2021-1024x681.webp 1024w, https:\/\/www.donizettiopera.org\/wp-content\/uploads\/2025\/06\/Donizetti-Opera-Donne-Medea-in-Corinto-2021-1200x798.webp 1200w, https:\/\/www.donizettiopera.org\/wp-content\/uploads\/2025\/06\/Donizetti-Opera-Donne-Medea-in-Corinto-2021-1536x1022.webp 1536w, https:\/\/www.donizettiopera.org\/wp-content\/uploads\/2025\/06\/Donizetti-Opera-Donne-Medea-in-Corinto-2021.webp 1920w\" sizes=\"(max-width: 1920px) 100vw, 1920px\" \/><\/div><\/div><\/div><div class=\"swiper-slide\"><div class=\"fusion-carousel-item-wrapper\"><div class=\"fusion-image-wrapper hover-type-none\"><img decoding=\"async\" width=\"1920\" height=\"1281\" src=\"https:\/\/www.donizettiopera.org\/wp-content\/uploads\/2025\/06\/Donizetti-Opera-Donne-Mariella-Devia-in-concerto-al-Teatro-Sociale-2018.webp\" class=\"attachment-full size-full\" alt=\"\" srcset=\"https:\/\/www.donizettiopera.org\/wp-content\/uploads\/2025\/06\/Donizetti-Opera-Donne-Mariella-Devia-in-concerto-al-Teatro-Sociale-2018-200x133.webp 200w, https:\/\/www.donizettiopera.org\/wp-content\/uploads\/2025\/06\/Donizetti-Opera-Donne-Mariella-Devia-in-concerto-al-Teatro-Sociale-2018-300x200.webp 300w, https:\/\/www.donizettiopera.org\/wp-content\/uploads\/2025\/06\/Donizetti-Opera-Donne-Mariella-Devia-in-concerto-al-Teatro-Sociale-2018-400x267.webp 400w, https:\/\/www.donizettiopera.org\/wp-content\/uploads\/2025\/06\/Donizetti-Opera-Donne-Mariella-Devia-in-concerto-al-Teatro-Sociale-2018-600x400.webp 600w, https:\/\/www.donizettiopera.org\/wp-content\/uploads\/2025\/06\/Donizetti-Opera-Donne-Mariella-Devia-in-concerto-al-Teatro-Sociale-2018-768x512.webp 768w, https:\/\/www.donizettiopera.org\/wp-content\/uploads\/2025\/06\/Donizetti-Opera-Donne-Mariella-Devia-in-concerto-al-Teatro-Sociale-2018-800x534.webp 800w, https:\/\/www.donizettiopera.org\/wp-content\/uploads\/2025\/06\/Donizetti-Opera-Donne-Mariella-Devia-in-concerto-al-Teatro-Sociale-2018-1024x683.webp 1024w, https:\/\/www.donizettiopera.org\/wp-content\/uploads\/2025\/06\/Donizetti-Opera-Donne-Mariella-Devia-in-concerto-al-Teatro-Sociale-2018-1200x801.webp 1200w, https:\/\/www.donizettiopera.org\/wp-content\/uploads\/2025\/06\/Donizetti-Opera-Donne-Mariella-Devia-in-concerto-al-Teatro-Sociale-2018-1536x1025.webp 1536w, https:\/\/www.donizettiopera.org\/wp-content\/uploads\/2025\/06\/Donizetti-Opera-Donne-Mariella-Devia-in-concerto-al-Teatro-Sociale-2018.webp 1920w\" sizes=\"(max-width: 1920px) 100vw, 1920px\" \/><\/div><\/div><\/div><div class=\"swiper-slide\"><div class=\"fusion-carousel-item-wrapper\"><div class=\"fusion-image-wrapper hover-type-none\"><img decoding=\"async\" width=\"1920\" height=\"1282\" src=\"https:\/\/www.donizettiopera.org\/wp-content\/uploads\/2025\/06\/Donizetti-Opera-Donne-Jessica-Pratt-e-gli-studenti-2018.webp\" class=\"attachment-full size-full\" alt=\"\" srcset=\"https:\/\/www.donizettiopera.org\/wp-content\/uploads\/2025\/06\/Donizetti-Opera-Donne-Jessica-Pratt-e-gli-studenti-2018-200x134.webp 200w, https:\/\/www.donizettiopera.org\/wp-content\/uploads\/2025\/06\/Donizetti-Opera-Donne-Jessica-Pratt-e-gli-studenti-2018-300x200.webp 300w, https:\/\/www.donizettiopera.org\/wp-content\/uploads\/2025\/06\/Donizetti-Opera-Donne-Jessica-Pratt-e-gli-studenti-2018-400x267.webp 400w, https:\/\/www.donizettiopera.org\/wp-content\/uploads\/2025\/06\/Donizetti-Opera-Donne-Jessica-Pratt-e-gli-studenti-2018-600x401.webp 600w, https:\/\/www.donizettiopera.org\/wp-content\/uploads\/2025\/06\/Donizetti-Opera-Donne-Jessica-Pratt-e-gli-studenti-2018-768x513.webp 768w, https:\/\/www.donizettiopera.org\/wp-content\/uploads\/2025\/06\/Donizetti-Opera-Donne-Jessica-Pratt-e-gli-studenti-2018-800x534.webp 800w, https:\/\/www.donizettiopera.org\/wp-content\/uploads\/2025\/06\/Donizetti-Opera-Donne-Jessica-Pratt-e-gli-studenti-2018-1024x684.webp 1024w, https:\/\/www.donizettiopera.org\/wp-content\/uploads\/2025\/06\/Donizetti-Opera-Donne-Jessica-Pratt-e-gli-studenti-2018-1200x801.webp 1200w, https:\/\/www.donizettiopera.org\/wp-content\/uploads\/2025\/06\/Donizetti-Opera-Donne-Jessica-Pratt-e-gli-studenti-2018-1536x1026.webp 1536w, https:\/\/www.donizettiopera.org\/wp-content\/uploads\/2025\/06\/Donizetti-Opera-Donne-Jessica-Pratt-e-gli-studenti-2018.webp 1920w\" sizes=\"(max-width: 1920px) 100vw, 1920px\" \/><\/div><\/div><\/div><div class=\"swiper-slide\"><div class=\"fusion-carousel-item-wrapper\"><div class=\"fusion-image-wrapper hover-type-none\"><img decoding=\"async\" width=\"1279\" height=\"1920\" src=\"https:\/\/www.donizettiopera.org\/wp-content\/uploads\/2025\/06\/Donizetti-Opera-Donne-Il-castello-di-Kenilwort_2018.webp\" class=\"attachment-full size-full\" alt=\"\" srcset=\"https:\/\/www.donizettiopera.org\/wp-content\/uploads\/2025\/06\/Donizetti-Opera-Donne-Il-castello-di-Kenilwort_2018-200x300.webp 200w, https:\/\/www.donizettiopera.org\/wp-content\/uploads\/2025\/06\/Donizetti-Opera-Donne-Il-castello-di-Kenilwort_2018-400x600.webp 400w, https:\/\/www.donizettiopera.org\/wp-content\/uploads\/2025\/06\/Donizetti-Opera-Donne-Il-castello-di-Kenilwort_2018-600x901.webp 600w, https:\/\/www.donizettiopera.org\/wp-content\/uploads\/2025\/06\/Donizetti-Opera-Donne-Il-castello-di-Kenilwort_2018-682x1024.webp 682w, https:\/\/www.donizettiopera.org\/wp-content\/uploads\/2025\/06\/Donizetti-Opera-Donne-Il-castello-di-Kenilwort_2018-768x1153.webp 768w, https:\/\/www.donizettiopera.org\/wp-content\/uploads\/2025\/06\/Donizetti-Opera-Donne-Il-castello-di-Kenilwort_2018-800x1201.webp 800w, https:\/\/www.donizettiopera.org\/wp-content\/uploads\/2025\/06\/Donizetti-Opera-Donne-Il-castello-di-Kenilwort_2018-1023x1536.webp 1023w, https:\/\/www.donizettiopera.org\/wp-content\/uploads\/2025\/06\/Donizetti-Opera-Donne-Il-castello-di-Kenilwort_2018-1200x1801.webp 1200w, https:\/\/www.donizettiopera.org\/wp-content\/uploads\/2025\/06\/Donizetti-Opera-Donne-Il-castello-di-Kenilwort_2018.webp 1279w\" sizes=\"(max-width: 1279px) 100vw, 1279px\" \/><\/div><\/div><\/div><\/div><div class=\"swiper-pagination\"><\/div><div class=\"awb-swiper-button awb-swiper-button-prev\"><i class=\"awb-icon-angle-left\" aria-hidden=\"true\"><\/i><\/div><div class=\"awb-swiper-button awb-swiper-button-next\"><i class=\"awb-icon-angle-right\" aria-hidden=\"true\"><\/i><\/div><\/div><\/div><div class=\"fusion-text fusion-text-7\"><p>Nel 2020, durante la pandemia e con i teatri chiusi, il Donizetti Opera ha scelto di andare in scena ugualmente con gli spettacoli previsti, seppure a porte chiuse. Gli spazi teatrali sono stati ribaltati, la platea usata come palcoscenico per riprese televisive, che sono state diffuse su una Web TV con 4.000 abbonati, unico contatto possibile con il pubblico.<\/p>\n<\/div><div class=\"fusion-text fusion-text-8\"><p>Grazie al lavoro di grandi registi e musicisti, a progetti speciali e iniziative di raccolta fondi, sono arrivati numerosi riconoscimenti. Quattro Premi Abbiati dell\u2019Associazione Nazionale Critici Musicali: miglior cantante a Carmela Remigio e \u201cPremio Gavazzeni\u201d a Corrado Rovaris per <em>Anna Bolena<\/em> (2015), premio speciale a <em>L\u2019Ange de Nisida<\/em> (2019), miglior spettacolo dell\u2019anno a <em>La Favorite<\/em> (2022) diretta da Riccardo Frizza con la regia di Valentina Carrasco. Si aggiunge l\u2019\u201cOper! Awards Best Festival 2019\u201d della critica tedesca, il riconoscimento al progetto \u201cAmbasciatori di Donizetti\u201d (Premio Cultura + Impresa 2019-2020 nella categoria Applicazione dell\u2019Art bonus) e il premio speciale 2023 al Concorso Art Bonus del Ministero della Cultura.<\/p>\n<\/div><div class=\"fusion-image-carousel fusion-image-carousel-auto fusion-image-carousel-5 lightbox-enabled\"><div data-slide-effect=\"fade\" class=\"awb-carousel awb-swiper awb-swiper-carousel awb-carousel--slider awb-swiper-dots-position-below\" data-layout=\"slider\" data-autoplay=\"no\" data-autoplayspeed=\"2500\" data-autoplaypause=\"no\" data-columns=\"5\" data-columnsmedium=\"1\" data-columnssmall=\"1\" data-itemmargin=\"13\" data-itemwidth=\"180\" data-touchscroll=\"drag_wheel\" data-freemode=\"no\" data-imagesize=\"auto\" data-scrollitems=\"0\" data-centeredslides=\"no\" data-rotationangle=\"50\" data-depth=\"100\" data-speed=\"500\" data-shadow=\"no\" data-pagination=\"bullets\" style=\"--awb-arrow-bgcolor:rgba(221,42,64,0.8);--awb-dots-spacing:8px;--awb-dots-align:center;\"><div class=\"swiper-wrapper awb-image-carousel-wrapper fusion-flex-align-items-center\"><div class=\"swiper-slide\"><div class=\"fusion-carousel-item-wrapper\"><div class=\"fusion-image-wrapper hover-type-none\"><img decoding=\"async\" width=\"1920\" height=\"1280\" src=\"https:\/\/www.donizettiopera.org\/wp-content\/uploads\/2025\/06\/Donizetti-Opera-Premi-Francesco-Micheli-e-Riccardo-Frizza-a-Berlino-2019.webp\" class=\"attachment-full size-full\" alt=\"\" srcset=\"https:\/\/www.donizettiopera.org\/wp-content\/uploads\/2025\/06\/Donizetti-Opera-Premi-Francesco-Micheli-e-Riccardo-Frizza-a-Berlino-2019-200x133.webp 200w, https:\/\/www.donizettiopera.org\/wp-content\/uploads\/2025\/06\/Donizetti-Opera-Premi-Francesco-Micheli-e-Riccardo-Frizza-a-Berlino-2019-300x200.webp 300w, https:\/\/www.donizettiopera.org\/wp-content\/uploads\/2025\/06\/Donizetti-Opera-Premi-Francesco-Micheli-e-Riccardo-Frizza-a-Berlino-2019-400x267.webp 400w, https:\/\/www.donizettiopera.org\/wp-content\/uploads\/2025\/06\/Donizetti-Opera-Premi-Francesco-Micheli-e-Riccardo-Frizza-a-Berlino-2019-600x400.webp 600w, https:\/\/www.donizettiopera.org\/wp-content\/uploads\/2025\/06\/Donizetti-Opera-Premi-Francesco-Micheli-e-Riccardo-Frizza-a-Berlino-2019-768x512.webp 768w, https:\/\/www.donizettiopera.org\/wp-content\/uploads\/2025\/06\/Donizetti-Opera-Premi-Francesco-Micheli-e-Riccardo-Frizza-a-Berlino-2019-800x533.webp 800w, https:\/\/www.donizettiopera.org\/wp-content\/uploads\/2025\/06\/Donizetti-Opera-Premi-Francesco-Micheli-e-Riccardo-Frizza-a-Berlino-2019-1024x683.webp 1024w, https:\/\/www.donizettiopera.org\/wp-content\/uploads\/2025\/06\/Donizetti-Opera-Premi-Francesco-Micheli-e-Riccardo-Frizza-a-Berlino-2019-1200x800.webp 1200w, https:\/\/www.donizettiopera.org\/wp-content\/uploads\/2025\/06\/Donizetti-Opera-Premi-Francesco-Micheli-e-Riccardo-Frizza-a-Berlino-2019-1536x1024.webp 1536w, https:\/\/www.donizettiopera.org\/wp-content\/uploads\/2025\/06\/Donizetti-Opera-Premi-Francesco-Micheli-e-Riccardo-Frizza-a-Berlino-2019.webp 1920w\" sizes=\"(max-width: 1920px) 100vw, 1920px\" \/><\/div><\/div><\/div><div class=\"swiper-slide\"><div class=\"fusion-carousel-item-wrapper\"><div class=\"fusion-image-wrapper hover-type-none\"><img decoding=\"async\" width=\"1920\" height=\"1280\" src=\"https:\/\/www.donizettiopera.org\/wp-content\/uploads\/2025\/06\/Donizetti-Opera-Premi-Corrado-Rovaris-2015.webp\" class=\"attachment-full size-full\" alt=\"\" srcset=\"https:\/\/www.donizettiopera.org\/wp-content\/uploads\/2025\/06\/Donizetti-Opera-Premi-Corrado-Rovaris-2015-200x133.webp 200w, https:\/\/www.donizettiopera.org\/wp-content\/uploads\/2025\/06\/Donizetti-Opera-Premi-Corrado-Rovaris-2015-300x200.webp 300w, https:\/\/www.donizettiopera.org\/wp-content\/uploads\/2025\/06\/Donizetti-Opera-Premi-Corrado-Rovaris-2015-400x267.webp 400w, https:\/\/www.donizettiopera.org\/wp-content\/uploads\/2025\/06\/Donizetti-Opera-Premi-Corrado-Rovaris-2015-600x400.webp 600w, https:\/\/www.donizettiopera.org\/wp-content\/uploads\/2025\/06\/Donizetti-Opera-Premi-Corrado-Rovaris-2015-768x512.webp 768w, https:\/\/www.donizettiopera.org\/wp-content\/uploads\/2025\/06\/Donizetti-Opera-Premi-Corrado-Rovaris-2015-800x533.webp 800w, https:\/\/www.donizettiopera.org\/wp-content\/uploads\/2025\/06\/Donizetti-Opera-Premi-Corrado-Rovaris-2015-1024x683.webp 1024w, https:\/\/www.donizettiopera.org\/wp-content\/uploads\/2025\/06\/Donizetti-Opera-Premi-Corrado-Rovaris-2015-1200x800.webp 1200w, https:\/\/www.donizettiopera.org\/wp-content\/uploads\/2025\/06\/Donizetti-Opera-Premi-Corrado-Rovaris-2015-1536x1024.webp 1536w, https:\/\/www.donizettiopera.org\/wp-content\/uploads\/2025\/06\/Donizetti-Opera-Premi-Corrado-Rovaris-2015.webp 1920w\" sizes=\"(max-width: 1920px) 100vw, 1920px\" \/><\/div><\/div><\/div><div class=\"swiper-slide\"><div class=\"fusion-carousel-item-wrapper\"><div class=\"fusion-image-wrapper hover-type-none\"><img decoding=\"async\" width=\"1024\" height=\"692\" src=\"https:\/\/www.donizettiopera.org\/wp-content\/uploads\/2025\/06\/Donizetti-Opera-Premi-Art-Bonus-2023.webp\" class=\"attachment-full size-full\" alt=\"\" srcset=\"https:\/\/www.donizettiopera.org\/wp-content\/uploads\/2025\/06\/Donizetti-Opera-Premi-Art-Bonus-2023-200x135.webp 200w, https:\/\/www.donizettiopera.org\/wp-content\/uploads\/2025\/06\/Donizetti-Opera-Premi-Art-Bonus-2023-300x203.webp 300w, https:\/\/www.donizettiopera.org\/wp-content\/uploads\/2025\/06\/Donizetti-Opera-Premi-Art-Bonus-2023-400x270.webp 400w, https:\/\/www.donizettiopera.org\/wp-content\/uploads\/2025\/06\/Donizetti-Opera-Premi-Art-Bonus-2023-600x405.webp 600w, https:\/\/www.donizettiopera.org\/wp-content\/uploads\/2025\/06\/Donizetti-Opera-Premi-Art-Bonus-2023-768x519.webp 768w, https:\/\/www.donizettiopera.org\/wp-content\/uploads\/2025\/06\/Donizetti-Opera-Premi-Art-Bonus-2023-800x541.webp 800w, https:\/\/www.donizettiopera.org\/wp-content\/uploads\/2025\/06\/Donizetti-Opera-Premi-Art-Bonus-2023.webp 1024w\" sizes=\"(max-width: 1024px) 100vw, 1024px\" \/><\/div><\/div><\/div><div class=\"swiper-slide\"><div class=\"fusion-carousel-item-wrapper\"><div class=\"fusion-image-wrapper hover-type-none\"><img decoding=\"async\" width=\"1920\" height=\"1282\" src=\"https:\/\/www.donizettiopera.org\/wp-content\/uploads\/2025\/06\/Donizetti-Opera-Premi-Anna-Bolena-2015.webp\" class=\"attachment-full size-full\" alt=\"\" srcset=\"https:\/\/www.donizettiopera.org\/wp-content\/uploads\/2025\/06\/Donizetti-Opera-Premi-Anna-Bolena-2015-200x134.webp 200w, https:\/\/www.donizettiopera.org\/wp-content\/uploads\/2025\/06\/Donizetti-Opera-Premi-Anna-Bolena-2015-300x200.webp 300w, https:\/\/www.donizettiopera.org\/wp-content\/uploads\/2025\/06\/Donizetti-Opera-Premi-Anna-Bolena-2015-400x267.webp 400w, https:\/\/www.donizettiopera.org\/wp-content\/uploads\/2025\/06\/Donizetti-Opera-Premi-Anna-Bolena-2015-600x401.webp 600w, https:\/\/www.donizettiopera.org\/wp-content\/uploads\/2025\/06\/Donizetti-Opera-Premi-Anna-Bolena-2015-768x513.webp 768w, https:\/\/www.donizettiopera.org\/wp-content\/uploads\/2025\/06\/Donizetti-Opera-Premi-Anna-Bolena-2015-800x534.webp 800w, https:\/\/www.donizettiopera.org\/wp-content\/uploads\/2025\/06\/Donizetti-Opera-Premi-Anna-Bolena-2015-1024x684.webp 1024w, https:\/\/www.donizettiopera.org\/wp-content\/uploads\/2025\/06\/Donizetti-Opera-Premi-Anna-Bolena-2015-1200x801.webp 1200w, https:\/\/www.donizettiopera.org\/wp-content\/uploads\/2025\/06\/Donizetti-Opera-Premi-Anna-Bolena-2015-1536x1026.webp 1536w, https:\/\/www.donizettiopera.org\/wp-content\/uploads\/2025\/06\/Donizetti-Opera-Premi-Anna-Bolena-2015.webp 1920w\" sizes=\"(max-width: 1920px) 100vw, 1920px\" \/><\/div><\/div><\/div><div class=\"swiper-slide\"><div class=\"fusion-carousel-item-wrapper\"><div class=\"fusion-image-wrapper hover-type-none\"><img decoding=\"async\" width=\"1219\" height=\"1600\" src=\"https:\/\/www.donizettiopera.org\/wp-content\/uploads\/2025\/06\/Donizetti-Opera-Premi-Premio-Arte-e-impresa-2020.webp\" class=\"attachment-full size-full\" alt=\"\" srcset=\"https:\/\/www.donizettiopera.org\/wp-content\/uploads\/2025\/06\/Donizetti-Opera-Premi-Premio-Arte-e-impresa-2020-200x263.webp 200w, https:\/\/www.donizettiopera.org\/wp-content\/uploads\/2025\/06\/Donizetti-Opera-Premi-Premio-Arte-e-impresa-2020-229x300.webp 229w, https:\/\/www.donizettiopera.org\/wp-content\/uploads\/2025\/06\/Donizetti-Opera-Premi-Premio-Arte-e-impresa-2020-400x525.webp 400w, https:\/\/www.donizettiopera.org\/wp-content\/uploads\/2025\/06\/Donizetti-Opera-Premi-Premio-Arte-e-impresa-2020-600x788.webp 600w, https:\/\/www.donizettiopera.org\/wp-content\/uploads\/2025\/06\/Donizetti-Opera-Premi-Premio-Arte-e-impresa-2020-768x1008.webp 768w, https:\/\/www.donizettiopera.org\/wp-content\/uploads\/2025\/06\/Donizetti-Opera-Premi-Premio-Arte-e-impresa-2020-780x1024.webp 780w, https:\/\/www.donizettiopera.org\/wp-content\/uploads\/2025\/06\/Donizetti-Opera-Premi-Premio-Arte-e-impresa-2020-800x1050.webp 800w, https:\/\/www.donizettiopera.org\/wp-content\/uploads\/2025\/06\/Donizetti-Opera-Premi-Premio-Arte-e-impresa-2020-1170x1536.webp 1170w, https:\/\/www.donizettiopera.org\/wp-content\/uploads\/2025\/06\/Donizetti-Opera-Premi-Premio-Arte-e-impresa-2020-1200x1575.webp 1200w, https:\/\/www.donizettiopera.org\/wp-content\/uploads\/2025\/06\/Donizetti-Opera-Premi-Premio-Arte-e-impresa-2020.webp 1219w\" sizes=\"(max-width: 1219px) 100vw, 1219px\" \/><\/div><\/div><\/div><div class=\"swiper-slide\"><div class=\"fusion-carousel-item-wrapper\"><div class=\"fusion-image-wrapper hover-type-none\"><img decoding=\"async\" width=\"1920\" height=\"1280\" src=\"https:\/\/www.donizettiopera.org\/wp-content\/uploads\/2025\/06\/Donizetti-Opera-Premi-Premio-a-Corrado-Rovaris-per-Anna-Bolena-2016.webp\" class=\"attachment-full size-full\" alt=\"\" srcset=\"https:\/\/www.donizettiopera.org\/wp-content\/uploads\/2025\/06\/Donizetti-Opera-Premi-Premio-a-Corrado-Rovaris-per-Anna-Bolena-2016-200x133.webp 200w, https:\/\/www.donizettiopera.org\/wp-content\/uploads\/2025\/06\/Donizetti-Opera-Premi-Premio-a-Corrado-Rovaris-per-Anna-Bolena-2016-300x200.webp 300w, https:\/\/www.donizettiopera.org\/wp-content\/uploads\/2025\/06\/Donizetti-Opera-Premi-Premio-a-Corrado-Rovaris-per-Anna-Bolena-2016-400x267.webp 400w, https:\/\/www.donizettiopera.org\/wp-content\/uploads\/2025\/06\/Donizetti-Opera-Premi-Premio-a-Corrado-Rovaris-per-Anna-Bolena-2016-600x400.webp 600w, https:\/\/www.donizettiopera.org\/wp-content\/uploads\/2025\/06\/Donizetti-Opera-Premi-Premio-a-Corrado-Rovaris-per-Anna-Bolena-2016-768x512.webp 768w, https:\/\/www.donizettiopera.org\/wp-content\/uploads\/2025\/06\/Donizetti-Opera-Premi-Premio-a-Corrado-Rovaris-per-Anna-Bolena-2016-800x533.webp 800w, https:\/\/www.donizettiopera.org\/wp-content\/uploads\/2025\/06\/Donizetti-Opera-Premi-Premio-a-Corrado-Rovaris-per-Anna-Bolena-2016-1024x683.webp 1024w, https:\/\/www.donizettiopera.org\/wp-content\/uploads\/2025\/06\/Donizetti-Opera-Premi-Premio-a-Corrado-Rovaris-per-Anna-Bolena-2016-1200x800.webp 1200w, https:\/\/www.donizettiopera.org\/wp-content\/uploads\/2025\/06\/Donizetti-Opera-Premi-Premio-a-Corrado-Rovaris-per-Anna-Bolena-2016-1536x1024.webp 1536w, https:\/\/www.donizettiopera.org\/wp-content\/uploads\/2025\/06\/Donizetti-Opera-Premi-Premio-a-Corrado-Rovaris-per-Anna-Bolena-2016.webp 1920w\" sizes=\"(max-width: 1920px) 100vw, 1920px\" \/><\/div><\/div><\/div><div class=\"swiper-slide\"><div class=\"fusion-carousel-item-wrapper\"><div class=\"fusion-image-wrapper hover-type-none\"><img decoding=\"async\" width=\"1920\" height=\"1280\" src=\"https:\/\/www.donizettiopera.org\/wp-content\/uploads\/2025\/06\/Donizetti-Opera-Premi-Premio-a-Carmela-Remigio-per-Anna-Bolena-2016.webp\" class=\"attachment-full size-full\" alt=\"\" srcset=\"https:\/\/www.donizettiopera.org\/wp-content\/uploads\/2025\/06\/Donizetti-Opera-Premi-Premio-a-Carmela-Remigio-per-Anna-Bolena-2016-200x133.webp 200w, https:\/\/www.donizettiopera.org\/wp-content\/uploads\/2025\/06\/Donizetti-Opera-Premi-Premio-a-Carmela-Remigio-per-Anna-Bolena-2016-300x200.webp 300w, https:\/\/www.donizettiopera.org\/wp-content\/uploads\/2025\/06\/Donizetti-Opera-Premi-Premio-a-Carmela-Remigio-per-Anna-Bolena-2016-400x267.webp 400w, https:\/\/www.donizettiopera.org\/wp-content\/uploads\/2025\/06\/Donizetti-Opera-Premi-Premio-a-Carmela-Remigio-per-Anna-Bolena-2016-600x400.webp 600w, https:\/\/www.donizettiopera.org\/wp-content\/uploads\/2025\/06\/Donizetti-Opera-Premi-Premio-a-Carmela-Remigio-per-Anna-Bolena-2016-768x512.webp 768w, https:\/\/www.donizettiopera.org\/wp-content\/uploads\/2025\/06\/Donizetti-Opera-Premi-Premio-a-Carmela-Remigio-per-Anna-Bolena-2016-800x533.webp 800w, https:\/\/www.donizettiopera.org\/wp-content\/uploads\/2025\/06\/Donizetti-Opera-Premi-Premio-a-Carmela-Remigio-per-Anna-Bolena-2016-1024x683.webp 1024w, https:\/\/www.donizettiopera.org\/wp-content\/uploads\/2025\/06\/Donizetti-Opera-Premi-Premio-a-Carmela-Remigio-per-Anna-Bolena-2016-1200x800.webp 1200w, https:\/\/www.donizettiopera.org\/wp-content\/uploads\/2025\/06\/Donizetti-Opera-Premi-Premio-a-Carmela-Remigio-per-Anna-Bolena-2016-1536x1024.webp 1536w, https:\/\/www.donizettiopera.org\/wp-content\/uploads\/2025\/06\/Donizetti-Opera-Premi-Premio-a-Carmela-Remigio-per-Anna-Bolena-2016.webp 1920w\" sizes=\"(max-width: 1920px) 100vw, 1920px\" \/><\/div><\/div><\/div><div class=\"swiper-slide\"><div class=\"fusion-carousel-item-wrapper\"><div class=\"fusion-image-wrapper hover-type-none\"><img decoding=\"async\" width=\"1920\" height=\"1280\" src=\"https:\/\/www.donizettiopera.org\/wp-content\/uploads\/2025\/06\/Donizetti-Opera-Premi-Massimo-Boffelli-Giorgio-Berta-Francesco-Micheli-2019.webp\" class=\"attachment-full size-full\" alt=\"\" srcset=\"https:\/\/www.donizettiopera.org\/wp-content\/uploads\/2025\/06\/Donizetti-Opera-Premi-Massimo-Boffelli-Giorgio-Berta-Francesco-Micheli-2019-200x133.webp 200w, https:\/\/www.donizettiopera.org\/wp-content\/uploads\/2025\/06\/Donizetti-Opera-Premi-Massimo-Boffelli-Giorgio-Berta-Francesco-Micheli-2019-300x200.webp 300w, https:\/\/www.donizettiopera.org\/wp-content\/uploads\/2025\/06\/Donizetti-Opera-Premi-Massimo-Boffelli-Giorgio-Berta-Francesco-Micheli-2019-400x267.webp 400w, https:\/\/www.donizettiopera.org\/wp-content\/uploads\/2025\/06\/Donizetti-Opera-Premi-Massimo-Boffelli-Giorgio-Berta-Francesco-Micheli-2019-600x400.webp 600w, https:\/\/www.donizettiopera.org\/wp-content\/uploads\/2025\/06\/Donizetti-Opera-Premi-Massimo-Boffelli-Giorgio-Berta-Francesco-Micheli-2019-768x512.webp 768w, https:\/\/www.donizettiopera.org\/wp-content\/uploads\/2025\/06\/Donizetti-Opera-Premi-Massimo-Boffelli-Giorgio-Berta-Francesco-Micheli-2019-800x533.webp 800w, https:\/\/www.donizettiopera.org\/wp-content\/uploads\/2025\/06\/Donizetti-Opera-Premi-Massimo-Boffelli-Giorgio-Berta-Francesco-Micheli-2019-1024x683.webp 1024w, https:\/\/www.donizettiopera.org\/wp-content\/uploads\/2025\/06\/Donizetti-Opera-Premi-Massimo-Boffelli-Giorgio-Berta-Francesco-Micheli-2019-1200x800.webp 1200w, https:\/\/www.donizettiopera.org\/wp-content\/uploads\/2025\/06\/Donizetti-Opera-Premi-Massimo-Boffelli-Giorgio-Berta-Francesco-Micheli-2019-1536x1024.webp 1536w, https:\/\/www.donizettiopera.org\/wp-content\/uploads\/2025\/06\/Donizetti-Opera-Premi-Massimo-Boffelli-Giorgio-Berta-Francesco-Micheli-2019.webp 1920w\" sizes=\"(max-width: 1920px) 100vw, 1920px\" \/><\/div><\/div><\/div><div class=\"swiper-slide\"><div class=\"fusion-carousel-item-wrapper\"><div class=\"fusion-image-wrapper hover-type-none\"><img decoding=\"async\" width=\"1920\" height=\"1280\" src=\"https:\/\/www.donizettiopera.org\/wp-content\/uploads\/2025\/06\/Donizetti-Opera-Premi-LAnge-de-Nisida-2019.webp\" class=\"attachment-full size-full\" alt=\"\" srcset=\"https:\/\/www.donizettiopera.org\/wp-content\/uploads\/2025\/06\/Donizetti-Opera-Premi-LAnge-de-Nisida-2019-200x133.webp 200w, https:\/\/www.donizettiopera.org\/wp-content\/uploads\/2025\/06\/Donizetti-Opera-Premi-LAnge-de-Nisida-2019-300x200.webp 300w, https:\/\/www.donizettiopera.org\/wp-content\/uploads\/2025\/06\/Donizetti-Opera-Premi-LAnge-de-Nisida-2019-400x267.webp 400w, https:\/\/www.donizettiopera.org\/wp-content\/uploads\/2025\/06\/Donizetti-Opera-Premi-LAnge-de-Nisida-2019-600x400.webp 600w, https:\/\/www.donizettiopera.org\/wp-content\/uploads\/2025\/06\/Donizetti-Opera-Premi-LAnge-de-Nisida-2019-768x512.webp 768w, https:\/\/www.donizettiopera.org\/wp-content\/uploads\/2025\/06\/Donizetti-Opera-Premi-LAnge-de-Nisida-2019-800x533.webp 800w, https:\/\/www.donizettiopera.org\/wp-content\/uploads\/2025\/06\/Donizetti-Opera-Premi-LAnge-de-Nisida-2019-1024x683.webp 1024w, https:\/\/www.donizettiopera.org\/wp-content\/uploads\/2025\/06\/Donizetti-Opera-Premi-LAnge-de-Nisida-2019-1200x800.webp 1200w, https:\/\/www.donizettiopera.org\/wp-content\/uploads\/2025\/06\/Donizetti-Opera-Premi-LAnge-de-Nisida-2019-1536x1024.webp 1536w, https:\/\/www.donizettiopera.org\/wp-content\/uploads\/2025\/06\/Donizetti-Opera-Premi-LAnge-de-Nisida-2019.webp 1920w\" sizes=\"(max-width: 1920px) 100vw, 1920px\" \/><\/div><\/div><\/div><div class=\"swiper-slide\"><div class=\"fusion-carousel-item-wrapper\"><div class=\"fusion-image-wrapper hover-type-none\"><img decoding=\"async\" width=\"1920\" height=\"1280\" src=\"https:\/\/www.donizettiopera.org\/wp-content\/uploads\/2025\/06\/Donizetti-Opera-Premi-La-Favorite-2022.webp\" class=\"attachment-full size-full\" alt=\"\" srcset=\"https:\/\/www.donizettiopera.org\/wp-content\/uploads\/2025\/06\/Donizetti-Opera-Premi-La-Favorite-2022-200x133.webp 200w, https:\/\/www.donizettiopera.org\/wp-content\/uploads\/2025\/06\/Donizetti-Opera-Premi-La-Favorite-2022-300x200.webp 300w, https:\/\/www.donizettiopera.org\/wp-content\/uploads\/2025\/06\/Donizetti-Opera-Premi-La-Favorite-2022-400x267.webp 400w, https:\/\/www.donizettiopera.org\/wp-content\/uploads\/2025\/06\/Donizetti-Opera-Premi-La-Favorite-2022-600x400.webp 600w, https:\/\/www.donizettiopera.org\/wp-content\/uploads\/2025\/06\/Donizetti-Opera-Premi-La-Favorite-2022-768x512.webp 768w, https:\/\/www.donizettiopera.org\/wp-content\/uploads\/2025\/06\/Donizetti-Opera-Premi-La-Favorite-2022-800x533.webp 800w, https:\/\/www.donizettiopera.org\/wp-content\/uploads\/2025\/06\/Donizetti-Opera-Premi-La-Favorite-2022-1024x683.webp 1024w, https:\/\/www.donizettiopera.org\/wp-content\/uploads\/2025\/06\/Donizetti-Opera-Premi-La-Favorite-2022-1200x800.webp 1200w, https:\/\/www.donizettiopera.org\/wp-content\/uploads\/2025\/06\/Donizetti-Opera-Premi-La-Favorite-2022-1536x1024.webp 1536w, https:\/\/www.donizettiopera.org\/wp-content\/uploads\/2025\/06\/Donizetti-Opera-Premi-La-Favorite-2022.webp 1920w\" sizes=\"(max-width: 1920px) 100vw, 1920px\" \/><\/div><\/div><\/div><div class=\"swiper-slide\"><div class=\"fusion-carousel-item-wrapper\"><div class=\"fusion-image-wrapper hover-type-none\"><img decoding=\"async\" width=\"1280\" height=\"1920\" src=\"https:\/\/www.donizettiopera.org\/wp-content\/uploads\/2025\/06\/Donizetti-Opera-Premi-Francesco-Micheli-e-Valentina-Carrasco-Premio-Abbiati-per-La-Favorite-2023.webp\" class=\"attachment-full size-full\" alt=\"\" srcset=\"https:\/\/www.donizettiopera.org\/wp-content\/uploads\/2025\/06\/Donizetti-Opera-Premi-Francesco-Micheli-e-Valentina-Carrasco-Premio-Abbiati-per-La-Favorite-2023-200x300.webp 200w, https:\/\/www.donizettiopera.org\/wp-content\/uploads\/2025\/06\/Donizetti-Opera-Premi-Francesco-Micheli-e-Valentina-Carrasco-Premio-Abbiati-per-La-Favorite-2023-400x600.webp 400w, https:\/\/www.donizettiopera.org\/wp-content\/uploads\/2025\/06\/Donizetti-Opera-Premi-Francesco-Micheli-e-Valentina-Carrasco-Premio-Abbiati-per-La-Favorite-2023-600x900.webp 600w, https:\/\/www.donizettiopera.org\/wp-content\/uploads\/2025\/06\/Donizetti-Opera-Premi-Francesco-Micheli-e-Valentina-Carrasco-Premio-Abbiati-per-La-Favorite-2023-683x1024.webp 683w, https:\/\/www.donizettiopera.org\/wp-content\/uploads\/2025\/06\/Donizetti-Opera-Premi-Francesco-Micheli-e-Valentina-Carrasco-Premio-Abbiati-per-La-Favorite-2023-768x1152.webp 768w, https:\/\/www.donizettiopera.org\/wp-content\/uploads\/2025\/06\/Donizetti-Opera-Premi-Francesco-Micheli-e-Valentina-Carrasco-Premio-Abbiati-per-La-Favorite-2023-800x1200.webp 800w, https:\/\/www.donizettiopera.org\/wp-content\/uploads\/2025\/06\/Donizetti-Opera-Premi-Francesco-Micheli-e-Valentina-Carrasco-Premio-Abbiati-per-La-Favorite-2023-1024x1536.webp 1024w, https:\/\/www.donizettiopera.org\/wp-content\/uploads\/2025\/06\/Donizetti-Opera-Premi-Francesco-Micheli-e-Valentina-Carrasco-Premio-Abbiati-per-La-Favorite-2023-1200x1800.webp 1200w, https:\/\/www.donizettiopera.org\/wp-content\/uploads\/2025\/06\/Donizetti-Opera-Premi-Francesco-Micheli-e-Valentina-Carrasco-Premio-Abbiati-per-La-Favorite-2023.webp 1280w\" sizes=\"(max-width: 1280px) 100vw, 1280px\" \/><\/div><\/div><\/div><\/div><div class=\"swiper-pagination\"><\/div><div class=\"awb-swiper-button awb-swiper-button-prev\"><i class=\"awb-icon-angle-left\" aria-hidden=\"true\"><\/i><\/div><div class=\"awb-swiper-button awb-swiper-button-next\"><i class=\"awb-icon-angle-right\" aria-hidden=\"true\"><\/i><\/div><\/div><\/div><div class=\"fusion-text fusion-text-9\"><p>Ogni anno, a giugno, la Donizetti Night porta tutta la citt\u00e0 in piazza per celebrare il compositore.<br \/>\nDal pomeriggio a notte fonda, palazzi, cortili, strade, piazze e monumenti di Bergamo si sono animati con quasi 100 appuntamenti tra concerti, spettacoli, proiezioni e performance a tema donizettiano, con oltre 500 artisti e pi\u00f9 di 50.000 visitatori nel 2023.<\/p>\n<\/div><div class=\"fusion-image-carousel fusion-image-carousel-auto fusion-image-carousel-6 lightbox-enabled\"><div data-slide-effect=\"fade\" class=\"awb-carousel awb-swiper awb-swiper-carousel awb-carousel--slider awb-swiper-dots-position-below\" data-layout=\"slider\" data-autoplay=\"no\" data-autoplayspeed=\"2500\" data-autoplaypause=\"no\" data-columns=\"5\" data-columnsmedium=\"1\" data-columnssmall=\"1\" data-itemmargin=\"13\" data-itemwidth=\"180\" data-touchscroll=\"drag_wheel\" data-freemode=\"no\" data-imagesize=\"auto\" data-scrollitems=\"0\" data-centeredslides=\"no\" data-rotationangle=\"50\" data-depth=\"100\" data-speed=\"500\" data-shadow=\"no\" data-pagination=\"bullets\" style=\"--awb-arrow-bgcolor:rgba(221,42,64,0.8);--awb-dots-spacing:8px;--awb-dots-align:center;\"><div class=\"swiper-wrapper awb-image-carousel-wrapper fusion-flex-align-items-center\"><div class=\"swiper-slide\"><div class=\"fusion-carousel-item-wrapper\"><div class=\"fusion-image-wrapper hover-type-none\"><img decoding=\"async\" width=\"1920\" height=\"1281\" src=\"https:\/\/www.donizettiopera.org\/wp-content\/uploads\/2025\/06\/Donizetti-Opera-Notte-Donizetti-Night-2019.webp\" class=\"attachment-full size-full\" alt=\"\" srcset=\"https:\/\/www.donizettiopera.org\/wp-content\/uploads\/2025\/06\/Donizetti-Opera-Notte-Donizetti-Night-2019-200x133.webp 200w, https:\/\/www.donizettiopera.org\/wp-content\/uploads\/2025\/06\/Donizetti-Opera-Notte-Donizetti-Night-2019-300x200.webp 300w, https:\/\/www.donizettiopera.org\/wp-content\/uploads\/2025\/06\/Donizetti-Opera-Notte-Donizetti-Night-2019-400x267.webp 400w, https:\/\/www.donizettiopera.org\/wp-content\/uploads\/2025\/06\/Donizetti-Opera-Notte-Donizetti-Night-2019-600x400.webp 600w, https:\/\/www.donizettiopera.org\/wp-content\/uploads\/2025\/06\/Donizetti-Opera-Notte-Donizetti-Night-2019-768x512.webp 768w, https:\/\/www.donizettiopera.org\/wp-content\/uploads\/2025\/06\/Donizetti-Opera-Notte-Donizetti-Night-2019-800x534.webp 800w, https:\/\/www.donizettiopera.org\/wp-content\/uploads\/2025\/06\/Donizetti-Opera-Notte-Donizetti-Night-2019-1024x683.webp 1024w, https:\/\/www.donizettiopera.org\/wp-content\/uploads\/2025\/06\/Donizetti-Opera-Notte-Donizetti-Night-2019-1200x801.webp 1200w, https:\/\/www.donizettiopera.org\/wp-content\/uploads\/2025\/06\/Donizetti-Opera-Notte-Donizetti-Night-2019-1536x1025.webp 1536w, https:\/\/www.donizettiopera.org\/wp-content\/uploads\/2025\/06\/Donizetti-Opera-Notte-Donizetti-Night-2019.webp 1920w\" sizes=\"(max-width: 1920px) 100vw, 1920px\" \/><\/div><\/div><\/div><div class=\"swiper-slide\"><div class=\"fusion-carousel-item-wrapper\"><div class=\"fusion-image-wrapper hover-type-none\"><img decoding=\"async\" width=\"1920\" height=\"1282\" src=\"https:\/\/www.donizettiopera.org\/wp-content\/uploads\/2025\/06\/Donizetti-Opera-Notte-Donizetti-Night-2018.webp\" class=\"attachment-full size-full\" alt=\"\" srcset=\"https:\/\/www.donizettiopera.org\/wp-content\/uploads\/2025\/06\/Donizetti-Opera-Notte-Donizetti-Night-2018-200x134.webp 200w, https:\/\/www.donizettiopera.org\/wp-content\/uploads\/2025\/06\/Donizetti-Opera-Notte-Donizetti-Night-2018-300x200.webp 300w, https:\/\/www.donizettiopera.org\/wp-content\/uploads\/2025\/06\/Donizetti-Opera-Notte-Donizetti-Night-2018-400x267.webp 400w, https:\/\/www.donizettiopera.org\/wp-content\/uploads\/2025\/06\/Donizetti-Opera-Notte-Donizetti-Night-2018-600x401.webp 600w, https:\/\/www.donizettiopera.org\/wp-content\/uploads\/2025\/06\/Donizetti-Opera-Notte-Donizetti-Night-2018-768x513.webp 768w, https:\/\/www.donizettiopera.org\/wp-content\/uploads\/2025\/06\/Donizetti-Opera-Notte-Donizetti-Night-2018-800x534.webp 800w, https:\/\/www.donizettiopera.org\/wp-content\/uploads\/2025\/06\/Donizetti-Opera-Notte-Donizetti-Night-2018-1024x684.webp 1024w, https:\/\/www.donizettiopera.org\/wp-content\/uploads\/2025\/06\/Donizetti-Opera-Notte-Donizetti-Night-2018-1200x801.webp 1200w, https:\/\/www.donizettiopera.org\/wp-content\/uploads\/2025\/06\/Donizetti-Opera-Notte-Donizetti-Night-2018-1536x1026.webp 1536w, https:\/\/www.donizettiopera.org\/wp-content\/uploads\/2025\/06\/Donizetti-Opera-Notte-Donizetti-Night-2018.webp 1920w\" sizes=\"(max-width: 1920px) 100vw, 1920px\" \/><\/div><\/div><\/div><div class=\"swiper-slide\"><div class=\"fusion-carousel-item-wrapper\"><div class=\"fusion-image-wrapper hover-type-none\"><img decoding=\"async\" width=\"1920\" height=\"1280\" src=\"https:\/\/www.donizettiopera.org\/wp-content\/uploads\/2025\/06\/Donizetti-Opera-Notte-Donizetti-Night-2017.webp\" class=\"attachment-full size-full\" alt=\"\" srcset=\"https:\/\/www.donizettiopera.org\/wp-content\/uploads\/2025\/06\/Donizetti-Opera-Notte-Donizetti-Night-2017-200x133.webp 200w, https:\/\/www.donizettiopera.org\/wp-content\/uploads\/2025\/06\/Donizetti-Opera-Notte-Donizetti-Night-2017-300x200.webp 300w, https:\/\/www.donizettiopera.org\/wp-content\/uploads\/2025\/06\/Donizetti-Opera-Notte-Donizetti-Night-2017-400x267.webp 400w, https:\/\/www.donizettiopera.org\/wp-content\/uploads\/2025\/06\/Donizetti-Opera-Notte-Donizetti-Night-2017-600x400.webp 600w, https:\/\/www.donizettiopera.org\/wp-content\/uploads\/2025\/06\/Donizetti-Opera-Notte-Donizetti-Night-2017-768x512.webp 768w, https:\/\/www.donizettiopera.org\/wp-content\/uploads\/2025\/06\/Donizetti-Opera-Notte-Donizetti-Night-2017-800x533.webp 800w, https:\/\/www.donizettiopera.org\/wp-content\/uploads\/2025\/06\/Donizetti-Opera-Notte-Donizetti-Night-2017-1024x683.webp 1024w, https:\/\/www.donizettiopera.org\/wp-content\/uploads\/2025\/06\/Donizetti-Opera-Notte-Donizetti-Night-2017-1200x800.webp 1200w, https:\/\/www.donizettiopera.org\/wp-content\/uploads\/2025\/06\/Donizetti-Opera-Notte-Donizetti-Night-2017-1536x1024.webp 1536w, https:\/\/www.donizettiopera.org\/wp-content\/uploads\/2025\/06\/Donizetti-Opera-Notte-Donizetti-Night-2017.webp 1920w\" sizes=\"(max-width: 1920px) 100vw, 1920px\" \/><\/div><\/div><\/div><div class=\"swiper-slide\"><div class=\"fusion-carousel-item-wrapper\"><div class=\"fusion-image-wrapper hover-type-none\"><img decoding=\"async\" width=\"1920\" height=\"1281\" src=\"https:\/\/www.donizettiopera.org\/wp-content\/uploads\/2025\/06\/Donizetti-Opera-Notte-Donizetti-Night-2015.webp\" class=\"attachment-full size-full\" alt=\"\" srcset=\"https:\/\/www.donizettiopera.org\/wp-content\/uploads\/2025\/06\/Donizetti-Opera-Notte-Donizetti-Night-2015-200x133.webp 200w, https:\/\/www.donizettiopera.org\/wp-content\/uploads\/2025\/06\/Donizetti-Opera-Notte-Donizetti-Night-2015-300x200.webp 300w, https:\/\/www.donizettiopera.org\/wp-content\/uploads\/2025\/06\/Donizetti-Opera-Notte-Donizetti-Night-2015-400x267.webp 400w, https:\/\/www.donizettiopera.org\/wp-content\/uploads\/2025\/06\/Donizetti-Opera-Notte-Donizetti-Night-2015-600x400.webp 600w, https:\/\/www.donizettiopera.org\/wp-content\/uploads\/2025\/06\/Donizetti-Opera-Notte-Donizetti-Night-2015-768x512.webp 768w, https:\/\/www.donizettiopera.org\/wp-content\/uploads\/2025\/06\/Donizetti-Opera-Notte-Donizetti-Night-2015-800x534.webp 800w, https:\/\/www.donizettiopera.org\/wp-content\/uploads\/2025\/06\/Donizetti-Opera-Notte-Donizetti-Night-2015-1024x683.webp 1024w, https:\/\/www.donizettiopera.org\/wp-content\/uploads\/2025\/06\/Donizetti-Opera-Notte-Donizetti-Night-2015-1200x801.webp 1200w, https:\/\/www.donizettiopera.org\/wp-content\/uploads\/2025\/06\/Donizetti-Opera-Notte-Donizetti-Night-2015-1536x1025.webp 1536w, https:\/\/www.donizettiopera.org\/wp-content\/uploads\/2025\/06\/Donizetti-Opera-Notte-Donizetti-Night-2015.webp 1920w\" sizes=\"(max-width: 1920px) 100vw, 1920px\" \/><\/div><\/div><\/div><div class=\"swiper-slide\"><div class=\"fusion-carousel-item-wrapper\"><div class=\"fusion-image-wrapper hover-type-none\"><img decoding=\"async\" width=\"1920\" height=\"1279\" src=\"https:\/\/www.donizettiopera.org\/wp-content\/uploads\/2025\/06\/Donizetti-Opera-Notte-Donizetti-Night-Donizetti-Alive-2015.webp\" class=\"attachment-full size-full\" alt=\"\" srcset=\"https:\/\/www.donizettiopera.org\/wp-content\/uploads\/2025\/06\/Donizetti-Opera-Notte-Donizetti-Night-Donizetti-Alive-2015-200x133.webp 200w, https:\/\/www.donizettiopera.org\/wp-content\/uploads\/2025\/06\/Donizetti-Opera-Notte-Donizetti-Night-Donizetti-Alive-2015-300x200.webp 300w, https:\/\/www.donizettiopera.org\/wp-content\/uploads\/2025\/06\/Donizetti-Opera-Notte-Donizetti-Night-Donizetti-Alive-2015-400x266.webp 400w, https:\/\/www.donizettiopera.org\/wp-content\/uploads\/2025\/06\/Donizetti-Opera-Notte-Donizetti-Night-Donizetti-Alive-2015-600x400.webp 600w, https:\/\/www.donizettiopera.org\/wp-content\/uploads\/2025\/06\/Donizetti-Opera-Notte-Donizetti-Night-Donizetti-Alive-2015-768x512.webp 768w, https:\/\/www.donizettiopera.org\/wp-content\/uploads\/2025\/06\/Donizetti-Opera-Notte-Donizetti-Night-Donizetti-Alive-2015-800x533.webp 800w, https:\/\/www.donizettiopera.org\/wp-content\/uploads\/2025\/06\/Donizetti-Opera-Notte-Donizetti-Night-Donizetti-Alive-2015-1024x682.webp 1024w, https:\/\/www.donizettiopera.org\/wp-content\/uploads\/2025\/06\/Donizetti-Opera-Notte-Donizetti-Night-Donizetti-Alive-2015-1200x799.webp 1200w, https:\/\/www.donizettiopera.org\/wp-content\/uploads\/2025\/06\/Donizetti-Opera-Notte-Donizetti-Night-Donizetti-Alive-2015-1536x1023.webp 1536w, https:\/\/www.donizettiopera.org\/wp-content\/uploads\/2025\/06\/Donizetti-Opera-Notte-Donizetti-Night-Donizetti-Alive-2015.webp 1920w\" sizes=\"(max-width: 1920px) 100vw, 1920px\" \/><\/div><\/div><\/div><div class=\"swiper-slide\"><div class=\"fusion-carousel-item-wrapper\"><div class=\"fusion-image-wrapper hover-type-none\"><img decoding=\"async\" width=\"1920\" height=\"1280\" src=\"https:\/\/www.donizettiopera.org\/wp-content\/uploads\/2025\/06\/Donizetti-Opera-Notte-Donizetti-Night_____2019.webp\" class=\"attachment-full size-full\" alt=\"\" srcset=\"https:\/\/www.donizettiopera.org\/wp-content\/uploads\/2025\/06\/Donizetti-Opera-Notte-Donizetti-Night_____2019-200x133.webp 200w, https:\/\/www.donizettiopera.org\/wp-content\/uploads\/2025\/06\/Donizetti-Opera-Notte-Donizetti-Night_____2019-300x200.webp 300w, https:\/\/www.donizettiopera.org\/wp-content\/uploads\/2025\/06\/Donizetti-Opera-Notte-Donizetti-Night_____2019-400x267.webp 400w, https:\/\/www.donizettiopera.org\/wp-content\/uploads\/2025\/06\/Donizetti-Opera-Notte-Donizetti-Night_____2019-600x400.webp 600w, https:\/\/www.donizettiopera.org\/wp-content\/uploads\/2025\/06\/Donizetti-Opera-Notte-Donizetti-Night_____2019-768x512.webp 768w, https:\/\/www.donizettiopera.org\/wp-content\/uploads\/2025\/06\/Donizetti-Opera-Notte-Donizetti-Night_____2019-800x533.webp 800w, https:\/\/www.donizettiopera.org\/wp-content\/uploads\/2025\/06\/Donizetti-Opera-Notte-Donizetti-Night_____2019-1024x683.webp 1024w, https:\/\/www.donizettiopera.org\/wp-content\/uploads\/2025\/06\/Donizetti-Opera-Notte-Donizetti-Night_____2019-1200x800.webp 1200w, https:\/\/www.donizettiopera.org\/wp-content\/uploads\/2025\/06\/Donizetti-Opera-Notte-Donizetti-Night_____2019-1536x1024.webp 1536w, https:\/\/www.donizettiopera.org\/wp-content\/uploads\/2025\/06\/Donizetti-Opera-Notte-Donizetti-Night_____2019.webp 1920w\" sizes=\"(max-width: 1920px) 100vw, 1920px\" \/><\/div><\/div><\/div><div class=\"swiper-slide\"><div class=\"fusion-carousel-item-wrapper\"><div class=\"fusion-image-wrapper hover-type-none\"><img decoding=\"async\" width=\"1920\" height=\"1280\" src=\"https:\/\/www.donizettiopera.org\/wp-content\/uploads\/2025\/06\/Donizetti-Opera-Notte-Donizetti-Night___-2019.webp\" class=\"attachment-full size-full\" alt=\"\" srcset=\"https:\/\/www.donizettiopera.org\/wp-content\/uploads\/2025\/06\/Donizetti-Opera-Notte-Donizetti-Night___-2019-200x133.webp 200w, https:\/\/www.donizettiopera.org\/wp-content\/uploads\/2025\/06\/Donizetti-Opera-Notte-Donizetti-Night___-2019-300x200.webp 300w, https:\/\/www.donizettiopera.org\/wp-content\/uploads\/2025\/06\/Donizetti-Opera-Notte-Donizetti-Night___-2019-400x267.webp 400w, https:\/\/www.donizettiopera.org\/wp-content\/uploads\/2025\/06\/Donizetti-Opera-Notte-Donizetti-Night___-2019-600x400.webp 600w, https:\/\/www.donizettiopera.org\/wp-content\/uploads\/2025\/06\/Donizetti-Opera-Notte-Donizetti-Night___-2019-768x512.webp 768w, https:\/\/www.donizettiopera.org\/wp-content\/uploads\/2025\/06\/Donizetti-Opera-Notte-Donizetti-Night___-2019-800x533.webp 800w, https:\/\/www.donizettiopera.org\/wp-content\/uploads\/2025\/06\/Donizetti-Opera-Notte-Donizetti-Night___-2019-1024x683.webp 1024w, https:\/\/www.donizettiopera.org\/wp-content\/uploads\/2025\/06\/Donizetti-Opera-Notte-Donizetti-Night___-2019-1200x800.webp 1200w, https:\/\/www.donizettiopera.org\/wp-content\/uploads\/2025\/06\/Donizetti-Opera-Notte-Donizetti-Night___-2019-1536x1024.webp 1536w, https:\/\/www.donizettiopera.org\/wp-content\/uploads\/2025\/06\/Donizetti-Opera-Notte-Donizetti-Night___-2019.webp 1920w\" sizes=\"(max-width: 1920px) 100vw, 1920px\" \/><\/div><\/div><\/div><div class=\"swiper-slide\"><div class=\"fusion-carousel-item-wrapper\"><div class=\"fusion-image-wrapper hover-type-none\"><img decoding=\"async\" width=\"1920\" height=\"1280\" src=\"https:\/\/www.donizettiopera.org\/wp-content\/uploads\/2025\/06\/Donizetti-Opera-Notte-Donizetti-Night__2023.webp\" class=\"attachment-full size-full\" alt=\"\" srcset=\"https:\/\/www.donizettiopera.org\/wp-content\/uploads\/2025\/06\/Donizetti-Opera-Notte-Donizetti-Night__2023-200x133.webp 200w, https:\/\/www.donizettiopera.org\/wp-content\/uploads\/2025\/06\/Donizetti-Opera-Notte-Donizetti-Night__2023-300x200.webp 300w, https:\/\/www.donizettiopera.org\/wp-content\/uploads\/2025\/06\/Donizetti-Opera-Notte-Donizetti-Night__2023-400x267.webp 400w, https:\/\/www.donizettiopera.org\/wp-content\/uploads\/2025\/06\/Donizetti-Opera-Notte-Donizetti-Night__2023-600x400.webp 600w, https:\/\/www.donizettiopera.org\/wp-content\/uploads\/2025\/06\/Donizetti-Opera-Notte-Donizetti-Night__2023-768x512.webp 768w, https:\/\/www.donizettiopera.org\/wp-content\/uploads\/2025\/06\/Donizetti-Opera-Notte-Donizetti-Night__2023-800x533.webp 800w, https:\/\/www.donizettiopera.org\/wp-content\/uploads\/2025\/06\/Donizetti-Opera-Notte-Donizetti-Night__2023-1024x683.webp 1024w, https:\/\/www.donizettiopera.org\/wp-content\/uploads\/2025\/06\/Donizetti-Opera-Notte-Donizetti-Night__2023-1200x800.webp 1200w, https:\/\/www.donizettiopera.org\/wp-content\/uploads\/2025\/06\/Donizetti-Opera-Notte-Donizetti-Night__2023-1536x1024.webp 1536w, https:\/\/www.donizettiopera.org\/wp-content\/uploads\/2025\/06\/Donizetti-Opera-Notte-Donizetti-Night__2023.webp 1920w\" sizes=\"(max-width: 1920px) 100vw, 1920px\" \/><\/div><\/div><\/div><div class=\"swiper-slide\"><div class=\"fusion-carousel-item-wrapper\"><div class=\"fusion-image-wrapper hover-type-none\"><img decoding=\"async\" width=\"1920\" height=\"1280\" src=\"https:\/\/www.donizettiopera.org\/wp-content\/uploads\/2025\/06\/Donizetti-Opera-Notte-Donizetti-Night__-2019.webp\" class=\"attachment-full size-full\" alt=\"\" srcset=\"https:\/\/www.donizettiopera.org\/wp-content\/uploads\/2025\/06\/Donizetti-Opera-Notte-Donizetti-Night__-2019-200x133.webp 200w, https:\/\/www.donizettiopera.org\/wp-content\/uploads\/2025\/06\/Donizetti-Opera-Notte-Donizetti-Night__-2019-300x200.webp 300w, https:\/\/www.donizettiopera.org\/wp-content\/uploads\/2025\/06\/Donizetti-Opera-Notte-Donizetti-Night__-2019-400x267.webp 400w, https:\/\/www.donizettiopera.org\/wp-content\/uploads\/2025\/06\/Donizetti-Opera-Notte-Donizetti-Night__-2019-600x400.webp 600w, https:\/\/www.donizettiopera.org\/wp-content\/uploads\/2025\/06\/Donizetti-Opera-Notte-Donizetti-Night__-2019-768x512.webp 768w, https:\/\/www.donizettiopera.org\/wp-content\/uploads\/2025\/06\/Donizetti-Opera-Notte-Donizetti-Night__-2019-800x533.webp 800w, https:\/\/www.donizettiopera.org\/wp-content\/uploads\/2025\/06\/Donizetti-Opera-Notte-Donizetti-Night__-2019-1024x683.webp 1024w, https:\/\/www.donizettiopera.org\/wp-content\/uploads\/2025\/06\/Donizetti-Opera-Notte-Donizetti-Night__-2019-1200x800.webp 1200w, https:\/\/www.donizettiopera.org\/wp-content\/uploads\/2025\/06\/Donizetti-Opera-Notte-Donizetti-Night__-2019-1536x1024.webp 1536w, https:\/\/www.donizettiopera.org\/wp-content\/uploads\/2025\/06\/Donizetti-Opera-Notte-Donizetti-Night__-2019.webp 1920w\" sizes=\"(max-width: 1920px) 100vw, 1920px\" \/><\/div><\/div><\/div><div class=\"swiper-slide\"><div class=\"fusion-carousel-item-wrapper\"><div class=\"fusion-image-wrapper hover-type-none\"><img decoding=\"async\" width=\"1920\" height=\"1280\" src=\"https:\/\/www.donizettiopera.org\/wp-content\/uploads\/2025\/06\/Donizetti-Opera-Notte-Donizetti-Night_2023.webp\" class=\"attachment-full size-full\" alt=\"\" srcset=\"https:\/\/www.donizettiopera.org\/wp-content\/uploads\/2025\/06\/Donizetti-Opera-Notte-Donizetti-Night_2023-200x133.webp 200w, https:\/\/www.donizettiopera.org\/wp-content\/uploads\/2025\/06\/Donizetti-Opera-Notte-Donizetti-Night_2023-300x200.webp 300w, https:\/\/www.donizettiopera.org\/wp-content\/uploads\/2025\/06\/Donizetti-Opera-Notte-Donizetti-Night_2023-400x267.webp 400w, https:\/\/www.donizettiopera.org\/wp-content\/uploads\/2025\/06\/Donizetti-Opera-Notte-Donizetti-Night_2023-600x400.webp 600w, https:\/\/www.donizettiopera.org\/wp-content\/uploads\/2025\/06\/Donizetti-Opera-Notte-Donizetti-Night_2023-768x512.webp 768w, https:\/\/www.donizettiopera.org\/wp-content\/uploads\/2025\/06\/Donizetti-Opera-Notte-Donizetti-Night_2023-800x533.webp 800w, https:\/\/www.donizettiopera.org\/wp-content\/uploads\/2025\/06\/Donizetti-Opera-Notte-Donizetti-Night_2023-1024x683.webp 1024w, https:\/\/www.donizettiopera.org\/wp-content\/uploads\/2025\/06\/Donizetti-Opera-Notte-Donizetti-Night_2023-1200x800.webp 1200w, https:\/\/www.donizettiopera.org\/wp-content\/uploads\/2025\/06\/Donizetti-Opera-Notte-Donizetti-Night_2023-1536x1024.webp 1536w, https:\/\/www.donizettiopera.org\/wp-content\/uploads\/2025\/06\/Donizetti-Opera-Notte-Donizetti-Night_2023.webp 1920w\" sizes=\"(max-width: 1920px) 100vw, 1920px\" \/><\/div><\/div><\/div><div class=\"swiper-slide\"><div class=\"fusion-carousel-item-wrapper\"><div class=\"fusion-image-wrapper hover-type-none\"><img decoding=\"async\" width=\"1920\" height=\"1281\" src=\"https:\/\/www.donizettiopera.org\/wp-content\/uploads\/2025\/06\/Donizetti-Opera-Notte-Donizetti-Night_-2019.webp\" class=\"attachment-full size-full\" alt=\"\" srcset=\"https:\/\/www.donizettiopera.org\/wp-content\/uploads\/2025\/06\/Donizetti-Opera-Notte-Donizetti-Night_-2019-200x133.webp 200w, https:\/\/www.donizettiopera.org\/wp-content\/uploads\/2025\/06\/Donizetti-Opera-Notte-Donizetti-Night_-2019-300x200.webp 300w, https:\/\/www.donizettiopera.org\/wp-content\/uploads\/2025\/06\/Donizetti-Opera-Notte-Donizetti-Night_-2019-400x267.webp 400w, https:\/\/www.donizettiopera.org\/wp-content\/uploads\/2025\/06\/Donizetti-Opera-Notte-Donizetti-Night_-2019-600x400.webp 600w, https:\/\/www.donizettiopera.org\/wp-content\/uploads\/2025\/06\/Donizetti-Opera-Notte-Donizetti-Night_-2019-768x512.webp 768w, https:\/\/www.donizettiopera.org\/wp-content\/uploads\/2025\/06\/Donizetti-Opera-Notte-Donizetti-Night_-2019-800x534.webp 800w, https:\/\/www.donizettiopera.org\/wp-content\/uploads\/2025\/06\/Donizetti-Opera-Notte-Donizetti-Night_-2019-1024x683.webp 1024w, https:\/\/www.donizettiopera.org\/wp-content\/uploads\/2025\/06\/Donizetti-Opera-Notte-Donizetti-Night_-2019-1200x801.webp 1200w, https:\/\/www.donizettiopera.org\/wp-content\/uploads\/2025\/06\/Donizetti-Opera-Notte-Donizetti-Night_-2019-1536x1025.webp 1536w, https:\/\/www.donizettiopera.org\/wp-content\/uploads\/2025\/06\/Donizetti-Opera-Notte-Donizetti-Night_-2019.webp 1920w\" sizes=\"(max-width: 1920px) 100vw, 1920px\" \/><\/div><\/div><\/div><div class=\"swiper-slide\"><div class=\"fusion-carousel-item-wrapper\"><div class=\"fusion-image-wrapper hover-type-none\"><img decoding=\"async\" width=\"1920\" height=\"1280\" src=\"https:\/\/www.donizettiopera.org\/wp-content\/uploads\/2025\/06\/Donizetti-Opera-Notte-Donizetti-Night_-2018.webp\" class=\"attachment-full size-full\" alt=\"\" srcset=\"https:\/\/www.donizettiopera.org\/wp-content\/uploads\/2025\/06\/Donizetti-Opera-Notte-Donizetti-Night_-2018-200x133.webp 200w, https:\/\/www.donizettiopera.org\/wp-content\/uploads\/2025\/06\/Donizetti-Opera-Notte-Donizetti-Night_-2018-300x200.webp 300w, https:\/\/www.donizettiopera.org\/wp-content\/uploads\/2025\/06\/Donizetti-Opera-Notte-Donizetti-Night_-2018-400x267.webp 400w, https:\/\/www.donizettiopera.org\/wp-content\/uploads\/2025\/06\/Donizetti-Opera-Notte-Donizetti-Night_-2018-600x400.webp 600w, https:\/\/www.donizettiopera.org\/wp-content\/uploads\/2025\/06\/Donizetti-Opera-Notte-Donizetti-Night_-2018-768x512.webp 768w, https:\/\/www.donizettiopera.org\/wp-content\/uploads\/2025\/06\/Donizetti-Opera-Notte-Donizetti-Night_-2018-800x533.webp 800w, https:\/\/www.donizettiopera.org\/wp-content\/uploads\/2025\/06\/Donizetti-Opera-Notte-Donizetti-Night_-2018-1024x683.webp 1024w, https:\/\/www.donizettiopera.org\/wp-content\/uploads\/2025\/06\/Donizetti-Opera-Notte-Donizetti-Night_-2018-1200x800.webp 1200w, https:\/\/www.donizettiopera.org\/wp-content\/uploads\/2025\/06\/Donizetti-Opera-Notte-Donizetti-Night_-2018-1536x1024.webp 1536w, https:\/\/www.donizettiopera.org\/wp-content\/uploads\/2025\/06\/Donizetti-Opera-Notte-Donizetti-Night_-2018.webp 1920w\" sizes=\"(max-width: 1920px) 100vw, 1920px\" \/><\/div><\/div><\/div><div class=\"swiper-slide\"><div class=\"fusion-carousel-item-wrapper\"><div class=\"fusion-image-wrapper hover-type-none\"><img decoding=\"async\" width=\"1920\" height=\"1279\" src=\"https:\/\/www.donizettiopera.org\/wp-content\/uploads\/2025\/06\/Donizetti-Opera-Notte-Donizetti-Night_-2015.webp\" class=\"attachment-full size-full\" alt=\"\" srcset=\"https:\/\/www.donizettiopera.org\/wp-content\/uploads\/2025\/06\/Donizetti-Opera-Notte-Donizetti-Night_-2015-200x133.webp 200w, https:\/\/www.donizettiopera.org\/wp-content\/uploads\/2025\/06\/Donizetti-Opera-Notte-Donizetti-Night_-2015-300x200.webp 300w, https:\/\/www.donizettiopera.org\/wp-content\/uploads\/2025\/06\/Donizetti-Opera-Notte-Donizetti-Night_-2015-400x266.webp 400w, https:\/\/www.donizettiopera.org\/wp-content\/uploads\/2025\/06\/Donizetti-Opera-Notte-Donizetti-Night_-2015-600x400.webp 600w, https:\/\/www.donizettiopera.org\/wp-content\/uploads\/2025\/06\/Donizetti-Opera-Notte-Donizetti-Night_-2015-768x512.webp 768w, https:\/\/www.donizettiopera.org\/wp-content\/uploads\/2025\/06\/Donizetti-Opera-Notte-Donizetti-Night_-2015-800x533.webp 800w, https:\/\/www.donizettiopera.org\/wp-content\/uploads\/2025\/06\/Donizetti-Opera-Notte-Donizetti-Night_-2015-1024x682.webp 1024w, https:\/\/www.donizettiopera.org\/wp-content\/uploads\/2025\/06\/Donizetti-Opera-Notte-Donizetti-Night_-2015-1200x799.webp 1200w, https:\/\/www.donizettiopera.org\/wp-content\/uploads\/2025\/06\/Donizetti-Opera-Notte-Donizetti-Night_-2015-1536x1023.webp 1536w, https:\/\/www.donizettiopera.org\/wp-content\/uploads\/2025\/06\/Donizetti-Opera-Notte-Donizetti-Night_-2015.webp 1920w\" sizes=\"(max-width: 1920px) 100vw, 1920px\" \/><\/div><\/div><\/div><div class=\"swiper-slide\"><div class=\"fusion-carousel-item-wrapper\"><div class=\"fusion-image-wrapper hover-type-none\"><img decoding=\"async\" width=\"1920\" height=\"1282\" src=\"https:\/\/www.donizettiopera.org\/wp-content\/uploads\/2025\/06\/Donizetti-Opera-Notte-Donizetti-Night-sipario-notturno-a-Porta-Nuova-2018.webp\" class=\"attachment-full size-full\" alt=\"\" srcset=\"https:\/\/www.donizettiopera.org\/wp-content\/uploads\/2025\/06\/Donizetti-Opera-Notte-Donizetti-Night-sipario-notturno-a-Porta-Nuova-2018-200x134.webp 200w, https:\/\/www.donizettiopera.org\/wp-content\/uploads\/2025\/06\/Donizetti-Opera-Notte-Donizetti-Night-sipario-notturno-a-Porta-Nuova-2018-300x200.webp 300w, https:\/\/www.donizettiopera.org\/wp-content\/uploads\/2025\/06\/Donizetti-Opera-Notte-Donizetti-Night-sipario-notturno-a-Porta-Nuova-2018-400x267.webp 400w, https:\/\/www.donizettiopera.org\/wp-content\/uploads\/2025\/06\/Donizetti-Opera-Notte-Donizetti-Night-sipario-notturno-a-Porta-Nuova-2018-600x401.webp 600w, https:\/\/www.donizettiopera.org\/wp-content\/uploads\/2025\/06\/Donizetti-Opera-Notte-Donizetti-Night-sipario-notturno-a-Porta-Nuova-2018-768x513.webp 768w, https:\/\/www.donizettiopera.org\/wp-content\/uploads\/2025\/06\/Donizetti-Opera-Notte-Donizetti-Night-sipario-notturno-a-Porta-Nuova-2018-800x534.webp 800w, https:\/\/www.donizettiopera.org\/wp-content\/uploads\/2025\/06\/Donizetti-Opera-Notte-Donizetti-Night-sipario-notturno-a-Porta-Nuova-2018-1024x684.webp 1024w, https:\/\/www.donizettiopera.org\/wp-content\/uploads\/2025\/06\/Donizetti-Opera-Notte-Donizetti-Night-sipario-notturno-a-Porta-Nuova-2018-1200x801.webp 1200w, https:\/\/www.donizettiopera.org\/wp-content\/uploads\/2025\/06\/Donizetti-Opera-Notte-Donizetti-Night-sipario-notturno-a-Porta-Nuova-2018-1536x1026.webp 1536w, https:\/\/www.donizettiopera.org\/wp-content\/uploads\/2025\/06\/Donizetti-Opera-Notte-Donizetti-Night-sipario-notturno-a-Porta-Nuova-2018.webp 1920w\" sizes=\"(max-width: 1920px) 100vw, 1920px\" \/><\/div><\/div><\/div><div class=\"swiper-slide\"><div class=\"fusion-carousel-item-wrapper\"><div class=\"fusion-image-wrapper hover-type-none\"><img decoding=\"async\" width=\"1920\" height=\"1280\" src=\"https:\/\/www.donizettiopera.org\/wp-content\/uploads\/2025\/06\/Donizetti-Opera-Notte-Donizetti-Night-i-volontari-2019.webp\" class=\"attachment-full size-full\" alt=\"\" srcset=\"https:\/\/www.donizettiopera.org\/wp-content\/uploads\/2025\/06\/Donizetti-Opera-Notte-Donizetti-Night-i-volontari-2019-200x133.webp 200w, https:\/\/www.donizettiopera.org\/wp-content\/uploads\/2025\/06\/Donizetti-Opera-Notte-Donizetti-Night-i-volontari-2019-300x200.webp 300w, https:\/\/www.donizettiopera.org\/wp-content\/uploads\/2025\/06\/Donizetti-Opera-Notte-Donizetti-Night-i-volontari-2019-400x267.webp 400w, https:\/\/www.donizettiopera.org\/wp-content\/uploads\/2025\/06\/Donizetti-Opera-Notte-Donizetti-Night-i-volontari-2019-600x400.webp 600w, https:\/\/www.donizettiopera.org\/wp-content\/uploads\/2025\/06\/Donizetti-Opera-Notte-Donizetti-Night-i-volontari-2019-768x512.webp 768w, https:\/\/www.donizettiopera.org\/wp-content\/uploads\/2025\/06\/Donizetti-Opera-Notte-Donizetti-Night-i-volontari-2019-800x533.webp 800w, https:\/\/www.donizettiopera.org\/wp-content\/uploads\/2025\/06\/Donizetti-Opera-Notte-Donizetti-Night-i-volontari-2019-1024x683.webp 1024w, https:\/\/www.donizettiopera.org\/wp-content\/uploads\/2025\/06\/Donizetti-Opera-Notte-Donizetti-Night-i-volontari-2019-1200x800.webp 1200w, https:\/\/www.donizettiopera.org\/wp-content\/uploads\/2025\/06\/Donizetti-Opera-Notte-Donizetti-Night-i-volontari-2019-1536x1024.webp 1536w, https:\/\/www.donizettiopera.org\/wp-content\/uploads\/2025\/06\/Donizetti-Opera-Notte-Donizetti-Night-i-volontari-2019.webp 1920w\" sizes=\"(max-width: 1920px) 100vw, 1920px\" \/><\/div><\/div><\/div><div class=\"swiper-slide\"><div class=\"fusion-carousel-item-wrapper\"><div class=\"fusion-image-wrapper hover-type-none\"><img decoding=\"async\" width=\"1920\" height=\"1282\" src=\"https:\/\/www.donizettiopera.org\/wp-content\/uploads\/2025\/06\/Donizetti-Opera-Notte-Donizetti-Night-Donizetti-Tudor-2018.webp\" class=\"attachment-full size-full\" alt=\"\" srcset=\"https:\/\/www.donizettiopera.org\/wp-content\/uploads\/2025\/06\/Donizetti-Opera-Notte-Donizetti-Night-Donizetti-Tudor-2018-200x134.webp 200w, https:\/\/www.donizettiopera.org\/wp-content\/uploads\/2025\/06\/Donizetti-Opera-Notte-Donizetti-Night-Donizetti-Tudor-2018-300x200.webp 300w, https:\/\/www.donizettiopera.org\/wp-content\/uploads\/2025\/06\/Donizetti-Opera-Notte-Donizetti-Night-Donizetti-Tudor-2018-400x267.webp 400w, https:\/\/www.donizettiopera.org\/wp-content\/uploads\/2025\/06\/Donizetti-Opera-Notte-Donizetti-Night-Donizetti-Tudor-2018-600x401.webp 600w, https:\/\/www.donizettiopera.org\/wp-content\/uploads\/2025\/06\/Donizetti-Opera-Notte-Donizetti-Night-Donizetti-Tudor-2018-768x513.webp 768w, https:\/\/www.donizettiopera.org\/wp-content\/uploads\/2025\/06\/Donizetti-Opera-Notte-Donizetti-Night-Donizetti-Tudor-2018-800x534.webp 800w, https:\/\/www.donizettiopera.org\/wp-content\/uploads\/2025\/06\/Donizetti-Opera-Notte-Donizetti-Night-Donizetti-Tudor-2018-1024x684.webp 1024w, https:\/\/www.donizettiopera.org\/wp-content\/uploads\/2025\/06\/Donizetti-Opera-Notte-Donizetti-Night-Donizetti-Tudor-2018-1200x801.webp 1200w, https:\/\/www.donizettiopera.org\/wp-content\/uploads\/2025\/06\/Donizetti-Opera-Notte-Donizetti-Night-Donizetti-Tudor-2018-1536x1026.webp 1536w, https:\/\/www.donizettiopera.org\/wp-content\/uploads\/2025\/06\/Donizetti-Opera-Notte-Donizetti-Night-Donizetti-Tudor-2018.webp 1920w\" sizes=\"(max-width: 1920px) 100vw, 1920px\" \/><\/div><\/div><\/div><div class=\"swiper-slide\"><div class=\"fusion-carousel-item-wrapper\"><div class=\"fusion-image-wrapper hover-type-none\"><img decoding=\"async\" width=\"1920\" height=\"1280\" src=\"https:\/\/www.donizettiopera.org\/wp-content\/uploads\/2025\/06\/Donizetti-Opera-Notte-Donizetti-Night-2023.webp\" class=\"attachment-full size-full\" alt=\"\" srcset=\"https:\/\/www.donizettiopera.org\/wp-content\/uploads\/2025\/06\/Donizetti-Opera-Notte-Donizetti-Night-2023-200x133.webp 200w, https:\/\/www.donizettiopera.org\/wp-content\/uploads\/2025\/06\/Donizetti-Opera-Notte-Donizetti-Night-2023-300x200.webp 300w, https:\/\/www.donizettiopera.org\/wp-content\/uploads\/2025\/06\/Donizetti-Opera-Notte-Donizetti-Night-2023-400x267.webp 400w, https:\/\/www.donizettiopera.org\/wp-content\/uploads\/2025\/06\/Donizetti-Opera-Notte-Donizetti-Night-2023-600x400.webp 600w, https:\/\/www.donizettiopera.org\/wp-content\/uploads\/2025\/06\/Donizetti-Opera-Notte-Donizetti-Night-2023-768x512.webp 768w, https:\/\/www.donizettiopera.org\/wp-content\/uploads\/2025\/06\/Donizetti-Opera-Notte-Donizetti-Night-2023-800x533.webp 800w, https:\/\/www.donizettiopera.org\/wp-content\/uploads\/2025\/06\/Donizetti-Opera-Notte-Donizetti-Night-2023-1024x683.webp 1024w, https:\/\/www.donizettiopera.org\/wp-content\/uploads\/2025\/06\/Donizetti-Opera-Notte-Donizetti-Night-2023-1200x800.webp 1200w, https:\/\/www.donizettiopera.org\/wp-content\/uploads\/2025\/06\/Donizetti-Opera-Notte-Donizetti-Night-2023-1536x1024.webp 1536w, https:\/\/www.donizettiopera.org\/wp-content\/uploads\/2025\/06\/Donizetti-Opera-Notte-Donizetti-Night-2023.webp 1920w\" sizes=\"(max-width: 1920px) 100vw, 1920px\" \/><\/div><\/div><\/div><\/div><div class=\"swiper-pagination\"><\/div><div class=\"awb-swiper-button awb-swiper-button-prev\"><i class=\"awb-icon-angle-left\" aria-hidden=\"true\"><\/i><\/div><div class=\"awb-swiper-button awb-swiper-button-next\"><i class=\"awb-icon-angle-right\" aria-hidden=\"true\"><\/i><\/div><\/div><\/div><div class=\"fusion-text fusion-text-10\"><p>Il Festival ha raccontato anche il legame tra Donizetti e il suo maestro Giovanni Simone Mayr, attraverso spettacoli, mostre, iniziative e progetti didattici. Il rapporto si rinnova nella Bottega Donizetti, dove giovani cantanti selezionati hanno interpretato <em>Il piccolo compositore di musica<\/em>, opera che Mayr scrisse per i suoi studenti, tra cui Gaetano Donizetti, e ritrovata alla Biblioteca Mai.<br \/>\nSono stati ricordati anche altri maestri, come Gianandrea Gavazzeni (con una mostra nel 2016) e Riccardo Muti, presente nel 2016 a Bergamo con il Presidente della Repubblica Sergio Mattarella per celebrare i 50 anni di una carriera che cominci\u00f2 proprio nella citt\u00e0. Altre grandi voci come Juan Diego Fl\u00f3rez e Mariella Devia hanno contribuito a rendere vivo il legame con il canto di qualit\u00e0.<\/p>\n<\/div><div class=\"fusion-image-carousel fusion-image-carousel-auto fusion-image-carousel-7 lightbox-enabled\"><div data-slide-effect=\"fade\" class=\"awb-carousel awb-swiper awb-swiper-carousel awb-carousel--slider awb-swiper-dots-position-below\" data-layout=\"slider\" data-autoplay=\"no\" data-autoplayspeed=\"2500\" data-autoplaypause=\"no\" data-columns=\"5\" data-columnsmedium=\"1\" data-columnssmall=\"1\" data-itemmargin=\"13\" data-itemwidth=\"180\" data-touchscroll=\"drag_wheel\" data-freemode=\"no\" data-imagesize=\"auto\" data-scrollitems=\"0\" data-centeredslides=\"no\" data-rotationangle=\"50\" data-depth=\"100\" data-speed=\"500\" data-shadow=\"no\" data-pagination=\"bullets\" style=\"--awb-arrow-bgcolor:rgba(221,42,64,0.8);--awb-dots-spacing:8px;--awb-dots-align:center;\"><div class=\"swiper-wrapper awb-image-carousel-wrapper fusion-flex-align-items-center\"><div class=\"swiper-slide\"><div class=\"fusion-carousel-item-wrapper\"><div class=\"fusion-image-wrapper hover-type-none\"><img decoding=\"async\" width=\"1920\" height=\"1281\" src=\"https:\/\/www.donizettiopera.org\/wp-content\/uploads\/2025\/06\/Donizetti-Opera-Maestri-Dante-da-camera-2016.webp\" class=\"attachment-full size-full\" alt=\"\" srcset=\"https:\/\/www.donizettiopera.org\/wp-content\/uploads\/2025\/06\/Donizetti-Opera-Maestri-Dante-da-camera-2016-200x133.webp 200w, https:\/\/www.donizettiopera.org\/wp-content\/uploads\/2025\/06\/Donizetti-Opera-Maestri-Dante-da-camera-2016-300x200.webp 300w, https:\/\/www.donizettiopera.org\/wp-content\/uploads\/2025\/06\/Donizetti-Opera-Maestri-Dante-da-camera-2016-400x267.webp 400w, https:\/\/www.donizettiopera.org\/wp-content\/uploads\/2025\/06\/Donizetti-Opera-Maestri-Dante-da-camera-2016-600x400.webp 600w, https:\/\/www.donizettiopera.org\/wp-content\/uploads\/2025\/06\/Donizetti-Opera-Maestri-Dante-da-camera-2016-768x512.webp 768w, https:\/\/www.donizettiopera.org\/wp-content\/uploads\/2025\/06\/Donizetti-Opera-Maestri-Dante-da-camera-2016-800x534.webp 800w, https:\/\/www.donizettiopera.org\/wp-content\/uploads\/2025\/06\/Donizetti-Opera-Maestri-Dante-da-camera-2016-1024x683.webp 1024w, https:\/\/www.donizettiopera.org\/wp-content\/uploads\/2025\/06\/Donizetti-Opera-Maestri-Dante-da-camera-2016-1200x801.webp 1200w, https:\/\/www.donizettiopera.org\/wp-content\/uploads\/2025\/06\/Donizetti-Opera-Maestri-Dante-da-camera-2016-1536x1025.webp 1536w, https:\/\/www.donizettiopera.org\/wp-content\/uploads\/2025\/06\/Donizetti-Opera-Maestri-Dante-da-camera-2016.webp 1920w\" sizes=\"(max-width: 1920px) 100vw, 1920px\" \/><\/div><\/div><\/div><div class=\"swiper-slide\"><div class=\"fusion-carousel-item-wrapper\"><div class=\"fusion-image-wrapper hover-type-none\"><img decoding=\"async\" width=\"1920\" height=\"1279\" src=\"https:\/\/www.donizettiopera.org\/wp-content\/uploads\/2025\/06\/Donizetti-Opera-Maestri-Concerto-per-i-50-anni-di-Riccardo-Muti-2016.webp\" class=\"attachment-full size-full\" alt=\"\" srcset=\"https:\/\/www.donizettiopera.org\/wp-content\/uploads\/2025\/06\/Donizetti-Opera-Maestri-Concerto-per-i-50-anni-di-Riccardo-Muti-2016-200x133.webp 200w, https:\/\/www.donizettiopera.org\/wp-content\/uploads\/2025\/06\/Donizetti-Opera-Maestri-Concerto-per-i-50-anni-di-Riccardo-Muti-2016-300x200.webp 300w, https:\/\/www.donizettiopera.org\/wp-content\/uploads\/2025\/06\/Donizetti-Opera-Maestri-Concerto-per-i-50-anni-di-Riccardo-Muti-2016-400x266.webp 400w, https:\/\/www.donizettiopera.org\/wp-content\/uploads\/2025\/06\/Donizetti-Opera-Maestri-Concerto-per-i-50-anni-di-Riccardo-Muti-2016-600x400.webp 600w, https:\/\/www.donizettiopera.org\/wp-content\/uploads\/2025\/06\/Donizetti-Opera-Maestri-Concerto-per-i-50-anni-di-Riccardo-Muti-2016-768x512.webp 768w, https:\/\/www.donizettiopera.org\/wp-content\/uploads\/2025\/06\/Donizetti-Opera-Maestri-Concerto-per-i-50-anni-di-Riccardo-Muti-2016-800x533.webp 800w, https:\/\/www.donizettiopera.org\/wp-content\/uploads\/2025\/06\/Donizetti-Opera-Maestri-Concerto-per-i-50-anni-di-Riccardo-Muti-2016-1024x682.webp 1024w, https:\/\/www.donizettiopera.org\/wp-content\/uploads\/2025\/06\/Donizetti-Opera-Maestri-Concerto-per-i-50-anni-di-Riccardo-Muti-2016-1200x799.webp 1200w, https:\/\/www.donizettiopera.org\/wp-content\/uploads\/2025\/06\/Donizetti-Opera-Maestri-Concerto-per-i-50-anni-di-Riccardo-Muti-2016-1536x1023.webp 1536w, https:\/\/www.donizettiopera.org\/wp-content\/uploads\/2025\/06\/Donizetti-Opera-Maestri-Concerto-per-i-50-anni-di-Riccardo-Muti-2016.webp 1920w\" sizes=\"(max-width: 1920px) 100vw, 1920px\" \/><\/div><\/div><\/div><div class=\"swiper-slide\"><div class=\"fusion-carousel-item-wrapper\"><div class=\"fusion-image-wrapper hover-type-none\"><img decoding=\"async\" width=\"1920\" height=\"1282\" src=\"https:\/\/www.donizettiopera.org\/wp-content\/uploads\/2025\/06\/Donizetti-Opera-Maestri-Concerto-Jan-Diego-Florez-2017.webp\" class=\"attachment-full size-full\" alt=\"\" srcset=\"https:\/\/www.donizettiopera.org\/wp-content\/uploads\/2025\/06\/Donizetti-Opera-Maestri-Concerto-Jan-Diego-Florez-2017-200x134.webp 200w, https:\/\/www.donizettiopera.org\/wp-content\/uploads\/2025\/06\/Donizetti-Opera-Maestri-Concerto-Jan-Diego-Florez-2017-300x200.webp 300w, https:\/\/www.donizettiopera.org\/wp-content\/uploads\/2025\/06\/Donizetti-Opera-Maestri-Concerto-Jan-Diego-Florez-2017-400x267.webp 400w, https:\/\/www.donizettiopera.org\/wp-content\/uploads\/2025\/06\/Donizetti-Opera-Maestri-Concerto-Jan-Diego-Florez-2017-600x401.webp 600w, https:\/\/www.donizettiopera.org\/wp-content\/uploads\/2025\/06\/Donizetti-Opera-Maestri-Concerto-Jan-Diego-Florez-2017-768x513.webp 768w, https:\/\/www.donizettiopera.org\/wp-content\/uploads\/2025\/06\/Donizetti-Opera-Maestri-Concerto-Jan-Diego-Florez-2017-800x534.webp 800w, https:\/\/www.donizettiopera.org\/wp-content\/uploads\/2025\/06\/Donizetti-Opera-Maestri-Concerto-Jan-Diego-Florez-2017-1024x684.webp 1024w, https:\/\/www.donizettiopera.org\/wp-content\/uploads\/2025\/06\/Donizetti-Opera-Maestri-Concerto-Jan-Diego-Florez-2017-1200x801.webp 1200w, https:\/\/www.donizettiopera.org\/wp-content\/uploads\/2025\/06\/Donizetti-Opera-Maestri-Concerto-Jan-Diego-Florez-2017-1536x1026.webp 1536w, https:\/\/www.donizettiopera.org\/wp-content\/uploads\/2025\/06\/Donizetti-Opera-Maestri-Concerto-Jan-Diego-Florez-2017.webp 1920w\" sizes=\"(max-width: 1920px) 100vw, 1920px\" \/><\/div><\/div><\/div><div class=\"swiper-slide\"><div class=\"fusion-carousel-item-wrapper\"><div class=\"fusion-image-wrapper hover-type-none\"><img decoding=\"async\" width=\"1920\" height=\"920\" src=\"https:\/\/www.donizettiopera.org\/wp-content\/uploads\/2025\/06\/Donizetti-Opera-Maestri-Bottega-Donizetti-2021.webp\" class=\"attachment-full size-full\" alt=\"\" srcset=\"https:\/\/www.donizettiopera.org\/wp-content\/uploads\/2025\/06\/Donizetti-Opera-Maestri-Bottega-Donizetti-2021-200x96.webp 200w, https:\/\/www.donizettiopera.org\/wp-content\/uploads\/2025\/06\/Donizetti-Opera-Maestri-Bottega-Donizetti-2021-300x144.webp 300w, https:\/\/www.donizettiopera.org\/wp-content\/uploads\/2025\/06\/Donizetti-Opera-Maestri-Bottega-Donizetti-2021-400x192.webp 400w, https:\/\/www.donizettiopera.org\/wp-content\/uploads\/2025\/06\/Donizetti-Opera-Maestri-Bottega-Donizetti-2021-600x288.webp 600w, https:\/\/www.donizettiopera.org\/wp-content\/uploads\/2025\/06\/Donizetti-Opera-Maestri-Bottega-Donizetti-2021-768x368.webp 768w, https:\/\/www.donizettiopera.org\/wp-content\/uploads\/2025\/06\/Donizetti-Opera-Maestri-Bottega-Donizetti-2021-800x383.webp 800w, https:\/\/www.donizettiopera.org\/wp-content\/uploads\/2025\/06\/Donizetti-Opera-Maestri-Bottega-Donizetti-2021-1024x491.webp 1024w, https:\/\/www.donizettiopera.org\/wp-content\/uploads\/2025\/06\/Donizetti-Opera-Maestri-Bottega-Donizetti-2021-1200x575.webp 1200w, https:\/\/www.donizettiopera.org\/wp-content\/uploads\/2025\/06\/Donizetti-Opera-Maestri-Bottega-Donizetti-2021-1536x736.webp 1536w, https:\/\/www.donizettiopera.org\/wp-content\/uploads\/2025\/06\/Donizetti-Opera-Maestri-Bottega-Donizetti-2021.webp 1920w\" sizes=\"(max-width: 1920px) 100vw, 1920px\" \/><\/div><\/div><\/div><div class=\"swiper-slide\"><div class=\"fusion-carousel-item-wrapper\"><div class=\"fusion-image-wrapper hover-type-none\"><img decoding=\"async\" width=\"1920\" height=\"1280\" src=\"https:\/\/www.donizettiopera.org\/wp-content\/uploads\/2025\/06\/Donizetti-Opera-Maestri-Murales-dedicato-a-Gaetano-Donizetti-2016.webp\" class=\"attachment-full size-full\" alt=\"\" srcset=\"https:\/\/www.donizettiopera.org\/wp-content\/uploads\/2025\/06\/Donizetti-Opera-Maestri-Murales-dedicato-a-Gaetano-Donizetti-2016-200x133.webp 200w, https:\/\/www.donizettiopera.org\/wp-content\/uploads\/2025\/06\/Donizetti-Opera-Maestri-Murales-dedicato-a-Gaetano-Donizetti-2016-300x200.webp 300w, https:\/\/www.donizettiopera.org\/wp-content\/uploads\/2025\/06\/Donizetti-Opera-Maestri-Murales-dedicato-a-Gaetano-Donizetti-2016-400x267.webp 400w, https:\/\/www.donizettiopera.org\/wp-content\/uploads\/2025\/06\/Donizetti-Opera-Maestri-Murales-dedicato-a-Gaetano-Donizetti-2016-600x400.webp 600w, https:\/\/www.donizettiopera.org\/wp-content\/uploads\/2025\/06\/Donizetti-Opera-Maestri-Murales-dedicato-a-Gaetano-Donizetti-2016-768x512.webp 768w, https:\/\/www.donizettiopera.org\/wp-content\/uploads\/2025\/06\/Donizetti-Opera-Maestri-Murales-dedicato-a-Gaetano-Donizetti-2016-800x533.webp 800w, https:\/\/www.donizettiopera.org\/wp-content\/uploads\/2025\/06\/Donizetti-Opera-Maestri-Murales-dedicato-a-Gaetano-Donizetti-2016-1024x683.webp 1024w, https:\/\/www.donizettiopera.org\/wp-content\/uploads\/2025\/06\/Donizetti-Opera-Maestri-Murales-dedicato-a-Gaetano-Donizetti-2016-1200x800.webp 1200w, https:\/\/www.donizettiopera.org\/wp-content\/uploads\/2025\/06\/Donizetti-Opera-Maestri-Murales-dedicato-a-Gaetano-Donizetti-2016-1536x1024.webp 1536w, https:\/\/www.donizettiopera.org\/wp-content\/uploads\/2025\/06\/Donizetti-Opera-Maestri-Murales-dedicato-a-Gaetano-Donizetti-2016.webp 1920w\" sizes=\"(max-width: 1920px) 100vw, 1920px\" \/><\/div><\/div><\/div><div class=\"swiper-slide\"><div class=\"fusion-carousel-item-wrapper\"><div class=\"fusion-image-wrapper hover-type-none\"><img decoding=\"async\" width=\"1920\" height=\"1280\" src=\"https:\/\/www.donizettiopera.org\/wp-content\/uploads\/2025\/06\/Donizetti-Opera-Maestri-Mostra-Gianandrea-Gavazzeni-2016.webp\" class=\"attachment-full size-full\" alt=\"\" srcset=\"https:\/\/www.donizettiopera.org\/wp-content\/uploads\/2025\/06\/Donizetti-Opera-Maestri-Mostra-Gianandrea-Gavazzeni-2016-200x133.webp 200w, https:\/\/www.donizettiopera.org\/wp-content\/uploads\/2025\/06\/Donizetti-Opera-Maestri-Mostra-Gianandrea-Gavazzeni-2016-300x200.webp 300w, https:\/\/www.donizettiopera.org\/wp-content\/uploads\/2025\/06\/Donizetti-Opera-Maestri-Mostra-Gianandrea-Gavazzeni-2016-400x267.webp 400w, https:\/\/www.donizettiopera.org\/wp-content\/uploads\/2025\/06\/Donizetti-Opera-Maestri-Mostra-Gianandrea-Gavazzeni-2016-600x400.webp 600w, https:\/\/www.donizettiopera.org\/wp-content\/uploads\/2025\/06\/Donizetti-Opera-Maestri-Mostra-Gianandrea-Gavazzeni-2016-768x512.webp 768w, https:\/\/www.donizettiopera.org\/wp-content\/uploads\/2025\/06\/Donizetti-Opera-Maestri-Mostra-Gianandrea-Gavazzeni-2016-800x533.webp 800w, https:\/\/www.donizettiopera.org\/wp-content\/uploads\/2025\/06\/Donizetti-Opera-Maestri-Mostra-Gianandrea-Gavazzeni-2016-1024x683.webp 1024w, https:\/\/www.donizettiopera.org\/wp-content\/uploads\/2025\/06\/Donizetti-Opera-Maestri-Mostra-Gianandrea-Gavazzeni-2016-1200x800.webp 1200w, https:\/\/www.donizettiopera.org\/wp-content\/uploads\/2025\/06\/Donizetti-Opera-Maestri-Mostra-Gianandrea-Gavazzeni-2016-1536x1024.webp 1536w, https:\/\/www.donizettiopera.org\/wp-content\/uploads\/2025\/06\/Donizetti-Opera-Maestri-Mostra-Gianandrea-Gavazzeni-2016.webp 1920w\" sizes=\"(max-width: 1920px) 100vw, 1920px\" \/><\/div><\/div><\/div><div class=\"swiper-slide\"><div class=\"fusion-carousel-item-wrapper\"><div class=\"fusion-image-wrapper hover-type-none\"><img decoding=\"async\" width=\"1920\" height=\"1280\" src=\"https:\/\/www.donizettiopera.org\/wp-content\/uploads\/2025\/06\/Donizetti-Opera-Maestri-La-creazione-del-mondo-2018.webp\" class=\"attachment-full size-full\" alt=\"\" srcset=\"https:\/\/www.donizettiopera.org\/wp-content\/uploads\/2025\/06\/Donizetti-Opera-Maestri-La-creazione-del-mondo-2018-200x133.webp 200w, https:\/\/www.donizettiopera.org\/wp-content\/uploads\/2025\/06\/Donizetti-Opera-Maestri-La-creazione-del-mondo-2018-300x200.webp 300w, https:\/\/www.donizettiopera.org\/wp-content\/uploads\/2025\/06\/Donizetti-Opera-Maestri-La-creazione-del-mondo-2018-400x267.webp 400w, https:\/\/www.donizettiopera.org\/wp-content\/uploads\/2025\/06\/Donizetti-Opera-Maestri-La-creazione-del-mondo-2018-600x400.webp 600w, https:\/\/www.donizettiopera.org\/wp-content\/uploads\/2025\/06\/Donizetti-Opera-Maestri-La-creazione-del-mondo-2018-768x512.webp 768w, https:\/\/www.donizettiopera.org\/wp-content\/uploads\/2025\/06\/Donizetti-Opera-Maestri-La-creazione-del-mondo-2018-800x533.webp 800w, https:\/\/www.donizettiopera.org\/wp-content\/uploads\/2025\/06\/Donizetti-Opera-Maestri-La-creazione-del-mondo-2018-1024x683.webp 1024w, https:\/\/www.donizettiopera.org\/wp-content\/uploads\/2025\/06\/Donizetti-Opera-Maestri-La-creazione-del-mondo-2018-1200x800.webp 1200w, https:\/\/www.donizettiopera.org\/wp-content\/uploads\/2025\/06\/Donizetti-Opera-Maestri-La-creazione-del-mondo-2018-1536x1024.webp 1536w, https:\/\/www.donizettiopera.org\/wp-content\/uploads\/2025\/06\/Donizetti-Opera-Maestri-La-creazione-del-mondo-2018.webp 1920w\" sizes=\"(max-width: 1920px) 100vw, 1920px\" \/><\/div><\/div><\/div><div class=\"swiper-slide\"><div class=\"fusion-carousel-item-wrapper\"><div class=\"fusion-image-wrapper hover-type-none\"><img decoding=\"async\" width=\"1920\" height=\"1277\" src=\"https:\/\/www.donizettiopera.org\/wp-content\/uploads\/2025\/06\/Donizetti-Opera-Maestri-Javier-Camarena-e-Riccardo-Frizza-in-fase-di-registrazione-al-Teatro-Donizetti2021.webp\" class=\"attachment-full size-full\" alt=\"\" srcset=\"https:\/\/www.donizettiopera.org\/wp-content\/uploads\/2025\/06\/Donizetti-Opera-Maestri-Javier-Camarena-e-Riccardo-Frizza-in-fase-di-registrazione-al-Teatro-Donizetti2021-200x133.webp 200w, https:\/\/www.donizettiopera.org\/wp-content\/uploads\/2025\/06\/Donizetti-Opera-Maestri-Javier-Camarena-e-Riccardo-Frizza-in-fase-di-registrazione-al-Teatro-Donizetti2021-300x200.webp 300w, https:\/\/www.donizettiopera.org\/wp-content\/uploads\/2025\/06\/Donizetti-Opera-Maestri-Javier-Camarena-e-Riccardo-Frizza-in-fase-di-registrazione-al-Teatro-Donizetti2021-400x266.webp 400w, https:\/\/www.donizettiopera.org\/wp-content\/uploads\/2025\/06\/Donizetti-Opera-Maestri-Javier-Camarena-e-Riccardo-Frizza-in-fase-di-registrazione-al-Teatro-Donizetti2021-600x399.webp 600w, https:\/\/www.donizettiopera.org\/wp-content\/uploads\/2025\/06\/Donizetti-Opera-Maestri-Javier-Camarena-e-Riccardo-Frizza-in-fase-di-registrazione-al-Teatro-Donizetti2021-768x511.webp 768w, https:\/\/www.donizettiopera.org\/wp-content\/uploads\/2025\/06\/Donizetti-Opera-Maestri-Javier-Camarena-e-Riccardo-Frizza-in-fase-di-registrazione-al-Teatro-Donizetti2021-800x532.webp 800w, https:\/\/www.donizettiopera.org\/wp-content\/uploads\/2025\/06\/Donizetti-Opera-Maestri-Javier-Camarena-e-Riccardo-Frizza-in-fase-di-registrazione-al-Teatro-Donizetti2021-1024x681.webp 1024w, https:\/\/www.donizettiopera.org\/wp-content\/uploads\/2025\/06\/Donizetti-Opera-Maestri-Javier-Camarena-e-Riccardo-Frizza-in-fase-di-registrazione-al-Teatro-Donizetti2021-1200x798.webp 1200w, https:\/\/www.donizettiopera.org\/wp-content\/uploads\/2025\/06\/Donizetti-Opera-Maestri-Javier-Camarena-e-Riccardo-Frizza-in-fase-di-registrazione-al-Teatro-Donizetti2021-1536x1022.webp 1536w, https:\/\/www.donizettiopera.org\/wp-content\/uploads\/2025\/06\/Donizetti-Opera-Maestri-Javier-Camarena-e-Riccardo-Frizza-in-fase-di-registrazione-al-Teatro-Donizetti2021.webp 1920w\" sizes=\"(max-width: 1920px) 100vw, 1920px\" \/><\/div><\/div><\/div><div class=\"swiper-slide\"><div class=\"fusion-carousel-item-wrapper\"><div class=\"fusion-image-wrapper hover-type-none\"><img decoding=\"async\" width=\"1920\" height=\"1279\" src=\"https:\/\/www.donizettiopera.org\/wp-content\/uploads\/2025\/06\/Donizetti-Opera-Maestri-Il-presidente-Sergio-Mattarella-al-concerto-per-i-50-di-carriera-di-Riccardo-Muti-2016.webp\" class=\"attachment-full size-full\" alt=\"\" srcset=\"https:\/\/www.donizettiopera.org\/wp-content\/uploads\/2025\/06\/Donizetti-Opera-Maestri-Il-presidente-Sergio-Mattarella-al-concerto-per-i-50-di-carriera-di-Riccardo-Muti-2016-200x133.webp 200w, https:\/\/www.donizettiopera.org\/wp-content\/uploads\/2025\/06\/Donizetti-Opera-Maestri-Il-presidente-Sergio-Mattarella-al-concerto-per-i-50-di-carriera-di-Riccardo-Muti-2016-300x200.webp 300w, https:\/\/www.donizettiopera.org\/wp-content\/uploads\/2025\/06\/Donizetti-Opera-Maestri-Il-presidente-Sergio-Mattarella-al-concerto-per-i-50-di-carriera-di-Riccardo-Muti-2016-400x266.webp 400w, https:\/\/www.donizettiopera.org\/wp-content\/uploads\/2025\/06\/Donizetti-Opera-Maestri-Il-presidente-Sergio-Mattarella-al-concerto-per-i-50-di-carriera-di-Riccardo-Muti-2016-600x400.webp 600w, https:\/\/www.donizettiopera.org\/wp-content\/uploads\/2025\/06\/Donizetti-Opera-Maestri-Il-presidente-Sergio-Mattarella-al-concerto-per-i-50-di-carriera-di-Riccardo-Muti-2016-768x512.webp 768w, https:\/\/www.donizettiopera.org\/wp-content\/uploads\/2025\/06\/Donizetti-Opera-Maestri-Il-presidente-Sergio-Mattarella-al-concerto-per-i-50-di-carriera-di-Riccardo-Muti-2016-800x533.webp 800w, https:\/\/www.donizettiopera.org\/wp-content\/uploads\/2025\/06\/Donizetti-Opera-Maestri-Il-presidente-Sergio-Mattarella-al-concerto-per-i-50-di-carriera-di-Riccardo-Muti-2016-1024x682.webp 1024w, https:\/\/www.donizettiopera.org\/wp-content\/uploads\/2025\/06\/Donizetti-Opera-Maestri-Il-presidente-Sergio-Mattarella-al-concerto-per-i-50-di-carriera-di-Riccardo-Muti-2016-1200x799.webp 1200w, https:\/\/www.donizettiopera.org\/wp-content\/uploads\/2025\/06\/Donizetti-Opera-Maestri-Il-presidente-Sergio-Mattarella-al-concerto-per-i-50-di-carriera-di-Riccardo-Muti-2016-1536x1023.webp 1536w, https:\/\/www.donizettiopera.org\/wp-content\/uploads\/2025\/06\/Donizetti-Opera-Maestri-Il-presidente-Sergio-Mattarella-al-concerto-per-i-50-di-carriera-di-Riccardo-Muti-2016.webp 1920w\" sizes=\"(max-width: 1920px) 100vw, 1920px\" \/><\/div><\/div><\/div><\/div><div class=\"swiper-pagination\"><\/div><div class=\"awb-swiper-button awb-swiper-button-prev\"><i class=\"awb-icon-angle-left\" aria-hidden=\"true\"><\/i><\/div><div class=\"awb-swiper-button awb-swiper-button-next\"><i class=\"awb-icon-angle-right\" aria-hidden=\"true\"><\/i><\/div><\/div><\/div><div class=\"fusion-text fusion-text-11\"><p>Infine, al centro dell\u2019attivit\u00e0 del Festival c\u2019\u00e8 l\u2019impegno verso i giovani. Grazie alla sezione Education, il lavoro si estende per tutto l\u2019anno con visite guidate, laboratori, spettacoli, presentazioni, storie donizettiane raccontate dai burattini e un campus estivo operistico. Ogni edizione del Festival ospita un\u2019opera partecipata per bambini e ragazzi, una riduzione di un titolo in cartellone pensata per loro, come per i protagonisti della giornata Academy 2024, con decine di<br \/>\nlaboratori per scoprire i mestieri del teatro. Molti di loro sono stati coinvolti nel progetto <em>Lucia Off<\/em>, ispirato alla storia di <em>Lucia di Lammermoor<\/em>. Sono loro la scommessa sul futuro dell\u2019opera e di Donizetti.<\/p>\n<\/div><div class=\"fusion-image-carousel fusion-image-carousel-auto fusion-image-carousel-8 lightbox-enabled\"><div data-slide-effect=\"fade\" class=\"awb-carousel awb-swiper awb-swiper-carousel awb-carousel--slider awb-swiper-dots-position-below\" data-layout=\"slider\" data-autoplay=\"no\" data-autoplayspeed=\"2500\" data-autoplaypause=\"no\" data-columns=\"5\" data-columnsmedium=\"1\" data-columnssmall=\"1\" data-itemmargin=\"13\" data-itemwidth=\"180\" data-touchscroll=\"drag_wheel\" data-freemode=\"no\" data-imagesize=\"auto\" data-scrollitems=\"0\" data-centeredslides=\"no\" data-rotationangle=\"50\" data-depth=\"100\" data-speed=\"500\" data-shadow=\"no\" data-pagination=\"bullets\" style=\"--awb-arrow-bgcolor:rgba(221,42,64,0.8);--awb-dots-spacing:8px;--awb-dots-align:center;\"><div class=\"swiper-wrapper awb-image-carousel-wrapper fusion-flex-align-items-center\"><div class=\"swiper-slide\"><div class=\"fusion-carousel-item-wrapper\"><div class=\"fusion-image-wrapper hover-type-none\"><img decoding=\"async\" width=\"1920\" height=\"1282\" src=\"https:\/\/www.donizettiopera.org\/wp-content\/uploads\/2025\/06\/Donizetti-Opera-Giovani-Donizetti-Opera-per-le-scuole-2017.webp\" class=\"attachment-full size-full\" alt=\"\" srcset=\"https:\/\/www.donizettiopera.org\/wp-content\/uploads\/2025\/06\/Donizetti-Opera-Giovani-Donizetti-Opera-per-le-scuole-2017-200x134.webp 200w, https:\/\/www.donizettiopera.org\/wp-content\/uploads\/2025\/06\/Donizetti-Opera-Giovani-Donizetti-Opera-per-le-scuole-2017-300x200.webp 300w, https:\/\/www.donizettiopera.org\/wp-content\/uploads\/2025\/06\/Donizetti-Opera-Giovani-Donizetti-Opera-per-le-scuole-2017-400x267.webp 400w, https:\/\/www.donizettiopera.org\/wp-content\/uploads\/2025\/06\/Donizetti-Opera-Giovani-Donizetti-Opera-per-le-scuole-2017-600x401.webp 600w, https:\/\/www.donizettiopera.org\/wp-content\/uploads\/2025\/06\/Donizetti-Opera-Giovani-Donizetti-Opera-per-le-scuole-2017-768x513.webp 768w, https:\/\/www.donizettiopera.org\/wp-content\/uploads\/2025\/06\/Donizetti-Opera-Giovani-Donizetti-Opera-per-le-scuole-2017-800x534.webp 800w, https:\/\/www.donizettiopera.org\/wp-content\/uploads\/2025\/06\/Donizetti-Opera-Giovani-Donizetti-Opera-per-le-scuole-2017-1024x684.webp 1024w, https:\/\/www.donizettiopera.org\/wp-content\/uploads\/2025\/06\/Donizetti-Opera-Giovani-Donizetti-Opera-per-le-scuole-2017-1200x801.webp 1200w, https:\/\/www.donizettiopera.org\/wp-content\/uploads\/2025\/06\/Donizetti-Opera-Giovani-Donizetti-Opera-per-le-scuole-2017-1536x1026.webp 1536w, https:\/\/www.donizettiopera.org\/wp-content\/uploads\/2025\/06\/Donizetti-Opera-Giovani-Donizetti-Opera-per-le-scuole-2017.webp 1920w\" sizes=\"(max-width: 1920px) 100vw, 1920px\" \/><\/div><\/div><\/div><div class=\"swiper-slide\"><div class=\"fusion-carousel-item-wrapper\"><div class=\"fusion-image-wrapper hover-type-none\"><img decoding=\"async\" width=\"1920\" height=\"1280\" src=\"https:\/\/www.donizettiopera.org\/wp-content\/uploads\/2025\/06\/Donizetti-Opera-Giovani-esperienze-di-formazione-in-sartoria-2019.webp\" class=\"attachment-full size-full\" alt=\"\" srcset=\"https:\/\/www.donizettiopera.org\/wp-content\/uploads\/2025\/06\/Donizetti-Opera-Giovani-esperienze-di-formazione-in-sartoria-2019-200x133.webp 200w, https:\/\/www.donizettiopera.org\/wp-content\/uploads\/2025\/06\/Donizetti-Opera-Giovani-esperienze-di-formazione-in-sartoria-2019-300x200.webp 300w, https:\/\/www.donizettiopera.org\/wp-content\/uploads\/2025\/06\/Donizetti-Opera-Giovani-esperienze-di-formazione-in-sartoria-2019-400x267.webp 400w, https:\/\/www.donizettiopera.org\/wp-content\/uploads\/2025\/06\/Donizetti-Opera-Giovani-esperienze-di-formazione-in-sartoria-2019-600x400.webp 600w, https:\/\/www.donizettiopera.org\/wp-content\/uploads\/2025\/06\/Donizetti-Opera-Giovani-esperienze-di-formazione-in-sartoria-2019-768x512.webp 768w, https:\/\/www.donizettiopera.org\/wp-content\/uploads\/2025\/06\/Donizetti-Opera-Giovani-esperienze-di-formazione-in-sartoria-2019-800x533.webp 800w, https:\/\/www.donizettiopera.org\/wp-content\/uploads\/2025\/06\/Donizetti-Opera-Giovani-esperienze-di-formazione-in-sartoria-2019-1024x683.webp 1024w, https:\/\/www.donizettiopera.org\/wp-content\/uploads\/2025\/06\/Donizetti-Opera-Giovani-esperienze-di-formazione-in-sartoria-2019-1200x800.webp 1200w, https:\/\/www.donizettiopera.org\/wp-content\/uploads\/2025\/06\/Donizetti-Opera-Giovani-esperienze-di-formazione-in-sartoria-2019-1536x1024.webp 1536w, https:\/\/www.donizettiopera.org\/wp-content\/uploads\/2025\/06\/Donizetti-Opera-Giovani-esperienze-di-formazione-in-sartoria-2019.webp 1920w\" sizes=\"(max-width: 1920px) 100vw, 1920px\" \/><\/div><\/div><\/div><div class=\"swiper-slide\"><div class=\"fusion-carousel-item-wrapper\"><div class=\"fusion-image-wrapper hover-type-none\"><img decoding=\"async\" width=\"1920\" height=\"1280\" src=\"https:\/\/www.donizettiopera.org\/wp-content\/uploads\/2025\/06\/Donizetti-Opera-Giovani-Donizetti-Night-2023.webp\" class=\"attachment-full size-full\" alt=\"\" srcset=\"https:\/\/www.donizettiopera.org\/wp-content\/uploads\/2025\/06\/Donizetti-Opera-Giovani-Donizetti-Night-2023-200x133.webp 200w, https:\/\/www.donizettiopera.org\/wp-content\/uploads\/2025\/06\/Donizetti-Opera-Giovani-Donizetti-Night-2023-300x200.webp 300w, https:\/\/www.donizettiopera.org\/wp-content\/uploads\/2025\/06\/Donizetti-Opera-Giovani-Donizetti-Night-2023-400x267.webp 400w, https:\/\/www.donizettiopera.org\/wp-content\/uploads\/2025\/06\/Donizetti-Opera-Giovani-Donizetti-Night-2023-600x400.webp 600w, https:\/\/www.donizettiopera.org\/wp-content\/uploads\/2025\/06\/Donizetti-Opera-Giovani-Donizetti-Night-2023-768x512.webp 768w, https:\/\/www.donizettiopera.org\/wp-content\/uploads\/2025\/06\/Donizetti-Opera-Giovani-Donizetti-Night-2023-800x533.webp 800w, https:\/\/www.donizettiopera.org\/wp-content\/uploads\/2025\/06\/Donizetti-Opera-Giovani-Donizetti-Night-2023-1024x683.webp 1024w, https:\/\/www.donizettiopera.org\/wp-content\/uploads\/2025\/06\/Donizetti-Opera-Giovani-Donizetti-Night-2023-1200x800.webp 1200w, https:\/\/www.donizettiopera.org\/wp-content\/uploads\/2025\/06\/Donizetti-Opera-Giovani-Donizetti-Night-2023-1536x1024.webp 1536w, https:\/\/www.donizettiopera.org\/wp-content\/uploads\/2025\/06\/Donizetti-Opera-Giovani-Donizetti-Night-2023.webp 1920w\" sizes=\"(max-width: 1920px) 100vw, 1920px\" \/><\/div><\/div><\/div><div class=\"swiper-slide\"><div class=\"fusion-carousel-item-wrapper\"><div class=\"fusion-image-wrapper hover-type-none\"><img decoding=\"async\" width=\"1920\" height=\"1280\" src=\"https:\/\/www.donizettiopera.org\/wp-content\/uploads\/2025\/06\/Donizetti-Opera-Giovani-Dies-Natali-2023.webp\" class=\"attachment-full size-full\" alt=\"\" srcset=\"https:\/\/www.donizettiopera.org\/wp-content\/uploads\/2025\/06\/Donizetti-Opera-Giovani-Dies-Natali-2023-200x133.webp 200w, https:\/\/www.donizettiopera.org\/wp-content\/uploads\/2025\/06\/Donizetti-Opera-Giovani-Dies-Natali-2023-300x200.webp 300w, https:\/\/www.donizettiopera.org\/wp-content\/uploads\/2025\/06\/Donizetti-Opera-Giovani-Dies-Natali-2023-400x267.webp 400w, https:\/\/www.donizettiopera.org\/wp-content\/uploads\/2025\/06\/Donizetti-Opera-Giovani-Dies-Natali-2023-600x400.webp 600w, https:\/\/www.donizettiopera.org\/wp-content\/uploads\/2025\/06\/Donizetti-Opera-Giovani-Dies-Natali-2023-768x512.webp 768w, https:\/\/www.donizettiopera.org\/wp-content\/uploads\/2025\/06\/Donizetti-Opera-Giovani-Dies-Natali-2023-800x533.webp 800w, https:\/\/www.donizettiopera.org\/wp-content\/uploads\/2025\/06\/Donizetti-Opera-Giovani-Dies-Natali-2023-1024x683.webp 1024w, https:\/\/www.donizettiopera.org\/wp-content\/uploads\/2025\/06\/Donizetti-Opera-Giovani-Dies-Natali-2023-1200x800.webp 1200w, https:\/\/www.donizettiopera.org\/wp-content\/uploads\/2025\/06\/Donizetti-Opera-Giovani-Dies-Natali-2023-1536x1024.webp 1536w, https:\/\/www.donizettiopera.org\/wp-content\/uploads\/2025\/06\/Donizetti-Opera-Giovani-Dies-Natali-2023.webp 1920w\" sizes=\"(max-width: 1920px) 100vw, 1920px\" \/><\/div><\/div><\/div><div class=\"swiper-slide\"><div class=\"fusion-carousel-item-wrapper\"><div class=\"fusion-image-wrapper hover-type-none\"><img decoding=\"async\" width=\"1920\" height=\"1277\" src=\"https:\/\/www.donizettiopera.org\/wp-content\/uploads\/2025\/06\/Donizetti-Opera-Giovani-Chiara-o-Serafina-2022.webp\" class=\"attachment-full size-full\" alt=\"\" srcset=\"https:\/\/www.donizettiopera.org\/wp-content\/uploads\/2025\/06\/Donizetti-Opera-Giovani-Chiara-o-Serafina-2022-200x133.webp 200w, https:\/\/www.donizettiopera.org\/wp-content\/uploads\/2025\/06\/Donizetti-Opera-Giovani-Chiara-o-Serafina-2022-300x200.webp 300w, https:\/\/www.donizettiopera.org\/wp-content\/uploads\/2025\/06\/Donizetti-Opera-Giovani-Chiara-o-Serafina-2022-400x266.webp 400w, https:\/\/www.donizettiopera.org\/wp-content\/uploads\/2025\/06\/Donizetti-Opera-Giovani-Chiara-o-Serafina-2022-600x399.webp 600w, https:\/\/www.donizettiopera.org\/wp-content\/uploads\/2025\/06\/Donizetti-Opera-Giovani-Chiara-o-Serafina-2022-768x511.webp 768w, https:\/\/www.donizettiopera.org\/wp-content\/uploads\/2025\/06\/Donizetti-Opera-Giovani-Chiara-o-Serafina-2022-800x532.webp 800w, https:\/\/www.donizettiopera.org\/wp-content\/uploads\/2025\/06\/Donizetti-Opera-Giovani-Chiara-o-Serafina-2022-1024x681.webp 1024w, https:\/\/www.donizettiopera.org\/wp-content\/uploads\/2025\/06\/Donizetti-Opera-Giovani-Chiara-o-Serafina-2022-1200x798.webp 1200w, https:\/\/www.donizettiopera.org\/wp-content\/uploads\/2025\/06\/Donizetti-Opera-Giovani-Chiara-o-Serafina-2022-1536x1022.webp 1536w, https:\/\/www.donizettiopera.org\/wp-content\/uploads\/2025\/06\/Donizetti-Opera-Giovani-Chiara-o-Serafina-2022.webp 1920w\" sizes=\"(max-width: 1920px) 100vw, 1920px\" \/><\/div><\/div><\/div><div class=\"swiper-slide\"><div class=\"fusion-carousel-item-wrapper\"><div class=\"fusion-image-wrapper hover-type-none\"><img decoding=\"async\" width=\"1920\" height=\"1280\" src=\"https:\/\/www.donizettiopera.org\/wp-content\/uploads\/2025\/06\/Donizetti-Opera-Giovani-Pietro-il-Piccolo-2019.webp\" class=\"attachment-full size-full\" alt=\"\" srcset=\"https:\/\/www.donizettiopera.org\/wp-content\/uploads\/2025\/06\/Donizetti-Opera-Giovani-Pietro-il-Piccolo-2019-200x133.webp 200w, https:\/\/www.donizettiopera.org\/wp-content\/uploads\/2025\/06\/Donizetti-Opera-Giovani-Pietro-il-Piccolo-2019-300x200.webp 300w, https:\/\/www.donizettiopera.org\/wp-content\/uploads\/2025\/06\/Donizetti-Opera-Giovani-Pietro-il-Piccolo-2019-400x267.webp 400w, https:\/\/www.donizettiopera.org\/wp-content\/uploads\/2025\/06\/Donizetti-Opera-Giovani-Pietro-il-Piccolo-2019-600x400.webp 600w, https:\/\/www.donizettiopera.org\/wp-content\/uploads\/2025\/06\/Donizetti-Opera-Giovani-Pietro-il-Piccolo-2019-768x512.webp 768w, https:\/\/www.donizettiopera.org\/wp-content\/uploads\/2025\/06\/Donizetti-Opera-Giovani-Pietro-il-Piccolo-2019-800x533.webp 800w, https:\/\/www.donizettiopera.org\/wp-content\/uploads\/2025\/06\/Donizetti-Opera-Giovani-Pietro-il-Piccolo-2019-1024x683.webp 1024w, https:\/\/www.donizettiopera.org\/wp-content\/uploads\/2025\/06\/Donizetti-Opera-Giovani-Pietro-il-Piccolo-2019-1200x800.webp 1200w, https:\/\/www.donizettiopera.org\/wp-content\/uploads\/2025\/06\/Donizetti-Opera-Giovani-Pietro-il-Piccolo-2019-1536x1024.webp 1536w, https:\/\/www.donizettiopera.org\/wp-content\/uploads\/2025\/06\/Donizetti-Opera-Giovani-Pietro-il-Piccolo-2019.webp 1920w\" sizes=\"(max-width: 1920px) 100vw, 1920px\" \/><\/div><\/div><\/div><div class=\"swiper-slide\"><div class=\"fusion-carousel-item-wrapper\"><div class=\"fusion-image-wrapper hover-type-none\"><img decoding=\"async\" width=\"1920\" height=\"1280\" src=\"https:\/\/www.donizettiopera.org\/wp-content\/uploads\/2025\/06\/Donizetti-Opera-Giovani-Lucia-Off-2023.webp\" class=\"attachment-full size-full\" alt=\"\" srcset=\"https:\/\/www.donizettiopera.org\/wp-content\/uploads\/2025\/06\/Donizetti-Opera-Giovani-Lucia-Off-2023-200x133.webp 200w, https:\/\/www.donizettiopera.org\/wp-content\/uploads\/2025\/06\/Donizetti-Opera-Giovani-Lucia-Off-2023-300x200.webp 300w, https:\/\/www.donizettiopera.org\/wp-content\/uploads\/2025\/06\/Donizetti-Opera-Giovani-Lucia-Off-2023-400x267.webp 400w, https:\/\/www.donizettiopera.org\/wp-content\/uploads\/2025\/06\/Donizetti-Opera-Giovani-Lucia-Off-2023-600x400.webp 600w, https:\/\/www.donizettiopera.org\/wp-content\/uploads\/2025\/06\/Donizetti-Opera-Giovani-Lucia-Off-2023-768x512.webp 768w, https:\/\/www.donizettiopera.org\/wp-content\/uploads\/2025\/06\/Donizetti-Opera-Giovani-Lucia-Off-2023-800x533.webp 800w, https:\/\/www.donizettiopera.org\/wp-content\/uploads\/2025\/06\/Donizetti-Opera-Giovani-Lucia-Off-2023-1024x683.webp 1024w, https:\/\/www.donizettiopera.org\/wp-content\/uploads\/2025\/06\/Donizetti-Opera-Giovani-Lucia-Off-2023-1200x800.webp 1200w, https:\/\/www.donizettiopera.org\/wp-content\/uploads\/2025\/06\/Donizetti-Opera-Giovani-Lucia-Off-2023-1536x1024.webp 1536w, https:\/\/www.donizettiopera.org\/wp-content\/uploads\/2025\/06\/Donizetti-Opera-Giovani-Lucia-Off-2023.webp 1920w\" sizes=\"(max-width: 1920px) 100vw, 1920px\" \/><\/div><\/div><\/div><div class=\"swiper-slide\"><div class=\"fusion-carousel-item-wrapper\"><div class=\"fusion-image-wrapper hover-type-none\"><img decoding=\"async\" width=\"1920\" height=\"1277\" src=\"https:\/\/www.donizettiopera.org\/wp-content\/uploads\/2025\/06\/Donizetti-Opera-Giovani-Il-Piccolo-compositore-di-musica-2023.webp\" class=\"attachment-full size-full\" alt=\"\" srcset=\"https:\/\/www.donizettiopera.org\/wp-content\/uploads\/2025\/06\/Donizetti-Opera-Giovani-Il-Piccolo-compositore-di-musica-2023-200x133.webp 200w, https:\/\/www.donizettiopera.org\/wp-content\/uploads\/2025\/06\/Donizetti-Opera-Giovani-Il-Piccolo-compositore-di-musica-2023-300x200.webp 300w, https:\/\/www.donizettiopera.org\/wp-content\/uploads\/2025\/06\/Donizetti-Opera-Giovani-Il-Piccolo-compositore-di-musica-2023-400x266.webp 400w, https:\/\/www.donizettiopera.org\/wp-content\/uploads\/2025\/06\/Donizetti-Opera-Giovani-Il-Piccolo-compositore-di-musica-2023-600x399.webp 600w, https:\/\/www.donizettiopera.org\/wp-content\/uploads\/2025\/06\/Donizetti-Opera-Giovani-Il-Piccolo-compositore-di-musica-2023-768x511.webp 768w, https:\/\/www.donizettiopera.org\/wp-content\/uploads\/2025\/06\/Donizetti-Opera-Giovani-Il-Piccolo-compositore-di-musica-2023-800x532.webp 800w, https:\/\/www.donizettiopera.org\/wp-content\/uploads\/2025\/06\/Donizetti-Opera-Giovani-Il-Piccolo-compositore-di-musica-2023-1024x681.webp 1024w, https:\/\/www.donizettiopera.org\/wp-content\/uploads\/2025\/06\/Donizetti-Opera-Giovani-Il-Piccolo-compositore-di-musica-2023-1200x798.webp 1200w, https:\/\/www.donizettiopera.org\/wp-content\/uploads\/2025\/06\/Donizetti-Opera-Giovani-Il-Piccolo-compositore-di-musica-2023-1536x1022.webp 1536w, https:\/\/www.donizettiopera.org\/wp-content\/uploads\/2025\/06\/Donizetti-Opera-Giovani-Il-Piccolo-compositore-di-musica-2023.webp 1920w\" sizes=\"(max-width: 1920px) 100vw, 1920px\" \/><\/div><\/div><\/div><div class=\"swiper-slide\"><div class=\"fusion-carousel-item-wrapper\"><div class=\"fusion-image-wrapper hover-type-none\"><img decoding=\"async\" width=\"1920\" height=\"1277\" src=\"https:\/\/www.donizettiopera.org\/wp-content\/uploads\/2025\/06\/Donizetti-Opera-Giovani-Giulio-Zappa-e-i-giovani-della-Bottega-Donizetti-2023.webp\" class=\"attachment-full size-full\" alt=\"\" srcset=\"https:\/\/www.donizettiopera.org\/wp-content\/uploads\/2025\/06\/Donizetti-Opera-Giovani-Giulio-Zappa-e-i-giovani-della-Bottega-Donizetti-2023-200x133.webp 200w, https:\/\/www.donizettiopera.org\/wp-content\/uploads\/2025\/06\/Donizetti-Opera-Giovani-Giulio-Zappa-e-i-giovani-della-Bottega-Donizetti-2023-300x200.webp 300w, https:\/\/www.donizettiopera.org\/wp-content\/uploads\/2025\/06\/Donizetti-Opera-Giovani-Giulio-Zappa-e-i-giovani-della-Bottega-Donizetti-2023-400x266.webp 400w, https:\/\/www.donizettiopera.org\/wp-content\/uploads\/2025\/06\/Donizetti-Opera-Giovani-Giulio-Zappa-e-i-giovani-della-Bottega-Donizetti-2023-600x399.webp 600w, https:\/\/www.donizettiopera.org\/wp-content\/uploads\/2025\/06\/Donizetti-Opera-Giovani-Giulio-Zappa-e-i-giovani-della-Bottega-Donizetti-2023-768x511.webp 768w, https:\/\/www.donizettiopera.org\/wp-content\/uploads\/2025\/06\/Donizetti-Opera-Giovani-Giulio-Zappa-e-i-giovani-della-Bottega-Donizetti-2023-800x532.webp 800w, https:\/\/www.donizettiopera.org\/wp-content\/uploads\/2025\/06\/Donizetti-Opera-Giovani-Giulio-Zappa-e-i-giovani-della-Bottega-Donizetti-2023-1024x681.webp 1024w, https:\/\/www.donizettiopera.org\/wp-content\/uploads\/2025\/06\/Donizetti-Opera-Giovani-Giulio-Zappa-e-i-giovani-della-Bottega-Donizetti-2023-1200x798.webp 1200w, https:\/\/www.donizettiopera.org\/wp-content\/uploads\/2025\/06\/Donizetti-Opera-Giovani-Giulio-Zappa-e-i-giovani-della-Bottega-Donizetti-2023-1536x1022.webp 1536w, https:\/\/www.donizettiopera.org\/wp-content\/uploads\/2025\/06\/Donizetti-Opera-Giovani-Giulio-Zappa-e-i-giovani-della-Bottega-Donizetti-2023.webp 1920w\" sizes=\"(max-width: 1920px) 100vw, 1920px\" \/><\/div><\/div><\/div><div class=\"swiper-slide\"><div class=\"fusion-carousel-item-wrapper\"><div class=\"fusion-image-wrapper hover-type-none\"><img decoding=\"async\" width=\"1920\" height=\"1278\" src=\"https:\/\/www.donizettiopera.org\/wp-content\/uploads\/2025\/06\/Donizetti-Opera-Giovani-Gaetano-Gioppino-e-LElisir-damore-2024.webp\" class=\"attachment-full size-full\" alt=\"\" srcset=\"https:\/\/www.donizettiopera.org\/wp-content\/uploads\/2025\/06\/Donizetti-Opera-Giovani-Gaetano-Gioppino-e-LElisir-damore-2024-200x133.webp 200w, https:\/\/www.donizettiopera.org\/wp-content\/uploads\/2025\/06\/Donizetti-Opera-Giovani-Gaetano-Gioppino-e-LElisir-damore-2024-300x200.webp 300w, https:\/\/www.donizettiopera.org\/wp-content\/uploads\/2025\/06\/Donizetti-Opera-Giovani-Gaetano-Gioppino-e-LElisir-damore-2024-400x266.webp 400w, https:\/\/www.donizettiopera.org\/wp-content\/uploads\/2025\/06\/Donizetti-Opera-Giovani-Gaetano-Gioppino-e-LElisir-damore-2024-600x399.webp 600w, https:\/\/www.donizettiopera.org\/wp-content\/uploads\/2025\/06\/Donizetti-Opera-Giovani-Gaetano-Gioppino-e-LElisir-damore-2024-768x511.webp 768w, https:\/\/www.donizettiopera.org\/wp-content\/uploads\/2025\/06\/Donizetti-Opera-Giovani-Gaetano-Gioppino-e-LElisir-damore-2024-800x533.webp 800w, https:\/\/www.donizettiopera.org\/wp-content\/uploads\/2025\/06\/Donizetti-Opera-Giovani-Gaetano-Gioppino-e-LElisir-damore-2024-1024x682.webp 1024w, https:\/\/www.donizettiopera.org\/wp-content\/uploads\/2025\/06\/Donizetti-Opera-Giovani-Gaetano-Gioppino-e-LElisir-damore-2024-1200x799.webp 1200w, https:\/\/www.donizettiopera.org\/wp-content\/uploads\/2025\/06\/Donizetti-Opera-Giovani-Gaetano-Gioppino-e-LElisir-damore-2024-1536x1022.webp 1536w, https:\/\/www.donizettiopera.org\/wp-content\/uploads\/2025\/06\/Donizetti-Opera-Giovani-Gaetano-Gioppino-e-LElisir-damore-2024.webp 1920w\" sizes=\"(max-width: 1920px) 100vw, 1920px\" \/><\/div><\/div><\/div><div class=\"swiper-slide\"><div class=\"fusion-carousel-item-wrapper\"><div class=\"fusion-image-wrapper hover-type-none\"><img decoding=\"async\" width=\"1920\" height=\"1530\" src=\"https:\/\/www.donizettiopera.org\/wp-content\/uploads\/2025\/06\/Donizetti-Opera-Giovani-Gaetano-Gioppino-e-lElisir-damore-2018.webp\" class=\"attachment-full size-full\" alt=\"\" srcset=\"https:\/\/www.donizettiopera.org\/wp-content\/uploads\/2025\/06\/Donizetti-Opera-Giovani-Gaetano-Gioppino-e-lElisir-damore-2018-177x142.webp 177w, https:\/\/www.donizettiopera.org\/wp-content\/uploads\/2025\/06\/Donizetti-Opera-Giovani-Gaetano-Gioppino-e-lElisir-damore-2018-200x159.webp 200w, https:\/\/www.donizettiopera.org\/wp-content\/uploads\/2025\/06\/Donizetti-Opera-Giovani-Gaetano-Gioppino-e-lElisir-damore-2018-300x239.webp 300w, https:\/\/www.donizettiopera.org\/wp-content\/uploads\/2025\/06\/Donizetti-Opera-Giovani-Gaetano-Gioppino-e-lElisir-damore-2018-400x319.webp 400w, https:\/\/www.donizettiopera.org\/wp-content\/uploads\/2025\/06\/Donizetti-Opera-Giovani-Gaetano-Gioppino-e-lElisir-damore-2018-600x478.webp 600w, https:\/\/www.donizettiopera.org\/wp-content\/uploads\/2025\/06\/Donizetti-Opera-Giovani-Gaetano-Gioppino-e-lElisir-damore-2018-768x612.webp 768w, https:\/\/www.donizettiopera.org\/wp-content\/uploads\/2025\/06\/Donizetti-Opera-Giovani-Gaetano-Gioppino-e-lElisir-damore-2018-800x638.webp 800w, https:\/\/www.donizettiopera.org\/wp-content\/uploads\/2025\/06\/Donizetti-Opera-Giovani-Gaetano-Gioppino-e-lElisir-damore-2018-1024x816.webp 1024w, https:\/\/www.donizettiopera.org\/wp-content\/uploads\/2025\/06\/Donizetti-Opera-Giovani-Gaetano-Gioppino-e-lElisir-damore-2018-1200x956.webp 1200w, https:\/\/www.donizettiopera.org\/wp-content\/uploads\/2025\/06\/Donizetti-Opera-Giovani-Gaetano-Gioppino-e-lElisir-damore-2018-1536x1224.webp 1536w, https:\/\/www.donizettiopera.org\/wp-content\/uploads\/2025\/06\/Donizetti-Opera-Giovani-Gaetano-Gioppino-e-lElisir-damore-2018.webp 1920w\" sizes=\"(max-width: 1920px) 100vw, 1920px\" \/><\/div><\/div><\/div><div class=\"swiper-slide\"><div class=\"fusion-carousel-item-wrapper\"><div class=\"fusion-image-wrapper hover-type-none\"><img decoding=\"async\" width=\"1920\" height=\"1277\" src=\"https:\/\/www.donizettiopera.org\/wp-content\/uploads\/2025\/06\/Donizetti-Opera-Giovani-Formazione-insegnanti-2024.webp\" class=\"attachment-full size-full\" alt=\"\" srcset=\"https:\/\/www.donizettiopera.org\/wp-content\/uploads\/2025\/06\/Donizetti-Opera-Giovani-Formazione-insegnanti-2024-200x133.webp 200w, https:\/\/www.donizettiopera.org\/wp-content\/uploads\/2025\/06\/Donizetti-Opera-Giovani-Formazione-insegnanti-2024-300x200.webp 300w, https:\/\/www.donizettiopera.org\/wp-content\/uploads\/2025\/06\/Donizetti-Opera-Giovani-Formazione-insegnanti-2024-400x266.webp 400w, https:\/\/www.donizettiopera.org\/wp-content\/uploads\/2025\/06\/Donizetti-Opera-Giovani-Formazione-insegnanti-2024-600x399.webp 600w, https:\/\/www.donizettiopera.org\/wp-content\/uploads\/2025\/06\/Donizetti-Opera-Giovani-Formazione-insegnanti-2024-768x511.webp 768w, https:\/\/www.donizettiopera.org\/wp-content\/uploads\/2025\/06\/Donizetti-Opera-Giovani-Formazione-insegnanti-2024-800x532.webp 800w, https:\/\/www.donizettiopera.org\/wp-content\/uploads\/2025\/06\/Donizetti-Opera-Giovani-Formazione-insegnanti-2024-1024x681.webp 1024w, https:\/\/www.donizettiopera.org\/wp-content\/uploads\/2025\/06\/Donizetti-Opera-Giovani-Formazione-insegnanti-2024-1200x798.webp 1200w, https:\/\/www.donizettiopera.org\/wp-content\/uploads\/2025\/06\/Donizetti-Opera-Giovani-Formazione-insegnanti-2024-1536x1022.webp 1536w, https:\/\/www.donizettiopera.org\/wp-content\/uploads\/2025\/06\/Donizetti-Opera-Giovani-Formazione-insegnanti-2024.webp 1920w\" sizes=\"(max-width: 1920px) 100vw, 1920px\" \/><\/div><\/div><\/div><\/div><div class=\"swiper-pagination\"><\/div><div class=\"awb-swiper-button awb-swiper-button-prev\"><i class=\"awb-icon-angle-left\" aria-hidden=\"true\"><\/i><\/div><div class=\"awb-swiper-button awb-swiper-button-next\"><i class=\"awb-icon-angle-right\" aria-hidden=\"true\"><\/i><\/div><\/div><\/div><\/div><\/div><\/div><\/div>\n","protected":false},"excerpt":{"rendered":"","protected":false},"author":1,"featured_media":0,"parent":0,"menu_order":0,"comment_status":"closed","ping_status":"closed","template":"100-width.php","meta":{"footnotes":""},"class_list":["post-1730","page","type-page","status-publish","hentry"],"yoast_head":"<!-- This site is optimized with the Yoast SEO plugin v26.9 - https:\/\/yoast.com\/product\/yoast-seo-wordpress\/ -->\n<title>La Storia del Festival - Donizetti Opera Festival<\/title>\n<meta name=\"robots\" content=\"index, follow, max-snippet:-1, max-image-preview:large, max-video-preview:-1\" \/>\n<link rel=\"canonical\" href=\"https:\/\/www.donizettiopera.org\/it\/la-storia-del-festival\/\" \/>\n<meta property=\"og:locale\" content=\"it_IT\" \/>\n<meta property=\"og:type\" content=\"article\" \/>\n<meta property=\"og:title\" content=\"La Storia del Festival - Donizetti Opera Festival\" \/>\n<meta property=\"og:url\" content=\"https:\/\/www.donizettiopera.org\/it\/la-storia-del-festival\/\" \/>\n<meta property=\"og:site_name\" content=\"Donizetti Opera Festival\" \/>\n<meta property=\"article:modified_time\" content=\"2025-06-26T07:04:05+00:00\" \/>\n<meta name=\"twitter:card\" content=\"summary_large_image\" \/>\n<meta name=\"twitter:label1\" content=\"Tempo di lettura stimato\" \/>\n\t<meta name=\"twitter:data1\" content=\"36 minuti\" \/>\n<script type=\"application\/ld+json\" class=\"yoast-schema-graph\">{\"@context\":\"https:\/\/schema.org\",\"@graph\":[{\"@type\":\"WebPage\",\"@id\":\"https:\/\/www.donizettiopera.org\/it\/la-storia-del-festival\/\",\"url\":\"https:\/\/www.donizettiopera.org\/it\/la-storia-del-festival\/\",\"name\":\"La Storia del Festival - Donizetti Opera Festival\",\"isPartOf\":{\"@id\":\"https:\/\/www.donizettiopera.org\/it\/#website\"},\"datePublished\":\"2025-06-18T09:24:06+00:00\",\"dateModified\":\"2025-06-26T07:04:05+00:00\",\"breadcrumb\":{\"@id\":\"https:\/\/www.donizettiopera.org\/it\/la-storia-del-festival\/#breadcrumb\"},\"inLanguage\":\"it-IT\",\"potentialAction\":[{\"@type\":\"ReadAction\",\"target\":[\"https:\/\/www.donizettiopera.org\/it\/la-storia-del-festival\/\"]}]},{\"@type\":\"BreadcrumbList\",\"@id\":\"https:\/\/www.donizettiopera.org\/it\/la-storia-del-festival\/#breadcrumb\",\"itemListElement\":[{\"@type\":\"ListItem\",\"position\":1,\"name\":\"Home\",\"item\":\"https:\/\/www.donizettiopera.org\/it\/\"},{\"@type\":\"ListItem\",\"position\":2,\"name\":\"La Storia del Festival\"}]},{\"@type\":\"WebSite\",\"@id\":\"https:\/\/www.donizettiopera.org\/it\/#website\",\"url\":\"https:\/\/www.donizettiopera.org\/it\/\",\"name\":\"Donizetti Opera Festival\",\"description\":\"Donizetti Opera Festival\",\"potentialAction\":[{\"@type\":\"SearchAction\",\"target\":{\"@type\":\"EntryPoint\",\"urlTemplate\":\"https:\/\/www.donizettiopera.org\/it\/?s={search_term_string}\"},\"query-input\":{\"@type\":\"PropertyValueSpecification\",\"valueRequired\":true,\"valueName\":\"search_term_string\"}}],\"inLanguage\":\"it-IT\"}]}<\/script>\n<!-- \/ Yoast SEO plugin. -->","yoast_head_json":{"title":"La Storia del Festival - Donizetti Opera Festival","robots":{"index":"index","follow":"follow","max-snippet":"max-snippet:-1","max-image-preview":"max-image-preview:large","max-video-preview":"max-video-preview:-1"},"canonical":"https:\/\/www.donizettiopera.org\/it\/la-storia-del-festival\/","og_locale":"it_IT","og_type":"article","og_title":"La Storia del Festival - Donizetti Opera Festival","og_url":"https:\/\/www.donizettiopera.org\/it\/la-storia-del-festival\/","og_site_name":"Donizetti Opera Festival","article_modified_time":"2025-06-26T07:04:05+00:00","twitter_card":"summary_large_image","twitter_misc":{"Tempo di lettura stimato":"36 minuti"},"schema":{"@context":"https:\/\/schema.org","@graph":[{"@type":"WebPage","@id":"https:\/\/www.donizettiopera.org\/it\/la-storia-del-festival\/","url":"https:\/\/www.donizettiopera.org\/it\/la-storia-del-festival\/","name":"La Storia del Festival - Donizetti Opera Festival","isPartOf":{"@id":"https:\/\/www.donizettiopera.org\/it\/#website"},"datePublished":"2025-06-18T09:24:06+00:00","dateModified":"2025-06-26T07:04:05+00:00","breadcrumb":{"@id":"https:\/\/www.donizettiopera.org\/it\/la-storia-del-festival\/#breadcrumb"},"inLanguage":"it-IT","potentialAction":[{"@type":"ReadAction","target":["https:\/\/www.donizettiopera.org\/it\/la-storia-del-festival\/"]}]},{"@type":"BreadcrumbList","@id":"https:\/\/www.donizettiopera.org\/it\/la-storia-del-festival\/#breadcrumb","itemListElement":[{"@type":"ListItem","position":1,"name":"Home","item":"https:\/\/www.donizettiopera.org\/it\/"},{"@type":"ListItem","position":2,"name":"La Storia del Festival"}]},{"@type":"WebSite","@id":"https:\/\/www.donizettiopera.org\/it\/#website","url":"https:\/\/www.donizettiopera.org\/it\/","name":"Donizetti Opera Festival","description":"Donizetti Opera Festival","potentialAction":[{"@type":"SearchAction","target":{"@type":"EntryPoint","urlTemplate":"https:\/\/www.donizettiopera.org\/it\/?s={search_term_string}"},"query-input":{"@type":"PropertyValueSpecification","valueRequired":true,"valueName":"search_term_string"}}],"inLanguage":"it-IT"}]}},"_links":{"self":[{"href":"https:\/\/www.donizettiopera.org\/it\/wp-json\/wp\/v2\/pages\/1730","targetHints":{"allow":["GET"]}}],"collection":[{"href":"https:\/\/www.donizettiopera.org\/it\/wp-json\/wp\/v2\/pages"}],"about":[{"href":"https:\/\/www.donizettiopera.org\/it\/wp-json\/wp\/v2\/types\/page"}],"author":[{"embeddable":true,"href":"https:\/\/www.donizettiopera.org\/it\/wp-json\/wp\/v2\/users\/1"}],"replies":[{"embeddable":true,"href":"https:\/\/www.donizettiopera.org\/it\/wp-json\/wp\/v2\/comments?post=1730"}],"version-history":[{"count":0,"href":"https:\/\/www.donizettiopera.org\/it\/wp-json\/wp\/v2\/pages\/1730\/revisions"}],"wp:attachment":[{"href":"https:\/\/www.donizettiopera.org\/it\/wp-json\/wp\/v2\/media?parent=1730"}],"curies":[{"name":"wp","href":"https:\/\/api.w.org\/{rel}","templated":true}]}}