{"id":2121,"date":"2025-06-20T07:39:43","date_gmt":"2025-06-20T07:39:43","guid":{"rendered":"https:\/\/www.donizettiopera.org\/?page_id=2121"},"modified":"2025-06-26T07:09:58","modified_gmt":"2025-06-26T07:09:58","slug":"il-direttore-artistico","status":"publish","type":"page","link":"https:\/\/www.donizettiopera.org\/it\/il-direttore-artistico\/","title":{"rendered":"Il Direttore Artistico"},"content":{"rendered":"<div class=\"fusion-fullwidth fullwidth-box fusion-builder-row-1 fusion-flex-container has-pattern-background has-mask-background nonhundred-percent-fullwidth non-hundred-percent-height-scrolling\" style=\"--awb-border-radius-top-left:0px;--awb-border-radius-top-right:0px;--awb-border-radius-bottom-right:0px;--awb-border-radius-bottom-left:0px;--awb-padding-top:80px;--awb-padding-bottom:80px;--awb-flex-wrap:wrap;\" ><div class=\"fusion-builder-row fusion-row fusion-flex-align-items-flex-start fusion-flex-content-wrap\" style=\"max-width:1248px;margin-left: calc(-4% \/ 2 );margin-right: calc(-4% \/ 2 );\"><div class=\"fusion-layout-column fusion_builder_column fusion-builder-column-0 fusion_builder_column_1_1 1_1 fusion-flex-column\" style=\"--awb-bg-size:cover;--awb-width-large:100%;--awb-margin-top-large:0px;--awb-spacing-right-large:1.92%;--awb-margin-bottom-large:40px;--awb-spacing-left-large:1.92%;--awb-width-medium:100%;--awb-order-medium:0;--awb-spacing-right-medium:1.92%;--awb-spacing-left-medium:1.92%;--awb-width-small:100%;--awb-order-small:0;--awb-spacing-right-small:1.92%;--awb-spacing-left-small:1.92%;\" data-scroll-devices=\"small-visibility,medium-visibility,large-visibility\"><div class=\"fusion-column-wrapper fusion-column-has-shadow fusion-flex-justify-content-flex-start fusion-content-layout-column\"><div class=\"fusion-text fusion-text-1\"><p><strong>Riccardo Frizza<\/strong> \u00e8 direttore artistico e musicale del festival Donizetti Opera di Bergamo, oltre che direttore principale della Hungarian Radio Symphony Orchestra and Choir.<\/p>\n<p>Bresciano, formatosi al Conservatorio di Milano e all\u2019Accademia Chigiana di Siena, \u00e8 fra i principali direttori d\u2019orchestra della sua generazione e collabora regolarmente con i teatri pi\u00f9 importanti del mondo.<\/p>\n<p>Pur essendo tra i direttori d\u2019opera pi\u00f9 richiesti si dedica, con passione testimoniata da un fitto calendario, anche al repertorio sinfonico. In questa veste \u00e8 salito sul podio dell\u2019Accademia Nazionale di Santa Cecilia, Gewandhaus di Lipsia, S\u00e4chsische Staatskapelle di Dresda, Orchestra Sinfonica di Milano, Mahler Chamber Orchestra, Orchestra Filarmonica di San Pietroburgo, Philharmonia Orchestra di Londra, Tonk\u00fcnstler Orchestra, Euskadiko Orchestra, Tokyo Symphony Orchestra, Orchestra Haydn e Tokyo Philharmonic Orchestra.<\/p>\n<\/div><\/div><\/div><div class=\"fusion-layout-column fusion_builder_column fusion-builder-column-1 fusion_builder_column_1_2 1_2 fusion-flex-column\" style=\"--awb-bg-size:cover;--awb-width-large:50%;--awb-margin-top-large:0px;--awb-spacing-right-large:3.84%;--awb-margin-bottom-large:0px;--awb-spacing-left-large:3.84%;--awb-width-medium:50%;--awb-spacing-right-medium:3.84%;--awb-spacing-left-medium:3.84%;--awb-width-small:100%;--awb-spacing-right-small:1.92%;--awb-spacing-left-small:1.92%;\"><div class=\"fusion-column-wrapper fusion-flex-justify-content-flex-start fusion-content-layout-column\"><div class=\"fusion-image-element \" style=\"--awb-margin-bottom:20px;--awb-caption-title-font-family:var(--h2_typography-font-family);--awb-caption-title-font-weight:var(--h2_typography-font-weight);--awb-caption-title-font-style:var(--h2_typography-font-style);--awb-caption-title-size:var(--h2_typography-font-size);--awb-caption-title-transform:var(--h2_typography-text-transform);--awb-caption-title-line-height:var(--h2_typography-line-height);--awb-caption-title-letter-spacing:var(--h2_typography-letter-spacing);\"><span class=\" fusion-imageframe imageframe-none imageframe-1 hover-type-none\"><a href=\"https:\/\/www.donizettiopera.org\/wp-content\/uploads\/2025\/06\/Donizetti-Opera-Il-Direttore-artistico-Riccardo-Frizza.webp\" class=\"fusion-lightbox\" data-rel=\"iLightbox[ac3db1f1082f0b9965c]\" data-title=\"Donizetti Opera-Il Direttore artistico-Riccardo Frizza\" title=\"Donizetti Opera-Il Direttore artistico-Riccardo Frizza\"><img decoding=\"async\" width=\"1920\" height=\"1280\" src=\"https:\/\/www.donizettiopera.org\/wp-content\/uploads\/2025\/06\/Donizetti-Opera-Il-Direttore-artistico-Riccardo-Frizza.webp\" alt class=\"img-responsive wp-image-2906\" srcset=\"https:\/\/www.donizettiopera.org\/wp-content\/uploads\/2025\/06\/Donizetti-Opera-Il-Direttore-artistico-Riccardo-Frizza-200x133.webp 200w, https:\/\/www.donizettiopera.org\/wp-content\/uploads\/2025\/06\/Donizetti-Opera-Il-Direttore-artistico-Riccardo-Frizza-400x267.webp 400w, https:\/\/www.donizettiopera.org\/wp-content\/uploads\/2025\/06\/Donizetti-Opera-Il-Direttore-artistico-Riccardo-Frizza-600x400.webp 600w, https:\/\/www.donizettiopera.org\/wp-content\/uploads\/2025\/06\/Donizetti-Opera-Il-Direttore-artistico-Riccardo-Frizza-800x533.webp 800w, https:\/\/www.donizettiopera.org\/wp-content\/uploads\/2025\/06\/Donizetti-Opera-Il-Direttore-artistico-Riccardo-Frizza-1200x800.webp 1200w, https:\/\/www.donizettiopera.org\/wp-content\/uploads\/2025\/06\/Donizetti-Opera-Il-Direttore-artistico-Riccardo-Frizza.webp 1920w\" sizes=\"(max-width: 640px) 100vw, 600px\" \/><\/a><\/span><\/div><\/div><\/div><div class=\"fusion-layout-column fusion_builder_column fusion-builder-column-2 fusion_builder_column_1_2 1_2 fusion-flex-column\" style=\"--awb-bg-size:cover;--awb-width-large:50%;--awb-margin-top-large:0px;--awb-spacing-right-large:3.84%;--awb-margin-bottom-large:0px;--awb-spacing-left-large:3.84%;--awb-width-medium:50%;--awb-spacing-right-medium:3.84%;--awb-spacing-left-medium:3.84%;--awb-width-small:100%;--awb-spacing-right-small:1.92%;--awb-spacing-left-small:1.92%;\"><div class=\"fusion-column-wrapper fusion-flex-justify-content-flex-start fusion-content-layout-column\"><div class=\"fusion-image-element \" style=\"--awb-margin-bottom:20px;--awb-caption-title-font-family:var(--h2_typography-font-family);--awb-caption-title-font-weight:var(--h2_typography-font-weight);--awb-caption-title-font-style:var(--h2_typography-font-style);--awb-caption-title-size:var(--h2_typography-font-size);--awb-caption-title-transform:var(--h2_typography-text-transform);--awb-caption-title-line-height:var(--h2_typography-line-height);--awb-caption-title-letter-spacing:var(--h2_typography-letter-spacing);\"><span class=\" fusion-imageframe imageframe-none imageframe-2 hover-type-none\"><a href=\"https:\/\/www.donizettiopera.org\/wp-content\/uploads\/2025\/06\/Donizetti-Opera-Il-Direttore-artistico-Riccardo-Frizza-2.webp\" class=\"fusion-lightbox\" data-rel=\"iLightbox[1a853e01a0badaf5f72]\" data-title=\"Donizetti Opera-Il Direttore artistico-Riccardo Frizza-2\" title=\"Donizetti Opera-Il Direttore artistico-Riccardo Frizza-2\"><img decoding=\"async\" width=\"1920\" height=\"1280\" src=\"https:\/\/www.donizettiopera.org\/wp-content\/uploads\/2025\/06\/Donizetti-Opera-Il-Direttore-artistico-Riccardo-Frizza-2.webp\" alt class=\"img-responsive wp-image-2920\" srcset=\"https:\/\/www.donizettiopera.org\/wp-content\/uploads\/2025\/06\/Donizetti-Opera-Il-Direttore-artistico-Riccardo-Frizza-2-200x133.webp 200w, https:\/\/www.donizettiopera.org\/wp-content\/uploads\/2025\/06\/Donizetti-Opera-Il-Direttore-artistico-Riccardo-Frizza-2-400x267.webp 400w, https:\/\/www.donizettiopera.org\/wp-content\/uploads\/2025\/06\/Donizetti-Opera-Il-Direttore-artistico-Riccardo-Frizza-2-600x400.webp 600w, https:\/\/www.donizettiopera.org\/wp-content\/uploads\/2025\/06\/Donizetti-Opera-Il-Direttore-artistico-Riccardo-Frizza-2-800x533.webp 800w, https:\/\/www.donizettiopera.org\/wp-content\/uploads\/2025\/06\/Donizetti-Opera-Il-Direttore-artistico-Riccardo-Frizza-2-1200x800.webp 1200w, https:\/\/www.donizettiopera.org\/wp-content\/uploads\/2025\/06\/Donizetti-Opera-Il-Direttore-artistico-Riccardo-Frizza-2.webp 1920w\" sizes=\"(max-width: 640px) 100vw, 600px\" \/><\/a><\/span><\/div><\/div><\/div><div class=\"fusion-layout-column fusion_builder_column fusion-builder-column-3 fusion_builder_column_1_1 1_1 fusion-flex-column\" style=\"--awb-bg-size:cover;--awb-width-large:100%;--awb-margin-top-large:40px;--awb-spacing-right-large:1.92%;--awb-margin-bottom-large:0px;--awb-spacing-left-large:1.92%;--awb-width-medium:100%;--awb-order-medium:0;--awb-spacing-right-medium:1.92%;--awb-spacing-left-medium:1.92%;--awb-width-small:100%;--awb-order-small:0;--awb-spacing-right-small:1.92%;--awb-spacing-left-small:1.92%;\" data-scroll-devices=\"small-visibility,medium-visibility,large-visibility\"><div class=\"fusion-column-wrapper fusion-column-has-shadow fusion-flex-justify-content-flex-start fusion-content-layout-column\"><div class=\"fusion-text fusion-text-2\"><p>Dal marzo 2022 \u00e8 Direttore Principale di Hungarian Radio Symphony Orchestra and Choir, dei quali sta arricchendo il repertorio con capolavori di Richard Strauss e Mahler, ma anche con il sinfonismo italiano di Martucci e Respighi. Con questi storici complessi \u00e8 iniziata una collaborazione intensa sia a Budapest che in tourn\u00e9e e in disco. Il primo cd prodotto, uscito nella primavera 2024, contiene il <em>Requiem<\/em> e lo <em>Stabat mater<\/em> di Elisabetta Brusa, una delle compositrici pi\u00f9 originali e prestigiose del mondo.<\/p>\n<p>Dal 2017 Riccardo Frizza \u00e8 direttore musicale del festival Donizetti Opera di Bergamo, dove ha diretto <em>Il castello di Kenilworth<\/em> nel 2018, <em>Lucrezia Borgia<\/em> nel 2019 per la prima esecuzione della nuova edizione critica della partitura edita da Ricordi e Fondazione Teatro Donizetti, <em>Marino Faliero<\/em> e <em>Belisario<\/em> nel 2020, <em>L\u2019elisir d\u2019amore<\/em> nel 2021, <em>La Favorite<\/em> nel 2022, <em>Il diluvio universale<\/em> nel 2023 e <em>Roberto Devereux <\/em>nel 2024. Il suo repertorio donizettiano include anche <em>Lucia di Lammermoor<\/em>, <em>Linda di Chamounix<\/em>, <em>Maria Stuarda<\/em>, <em>La fille du r\u00e9giment, Don Pasquale<\/em> e <em>Anna Bolena<\/em>.<\/p>\n<p>Il 4 dicembre 2024 \u00e8 stato nominato anche direttore artistico del Donizetti Opera per il triennio 2025-2027.<\/p>\n<p>Nelle scorse stagioni ha diretto opere e concerti alla Lyric Opera di Chicago (<em>Norma<\/em>), Liceu di Barcellona (<em>Rigoletto, Il Trovatore, Un ballo in maschera<\/em>), Teatro La Fenice (<em>Lucia di Lammermoor, Ernani, Aida<\/em>), M\u00fcpa Budapest (<em>I puritani, Aida<\/em>), Festival Verdi di Parma (<em>Falstaff, Simon Boccanegra, Attila<\/em>), Bilbao Opera (<em>Lucia di Lammermoor, La clemenza di Tito<\/em>), Dallas Opera (<em>Falstaff<\/em>), Teatro alla Scala (<em>Il pirata<\/em>), Op\u00e9ra Bastille (<em>I puritani<\/em>), Opera di Roma (<em>Anna Bolena, Rigoletto<\/em>), Accademia Nazionale di Santa Cecilia (<em>Omaggio a Caruso<\/em>), Maggio Musicale Fiorentino (<em>Rigoletto, L\u2019amico Fritz<\/em>), Th\u00e9\u00e2tre des Champs-\u00c9lys\u00e9es (<em>La Sonnambula<\/em>), Teatro di San Carlo (<em>Il barbiere di Siviglia, Anna Bolena, Maria Stuarda<\/em>), Teatro Real di Madrid (<em>La Cenerentola<\/em>), Metropolitan Opera (<em>Lucia di Lammermoor<\/em>), Teatro Comunale di Bologna (<em>La Traviata, Werther<\/em>), Teatro Regio di Torino (<em>I Vespri siciliani, Le villi<\/em>), Teatro Grande di Brescia (<em>Madama Butterfly<\/em>, versione bresciana), Dresdner Philharmonie (<em>I puritani<\/em>). Da una sua idea \u00e8 nato nel 2020 il progetto lirico-concertistico-discografico <em>The Three Queens<\/em>, pensato per Sondra Radvanovsky e portato nei teatri di Chicago, Barcellona, Napoli e Madrid. Nel 2024 ha diretto concerti sinfonici a Madrid, Vienna, nei Paesi Baschi e nel Regno Unito, dove ha compiuto una tourn\u00e9e trionfale di otto concerti che \u00e8 iniziata a Birmingham ed \u00e8 terminata a Londra.<\/p>\n<p>Tra gli impegni per il 2025 spiccano <em>La Fanciulla del West<\/em> e <em>Un ballo in maschera<\/em> al Comunale di Bologna, <em>La Favorite<\/em> all&#8217;ABAO Bilbao Opera, <em>Maria Padilla<\/em> a Siviglia, <em>La Boh\u00e8me<\/em> al Metropolitan Opera di New York, <em>Roberto Devereux<\/em> al San Carlo di Napoli e vari concerti sinfonici con la Hungarian Radio Symphony Orchestra a Budapest.<\/p>\n<p>Nel giugno 2021 ha vinto il Premio O\u0301pera XXI come migliore direttore musicale. Il riconoscimento, assegnato dall\u2019omonima associazione dei teatri, festival e stagioni stabili di Spagna, gli \u00e8 stato conferito per l\u2019eccellenza della <em>Lucia di Lammermoor<\/em> in scena alla Bilbao Opera nell\u2019ottobre 2019.<\/p>\n<p>Nel novembre 2024 una giuria formata dai pi\u00f9 prestigiosi critici musicali spagnoli gli ha concesso il premio \u201cAmics del Liceu\u201d per la migliore direzione musicale della stagione corrente (<em>Un ballo in maschera<\/em>).<\/p>\n<p>Ha all\u2019attivo una discografia imponente, soprattutto in campo lirico. Dal 2022 ad oggi sono usciti i cd di cantanti del calibro di Sondra Radvanovsky (<em>The Three Queens,<\/em> Pentatone), Nadine Sierra (<em>Made for opera<\/em>, Deutsche Grammophon), Javier Camarena (<em>Signor Gaetano<\/em>, Pentatone) e Jessica Pratt (<em>Delirio<\/em>,\u200e Tancredi Records). Sono stati accolti molto bene anche i dvd dell\u2019opera di Mascagni <em>L\u2019amico Fritz<\/em> (Dynamic, 2023) con l\u2019Orchestra del Maggio Musicale Fiorentino e dell\u2019opera sacra di Donizetti <em>Il diluvio universale <\/em>(Dynamic, 2024), oltre al cd dell\u2019opera <em>I puritani<\/em> (Euroarts, 2024)<\/p>\n<p>Il 2 giugno 2024 \u00e8 stato nominato Cavaliere al merito della Repubblica Italiana dal Presidente Sergio Mattarella e il 1\u00b0 giugno 2025 \u00e8 invitato a dirigere il tradizionale Concerto al Quirinale per le celebrazioni della Festa della Repubblica, trasmesso in diretta su Rai Uno.<\/p>\n<\/div><\/div><\/div><\/div><\/div>\n","protected":false},"excerpt":{"rendered":"","protected":false},"author":1,"featured_media":0,"parent":0,"menu_order":0,"comment_status":"closed","ping_status":"closed","template":"100-width.php","meta":{"footnotes":""},"class_list":["post-2121","page","type-page","status-publish","hentry"],"yoast_head":"<!-- This site is optimized with the Yoast SEO plugin v26.9 - https:\/\/yoast.com\/product\/yoast-seo-wordpress\/ -->\n<title>Il Direttore Artistico - Donizetti Opera Festival<\/title>\n<meta name=\"robots\" content=\"index, follow, max-snippet:-1, max-image-preview:large, max-video-preview:-1\" \/>\n<link rel=\"canonical\" href=\"https:\/\/www.donizettiopera.org\/it\/il-direttore-artistico\/\" \/>\n<meta property=\"og:locale\" content=\"it_IT\" \/>\n<meta property=\"og:type\" content=\"article\" \/>\n<meta property=\"og:title\" content=\"Il Direttore Artistico - Donizetti Opera Festival\" \/>\n<meta property=\"og:url\" content=\"https:\/\/www.donizettiopera.org\/it\/il-direttore-artistico\/\" \/>\n<meta property=\"og:site_name\" content=\"Donizetti Opera Festival\" \/>\n<meta property=\"article:modified_time\" content=\"2025-06-26T07:09:58+00:00\" \/>\n<meta name=\"twitter:card\" content=\"summary_large_image\" \/>\n<meta name=\"twitter:label1\" content=\"Tempo di lettura stimato\" \/>\n\t<meta name=\"twitter:data1\" content=\"16 minuti\" \/>\n<script type=\"application\/ld+json\" class=\"yoast-schema-graph\">{\"@context\":\"https:\/\/schema.org\",\"@graph\":[{\"@type\":\"WebPage\",\"@id\":\"https:\/\/www.donizettiopera.org\/it\/il-direttore-artistico\/\",\"url\":\"https:\/\/www.donizettiopera.org\/it\/il-direttore-artistico\/\",\"name\":\"Il Direttore Artistico - Donizetti Opera Festival\",\"isPartOf\":{\"@id\":\"https:\/\/www.donizettiopera.org\/it\/#website\"},\"datePublished\":\"2025-06-20T07:39:43+00:00\",\"dateModified\":\"2025-06-26T07:09:58+00:00\",\"breadcrumb\":{\"@id\":\"https:\/\/www.donizettiopera.org\/it\/il-direttore-artistico\/#breadcrumb\"},\"inLanguage\":\"it-IT\",\"potentialAction\":[{\"@type\":\"ReadAction\",\"target\":[\"https:\/\/www.donizettiopera.org\/it\/il-direttore-artistico\/\"]}]},{\"@type\":\"BreadcrumbList\",\"@id\":\"https:\/\/www.donizettiopera.org\/it\/il-direttore-artistico\/#breadcrumb\",\"itemListElement\":[{\"@type\":\"ListItem\",\"position\":1,\"name\":\"Home\",\"item\":\"https:\/\/www.donizettiopera.org\/it\/\"},{\"@type\":\"ListItem\",\"position\":2,\"name\":\"Il Direttore Artistico\"}]},{\"@type\":\"WebSite\",\"@id\":\"https:\/\/www.donizettiopera.org\/it\/#website\",\"url\":\"https:\/\/www.donizettiopera.org\/it\/\",\"name\":\"Donizetti Opera Festival\",\"description\":\"Donizetti Opera Festival\",\"potentialAction\":[{\"@type\":\"SearchAction\",\"target\":{\"@type\":\"EntryPoint\",\"urlTemplate\":\"https:\/\/www.donizettiopera.org\/it\/?s={search_term_string}\"},\"query-input\":{\"@type\":\"PropertyValueSpecification\",\"valueRequired\":true,\"valueName\":\"search_term_string\"}}],\"inLanguage\":\"it-IT\"}]}<\/script>\n<!-- \/ Yoast SEO plugin. -->","yoast_head_json":{"title":"Il Direttore Artistico - Donizetti Opera Festival","robots":{"index":"index","follow":"follow","max-snippet":"max-snippet:-1","max-image-preview":"max-image-preview:large","max-video-preview":"max-video-preview:-1"},"canonical":"https:\/\/www.donizettiopera.org\/it\/il-direttore-artistico\/","og_locale":"it_IT","og_type":"article","og_title":"Il Direttore Artistico - Donizetti Opera Festival","og_url":"https:\/\/www.donizettiopera.org\/it\/il-direttore-artistico\/","og_site_name":"Donizetti Opera Festival","article_modified_time":"2025-06-26T07:09:58+00:00","twitter_card":"summary_large_image","twitter_misc":{"Tempo di lettura stimato":"16 minuti"},"schema":{"@context":"https:\/\/schema.org","@graph":[{"@type":"WebPage","@id":"https:\/\/www.donizettiopera.org\/it\/il-direttore-artistico\/","url":"https:\/\/www.donizettiopera.org\/it\/il-direttore-artistico\/","name":"Il Direttore Artistico - Donizetti Opera Festival","isPartOf":{"@id":"https:\/\/www.donizettiopera.org\/it\/#website"},"datePublished":"2025-06-20T07:39:43+00:00","dateModified":"2025-06-26T07:09:58+00:00","breadcrumb":{"@id":"https:\/\/www.donizettiopera.org\/it\/il-direttore-artistico\/#breadcrumb"},"inLanguage":"it-IT","potentialAction":[{"@type":"ReadAction","target":["https:\/\/www.donizettiopera.org\/it\/il-direttore-artistico\/"]}]},{"@type":"BreadcrumbList","@id":"https:\/\/www.donizettiopera.org\/it\/il-direttore-artistico\/#breadcrumb","itemListElement":[{"@type":"ListItem","position":1,"name":"Home","item":"https:\/\/www.donizettiopera.org\/it\/"},{"@type":"ListItem","position":2,"name":"Il Direttore Artistico"}]},{"@type":"WebSite","@id":"https:\/\/www.donizettiopera.org\/it\/#website","url":"https:\/\/www.donizettiopera.org\/it\/","name":"Donizetti Opera Festival","description":"Donizetti Opera Festival","potentialAction":[{"@type":"SearchAction","target":{"@type":"EntryPoint","urlTemplate":"https:\/\/www.donizettiopera.org\/it\/?s={search_term_string}"},"query-input":{"@type":"PropertyValueSpecification","valueRequired":true,"valueName":"search_term_string"}}],"inLanguage":"it-IT"}]}},"_links":{"self":[{"href":"https:\/\/www.donizettiopera.org\/it\/wp-json\/wp\/v2\/pages\/2121","targetHints":{"allow":["GET"]}}],"collection":[{"href":"https:\/\/www.donizettiopera.org\/it\/wp-json\/wp\/v2\/pages"}],"about":[{"href":"https:\/\/www.donizettiopera.org\/it\/wp-json\/wp\/v2\/types\/page"}],"author":[{"embeddable":true,"href":"https:\/\/www.donizettiopera.org\/it\/wp-json\/wp\/v2\/users\/1"}],"replies":[{"embeddable":true,"href":"https:\/\/www.donizettiopera.org\/it\/wp-json\/wp\/v2\/comments?post=2121"}],"version-history":[{"count":0,"href":"https:\/\/www.donizettiopera.org\/it\/wp-json\/wp\/v2\/pages\/2121\/revisions"}],"wp:attachment":[{"href":"https:\/\/www.donizettiopera.org\/it\/wp-json\/wp\/v2\/media?parent=2121"}],"curies":[{"name":"wp","href":"https:\/\/api.w.org\/{rel}","templated":true}]}}