{"id":2274,"date":"2025-06-23T12:39:28","date_gmt":"2025-06-23T12:39:28","guid":{"rendered":"https:\/\/www.donizettiopera.org\/?page_id=2274"},"modified":"2025-11-17T11:47:56","modified_gmt":"2025-11-17T11:47:56","slug":"come-raggiungerci","status":"publish","type":"page","link":"https:\/\/www.donizettiopera.org\/it\/come-raggiungerci\/","title":{"rendered":"Come raggiungerci"},"content":{"rendered":"<p><div class=\"fusion-fullwidth fullwidth-box fusion-builder-row-1 fusion-flex-container hundred-percent-fullwidth non-hundred-percent-height-scrolling\" style=\"--awb-border-sizes-top:0;--awb-border-sizes-bottom:0;--awb-border-sizes-left:0;--awb-border-sizes-right:0;--awb-border-radius-top-left:0px;--awb-border-radius-top-right:0px;--awb-border-radius-bottom-right:0px;--awb-border-radius-bottom-left:0px;--awb-padding-top:0px;--awb-padding-right:0px;--awb-padding-bottom:0px;--awb-padding-left:0px;--awb-flex-wrap:wrap;\" ><div class=\"fusion-builder-row fusion-row fusion-flex-align-items-flex-start fusion-flex-content-wrap\" style=\"width:104% !important;max-width:104% !important;margin-left: calc(-4% \/ 2 );margin-right: calc(-4% \/ 2 );\"><div class=\"fusion-layout-column fusion_builder_column fusion-builder-column-0 fusion_builder_column_1_1 1_1 fusion-flex-column\" style=\"--awb-bg-size:cover;--awb-width-large:100%;--awb-margin-top-large:0px;--awb-spacing-right-large:1.92%;--awb-margin-bottom-large:0px;--awb-spacing-left-large:1.92%;--awb-width-medium:100%;--awb-order-medium:0;--awb-spacing-right-medium:1.92%;--awb-spacing-left-medium:1.92%;--awb-width-small:100%;--awb-order-small:0;--awb-spacing-right-small:1.92%;--awb-spacing-left-small:1.92%;\"><div class=\"fusion-column-wrapper fusion-column-has-shadow fusion-flex-justify-content-flex-start fusion-content-layout-column\">\t\t\t\t\t<script type=\"text\/javascript\">\n\t\t\t\t\t\tvar map_fusion_map_69f0b93e2223f;\n\t\t\t\t\t\tvar markers = [];\n\t\t\t\t\t\tvar counter = 0;\n\t\t\t\t\t\t\t\t\t\t\t\t\t\t\t\t\t\t\t\tvar fusionMapNonce = 'ac4f00826e';\n\t\t\t\t\t\t\t\t\t\t\t\tfunction fusion_run_map_fusion_map_69f0b93e2223f() {\n\t\t\t\t\t\t\tjQuery ('#fusion_map_69f0b93e2223f' ).fusion_maps( {\n\t\t\t\t\t\t\t\taddresses: [{\"address\":\"Piazza Cavour, 15, Bergamo\",\"infobox_content\":\"Presso PROPILEI DI PORTA NUOVA\",\"marker\":\"https:\\\/\\\/www.donizettiopera.org\\\/wp-content\\\/plugins\\\/fusion-builder\\\/images\\\/avada_map_marker.png\",\"coordinates\":false,\"cache\":true,\"latitude\":\"45.67719719999999\",\"longitude\":\"9.6917375\"},{\"address\":\"Via Colleoni, 4, Bergamo Alta \",\"infobox_content\":\"Presso TEATRO SOCIALE\",\"marker\":\"https:\\\/\\\/www.donizettiopera.org\\\/wp-content\\\/plugins\\\/fusion-builder\\\/images\\\/avada_map_marker.png\",\"coordinates\":false,\"cache\":true,\"latitude\":\"45.7044712\",\"longitude\":\"9.662493\"}],\n\t\t\t\t\t\t\t\tanimations: true,\n\t\t\t\t\t\t\t\tinfobox_background_color: '',\n\t\t\t\t\t\t\t\tinfobox_styling: 'default',\n\t\t\t\t\t\t\t\tinfobox_text_color: '',\n\t\t\t\t\t\t\t\tmap_style: 'custom',\n\t\t\t\t\t\t\t\tmap_type: 'roadmap',\n\t\t\t\t\t\t\t\tmarker_icon: 'theme',\n\t\t\t\t\t\t\t\toverlay_color: '#d3d3d3',\n\t\t\t\t\t\t\t\toverlay_color_hsl: {\"hue\":0,\"sat\":0,\"lum\":83},\n\t\t\t\t\t\t\t\tshow_address: false,\n\t\t\t\t\t\t\t\tscale_control: true,\n\t\t\t\t\t\t\t\tscrollwheel: false,\n\t\t\t\t\t\t\t\tzoom: 13,\n\t\t\t\t\t\t\t\tzoom_control: true,\n\t\t\t\t\t\t\t} );\n\t\t\t\t\t\t}\n\n\t\t\t\t\t\tgoogle.maps.event.addDomListener(window, 'load', fusion_run_map_fusion_map_69f0b93e2223f);\n\t\t\t\t\t<\/script>\n\t\t\t\t\t<div class=\"shortcode-map fusion-google-map fusion-maps-js-type\" style=\"--awb-height:450px;\" id=\"fusion_map_69f0b93e2223f\"><\/div><\/div><\/div><\/div><\/div><div class=\"fusion-fullwidth fullwidth-box fusion-builder-row-2 fusion-flex-container has-pattern-background has-mask-background hundred-percent-fullwidth non-hundred-percent-height-scrolling fusion-no-small-visibility\" style=\"--awb-border-radius-top-left:0px;--awb-border-radius-top-right:0px;--awb-border-radius-bottom-right:0px;--awb-border-radius-bottom-left:0px;--awb-padding-top:25px;--awb-margin-bottom-medium:90px;--awb-margin-bottom-small:80px;--awb-background-color:var(--awb-color5);--awb-flex-wrap:wrap;\" id=\"opere\" ><div class=\"fusion-builder-row fusion-row fusion-flex-align-items-flex-end fusion-flex-content-wrap\" style=\"width:104% !important;max-width:104% !important;margin-left: calc(-4% \/ 2 );margin-right: calc(-4% \/ 2 );\"><div class=\"fusion-layout-column fusion_builder_column fusion-builder-column-1 fusion_builder_column_1_6 1_6 fusion-flex-column\" style=\"--awb-bg-size:cover;--awb-width-large:16.666666666667%;--awb-margin-top-large:0px;--awb-spacing-right-large:11.52%;--awb-margin-bottom-large:0px;--awb-spacing-left-large:11.52%;--awb-width-medium:16.666666666667%;--awb-order-medium:0;--awb-spacing-right-medium:11.52%;--awb-spacing-left-medium:11.52%;--awb-width-small:100%;--awb-order-small:0;--awb-spacing-right-small:1.92%;--awb-spacing-left-small:1.92%;\" data-scroll-devices=\"small-visibility,medium-visibility,large-visibility\"><div class=\"fusion-column-wrapper fusion-column-has-shadow fusion-flex-justify-content-flex-start fusion-content-layout-column\"><div class=\"fusion-image-element \" style=\"--awb-max-width:80px;--awb-caption-title-font-family:var(--h2_typography-font-family);--awb-caption-title-font-weight:var(--h2_typography-font-weight);--awb-caption-title-font-style:var(--h2_typography-font-style);--awb-caption-title-size:var(--h2_typography-font-size);--awb-caption-title-transform:var(--h2_typography-text-transform);--awb-caption-title-line-height:var(--h2_typography-line-height);--awb-caption-title-letter-spacing:var(--h2_typography-letter-spacing);\"><span class=\" fusion-imageframe imageframe-none imageframe-1 hover-type-none\"><img decoding=\"async\" width=\"200\" height=\"238\" title=\"DO-marchio-ylw\" src=\"https:\/\/www.donizettiopera.org\/wp-content\/uploads\/2025\/04\/DO-marchio-ylw.webp\" alt class=\"img-responsive wp-image-139\"\/><\/span><\/div><\/div><\/div><div class=\"fusion-layout-column fusion_builder_column fusion-builder-column-2 fusion_builder_column_5_6 5_6 fusion-flex-column\" style=\"--awb-bg-size:cover;--awb-width-large:83.333333333333%;--awb-margin-top-large:0px;--awb-spacing-right-large:2.304%;--awb-margin-bottom-large:0px;--awb-spacing-left-large:2.304%;--awb-width-medium:83.333333333333%;--awb-order-medium:0;--awb-spacing-right-medium:2.304%;--awb-spacing-left-medium:2.304%;--awb-width-small:100%;--awb-order-small:0;--awb-spacing-right-small:1.92%;--awb-spacing-left-small:1.92%;\"><div class=\"fusion-column-wrapper fusion-column-has-shadow fusion-flex-justify-content-flex-start fusion-content-layout-column\"><div class=\"fusion-title title fusion-title-1 fusion-sep-none fusion-title-text fusion-title-size-two\" style=\"--awb-text-color:var(--awb-color4);--awb-margin-bottom:-12px;--awb-font-size:66px;\"><h2 class=\"fusion-title-heading title-heading-right fusion-responsive-typography-calculated\" style=\"font-family:&quot;Roboto Condensed&quot;;font-style:normal;font-weight:900;margin:0;text-transform:uppercase;font-size:1em;--fontSize:66;line-height:1;\">TEATRO DONIZETTI<\/h2><\/div><\/div><\/div><\/div><\/div><div class=\"fusion-fullwidth fullwidth-box fusion-builder-row-3 fusion-flex-container has-pattern-background has-mask-background hundred-percent-fullwidth non-hundred-percent-height-scrolling fusion-no-medium-visibility fusion-no-large-visibility\" style=\"--awb-border-radius-top-left:0px;--awb-border-radius-top-right:0px;--awb-border-radius-bottom-right:0px;--awb-border-radius-bottom-left:0px;--awb-padding-top:25px;--awb-margin-bottom-medium:90px;--awb-margin-bottom-small:80px;--awb-background-color:var(--awb-color5);--awb-flex-wrap:wrap;\" id=\"opere-m\" ><div class=\"fusion-builder-row fusion-row fusion-flex-align-items-flex-end fusion-flex-content-wrap\" style=\"width:104% !important;max-width:104% !important;margin-left: calc(-4% \/ 2 );margin-right: calc(-4% \/ 2 );\"><div class=\"fusion-layout-column fusion_builder_column fusion-builder-column-3 fusion_builder_column_5_6 5_6 fusion-flex-column\" style=\"--awb-bg-size:cover;--awb-width-large:83.333333333333%;--awb-margin-top-large:0px;--awb-spacing-right-large:2.304%;--awb-margin-bottom-large:0px;--awb-spacing-left-large:2.304%;--awb-width-medium:83.333333333333%;--awb-order-medium:0;--awb-spacing-right-medium:2.304%;--awb-spacing-left-medium:2.304%;--awb-width-small:83.333333333333%;--awb-order-small:1;--awb-spacing-right-small:2.304%;--awb-spacing-left-small:2.304%;\"><div class=\"fusion-column-wrapper fusion-column-has-shadow fusion-flex-justify-content-flex-start fusion-content-layout-column\"><div class=\"fusion-title title fusion-title-2 fusion-sep-none fusion-title-text fusion-title-size-two\" style=\"--awb-text-color:var(--awb-color4);--awb-margin-bottom:-12px;--awb-font-size:66px;\"><h2 class=\"fusion-title-heading title-heading-right fusion-responsive-typography-calculated\" style=\"font-family:&quot;Roboto Condensed&quot;;font-style:normal;font-weight:900;margin:0;text-transform:uppercase;font-size:1em;--fontSize:66;line-height:1;\">TEATRO DONIZETTI<\/h2><\/div><\/div><\/div><div class=\"fusion-layout-column fusion_builder_column fusion-builder-column-4 fusion_builder_column_1_6 1_6 fusion-flex-column\" style=\"--awb-bg-size:cover;--awb-width-large:16.666666666667%;--awb-margin-top-large:0px;--awb-spacing-right-large:11.52%;--awb-margin-bottom-large:0px;--awb-spacing-left-large:11.52%;--awb-width-medium:16.666666666667%;--awb-order-medium:0;--awb-spacing-right-medium:11.52%;--awb-spacing-left-medium:11.52%;--awb-width-small:16.666666666667%;--awb-order-small:0;--awb-spacing-right-small:11.52%;--awb-spacing-left-small:11.52%;\" data-scroll-devices=\"small-visibility,medium-visibility,large-visibility\"><div class=\"fusion-column-wrapper fusion-column-has-shadow fusion-flex-justify-content-flex-start fusion-content-layout-column\"><div class=\"fusion-image-element \" style=\"--awb-max-width:80px;--awb-caption-title-font-family:var(--h2_typography-font-family);--awb-caption-title-font-weight:var(--h2_typography-font-weight);--awb-caption-title-font-style:var(--h2_typography-font-style);--awb-caption-title-size:var(--h2_typography-font-size);--awb-caption-title-transform:var(--h2_typography-text-transform);--awb-caption-title-line-height:var(--h2_typography-line-height);--awb-caption-title-letter-spacing:var(--h2_typography-letter-spacing);\"><span class=\" fusion-imageframe imageframe-none imageframe-2 hover-type-none\"><img decoding=\"async\" width=\"200\" height=\"238\" title=\"DO-marchio-ylw\" src=\"https:\/\/www.donizettiopera.org\/wp-content\/uploads\/2025\/04\/DO-marchio-ylw.webp\" alt class=\"img-responsive wp-image-139\"\/><\/span><\/div><\/div><\/div><\/div><\/div><div class=\"fusion-fullwidth fullwidth-box fusion-builder-row-4 fusion-flex-container nonhundred-percent-fullwidth non-hundred-percent-height-scrolling\" style=\"--awb-border-sizes-top:0;--awb-border-sizes-bottom:0;--awb-border-sizes-left:0;--awb-border-sizes-right:0;--awb-border-radius-top-left:0px;--awb-border-radius-top-right:0px;--awb-border-radius-bottom-right:0px;--awb-border-radius-bottom-left:0px;--awb-padding-top:30px;--awb-padding-right:15%;--awb-padding-bottom:30px;--awb-padding-left:15%;--awb-flex-wrap:wrap;\" ><div class=\"fusion-builder-row fusion-row fusion-flex-align-items-flex-start fusion-flex-content-wrap\" style=\"max-width:1248px;margin-left: calc(-4% \/ 2 );margin-right: calc(-4% \/ 2 );\"><div class=\"fusion-layout-column fusion_builder_column fusion-builder-column-5 fusion_builder_column_1_1 1_1 fusion-flex-column\" style=\"--awb-bg-size:cover;--awb-width-large:100%;--awb-margin-top-large:0px;--awb-spacing-right-large:1.92%;--awb-margin-bottom-large:0px;--awb-spacing-left-large:1.92%;--awb-width-medium:100%;--awb-order-medium:0;--awb-spacing-right-medium:1.92%;--awb-spacing-left-medium:1.92%;--awb-width-small:100%;--awb-order-small:0;--awb-spacing-right-small:1.92%;--awb-spacing-left-small:1.92%;\"><div class=\"fusion-column-wrapper fusion-column-has-shadow fusion-flex-justify-content-flex-start fusion-content-layout-column\"><div class=\"fusion-text fusion-text-1\" style=\"--awb-text-transform:none;\"><p>Piazza Cavour, 15<br \/>\n24121 Bergamo<\/p>\n<p>Il Teatro Donizetti si trova nel pieno centro di Bergamo bassa, lungo il cosiddetto &#8220;Sentierone&#8221;.<\/p>\n<p><span style=\"text-decoration: underline;\">Accessibilit\u00e0<br \/>\n<\/span>Il Teatro \u00e8 dotato di attrezzature in grado di consentire l&#8217;accesso ai disabili in platea. Le toilette accessibili si trovato nel ridotto del Teatro.<\/p>\n<\/div><\/div><\/div><div class=\"fusion-layout-column fusion_builder_column fusion-builder-column-6 fusion_builder_column_1_1 1_1 fusion-flex-column\" style=\"--awb-bg-size:cover;--awb-width-large:100%;--awb-margin-top-large:0px;--awb-spacing-right-large:1.92%;--awb-margin-bottom-large:0px;--awb-spacing-left-large:1.92%;--awb-width-medium:100%;--awb-order-medium:0;--awb-spacing-right-medium:1.92%;--awb-spacing-left-medium:1.92%;--awb-width-small:100%;--awb-order-small:0;--awb-spacing-right-small:1.92%;--awb-spacing-left-small:1.92%;\"><div class=\"fusion-column-wrapper fusion-column-has-shadow fusion-flex-justify-content-flex-start fusion-content-layout-column\"><div class=\"fusion-tabs fusion-tabs-1 clean nav-is-justified horizontal-tabs icon-position-left mobile-mode-accordion\" style=\"--awb-title-border-radius-top-left:0px;--awb-title-border-radius-top-right:0px;--awb-title-border-radius-bottom-right:0px;--awb-title-border-radius-bottom-left:0px;--awb-alignment:start;--awb-inactive-color:var(--awb-custom_color_2);--awb-background-color:var(--awb-custom_color_2);--awb-border-color:var(--awb-color5);--awb-active-border-color:var(--awb-color5);\"><div class=\"nav\"><ul class=\"nav-tabs nav-justified\" role=\"tablist\"><li class=\"active\" role=\"presentation\"><a class=\"tab-link\" data-toggle=\"tab\" role=\"tab\" aria-controls=\"tab-d3e5a640dabec23585f\" aria-selected=\"true\" id=\"fusion-tab-inauto\" href=\"#tab-d3e5a640dabec23585f\"><h4 class=\"fusion-tab-heading\"><i class=\"fontawesome-icon fa-car fas\" aria-hidden=\"true\" style=\"font-size:16px;\"><\/i>IN AUTO<\/h4><\/a><\/li><li role=\"presentation\"><a class=\"tab-link\" data-toggle=\"tab\" role=\"tab\" aria-controls=\"tab-4378eac13e0470415a2\" aria-selected=\"false\" tabindex=\"-1\" id=\"fusion-tab-inautobus\" href=\"#tab-4378eac13e0470415a2\"><h4 class=\"fusion-tab-heading\"><i class=\"fontawesome-icon fa-bus fas\" aria-hidden=\"true\" style=\"font-size:16px;\"><\/i>IN AUTOBUS<\/h4><\/a><\/li><li role=\"presentation\"><a class=\"tab-link\" data-toggle=\"tab\" role=\"tab\" aria-controls=\"tab-ba112242279dd5d3129\" aria-selected=\"false\" tabindex=\"-1\" id=\"fusion-tab-intreno\" href=\"#tab-ba112242279dd5d3129\"><h4 class=\"fusion-tab-heading\"><i class=\"fontawesome-icon fa-train fas\" aria-hidden=\"true\" style=\"font-size:16px;\"><\/i>IN TRENO<\/h4><\/a><\/li><li role=\"presentation\"><a class=\"tab-link\" data-toggle=\"tab\" role=\"tab\" aria-controls=\"tab-57ca9383238fdea8aaf\" aria-selected=\"false\" tabindex=\"-1\" id=\"fusion-tab-sharing\" href=\"#tab-57ca9383238fdea8aaf\"><h4 class=\"fusion-tab-heading\"><i class=\"fontawesome-icon fa-leaf fas\" aria-hidden=\"true\" style=\"font-size:16px;\"><\/i>SHARING<\/h4><\/a><\/li><\/ul><\/div><div class=\"tab-content\"><div class=\"nav fusion-mobile-tab-nav\"><ul class=\"nav-tabs nav-justified\" role=\"tablist\"><li class=\"active\" role=\"presentation\"><a class=\"tab-link\" data-toggle=\"tab\" role=\"tab\" aria-controls=\"tab-d3e5a640dabec23585f\" aria-selected=\"true\" id=\"mobile-fusion-tab-inauto\" href=\"#tab-d3e5a640dabec23585f\"><h4 class=\"fusion-tab-heading\"><i class=\"fontawesome-icon fa-car fas\" aria-hidden=\"true\" style=\"font-size:16px;\"><\/i>IN AUTO<\/h4><\/a><\/li><\/ul><\/div><div class=\"tab-pane fade fusion-clearfix in active\" role=\"tabpanel\" tabindex=\"0\" aria-labelledby=\"fusion-tab-inauto\" id=\"tab-d3e5a640dabec23585f\">\n<p>Chi giunge a Bergamo in auto deve seguire le indicazioni per il centro citt\u00e0; arrivati a Porta Nuova conviene lasciare l&#8217;auto nei pi\u00f9 vicini parcheggi sotterranei (piazza della Libert\u00e0 e via Borfuro).<\/p>\n<p>Tariffe agevolate per gli spettatori del Teatro Donizetti con <a href=\"http:\/\/www.bestinparking.it\/garagen-standorte?city=Bergamo\">Parcheggi Italia<\/a>.<\/p>\n<p>Modalit\u00e0:<\/p>\n<ol>\n<li>dopo aver parcheggiato il proprio veicolo presso il parcheggio di Piazza della Libert\u00e0, \u00e8 necessario vidimare il ticket del parcheggio presso la biglietteria del Teatro prima dell\u2019ingresso in sala per ottenere la tariffa forfait stabilita.<\/li>\n<li>all&#8217;atto del pagamento, che potr\u00e0 avvenire indifferentemente alla cassa manuale o alla cassa automatica del parcheggio, il sistema di esazione riconoscer\u00e0 la tariffa &#8220;teatro&#8221; per il periodo stabilito.<\/li>\n<li>eventuali periodi in eccedenza alla fascia oraria &#8220;teatro&#8221; verranno conteggiati a tariffa ordinaria<\/li>\n<\/ol>\n<p>Tariffa &#8220;TEATRO&#8221;: per gli spettacoli pomeridiani, dalle 15.00 alle 18.00, e per quelli serali, dalle 20.00 alle 01.00, sar\u00e0 in vigore una tariffa a forfait di \u20ac 3.00<\/p>\n<\/div><div class=\"nav fusion-mobile-tab-nav\"><ul class=\"nav-tabs nav-justified\" role=\"tablist\"><li role=\"presentation\"><a class=\"tab-link\" data-toggle=\"tab\" role=\"tab\" aria-controls=\"tab-4378eac13e0470415a2\" aria-selected=\"false\" tabindex=\"-1\" id=\"mobile-fusion-tab-inautobus\" href=\"#tab-4378eac13e0470415a2\"><h4 class=\"fusion-tab-heading\"><i class=\"fontawesome-icon fa-bus fas\" aria-hidden=\"true\" style=\"font-size:16px;\"><\/i>IN AUTOBUS<\/h4><\/a><\/li><\/ul><\/div><div class=\"tab-pane fade fusion-clearfix\" role=\"tabpanel\" tabindex=\"0\" aria-labelledby=\"fusion-tab-inautobus\" id=\"tab-4378eac13e0470415a2\">\n<p>Il Teatro pu\u00f2 essere raggiunto a piedi dalla stazione autolinee in cinque minuti, oppure con gli autobus delle linee 1 &#8211; 6 &#8211; 8 del trasporto pubblico urbano.<br \/>\nLa fermata dei mezzi di trasporto urbano \u00e8 Porta Nuova.<\/p>\n<p>Maggiori informazioni su linee e orari <span style=\"color: #9e0909;\"><strong><a style=\"color: #9e0909;\" href=\"https:\/\/www.atb.bergamo.it\/it\/viaggia-con-noi\/linee-e-orari\">qui<\/a>.<\/strong><\/span><\/p>\n<\/div><div class=\"nav fusion-mobile-tab-nav\"><ul class=\"nav-tabs nav-justified\" role=\"tablist\"><li role=\"presentation\"><a class=\"tab-link\" data-toggle=\"tab\" role=\"tab\" aria-controls=\"tab-ba112242279dd5d3129\" aria-selected=\"false\" tabindex=\"-1\" id=\"mobile-fusion-tab-intreno\" href=\"#tab-ba112242279dd5d3129\"><h4 class=\"fusion-tab-heading\"><i class=\"fontawesome-icon fa-train fas\" aria-hidden=\"true\" style=\"font-size:16px;\"><\/i>IN TRENO<\/h4><\/a><\/li><\/ul><\/div><div class=\"tab-pane fade fusion-clearfix\" role=\"tabpanel\" tabindex=\"0\" aria-labelledby=\"fusion-tab-intreno\" id=\"tab-ba112242279dd5d3129\">\n<p>Il Teatro pu\u00f2 essere raggiunto a piedi dalla stazione ferroviaria di Bergamo, oppure con gli autobus delle linee 1 &#8211; 6 &#8211; 8 &#8211; 9 &#8211; 10 &#8211; 15 del trasporto pubblico urbano.<br \/>\nLa fermata dei mezzi di trasporto urbano \u00e8 Porta Nuova (linee 1, 4, 6, 8, 9, 10, 11, 14, 15).<\/p>\n<\/div><div class=\"nav fusion-mobile-tab-nav\"><ul class=\"nav-tabs nav-justified\" role=\"tablist\"><li role=\"presentation\"><a class=\"tab-link\" data-toggle=\"tab\" role=\"tab\" aria-controls=\"tab-57ca9383238fdea8aaf\" aria-selected=\"false\" tabindex=\"-1\" id=\"mobile-fusion-tab-sharing\" href=\"#tab-57ca9383238fdea8aaf\"><h4 class=\"fusion-tab-heading\"><i class=\"fontawesome-icon fa-leaf fas\" aria-hidden=\"true\" style=\"font-size:16px;\"><\/i>SHARING<\/h4><\/a><\/li><\/ul><\/div><div class=\"tab-pane fade fusion-clearfix\" role=\"tabpanel\" tabindex=\"0\" aria-labelledby=\"fusion-tab-sharing\" id=\"tab-57ca9383238fdea8aaf\">\n<p><strong>CAR SHARING, BIKE SHARING e MONOPATTINI ELETTRICI<br \/>\n<\/strong>Il Comune di Bergamo offre la possibilit\u00e0 di muoversi in citt\u00e0 attraverso servizi di sharing con mezzi al 100% green: dalle auto elettriche alle bici, fino all\u2019ultima novit\u00e0, il monopattino elettrico.<\/p>\n<ul>\n<li>Per il CAR SHARING: Mobilize e <a href=\"https:\/\/www.e-vai.com\/?gclid=Cj0KCQjwzYGGBhCTARIsAHdMTQydlDNmZusPo6jj8EZJzjjGookKv8Ls_-vPlSgWgly99nzDmpx-HFMaAsozEALw_wcB\">E-Vai<\/a><\/li>\n<li>Per il BIKE SHARING: <a href=\"https:\/\/www.atb.bergamo.it\/it\/mobilita\/bike-sharing\">BI-GI<\/a> e <a href=\"https:\/\/mobike.com\/global\/\">MoBike<\/a><\/li>\n<li>Per i MONOPATTINI ELETTRICI: Reby e <a href=\"https:\/\/bitmobility.it\/app-monopattino-elettrico-bergamo\/\">BIT Mobility<\/a><\/li>\n<\/ul>\n<\/div><\/div><\/div><\/div><\/div><\/div><\/div><div class=\"fusion-fullwidth fullwidth-box fusion-builder-row-5 fusion-flex-container has-pattern-background has-mask-background hundred-percent-fullwidth non-hundred-percent-height-scrolling fusion-no-small-visibility\" style=\"--awb-border-radius-top-left:0px;--awb-border-radius-top-right:0px;--awb-border-radius-bottom-right:0px;--awb-border-radius-bottom-left:0px;--awb-padding-top:25px;--awb-margin-bottom-medium:90px;--awb-margin-bottom-small:80px;--awb-background-color:var(--awb-color5);--awb-flex-wrap:wrap;\" id=\"opere\" ><div class=\"fusion-builder-row fusion-row fusion-flex-align-items-flex-end fusion-flex-content-wrap\" style=\"width:104% !important;max-width:104% !important;margin-left: calc(-4% \/ 2 );margin-right: calc(-4% \/ 2 );\"><div class=\"fusion-layout-column fusion_builder_column fusion-builder-column-7 fusion_builder_column_1_6 1_6 fusion-flex-column\" style=\"--awb-bg-size:cover;--awb-width-large:16.666666666667%;--awb-margin-top-large:0px;--awb-spacing-right-large:11.52%;--awb-margin-bottom-large:0px;--awb-spacing-left-large:11.52%;--awb-width-medium:16.666666666667%;--awb-order-medium:0;--awb-spacing-right-medium:11.52%;--awb-spacing-left-medium:11.52%;--awb-width-small:100%;--awb-order-small:0;--awb-spacing-right-small:1.92%;--awb-spacing-left-small:1.92%;\" data-scroll-devices=\"small-visibility,medium-visibility,large-visibility\"><div class=\"fusion-column-wrapper fusion-column-has-shadow fusion-flex-justify-content-flex-start fusion-content-layout-column\"><div class=\"fusion-image-element \" style=\"--awb-max-width:80px;--awb-caption-title-font-family:var(--h2_typography-font-family);--awb-caption-title-font-weight:var(--h2_typography-font-weight);--awb-caption-title-font-style:var(--h2_typography-font-style);--awb-caption-title-size:var(--h2_typography-font-size);--awb-caption-title-transform:var(--h2_typography-text-transform);--awb-caption-title-line-height:var(--h2_typography-line-height);--awb-caption-title-letter-spacing:var(--h2_typography-letter-spacing);\"><span class=\" fusion-imageframe imageframe-none imageframe-3 hover-type-none\"><img decoding=\"async\" width=\"200\" height=\"238\" title=\"DO-marchio-ylw\" src=\"https:\/\/www.donizettiopera.org\/wp-content\/uploads\/2025\/04\/DO-marchio-ylw.webp\" alt class=\"img-responsive wp-image-139\"\/><\/span><\/div><\/div><\/div><div class=\"fusion-layout-column fusion_builder_column fusion-builder-column-8 fusion_builder_column_5_6 5_6 fusion-flex-column\" style=\"--awb-bg-size:cover;--awb-width-large:83.333333333333%;--awb-margin-top-large:0px;--awb-spacing-right-large:2.304%;--awb-margin-bottom-large:0px;--awb-spacing-left-large:2.304%;--awb-width-medium:83.333333333333%;--awb-order-medium:0;--awb-spacing-right-medium:2.304%;--awb-spacing-left-medium:2.304%;--awb-width-small:100%;--awb-order-small:0;--awb-spacing-right-small:1.92%;--awb-spacing-left-small:1.92%;\"><div class=\"fusion-column-wrapper fusion-column-has-shadow fusion-flex-justify-content-flex-start fusion-content-layout-column\"><div class=\"fusion-title title fusion-title-3 fusion-sep-none fusion-title-text fusion-title-size-two\" style=\"--awb-text-color:var(--awb-color4);--awb-margin-bottom:-12px;--awb-font-size:66px;\"><h2 class=\"fusion-title-heading title-heading-right fusion-responsive-typography-calculated\" style=\"font-family:&quot;Roboto Condensed&quot;;font-style:normal;font-weight:900;margin:0;text-transform:uppercase;font-size:1em;--fontSize:66;line-height:1;\">TEATRO SOCIALE<\/h2><\/div><\/div><\/div><\/div><\/div><div class=\"fusion-fullwidth fullwidth-box fusion-builder-row-6 fusion-flex-container has-pattern-background has-mask-background hundred-percent-fullwidth non-hundred-percent-height-scrolling fusion-no-medium-visibility fusion-no-large-visibility\" style=\"--awb-border-radius-top-left:0px;--awb-border-radius-top-right:0px;--awb-border-radius-bottom-right:0px;--awb-border-radius-bottom-left:0px;--awb-padding-top:25px;--awb-margin-bottom-medium:90px;--awb-margin-bottom-small:80px;--awb-background-color:var(--awb-color5);--awb-flex-wrap:wrap;\" id=\"opere-m\" ><div class=\"fusion-builder-row fusion-row fusion-flex-align-items-flex-end fusion-flex-content-wrap\" style=\"width:104% !important;max-width:104% !important;margin-left: calc(-4% \/ 2 );margin-right: calc(-4% \/ 2 );\"><div class=\"fusion-layout-column fusion_builder_column fusion-builder-column-9 fusion_builder_column_5_6 5_6 fusion-flex-column\" style=\"--awb-bg-size:cover;--awb-width-large:83.333333333333%;--awb-margin-top-large:0px;--awb-spacing-right-large:2.304%;--awb-margin-bottom-large:0px;--awb-spacing-left-large:2.304%;--awb-width-medium:83.333333333333%;--awb-order-medium:0;--awb-spacing-right-medium:2.304%;--awb-spacing-left-medium:2.304%;--awb-width-small:83.333333333333%;--awb-order-small:1;--awb-spacing-right-small:2.304%;--awb-spacing-left-small:2.304%;\"><div class=\"fusion-column-wrapper fusion-column-has-shadow fusion-flex-justify-content-flex-start fusion-content-layout-column\"><div class=\"fusion-title title fusion-title-4 fusion-sep-none fusion-title-text fusion-title-size-two\" style=\"--awb-text-color:var(--awb-color4);--awb-margin-bottom:-12px;--awb-font-size:66px;\"><h2 class=\"fusion-title-heading title-heading-right fusion-responsive-typography-calculated\" style=\"font-family:&quot;Roboto Condensed&quot;;font-style:normal;font-weight:900;margin:0;text-transform:uppercase;font-size:1em;--fontSize:66;line-height:1;\">TEATRO SOCIALE<\/h2><\/div><\/div><\/div><div class=\"fusion-layout-column fusion_builder_column fusion-builder-column-10 fusion_builder_column_1_6 1_6 fusion-flex-column\" style=\"--awb-bg-size:cover;--awb-width-large:16.666666666667%;--awb-margin-top-large:0px;--awb-spacing-right-large:11.52%;--awb-margin-bottom-large:0px;--awb-spacing-left-large:11.52%;--awb-width-medium:16.666666666667%;--awb-order-medium:0;--awb-spacing-right-medium:11.52%;--awb-spacing-left-medium:11.52%;--awb-width-small:16.666666666667%;--awb-order-small:0;--awb-spacing-right-small:11.52%;--awb-spacing-left-small:11.52%;\" data-scroll-devices=\"small-visibility,medium-visibility,large-visibility\"><div class=\"fusion-column-wrapper fusion-column-has-shadow fusion-flex-justify-content-flex-start fusion-content-layout-column\"><div class=\"fusion-image-element \" style=\"--awb-max-width:80px;--awb-caption-title-font-family:var(--h2_typography-font-family);--awb-caption-title-font-weight:var(--h2_typography-font-weight);--awb-caption-title-font-style:var(--h2_typography-font-style);--awb-caption-title-size:var(--h2_typography-font-size);--awb-caption-title-transform:var(--h2_typography-text-transform);--awb-caption-title-line-height:var(--h2_typography-line-height);--awb-caption-title-letter-spacing:var(--h2_typography-letter-spacing);\"><span class=\" fusion-imageframe imageframe-none imageframe-4 hover-type-none\"><img decoding=\"async\" width=\"200\" height=\"238\" title=\"DO-marchio-ylw\" src=\"https:\/\/www.donizettiopera.org\/wp-content\/uploads\/2025\/04\/DO-marchio-ylw.webp\" alt class=\"img-responsive wp-image-139\"\/><\/span><\/div><\/div><\/div><\/div><\/div><div class=\"fusion-fullwidth fullwidth-box fusion-builder-row-7 fusion-flex-container nonhundred-percent-fullwidth non-hundred-percent-height-scrolling\" style=\"--awb-border-sizes-top:0;--awb-border-sizes-bottom:0;--awb-border-sizes-left:0;--awb-border-sizes-right:0;--awb-border-radius-top-left:0px;--awb-border-radius-top-right:0px;--awb-border-radius-bottom-right:0px;--awb-border-radius-bottom-left:0px;--awb-padding-top:30px;--awb-padding-right:15%;--awb-padding-bottom:30px;--awb-padding-left:15%;--awb-flex-wrap:wrap;\" ><div class=\"fusion-builder-row fusion-row fusion-flex-align-items-flex-start fusion-flex-content-wrap\" style=\"max-width:1248px;margin-left: calc(-4% \/ 2 );margin-right: calc(-4% \/ 2 );\"><div class=\"fusion-layout-column fusion_builder_column fusion-builder-column-11 fusion_builder_column_1_1 1_1 fusion-flex-column\" style=\"--awb-bg-size:cover;--awb-width-large:100%;--awb-margin-top-large:0px;--awb-spacing-right-large:1.92%;--awb-margin-bottom-large:0px;--awb-spacing-left-large:1.92%;--awb-width-medium:100%;--awb-order-medium:0;--awb-spacing-right-medium:1.92%;--awb-spacing-left-medium:1.92%;--awb-width-small:100%;--awb-order-small:0;--awb-spacing-right-small:1.92%;--awb-spacing-left-small:1.92%;\"><div class=\"fusion-column-wrapper fusion-column-has-shadow fusion-flex-justify-content-flex-start fusion-content-layout-column\"><div class=\"fusion-text fusion-text-2\" style=\"--awb-text-transform:none;\"><p>Via Colleoni, 4<br \/>\n24129 Bergamo Alta<\/p>\n<p>Il Teatro Sociale si trova nel cuore di Bergamo Alta, lungo la cosiddetta &#8220;Corsarola&#8221;.<\/p>\n<p><span style=\"text-decoration: underline;\">Accessibilit\u00e0<\/span><br \/>\nIl Teatro \u00e8 dotato di attrezzature in grado di consentire l&#8217;accesso ai disabili in platea. Le toilette accessibili si trovato nel ridotto del Teatro.<\/p>\n<\/div><\/div><\/div><div class=\"fusion-layout-column fusion_builder_column fusion-builder-column-12 fusion_builder_column_1_1 1_1 fusion-flex-column\" style=\"--awb-bg-size:cover;--awb-width-large:100%;--awb-margin-top-large:0px;--awb-spacing-right-large:1.92%;--awb-margin-bottom-large:0px;--awb-spacing-left-large:1.92%;--awb-width-medium:100%;--awb-order-medium:0;--awb-spacing-right-medium:1.92%;--awb-spacing-left-medium:1.92%;--awb-width-small:100%;--awb-order-small:0;--awb-spacing-right-small:1.92%;--awb-spacing-left-small:1.92%;\"><div class=\"fusion-column-wrapper fusion-column-has-shadow fusion-flex-justify-content-flex-start fusion-content-layout-column\"><div class=\"fusion-tabs fusion-tabs-2 clean nav-is-justified horizontal-tabs icon-position-left mobile-mode-accordion\" style=\"--awb-title-border-radius-top-left:0px;--awb-title-border-radius-top-right:0px;--awb-title-border-radius-bottom-right:0px;--awb-title-border-radius-bottom-left:0px;--awb-alignment:start;--awb-inactive-color:var(--awb-custom_color_2);--awb-background-color:var(--awb-custom_color_2);--awb-border-color:var(--awb-color5);--awb-active-border-color:var(--awb-color5);\"><div class=\"nav\"><ul class=\"nav-tabs nav-justified\" role=\"tablist\"><li class=\"active\" role=\"presentation\"><a class=\"tab-link\" data-toggle=\"tab\" role=\"tab\" aria-controls=\"tab-8f1622684766a496320\" aria-selected=\"true\" id=\"fusion-tab-inauto\" href=\"#tab-8f1622684766a496320\"><h4 class=\"fusion-tab-heading\"><i class=\"fontawesome-icon fa-car fas\" aria-hidden=\"true\" style=\"font-size:16px;\"><\/i>IN AUTO<\/h4><\/a><\/li><li role=\"presentation\"><a class=\"tab-link\" data-toggle=\"tab\" role=\"tab\" aria-controls=\"tab-5c805efc70ac49b65f8\" aria-selected=\"false\" tabindex=\"-1\" id=\"fusion-tab-inautobus\" href=\"#tab-5c805efc70ac49b65f8\"><h4 class=\"fusion-tab-heading\"><i class=\"fontawesome-icon fa-bus fas\" aria-hidden=\"true\" style=\"font-size:16px;\"><\/i>IN AUTOBUS<\/h4><\/a><\/li><li role=\"presentation\"><a class=\"tab-link\" data-toggle=\"tab\" role=\"tab\" aria-controls=\"tab-1d2058645321a6af30d\" aria-selected=\"false\" tabindex=\"-1\" id=\"fusion-tab-intreno\" href=\"#tab-1d2058645321a6af30d\"><h4 class=\"fusion-tab-heading\"><i class=\"fontawesome-icon fa-train fas\" aria-hidden=\"true\" style=\"font-size:16px;\"><\/i>IN TRENO<\/h4><\/a><\/li><li role=\"presentation\"><a class=\"tab-link\" data-toggle=\"tab\" role=\"tab\" aria-controls=\"tab-460917d073de1bc8299\" aria-selected=\"false\" tabindex=\"-1\" id=\"fusion-tab-sharing\" href=\"#tab-460917d073de1bc8299\"><h4 class=\"fusion-tab-heading\"><i class=\"fontawesome-icon fa-leaf fas\" aria-hidden=\"true\" style=\"font-size:16px;\"><\/i>SHARING<\/h4><\/a><\/li><li role=\"presentation\"><a class=\"tab-link\" data-toggle=\"tab\" role=\"tab\" aria-controls=\"tab-96e4418f59c6d174b6a\" aria-selected=\"false\" tabindex=\"-1\" id=\"fusion-tab-navettaatb\" href=\"#tab-96e4418f59c6d174b6a\"><h4 class=\"fusion-tab-heading\"><i class=\"fontawesome-icon fa-ticket-alt fas\" aria-hidden=\"true\" style=\"font-size:16px;\"><\/i>NAVETTA ATB<\/h4><\/a><\/li><\/ul><\/div><div class=\"tab-content\"><div class=\"nav fusion-mobile-tab-nav\"><ul class=\"nav-tabs nav-justified\" role=\"tablist\"><li class=\"active\" role=\"presentation\"><a class=\"tab-link\" data-toggle=\"tab\" role=\"tab\" aria-controls=\"tab-8f1622684766a496320\" aria-selected=\"true\" id=\"mobile-fusion-tab-inauto\" href=\"#tab-8f1622684766a496320\"><h4 class=\"fusion-tab-heading\"><i class=\"fontawesome-icon fa-car fas\" aria-hidden=\"true\" style=\"font-size:16px;\"><\/i>IN AUTO<\/h4><\/a><\/li><\/ul><\/div><div class=\"tab-pane fade fusion-clearfix in active\" role=\"tabpanel\" tabindex=\"0\" aria-labelledby=\"fusion-tab-inauto\" id=\"tab-8f1622684766a496320\">\n<p>Chi giunge a Bergamo in auto deve seguire le indicazioni per il centro storico; arrivati a Porta Nuova conviene lasciare l&#8217;auto nei pi\u00f9 vicini parcheggi sotterranei (piazza della Libert\u00e0 e via Borfuro) e prendere l\u2019autobus della Linea 1 per Citt\u00e0 Alta.<\/p>\n<p>Oppure \u00e8 possibile proseguire in auto fino a Bergamo Alta e parcheggiare nei parcheggi a pagamento all\u2019interno della cerchia muraria.<\/p>\n<p>Il Teatro Sociale si trova all&#8217;interno della ZTL Citt\u00e0 Alta e Colli che osserva i seguenti giorni e orari:<\/p>\n<div id=\"block-stu3-italia-content\" class=\"block block-system block-system-main-block\">\n<article class=\"node node--type-stu-page node--view-mode-full Prose\" role=\"article\">\n<div class=\"node__content\">\n<div class=\"clearfix text-formatted field field--name-body field--type-text-with-summary field--label-hidden field__item Prose\">\n<table class=\"Table Table--withBorder Table--striped\" cellspacing=\"1\" cellpadding=\"1\" align=\"center\">\n<tbody>\n<tr>\n<td><strong>Via<\/strong><\/td>\n<td><strong>Tratto<\/strong><\/td>\n<td><strong>In vigore<\/strong><\/td>\n<td><strong>Dalle<\/strong><\/td>\n<td><strong>Alle<\/strong><\/td>\n<td><strong>Dalle<\/strong><\/td>\n<td><strong>Alle<\/strong><\/td>\n<\/tr>\n<tr>\n<td colspan=\"1\" rowspan=\"2\">Citt\u00e0 Alta e Colli<\/td>\n<td>in tutta la ZTL<\/td>\n<td>tutti i giorni festivi dell&#8217;anno<\/td>\n<td>10:00<\/td>\n<td>12:00<\/td>\n<td>14:00<\/td>\n<td>19:00<\/td>\n<\/tr>\n<tr>\n<td>in tutta la ZTL<\/td>\n<td>gioved\u00ec, venerd\u00ec e sabato*<\/td>\n<td><\/td>\n<td><\/td>\n<td>21:00<\/td>\n<td>01:00<\/td>\n<\/tr>\n<tr>\n<td colspan=\"7\"><em>*dal gioved\u00ec successivo all&#8217;entrata in vigore dell&#8217;ora legale, al sabato precedente l&#8217;entrata in vigore dell&#8217;ora solare.<\/em><\/td>\n<\/tr>\n<tr>\n<td colspan=\"7\"><\/td>\n<\/tr>\n<tr>\n<td colspan=\"3\"><\/td>\n<td colspan=\"4\"><\/td>\n<\/tr>\n<\/tbody>\n<\/table>\n<p>Maggiori informazioni <a href=\"https:\/\/www.comune.bergamo.it\/node\/741058\"><span style=\"color: #9e0606;\"><strong>qui<\/strong><\/span><\/a>.<\/p>\n<\/div>\n<\/div>\n<\/article>\n<\/div>\n<\/div><div class=\"nav fusion-mobile-tab-nav\"><ul class=\"nav-tabs nav-justified\" role=\"tablist\"><li role=\"presentation\"><a class=\"tab-link\" data-toggle=\"tab\" role=\"tab\" aria-controls=\"tab-5c805efc70ac49b65f8\" aria-selected=\"false\" tabindex=\"-1\" id=\"mobile-fusion-tab-inautobus\" href=\"#tab-5c805efc70ac49b65f8\"><h4 class=\"fusion-tab-heading\"><i class=\"fontawesome-icon fa-bus fas\" aria-hidden=\"true\" style=\"font-size:16px;\"><\/i>IN AUTOBUS<\/h4><\/a><\/li><\/ul><\/div><div class=\"tab-pane fade fusion-clearfix\" role=\"tabpanel\" tabindex=\"0\" aria-labelledby=\"fusion-tab-inautobus\" id=\"tab-5c805efc70ac49b65f8\">\n<p>Il Teatro pu\u00f2 essere raggiunto dalla stazione autolinee in quindici minuti con gli autobus della Linea 1 del trasporto pubblico urbano. La fermata dei mezzi di trasporto urbano \u00e8 Colle Aperto. Dalla fermata dell\u2019autobus al teatro ci sono meno di 10 minuti a piedi.<\/p>\n<p>Citt\u00e0 Alta \u00e8 inoltre servita dalla Linea 3 (fermata Piazza Mercato delle Scarpe), dall\u2019Airport Bus, che collega l\u2019Aeroporto \u201cCaravaggio\u201d con Colle Aperto, e dalla Funicolare, situata a met\u00e0 di viale Vittorio Emanuele con arrivo in Piazza Mercato delle Scarpe.<\/p>\n<p>La stazione della funivia che collega la citt\u00e0 bassa con citt\u00e0 alta dista 300 metri dal Teatro Sociale.<\/p>\n<p>Maggiori informazioni su linee e orari <span style=\"color: #9e0909;\"><strong><a style=\"color: #9e0909;\" href=\"https:\/\/www.atb.bergamo.it\/it\/viaggia-con-noi\/linee-e-orari\">qui<\/a>.<\/strong><\/span><\/p>\n<\/div><div class=\"nav fusion-mobile-tab-nav\"><ul class=\"nav-tabs nav-justified\" role=\"tablist\"><li role=\"presentation\"><a class=\"tab-link\" data-toggle=\"tab\" role=\"tab\" aria-controls=\"tab-1d2058645321a6af30d\" aria-selected=\"false\" tabindex=\"-1\" id=\"mobile-fusion-tab-intreno\" href=\"#tab-1d2058645321a6af30d\"><h4 class=\"fusion-tab-heading\"><i class=\"fontawesome-icon fa-train fas\" aria-hidden=\"true\" style=\"font-size:16px;\"><\/i>IN TRENO<\/h4><\/a><\/li><\/ul><\/div><div class=\"tab-pane fade fusion-clearfix\" role=\"tabpanel\" tabindex=\"0\" aria-labelledby=\"fusion-tab-intreno\" id=\"tab-1d2058645321a6af30d\">\n<p>Il Teatro pu\u00f2 essere raggiunto dalla stazione ferroviaria in quindici minuti con gli autobus della Linea 1 del trasporto pubblico urbano. La fermata dei mezzi di trasporto urbano \u00e8 Colle Aperto. Dalla fermata dell\u2019autobus al teatro ci sono meno di 10 minuti a piedi.<\/p>\n<\/div><div class=\"nav fusion-mobile-tab-nav\"><ul class=\"nav-tabs nav-justified\" role=\"tablist\"><li role=\"presentation\"><a class=\"tab-link\" data-toggle=\"tab\" role=\"tab\" aria-controls=\"tab-460917d073de1bc8299\" aria-selected=\"false\" tabindex=\"-1\" id=\"mobile-fusion-tab-sharing\" href=\"#tab-460917d073de1bc8299\"><h4 class=\"fusion-tab-heading\"><i class=\"fontawesome-icon fa-leaf fas\" aria-hidden=\"true\" style=\"font-size:16px;\"><\/i>SHARING<\/h4><\/a><\/li><\/ul><\/div><div class=\"tab-pane fade fusion-clearfix\" role=\"tabpanel\" tabindex=\"0\" aria-labelledby=\"fusion-tab-sharing\" id=\"tab-460917d073de1bc8299\">\n<p><strong>CAR SHARING, BIKE SHARING e MONOPATTINI ELETTRICI<br \/>\n<\/strong>Il Comune di Bergamo offre la possibilit\u00e0 di muoversi in citt\u00e0 attraverso servizi di sharing con mezzi al 100% green: dalle auto elettriche alle bici, fino all\u2019ultima novit\u00e0, il monopattino elettrico.<\/p>\n<ul>\n<li>Per il CAR SHARING: Mobilize e <a href=\"https:\/\/www.e-vai.com\/?gclid=Cj0KCQjwzYGGBhCTARIsAHdMTQydlDNmZusPo6jj8EZJzjjGookKv8Ls_-vPlSgWgly99nzDmpx-HFMaAsozEALw_wcB\">E-Vai<\/a><\/li>\n<li>Per il BIKE SHARING: <a href=\"https:\/\/www.atb.bergamo.it\/it\/mobilita\/bike-sharing\">BI-GI<\/a> e <a href=\"https:\/\/mobike.com\/global\/\">MoBike<\/a><\/li>\n<li>Per i MONOPATTINI ELETTRICI: Reby e <a href=\"https:\/\/bitmobility.it\/app-monopattino-elettrico-bergamo\/\">BIT Mobility<\/a><\/li>\n<\/ul>\n<\/div><div class=\"nav fusion-mobile-tab-nav\"><ul class=\"nav-tabs nav-justified\" role=\"tablist\"><li role=\"presentation\"><a class=\"tab-link\" data-toggle=\"tab\" role=\"tab\" aria-controls=\"tab-96e4418f59c6d174b6a\" aria-selected=\"false\" tabindex=\"-1\" id=\"mobile-fusion-tab-navettaatb\" href=\"#tab-96e4418f59c6d174b6a\"><h4 class=\"fusion-tab-heading\"><i class=\"fontawesome-icon fa-ticket-alt fas\" aria-hidden=\"true\" style=\"font-size:16px;\"><\/i>NAVETTA ATB<\/h4><\/a><\/li><\/ul><\/div><div class=\"tab-pane fade fusion-clearfix\" role=\"tabpanel\" tabindex=\"0\" aria-labelledby=\"fusion-tab-navettaatb\" id=\"tab-96e4418f59c6d174b6a\">\n<p>Per gli spettacoli del festival <strong>DONIZETTI OPERA<\/strong> al Teatro Sociale, la Fondazione Teatro Donizetti e ATB offrono un servizio di trasporto con una NAVETTA in partenza da Via Camozzi con destinazione Citt\u00e0 Alta (localit\u00e0 Colle Aperto) e ritorno.<\/p>\n<p>Il servizio navetta \u00e8 prenotabile direttamente presso la Biglietteria della Fondazione Teatro Donizetti, che consegner\u00e0 un tesserino da esibire al personale del Teatro prima di salire sull\u2019autobus.<\/p>\n<p><strong>Il servizio ha un costo di \u20ac 1,00 per il festival Donizetti Opera (1 titolo).<\/strong><\/p>\n<p><strong>Partenze<\/strong><br \/>\nore 19.30 per il dittico <em>Il campanello\/Deux hommes et une femme<\/em> del 15 e 28 novembre<br \/>\npartenza navetta ore 15.00 per il dittico <em>Il campanello\/Deux hommes et une femme<\/em> del 23 novembre<\/p>\n<p><strong>Ritorno<\/strong><br \/>\npartenza navetta circa 15 minuti dopo la fine dello spettacolo<\/p>\n<\/div><\/div><\/div><\/div><\/div><\/div><\/div><\/p>\n","protected":false},"excerpt":{"rendered":"","protected":false},"author":1,"featured_media":0,"parent":0,"menu_order":0,"comment_status":"closed","ping_status":"closed","template":"100-width.php","meta":{"footnotes":""},"class_list":["post-2274","page","type-page","status-publish","hentry"],"yoast_head":"<!-- This site is optimized with the Yoast SEO plugin v26.9 - https:\/\/yoast.com\/product\/yoast-seo-wordpress\/ -->\n<title>Come raggiungerci - Donizetti Opera Festival<\/title>\n<meta name=\"robots\" content=\"index, follow, max-snippet:-1, max-image-preview:large, max-video-preview:-1\" \/>\n<link rel=\"canonical\" href=\"https:\/\/www.donizettiopera.org\/it\/come-raggiungerci\/\" \/>\n<meta property=\"og:locale\" content=\"it_IT\" \/>\n<meta property=\"og:type\" content=\"article\" \/>\n<meta property=\"og:title\" content=\"Come raggiungerci - Donizetti Opera Festival\" \/>\n<meta property=\"og:url\" content=\"https:\/\/www.donizettiopera.org\/it\/come-raggiungerci\/\" \/>\n<meta property=\"og:site_name\" content=\"Donizetti Opera Festival\" \/>\n<meta property=\"article:modified_time\" content=\"2025-11-17T11:47:56+00:00\" \/>\n<meta name=\"twitter:card\" content=\"summary_large_image\" \/>\n<meta name=\"twitter:label1\" content=\"Tempo di lettura stimato\" \/>\n\t<meta name=\"twitter:data1\" content=\"6 minuti\" \/>\n<script type=\"application\/ld+json\" class=\"yoast-schema-graph\">{\"@context\":\"https:\/\/schema.org\",\"@graph\":[{\"@type\":\"WebPage\",\"@id\":\"https:\/\/www.donizettiopera.org\/it\/come-raggiungerci\/\",\"url\":\"https:\/\/www.donizettiopera.org\/it\/come-raggiungerci\/\",\"name\":\"Come raggiungerci - Donizetti Opera Festival\",\"isPartOf\":{\"@id\":\"https:\/\/www.donizettiopera.org\/it\/#website\"},\"datePublished\":\"2025-06-23T12:39:28+00:00\",\"dateModified\":\"2025-11-17T11:47:56+00:00\",\"breadcrumb\":{\"@id\":\"https:\/\/www.donizettiopera.org\/it\/come-raggiungerci\/#breadcrumb\"},\"inLanguage\":\"it-IT\",\"potentialAction\":[{\"@type\":\"ReadAction\",\"target\":[\"https:\/\/www.donizettiopera.org\/it\/come-raggiungerci\/\"]}]},{\"@type\":\"BreadcrumbList\",\"@id\":\"https:\/\/www.donizettiopera.org\/it\/come-raggiungerci\/#breadcrumb\",\"itemListElement\":[{\"@type\":\"ListItem\",\"position\":1,\"name\":\"Home\",\"item\":\"https:\/\/www.donizettiopera.org\/it\/\"},{\"@type\":\"ListItem\",\"position\":2,\"name\":\"Come raggiungerci\"}]},{\"@type\":\"WebSite\",\"@id\":\"https:\/\/www.donizettiopera.org\/it\/#website\",\"url\":\"https:\/\/www.donizettiopera.org\/it\/\",\"name\":\"Donizetti Opera Festival\",\"description\":\"Donizetti Opera Festival\",\"potentialAction\":[{\"@type\":\"SearchAction\",\"target\":{\"@type\":\"EntryPoint\",\"urlTemplate\":\"https:\/\/www.donizettiopera.org\/it\/?s={search_term_string}\"},\"query-input\":{\"@type\":\"PropertyValueSpecification\",\"valueRequired\":true,\"valueName\":\"search_term_string\"}}],\"inLanguage\":\"it-IT\"}]}<\/script>\n<!-- \/ Yoast SEO plugin. -->","yoast_head_json":{"title":"Come raggiungerci - Donizetti Opera Festival","robots":{"index":"index","follow":"follow","max-snippet":"max-snippet:-1","max-image-preview":"max-image-preview:large","max-video-preview":"max-video-preview:-1"},"canonical":"https:\/\/www.donizettiopera.org\/it\/come-raggiungerci\/","og_locale":"it_IT","og_type":"article","og_title":"Come raggiungerci - Donizetti Opera Festival","og_url":"https:\/\/www.donizettiopera.org\/it\/come-raggiungerci\/","og_site_name":"Donizetti Opera Festival","article_modified_time":"2025-11-17T11:47:56+00:00","twitter_card":"summary_large_image","twitter_misc":{"Tempo di lettura stimato":"6 minuti"},"schema":{"@context":"https:\/\/schema.org","@graph":[{"@type":"WebPage","@id":"https:\/\/www.donizettiopera.org\/it\/come-raggiungerci\/","url":"https:\/\/www.donizettiopera.org\/it\/come-raggiungerci\/","name":"Come raggiungerci - Donizetti Opera Festival","isPartOf":{"@id":"https:\/\/www.donizettiopera.org\/it\/#website"},"datePublished":"2025-06-23T12:39:28+00:00","dateModified":"2025-11-17T11:47:56+00:00","breadcrumb":{"@id":"https:\/\/www.donizettiopera.org\/it\/come-raggiungerci\/#breadcrumb"},"inLanguage":"it-IT","potentialAction":[{"@type":"ReadAction","target":["https:\/\/www.donizettiopera.org\/it\/come-raggiungerci\/"]}]},{"@type":"BreadcrumbList","@id":"https:\/\/www.donizettiopera.org\/it\/come-raggiungerci\/#breadcrumb","itemListElement":[{"@type":"ListItem","position":1,"name":"Home","item":"https:\/\/www.donizettiopera.org\/it\/"},{"@type":"ListItem","position":2,"name":"Come raggiungerci"}]},{"@type":"WebSite","@id":"https:\/\/www.donizettiopera.org\/it\/#website","url":"https:\/\/www.donizettiopera.org\/it\/","name":"Donizetti Opera Festival","description":"Donizetti Opera Festival","potentialAction":[{"@type":"SearchAction","target":{"@type":"EntryPoint","urlTemplate":"https:\/\/www.donizettiopera.org\/it\/?s={search_term_string}"},"query-input":{"@type":"PropertyValueSpecification","valueRequired":true,"valueName":"search_term_string"}}],"inLanguage":"it-IT"}]}},"_links":{"self":[{"href":"https:\/\/www.donizettiopera.org\/it\/wp-json\/wp\/v2\/pages\/2274","targetHints":{"allow":["GET"]}}],"collection":[{"href":"https:\/\/www.donizettiopera.org\/it\/wp-json\/wp\/v2\/pages"}],"about":[{"href":"https:\/\/www.donizettiopera.org\/it\/wp-json\/wp\/v2\/types\/page"}],"author":[{"embeddable":true,"href":"https:\/\/www.donizettiopera.org\/it\/wp-json\/wp\/v2\/users\/1"}],"replies":[{"embeddable":true,"href":"https:\/\/www.donizettiopera.org\/it\/wp-json\/wp\/v2\/comments?post=2274"}],"version-history":[{"count":0,"href":"https:\/\/www.donizettiopera.org\/it\/wp-json\/wp\/v2\/pages\/2274\/revisions"}],"wp:attachment":[{"href":"https:\/\/www.donizettiopera.org\/it\/wp-json\/wp\/v2\/media?parent=2274"}],"curies":[{"name":"wp","href":"https:\/\/api.w.org\/{rel}","templated":true}]}}