{"id":3183,"date":"2025-06-26T16:16:54","date_gmt":"2025-06-26T16:16:54","guid":{"rendered":"https:\/\/www.donizettiopera.org\/?page_id=3183"},"modified":"2025-06-27T09:58:28","modified_gmt":"2025-06-27T09:58:28","slug":"laboratorio-vocale-musicale-e-manuale-artistico-universi-sconosciuti-emozioni-vicine-tradizioni-lontane-primarie-e-secondarie-di-primo-grado","status":"publish","type":"page","link":"https:\/\/www.donizettiopera.org\/it\/education\/laboratorio-vocale-musicale-e-manuale-artistico-universi-sconosciuti-emozioni-vicine-tradizioni-lontane-primarie-e-secondarie-di-primo-grado\/","title":{"rendered":"Universi sconosciuti \u2013 Emozioni vicine, tradizioni lontane &#8211; primarie e secondarie di primo grado"},"content":{"rendered":"<p><div class=\"fusion-fullwidth fullwidth-box fusion-builder-row-1 fusion-flex-container has-pattern-background has-mask-background nonhundred-percent-fullwidth non-hundred-percent-height-scrolling\" style=\"--awb-border-radius-top-left:0px;--awb-border-radius-top-right:0px;--awb-border-radius-bottom-right:0px;--awb-border-radius-bottom-left:0px;--awb-padding-top:80px;--awb-padding-bottom:80px;--awb-background-color:var(--awb-color5);--awb-flex-wrap:wrap;\" ><div class=\"fusion-builder-row fusion-row fusion-flex-align-items-center fusion-flex-content-wrap\" style=\"max-width:1248px;margin-left: calc(-4% \/ 2 );margin-right: calc(-4% \/ 2 );\"><div class=\"fusion-layout-column fusion_builder_column fusion-builder-column-0 fusion_builder_column_1_2 1_2 fusion-flex-column fusion-flex-align-self-stretch\" style=\"--awb-bg-size:cover;--awb-width-large:50%;--awb-margin-top-large:0px;--awb-spacing-right-large:3.84%;--awb-margin-bottom-large:0px;--awb-spacing-left-large:3.84%;--awb-width-medium:50%;--awb-order-medium:0;--awb-spacing-right-medium:3.84%;--awb-spacing-left-medium:3.84%;--awb-width-small:100%;--awb-order-small:0;--awb-spacing-right-small:1.92%;--awb-spacing-left-small:1.92%;\"><div class=\"fusion-column-wrapper fusion-column-has-shadow fusion-flex-justify-content-flex-start fusion-content-layout-column\"><div class=\"fusion-text fusion-text-1 fusion-text-no-margin\" style=\"--awb-font-size:24px;--awb-text-transform:uppercase;--awb-text-color:var(--awb-color1);--awb-text-font-family:&quot;Roboto&quot;;--awb-text-font-style:normal;--awb-text-font-weight:700;\"><p>da ottobre 2025 a maggio 2026<\/p>\n<\/div><div class=\"fusion-title title fusion-title-1 fusion-sep-none fusion-title-text fusion-title-size-paragraph\" style=\"--awb-text-color:var(--awb-color4);--awb-margin-bottom-small:40px;--awb-font-size:30px;\"><p class=\"fusion-title-heading title-heading-left title-heading-tag fusion-responsive-typography-calculated\" style=\"font-family:&quot;Roboto&quot;;font-style:italic;font-weight:400;margin:0;font-size:1em;--fontSize:30;line-height:1.1;\">Laboratorio vocale musicale e manuale artistico<\/p><\/div><div class=\"fusion-title title fusion-title-2 fusion-sep-none fusion-title-text fusion-title-size-one\" style=\"--awb-text-color:var(--awb-color4);--awb-margin-bottom-small:40px;--awb-font-size:72px;\"><h1 class=\"fusion-title-heading title-heading-left fusion-responsive-typography-calculated\" style=\"margin:0;text-transform:uppercase;font-size:1em;--fontSize:72;line-height:1.1;\">Universi sconosciuti \u2013 Emozioni vicine, tradizioni lontane<\/h1><\/div><div class=\"fusion-separator fusion-full-width-sep\" style=\"align-self: center;margin-left: auto;margin-right: auto;flex-grow:1;width:100%;\"><\/div><div class=\"fusion-text fusion-text-2\" style=\"--awb-font-size:20px;--awb-text-color:var(--awb-color1);--awb-text-font-family:&quot;Roboto&quot;;--awb-text-font-style:normal;--awb-text-font-weight:400;\"><p><strong>SCUOLE PRIMARIE E SECONDARIE DI PRIMO GRADO<\/strong><\/p>\n<p>Laboratorio vocale musicale a cura di <strong>Alessandra Giolo<\/strong><br \/>\nLaboratorio manuale artistico a cura di <strong>Alberto Allegretti<\/strong><\/p>\n<\/div><\/div><\/div><div class=\"fusion-layout-column fusion_builder_column fusion-builder-column-1 fusion_builder_column_1_2 1_2 fusion-flex-column\" style=\"--awb-bg-size:cover;--awb-width-large:50%;--awb-margin-top-large:0px;--awb-spacing-right-large:3.84%;--awb-margin-bottom-large:0px;--awb-spacing-left-large:3.84%;--awb-width-medium:50%;--awb-order-medium:0;--awb-spacing-right-medium:3.84%;--awb-spacing-left-medium:3.84%;--awb-width-small:100%;--awb-order-small:0;--awb-spacing-right-small:1.92%;--awb-spacing-left-small:1.92%;\"><div class=\"fusion-column-wrapper fusion-column-has-shadow fusion-flex-justify-content-flex-start fusion-content-layout-column\"><div class=\"fusion-separator fusion-full-width-sep\" style=\"align-self: center;margin-left: auto;margin-right: auto;width:100%;\"><div class=\"fusion-separator-border sep-single sep-solid\" style=\"--awb-height:20px;--awb-amount:20px;border-color:var(--awb-color5);border-top-width:4px;\"><\/div><\/div><div class=\"fusion-image-element \" style=\"--awb-caption-title-font-family:var(--h2_typography-font-family);--awb-caption-title-font-weight:var(--h2_typography-font-weight);--awb-caption-title-font-style:var(--h2_typography-font-style);--awb-caption-title-size:var(--h2_typography-font-size);--awb-caption-title-transform:var(--h2_typography-text-transform);--awb-caption-title-line-height:var(--h2_typography-line-height);--awb-caption-title-letter-spacing:var(--h2_typography-letter-spacing);\"><span class=\" fusion-imageframe imageframe-none imageframe-1 hover-type-none\"><img decoding=\"async\" width=\"1080\" height=\"810\" title=\"Donizetti Opera-Copertia-UNIVERSI-SCONOSCIUTI-Emozioni-vicine-tradizioni-lontane\" src=\"https:\/\/www.donizettiopera.org\/wp-content\/uploads\/2025\/06\/Donizetti-Opera-Copertia-UNIVERSI-SCONOSCIUTI-Emozioni-vicine-tradizioni-lontane.webp\" alt class=\"img-responsive wp-image-2242\" srcset=\"https:\/\/www.donizettiopera.org\/wp-content\/uploads\/2025\/06\/Donizetti-Opera-Copertia-UNIVERSI-SCONOSCIUTI-Emozioni-vicine-tradizioni-lontane-200x150.webp 200w, https:\/\/www.donizettiopera.org\/wp-content\/uploads\/2025\/06\/Donizetti-Opera-Copertia-UNIVERSI-SCONOSCIUTI-Emozioni-vicine-tradizioni-lontane-400x300.webp 400w, https:\/\/www.donizettiopera.org\/wp-content\/uploads\/2025\/06\/Donizetti-Opera-Copertia-UNIVERSI-SCONOSCIUTI-Emozioni-vicine-tradizioni-lontane-600x450.webp 600w, https:\/\/www.donizettiopera.org\/wp-content\/uploads\/2025\/06\/Donizetti-Opera-Copertia-UNIVERSI-SCONOSCIUTI-Emozioni-vicine-tradizioni-lontane-800x600.webp 800w, https:\/\/www.donizettiopera.org\/wp-content\/uploads\/2025\/06\/Donizetti-Opera-Copertia-UNIVERSI-SCONOSCIUTI-Emozioni-vicine-tradizioni-lontane.webp 1080w\" sizes=\"(max-width: 640px) 100vw, 600px\" \/><\/span><\/div><\/div><\/div><\/div><\/div><div class=\"fusion-fullwidth fullwidth-box fusion-builder-row-2 fusion-flex-container has-pattern-background has-mask-background nonhundred-percent-fullwidth non-hundred-percent-height-scrolling\" style=\"--awb-border-radius-top-left:0px;--awb-border-radius-top-right:0px;--awb-border-radius-bottom-right:0px;--awb-border-radius-bottom-left:0px;--awb-padding-top:80px;--awb-padding-bottom:80px;--awb-flex-wrap:wrap;\" ><div class=\"fusion-builder-row fusion-row fusion-flex-align-items-flex-start fusion-flex-content-wrap\" style=\"max-width:1296px;margin-left: calc(-8% \/ 2 );margin-right: calc(-8% \/ 2 );\"><div class=\"fusion-layout-column fusion_builder_column fusion-builder-column-2 fusion_builder_column_2_3 2_3 fusion-flex-column\" style=\"--awb-padding-top:25px;--awb-padding-right:25px;--awb-padding-bottom:25px;--awb-padding-left:25px;--awb-bg-color:var(--awb-color1);--awb-bg-color-hover:var(--awb-color1);--awb-bg-size:cover;--awb-width-large:66.666666666667%;--awb-margin-top-large:0px;--awb-spacing-right-large:5.52%;--awb-margin-bottom-large:0px;--awb-spacing-left-large:5.52%;--awb-width-medium:66.666666666667%;--awb-order-medium:0;--awb-spacing-right-medium:5.52%;--awb-spacing-left-medium:5.52%;--awb-width-small:100%;--awb-order-small:1;--awb-margin-top-small:40px;--awb-spacing-right-small:3.68%;--awb-margin-bottom-small:40px;--awb-spacing-left-small:3.68%;\" data-scroll-devices=\"small-visibility,medium-visibility,large-visibility\"><div class=\"fusion-column-wrapper fusion-column-has-shadow fusion-flex-justify-content-flex-start fusion-content-layout-column\"><div class=\"fusion-text fusion-text-3 fusion-text-no-margin\"><p><strong>DESCRIZIONE<\/strong><br \/>\nPrendendo spunto dall\u2019opera\u00a0<em>Il Furioso nell\u2019Isola di S. Domingo<\/em>, un\u2019Opera semiseria di Gaetano Donizetti, su libretto di Jacopo Ferretti, ci addentreremo su alcune importanti e attuali tematiche educative: il tema dello sconosciuto e dell\u2019educazione affettiva.<br \/>\n<strong>Come lo faremo?<\/strong><br \/>\nAttraverso due laboratori coinvolgenti:<\/p>\n<p><strong>Laboratorio musicale e vocale<\/strong>\u00a0\u2013 L\u2019Opera\u00a0<em>Il Furioso nell\u2019Isola di S. Domingo,\u00a0<\/em>scritta nel 1832 tratta in prima linea dei sentimenti di un uomo. Infatti, il protagonista \u00e8 Cardenio che mostra la sua fragilit\u00e0 e il suo dolore. Il tema ci incoraggia a parlare di educazione all\u2019affettivit\u00e0, all\u2019autolegittimarsi a sentire ed esprimere i propri sentimenti nel rispetto degli altri e ci suggerisce la tematica dello sconosciuto e del diverso. In suddetta sede tratteremo questi importanti argomenti con la delicatezza, la profondit\u00e0 e la cura che la voce e il canto ci permettono di fare. Attraverso vocalizzi psicofonetici, gesti vocali e corporei e canti selezionati dall\u2019Opera stessa andremo alla scoperta dello sconosciuto dentro di noi. Esploreremo parti del corpo che vibrano pi\u00f9 di altre, andremo ad attivare nuovi risuonatori e scopriremo parti vibranti sconosciute e nuove.<\/p>\n<p><strong>Laboratorio manuale artistico<\/strong>\u00a0\u2013 Anche dal punto di vista del laboratorio manuale il tema dello sconosciuto \u00e8 protagonista, in questo caso per\u00f2 suggerito dall\u2019ambientazione esotica della storia. Lo \u201csconosciuto\u201d diventa ora quell\u2019insieme di usi e costumi appartenenti a culture lontane differenti dalla nostra dove, spesso, il trucco del volto assume un carattere identitario. Prima ancora di avere una valenza puramente estetica, il trucco del volto ha sempre avuto nelle popolazioni indigene, e non solo, un importante valore simbolico. Cerimonie religiose, riti propiziatori, festivit\u00e0, danze folkloristiche, rituali di guerra: ogni occasione richiedeva una precisa decorazione pittorica del proprio volto per mezzo di forme e colori ben precisi. Prima fra tutte l\u2019importanza di dipingersi il volto come segno di appartenenza ad una trib\u00f9.<br \/>\nIl laboratorio offre la possibilit\u00e0 di sperimentare il trucco sul volto, trasferito per necessit\u00e0 tecniche e comodit\u00e0 su una maschera di carta, come vero e proprio elemento distintivo e di appartenenza ad una comunit\u00e0, una trib\u00f9 per l\u2019appunto. La maschera, elemento di chiara appartenenza al mondo del teatro e della narrazione, diventa uno strumento di partecipazione alla vita collettiva.<\/p>\n<\/div><\/div><\/div><div class=\"fusion-layout-column fusion_builder_column fusion-builder-column-3 fusion_builder_column_1_3 1_3 fusion-flex-column\" style=\"--awb-padding-top:25px;--awb-padding-right:25px;--awb-padding-bottom:25px;--awb-padding-left:25px;--awb-bg-color:var(--awb-color1);--awb-bg-color-hover:var(--awb-color1);--awb-bg-size:cover;--awb-width-large:33.333333333333%;--awb-margin-top-large:0px;--awb-spacing-right-large:11.04%;--awb-margin-bottom-large:0px;--awb-spacing-left-large:11.04%;--awb-width-medium:33.333333333333%;--awb-order-medium:0;--awb-spacing-right-medium:11.04%;--awb-spacing-left-medium:11.04%;--awb-width-small:100%;--awb-order-small:0;--awb-spacing-right-small:3.68%;--awb-spacing-left-small:3.68%;\" data-scroll-devices=\"small-visibility,medium-visibility,large-visibility\"><div class=\"fusion-column-wrapper fusion-column-has-shadow fusion-flex-justify-content-flex-start fusion-content-layout-column\"><div class=\"fusion-title title fusion-title-3 fusion-sep-none fusion-title-text fusion-title-size-two\" style=\"--awb-margin-bottom:0px;--awb-font-size:30px;\"><h2 class=\"fusion-title-heading title-heading-left fusion-responsive-typography-calculated\" style=\"margin:0;font-size:1em;--fontSize:30;line-height:1;\">Info<\/h2><\/div><div class=\"fusion-separator fusion-full-width-sep\" style=\"align-self: center;margin-left: auto;margin-right: auto;margin-top:25px;margin-bottom:25px;width:100%;\"><div class=\"fusion-separator-border sep-single\" style=\"--awb-height:20px;--awb-amount:20px;border-color:var(--awb-color5);border-top-width:4px;\"><\/div><\/div><div class=\"fusion-title title fusion-title-4 fusion-sep-none fusion-title-text fusion-title-size-paragraph\" style=\"--awb-text-color:var(--awb-color5);--awb-margin-bottom:0px;--awb-font-size:16px;\"><p class=\"fusion-title-heading title-heading-left title-heading-tag fusion-responsive-typography-calculated\" style=\"font-family:&quot;Roboto&quot;;font-style:normal;font-weight:700;margin:0;text-transform:uppercase;font-size:1em;--fontSize:16;--minFontSize:16;line-height:var(--awb-typography4-line-height);\">Date<\/p><\/div><div class=\"fusion-text fusion-text-4\" style=\"--awb-text-color:var(--awb-color5);\"><p>da ottobre 2025 a maggio 2026<\/p>\n<\/div><div class=\"fusion-title title fusion-title-5 fusion-sep-none fusion-title-text fusion-title-size-paragraph\" style=\"--awb-text-color:var(--awb-color5);--awb-margin-bottom:0px;--awb-font-size:16px;\"><p class=\"fusion-title-heading title-heading-left title-heading-tag fusion-responsive-typography-calculated\" style=\"font-family:&quot;Roboto&quot;;font-style:normal;font-weight:700;margin:0;text-transform:uppercase;font-size:1em;--fontSize:16;--minFontSize:16;line-height:var(--awb-typography4-line-height);\">Luogo<\/p><\/div><div class=\"fusion-text fusion-text-5\"><p>Sale Storiche del Teatro Donizetti<\/p>\n<\/div><div class=\"fusion-title title fusion-title-6 fusion-sep-none fusion-title-text fusion-title-size-paragraph\" style=\"--awb-text-color:var(--awb-color5);--awb-margin-bottom:0px;--awb-font-size:16px;\"><p class=\"fusion-title-heading title-heading-left title-heading-tag fusion-responsive-typography-calculated\" style=\"font-family:&quot;Roboto&quot;;font-style:normal;font-weight:700;margin:0;text-transform:uppercase;font-size:1em;--fontSize:16;--minFontSize:16;line-height:var(--awb-typography4-line-height);\">Biglietti da<\/p><\/div><div class=\"fusion-text fusion-text-6\"><p>\u20ac 120 a gruppo\/classe (2 gruppi\/classi alla volta)<\/p>\n<\/div><div class=\"fusion-title title fusion-title-7 fusion-sep-none fusion-title-text fusion-title-size-paragraph\" style=\"--awb-text-color:var(--awb-color5);--awb-margin-bottom:0px;--awb-font-size:16px;\"><p class=\"fusion-title-heading title-heading-left title-heading-tag fusion-responsive-typography-calculated\" style=\"font-family:&quot;Roboto&quot;;font-style:normal;font-weight:700;margin:0;text-transform:uppercase;font-size:1em;--fontSize:16;--minFontSize:16;line-height:var(--awb-typography4-line-height);\">Durata<\/p><\/div><div class=\"fusion-text fusion-text-7\"><p>2 ore e mezzo<\/p>\n<\/div><div style=\"text-align:center;\"><a class=\"fusion-button button-flat fusion-button-default-size button-default fusion-button-default button-1 fusion-button-span-yes fusion-button-default-type\" style=\"--button_text_transform:uppercase;--button_margin-bottom:20px;\" target=\"_self\" href=\"mailto:scuole@fondazioneteatrodonizetti.org\"><span class=\"fusion-button-text awb-button__text awb-button__text--default\">Richiedi informazioni<\/span><\/a><\/div><div style=\"text-align:center;\"><a class=\"fusion-button button-flat fusion-button-default-size button-custom fusion-button-default button-2 fusion-button-span-yes fusion-button-default-type\" style=\"--button_accent_color:var(--awb-color5);--button_accent_hover_color:var(--awb-color1);--button_border_hover_color:var(--awb-custom_color_1);--button_gradient_top_color:var(--awb-color1);--button_gradient_bottom_color:var(--awb-color1);--button_gradient_top_color_hover:var(--awb-custom_color_1);--button_gradient_bottom_color_hover:var(--awb-custom_color_1);--button_text_transform:uppercase;\" target=\"_self\" href=\"https:\/\/forms.gle\/o7qyd3wjhdBYTW6Y6\"><span class=\"fusion-button-text awb-button__text awb-button__text--default\">Compila il modulo di iscrizione<\/span><\/a><\/div><\/div><\/div><\/div><\/div><\/p>\n","protected":false},"excerpt":{"rendered":"","protected":false},"author":1,"featured_media":0,"parent":1563,"menu_order":0,"comment_status":"closed","ping_status":"closed","template":"100-width.php","meta":{"footnotes":""},"class_list":["post-3183","page","type-page","status-publish","hentry"],"yoast_head":"<!-- This site is optimized with the Yoast SEO plugin v26.9 - https:\/\/yoast.com\/product\/yoast-seo-wordpress\/ -->\n<title>Universi sconosciuti \u2013 Emozioni vicine, tradizioni lontane - primarie e secondarie di primo grado - Donizetti Opera Festival<\/title>\n<meta name=\"robots\" content=\"index, follow, max-snippet:-1, max-image-preview:large, max-video-preview:-1\" \/>\n<link rel=\"canonical\" href=\"https:\/\/www.donizettiopera.org\/it\/education\/laboratorio-vocale-musicale-e-manuale-artistico-universi-sconosciuti-emozioni-vicine-tradizioni-lontane-primarie-e-secondarie-di-primo-grado\/\" \/>\n<meta property=\"og:locale\" content=\"it_IT\" \/>\n<meta property=\"og:type\" content=\"article\" \/>\n<meta property=\"og:title\" content=\"Universi sconosciuti \u2013 Emozioni vicine, tradizioni lontane - primarie e secondarie di primo grado - Donizetti Opera Festival\" \/>\n<meta property=\"og:url\" content=\"https:\/\/www.donizettiopera.org\/it\/education\/laboratorio-vocale-musicale-e-manuale-artistico-universi-sconosciuti-emozioni-vicine-tradizioni-lontane-primarie-e-secondarie-di-primo-grado\/\" \/>\n<meta property=\"og:site_name\" content=\"Donizetti Opera Festival\" \/>\n<meta property=\"article:modified_time\" content=\"2025-06-27T09:58:28+00:00\" \/>\n<meta name=\"twitter:card\" content=\"summary_large_image\" \/>\n<meta name=\"twitter:label1\" content=\"Tempo di lettura stimato\" \/>\n\t<meta name=\"twitter:data1\" content=\"85 minuti\" \/>\n<script type=\"application\/ld+json\" class=\"yoast-schema-graph\">{\"@context\":\"https:\/\/schema.org\",\"@graph\":[{\"@type\":\"WebPage\",\"@id\":\"https:\/\/www.donizettiopera.org\/it\/education\/laboratorio-vocale-musicale-e-manuale-artistico-universi-sconosciuti-emozioni-vicine-tradizioni-lontane-primarie-e-secondarie-di-primo-grado\/\",\"url\":\"https:\/\/www.donizettiopera.org\/it\/education\/laboratorio-vocale-musicale-e-manuale-artistico-universi-sconosciuti-emozioni-vicine-tradizioni-lontane-primarie-e-secondarie-di-primo-grado\/\",\"name\":\"Universi sconosciuti \u2013 Emozioni vicine, tradizioni lontane - primarie e secondarie di primo grado - Donizetti Opera Festival\",\"isPartOf\":{\"@id\":\"https:\/\/www.donizettiopera.org\/it\/#website\"},\"datePublished\":\"2025-06-26T16:16:54+00:00\",\"dateModified\":\"2025-06-27T09:58:28+00:00\",\"breadcrumb\":{\"@id\":\"https:\/\/www.donizettiopera.org\/it\/education\/laboratorio-vocale-musicale-e-manuale-artistico-universi-sconosciuti-emozioni-vicine-tradizioni-lontane-primarie-e-secondarie-di-primo-grado\/#breadcrumb\"},\"inLanguage\":\"it-IT\",\"potentialAction\":[{\"@type\":\"ReadAction\",\"target\":[\"https:\/\/www.donizettiopera.org\/it\/education\/laboratorio-vocale-musicale-e-manuale-artistico-universi-sconosciuti-emozioni-vicine-tradizioni-lontane-primarie-e-secondarie-di-primo-grado\/\"]}]},{\"@type\":\"BreadcrumbList\",\"@id\":\"https:\/\/www.donizettiopera.org\/it\/education\/laboratorio-vocale-musicale-e-manuale-artistico-universi-sconosciuti-emozioni-vicine-tradizioni-lontane-primarie-e-secondarie-di-primo-grado\/#breadcrumb\",\"itemListElement\":[{\"@type\":\"ListItem\",\"position\":1,\"name\":\"Home\",\"item\":\"https:\/\/www.donizettiopera.org\/it\/\"},{\"@type\":\"ListItem\",\"position\":2,\"name\":\"Education\",\"item\":\"https:\/\/www.donizettiopera.org\/it\/education\/\"},{\"@type\":\"ListItem\",\"position\":3,\"name\":\"Universi sconosciuti \u2013 Emozioni vicine, tradizioni lontane &#8211; primarie e secondarie di primo grado\"}]},{\"@type\":\"WebSite\",\"@id\":\"https:\/\/www.donizettiopera.org\/it\/#website\",\"url\":\"https:\/\/www.donizettiopera.org\/it\/\",\"name\":\"Donizetti Opera Festival\",\"description\":\"Donizetti Opera Festival\",\"potentialAction\":[{\"@type\":\"SearchAction\",\"target\":{\"@type\":\"EntryPoint\",\"urlTemplate\":\"https:\/\/www.donizettiopera.org\/it\/?s={search_term_string}\"},\"query-input\":{\"@type\":\"PropertyValueSpecification\",\"valueRequired\":true,\"valueName\":\"search_term_string\"}}],\"inLanguage\":\"it-IT\"}]}<\/script>\n<!-- \/ Yoast SEO plugin. -->","yoast_head_json":{"title":"Universi sconosciuti \u2013 Emozioni vicine, tradizioni lontane - primarie e secondarie di primo grado - Donizetti Opera Festival","robots":{"index":"index","follow":"follow","max-snippet":"max-snippet:-1","max-image-preview":"max-image-preview:large","max-video-preview":"max-video-preview:-1"},"canonical":"https:\/\/www.donizettiopera.org\/it\/education\/laboratorio-vocale-musicale-e-manuale-artistico-universi-sconosciuti-emozioni-vicine-tradizioni-lontane-primarie-e-secondarie-di-primo-grado\/","og_locale":"it_IT","og_type":"article","og_title":"Universi sconosciuti \u2013 Emozioni vicine, tradizioni lontane - primarie e secondarie di primo grado - Donizetti Opera Festival","og_url":"https:\/\/www.donizettiopera.org\/it\/education\/laboratorio-vocale-musicale-e-manuale-artistico-universi-sconosciuti-emozioni-vicine-tradizioni-lontane-primarie-e-secondarie-di-primo-grado\/","og_site_name":"Donizetti Opera Festival","article_modified_time":"2025-06-27T09:58:28+00:00","twitter_card":"summary_large_image","twitter_misc":{"Tempo di lettura stimato":"85 minuti"},"schema":{"@context":"https:\/\/schema.org","@graph":[{"@type":"WebPage","@id":"https:\/\/www.donizettiopera.org\/it\/education\/laboratorio-vocale-musicale-e-manuale-artistico-universi-sconosciuti-emozioni-vicine-tradizioni-lontane-primarie-e-secondarie-di-primo-grado\/","url":"https:\/\/www.donizettiopera.org\/it\/education\/laboratorio-vocale-musicale-e-manuale-artistico-universi-sconosciuti-emozioni-vicine-tradizioni-lontane-primarie-e-secondarie-di-primo-grado\/","name":"Universi sconosciuti \u2013 Emozioni vicine, tradizioni lontane - primarie e secondarie di primo grado - Donizetti Opera Festival","isPartOf":{"@id":"https:\/\/www.donizettiopera.org\/it\/#website"},"datePublished":"2025-06-26T16:16:54+00:00","dateModified":"2025-06-27T09:58:28+00:00","breadcrumb":{"@id":"https:\/\/www.donizettiopera.org\/it\/education\/laboratorio-vocale-musicale-e-manuale-artistico-universi-sconosciuti-emozioni-vicine-tradizioni-lontane-primarie-e-secondarie-di-primo-grado\/#breadcrumb"},"inLanguage":"it-IT","potentialAction":[{"@type":"ReadAction","target":["https:\/\/www.donizettiopera.org\/it\/education\/laboratorio-vocale-musicale-e-manuale-artistico-universi-sconosciuti-emozioni-vicine-tradizioni-lontane-primarie-e-secondarie-di-primo-grado\/"]}]},{"@type":"BreadcrumbList","@id":"https:\/\/www.donizettiopera.org\/it\/education\/laboratorio-vocale-musicale-e-manuale-artistico-universi-sconosciuti-emozioni-vicine-tradizioni-lontane-primarie-e-secondarie-di-primo-grado\/#breadcrumb","itemListElement":[{"@type":"ListItem","position":1,"name":"Home","item":"https:\/\/www.donizettiopera.org\/it\/"},{"@type":"ListItem","position":2,"name":"Education","item":"https:\/\/www.donizettiopera.org\/it\/education\/"},{"@type":"ListItem","position":3,"name":"Universi sconosciuti \u2013 Emozioni vicine, tradizioni lontane &#8211; primarie e secondarie di primo grado"}]},{"@type":"WebSite","@id":"https:\/\/www.donizettiopera.org\/it\/#website","url":"https:\/\/www.donizettiopera.org\/it\/","name":"Donizetti Opera Festival","description":"Donizetti Opera Festival","potentialAction":[{"@type":"SearchAction","target":{"@type":"EntryPoint","urlTemplate":"https:\/\/www.donizettiopera.org\/it\/?s={search_term_string}"},"query-input":{"@type":"PropertyValueSpecification","valueRequired":true,"valueName":"search_term_string"}}],"inLanguage":"it-IT"}]}},"_links":{"self":[{"href":"https:\/\/www.donizettiopera.org\/it\/wp-json\/wp\/v2\/pages\/3183","targetHints":{"allow":["GET"]}}],"collection":[{"href":"https:\/\/www.donizettiopera.org\/it\/wp-json\/wp\/v2\/pages"}],"about":[{"href":"https:\/\/www.donizettiopera.org\/it\/wp-json\/wp\/v2\/types\/page"}],"author":[{"embeddable":true,"href":"https:\/\/www.donizettiopera.org\/it\/wp-json\/wp\/v2\/users\/1"}],"replies":[{"embeddable":true,"href":"https:\/\/www.donizettiopera.org\/it\/wp-json\/wp\/v2\/comments?post=3183"}],"version-history":[{"count":0,"href":"https:\/\/www.donizettiopera.org\/it\/wp-json\/wp\/v2\/pages\/3183\/revisions"}],"up":[{"embeddable":true,"href":"https:\/\/www.donizettiopera.org\/it\/wp-json\/wp\/v2\/pages\/1563"}],"wp:attachment":[{"href":"https:\/\/www.donizettiopera.org\/it\/wp-json\/wp\/v2\/media?parent=3183"}],"curies":[{"name":"wp","href":"https:\/\/api.w.org\/{rel}","templated":true}]}}