{"id":3201,"date":"2025-06-27T06:43:52","date_gmt":"2025-06-27T06:43:52","guid":{"rendered":"https:\/\/www.donizettiopera.org\/?page_id=3201"},"modified":"2025-07-15T21:20:55","modified_gmt":"2025-07-15T21:20:55","slug":"anteprime-donizetti-opera-2025","status":"publish","type":"page","link":"https:\/\/www.donizettiopera.org\/it\/education\/anteprime-donizetti-opera-2025\/","title":{"rendered":"Anteprime Donizetti Opera 2025"},"content":{"rendered":"<p><div class=\"fusion-fullwidth fullwidth-box fusion-builder-row-1 fusion-flex-container has-pattern-background has-mask-background nonhundred-percent-fullwidth non-hundred-percent-height-scrolling\" style=\"--awb-border-radius-top-left:0px;--awb-border-radius-top-right:0px;--awb-border-radius-bottom-right:0px;--awb-border-radius-bottom-left:0px;--awb-padding-top:80px;--awb-padding-bottom:80px;--awb-background-color:var(--awb-color5);--awb-flex-wrap:wrap;\" ><div class=\"fusion-builder-row fusion-row fusion-flex-align-items-center fusion-flex-content-wrap\" style=\"max-width:1248px;margin-left: calc(-4% \/ 2 );margin-right: calc(-4% \/ 2 );\"><div class=\"fusion-layout-column fusion_builder_column fusion-builder-column-0 fusion_builder_column_1_2 1_2 fusion-flex-column fusion-flex-align-self-stretch\" style=\"--awb-bg-size:cover;--awb-width-large:50%;--awb-margin-top-large:0px;--awb-spacing-right-large:3.84%;--awb-margin-bottom-large:0px;--awb-spacing-left-large:3.84%;--awb-width-medium:50%;--awb-order-medium:0;--awb-spacing-right-medium:3.84%;--awb-spacing-left-medium:3.84%;--awb-width-small:100%;--awb-order-small:0;--awb-spacing-right-small:1.92%;--awb-spacing-left-small:1.92%;\"><div class=\"fusion-column-wrapper fusion-column-has-shadow fusion-flex-justify-content-flex-start fusion-content-layout-column\"><div class=\"fusion-text fusion-text-1 fusion-text-no-margin\" style=\"--awb-font-size:24px;--awb-text-transform:uppercase;--awb-text-color:var(--awb-color1);--awb-text-font-family:&quot;Roboto&quot;;--awb-text-font-style:normal;--awb-text-font-weight:700;\"><p>Marted\u00ec 11, Mercoled\u00ec 12, Gioved\u00ec 13 novembre 2025<\/p>\n<\/div><div class=\"fusion-title title fusion-title-1 fusion-sep-none fusion-title-text fusion-title-size-paragraph\" style=\"--awb-text-color:var(--awb-color4);--awb-margin-bottom-small:40px;--awb-font-size:30px;\"><p class=\"fusion-title-heading title-heading-left title-heading-tag fusion-responsive-typography-calculated\" style=\"font-family:&quot;Roboto&quot;;font-style:italic;font-weight:400;margin:0;font-size:1em;--fontSize:30;line-height:1.1;\">Anteprime Under 30<\/p><\/div><div class=\"fusion-title title fusion-title-2 fusion-sep-none fusion-title-text fusion-title-size-one\" style=\"--awb-text-color:var(--awb-color4);--awb-margin-bottom-small:40px;--awb-font-size:72px;\"><h1 class=\"fusion-title-heading title-heading-left fusion-responsive-typography-calculated\" style=\"margin:0;text-transform:uppercase;font-size:1em;--fontSize:72;line-height:1.1;\">Donizetti Opera 2025<\/h1><\/div><div class=\"fusion-separator fusion-full-width-sep\" style=\"align-self: center;margin-left: auto;margin-right: auto;flex-grow:1;width:100%;\"><\/div><div class=\"fusion-text fusion-text-2\" style=\"--awb-font-size:20px;--awb-text-color:var(--awb-color1);--awb-text-font-family:&quot;Roboto&quot;;--awb-text-font-style:normal;--awb-text-font-weight:400;\"><p>Anteprima delle opere in cartellone per il festival Donizetti Opera 2025, dedicate al pubblico Under 30.<\/p>\n<\/div><\/div><\/div><div class=\"fusion-layout-column fusion_builder_column fusion-builder-column-1 fusion_builder_column_1_2 1_2 fusion-flex-column\" style=\"--awb-bg-size:cover;--awb-width-large:50%;--awb-margin-top-large:0px;--awb-spacing-right-large:3.84%;--awb-margin-bottom-large:0px;--awb-spacing-left-large:3.84%;--awb-width-medium:50%;--awb-order-medium:0;--awb-spacing-right-medium:3.84%;--awb-spacing-left-medium:3.84%;--awb-width-small:100%;--awb-order-small:0;--awb-spacing-right-small:1.92%;--awb-spacing-left-small:1.92%;\"><div class=\"fusion-column-wrapper fusion-column-has-shadow fusion-flex-justify-content-flex-start fusion-content-layout-column\"><div class=\"fusion-separator fusion-full-width-sep\" style=\"align-self: center;margin-left: auto;margin-right: auto;width:100%;\"><div class=\"fusion-separator-border sep-single sep-solid\" style=\"--awb-height:20px;--awb-amount:20px;border-color:var(--awb-color5);border-top-width:4px;\"><\/div><\/div><div class=\"fusion-image-element \" style=\"--awb-caption-title-font-family:var(--h2_typography-font-family);--awb-caption-title-font-weight:var(--h2_typography-font-weight);--awb-caption-title-font-style:var(--h2_typography-font-style);--awb-caption-title-size:var(--h2_typography-font-size);--awb-caption-title-transform:var(--h2_typography-text-transform);--awb-caption-title-line-height:var(--h2_typography-line-height);--awb-caption-title-letter-spacing:var(--h2_typography-letter-spacing);\"><span class=\" fusion-imageframe imageframe-none imageframe-1 hover-type-none\"><img decoding=\"async\" width=\"1080\" height=\"810\" title=\"Donizetti Opera-Copertia-anteprime-donizzetti-opera-2025\" src=\"https:\/\/www.donizettiopera.org\/wp-content\/uploads\/2025\/06\/Donizetti-Opera-Copertia-anteprime-donizzetti-opera-2025.webp\" alt class=\"img-responsive wp-image-2252\" srcset=\"https:\/\/www.donizettiopera.org\/wp-content\/uploads\/2025\/06\/Donizetti-Opera-Copertia-anteprime-donizzetti-opera-2025-200x150.webp 200w, https:\/\/www.donizettiopera.org\/wp-content\/uploads\/2025\/06\/Donizetti-Opera-Copertia-anteprime-donizzetti-opera-2025-400x300.webp 400w, https:\/\/www.donizettiopera.org\/wp-content\/uploads\/2025\/06\/Donizetti-Opera-Copertia-anteprime-donizzetti-opera-2025-600x450.webp 600w, https:\/\/www.donizettiopera.org\/wp-content\/uploads\/2025\/06\/Donizetti-Opera-Copertia-anteprime-donizzetti-opera-2025-800x600.webp 800w, https:\/\/www.donizettiopera.org\/wp-content\/uploads\/2025\/06\/Donizetti-Opera-Copertia-anteprime-donizzetti-opera-2025.webp 1080w\" sizes=\"(max-width: 640px) 100vw, 600px\" \/><\/span><\/div><\/div><\/div><\/div><\/div><div class=\"fusion-fullwidth fullwidth-box fusion-builder-row-2 fusion-flex-container has-pattern-background has-mask-background nonhundred-percent-fullwidth non-hundred-percent-height-scrolling\" style=\"--awb-border-radius-top-left:0px;--awb-border-radius-top-right:0px;--awb-border-radius-bottom-right:0px;--awb-border-radius-bottom-left:0px;--awb-padding-top:80px;--awb-padding-bottom:80px;--awb-flex-wrap:wrap;\" ><div class=\"fusion-builder-row fusion-row fusion-flex-align-items-flex-start fusion-flex-content-wrap\" style=\"max-width:1296px;margin-left: calc(-8% \/ 2 );margin-right: calc(-8% \/ 2 );\"><div class=\"fusion-layout-column fusion_builder_column fusion-builder-column-2 fusion_builder_column_2_3 2_3 fusion-flex-column\" style=\"--awb-padding-top:25px;--awb-padding-right:25px;--awb-padding-bottom:25px;--awb-padding-left:25px;--awb-bg-color:var(--awb-color1);--awb-bg-color-hover:var(--awb-color1);--awb-bg-size:cover;--awb-width-large:66.666666666667%;--awb-margin-top-large:0px;--awb-spacing-right-large:5.52%;--awb-margin-bottom-large:0px;--awb-spacing-left-large:5.52%;--awb-width-medium:66.666666666667%;--awb-order-medium:0;--awb-spacing-right-medium:5.52%;--awb-spacing-left-medium:5.52%;--awb-width-small:100%;--awb-order-small:1;--awb-margin-top-small:40px;--awb-spacing-right-small:3.68%;--awb-margin-bottom-small:40px;--awb-spacing-left-small:3.68%;\" data-scroll-devices=\"small-visibility,medium-visibility,large-visibility\"><div class=\"fusion-column-wrapper fusion-column-has-shadow fusion-flex-justify-content-flex-start fusion-content-layout-column\"><div class=\"fusion-text fusion-text-3 fusion-text-no-margin\"><p><strong>IL PROGETTO<\/strong><\/p>\n<p>Gli studenti potranno assistere in esclusiva alle anteprime delle opere in cartellone nel Donizetti Opera 2025. Nei giorni precedenti frequenteranno un laboratorio in classe della durata di 90 minuti in preparazione all\u2019opera per scoprire la trama e i retroscena della regia.<br \/>\nIn seguito alla visione dello spettacolo ogni classe o ogni studente pu\u00f2 produrre un elaborato artistico a libera scelta (grafico, audio, video, letterario, ecc.). Tutti i lavori saranno esposti nel Donizetti Studio dal 24 al 26 gennaio 2026 in occasione della <em>Giornata mondiale dell\u2019educazione<\/em>, che ricorre il 25 gennaio.<\/p>\n<\/div><div class=\"fusion-text fusion-text-4\" style=\"--awb-margin-top:40px;\"><h2><em>Anteprima<\/em><br \/>\nCaterina Cornaro<\/h2>\n<\/div><div class=\"fusion-separator fusion-full-width-sep\" style=\"align-self: center;margin-left: auto;margin-right: auto;margin-bottom:40px;width:100%;\"><div class=\"fusion-separator-border sep-single sep-solid\" style=\"--awb-height:20px;--awb-amount:20px;border-color:var(--awb-color5);border-top-width:4px;\"><\/div><\/div><div class=\"fusion-text fusion-text-5\"><p>Tragedia lirica in un prologo e due atti di\u00a0<strong>Giacomo Sacchero<br \/>\n<\/strong>Musica di\u00a0<strong>Gaetano Donizetti<br \/>\n<\/strong>Prima rappresentazione moderna secondo la volont\u00e0 del compositore<br \/>\nEdizione critica a cura di Eleonora Di Cintio \u00a9Casa Ricordi, Milano<br \/>\ncon la collaborazione e il contributo della Fondazione Teatro Donizetti di Bergamo<\/p>\n<p>Direttore\u00a0<strong>Riccardo Frizza<br \/>\n<\/strong>Regia\u00a0<strong>Francesco Micheli<\/strong><\/p>\n<p><strong>DESCRIZIONE<\/strong><\/p>\n<p>Vi presentiamo un\u2019opera straordinaria e poco conosciuta, che rappresenta un momento cruciale nella vita e nella carriera di uno dei pi\u00f9 grandi compositori italiani dell\u2019Ottocento: Gaetano Donizetti. Si tratta di <em>Caterina Cornaro<\/em>, ultima opera da lui completata, che aprir\u00e0 il festival Donizetti Opera con una nuova e preziosa edizione.<br \/>\nScritta nel 1842 su libretto di Giacomo Sacchero, <em>Caterina Cornaro<\/em> racconta la storia della regina di Cipro, coinvolta in un intrigo politico tra amore, amicizia e il potere spietato della Repubblica di Venezia. Nonostante fosse destinata a Vienna, l\u2019opera debutt\u00f2 solo due anni dopo a Napoli, dove per\u00f2 non fu compresa n\u00e9 apprezzata: la censura ne alter\u00f2 profondamente il testo e l\u2019orchestrazione risultava inadatta al teatro napoletano.<br \/>\nOggi, per la prima volta, <em>Caterina Cornaro<\/em> verr\u00e0 eseguita con il finale autentico voluto da Donizetti e con il testo originale non modificato dalla censura. Un\u2019occasione unica per ascoltare l\u2019opera cos\u00ec come l\u2019autore l\u2019aveva concepita, in tutta la sua forza espressiva e drammaturgica. A curare l\u2019edizione critica \u00e8 stata Eleonora Di Cintio per Casa Ricordi.<br \/>\nLa nuova produzione sar\u00e0 diretta da Riccardo Frizza, alla guida dell\u2019Orchestra Donizetti Opera e del Coro dell\u2019Accademia Teatro alla Scala. La regia \u00e8 firmata da Francesco Micheli, che considera questa messa in scena come un omaggio conclusivo a Donizetti e al festival stesso.<br \/>\nIl cast vede protagonisti nomi di spicco del panorama lirico, come Carmela Remigio nel ruolo di Caterina, affiancata da Enea Scala, Vito Priante, Riccardo Fassi e altri artisti di grande talento.<br \/>\n<em>Caterina Cornaro<\/em> non \u00e8 solo un\u2019opera lirica: \u00e8 uno specchio delle tensioni tra arte e politica, della lotta per la libert\u00e0 espressiva e del tramonto personale e creativo di un grande compositore. Un\u2019opportunit\u00e0 per avvicinarsi alla musica, alla storia e al teatro in un modo emozionante e coinvolgente.<br \/>\nSiete pronti a scoprire un capolavoro nascosto?<\/p>\n<\/div><div class=\"fusion-text fusion-text-6\" style=\"--awb-margin-top:40px;\"><h2><em>Anteprima<\/em><br \/>\nIl campanello \/ Deux hommes et une femme<\/h2>\n<\/div><div class=\"fusion-separator fusion-full-width-sep\" style=\"align-self: center;margin-left: auto;margin-right: auto;margin-bottom:40px;width:100%;\"><div class=\"fusion-separator-border sep-single sep-solid\" style=\"--awb-height:20px;--awb-amount:20px;border-color:var(--awb-color5);border-top-width:4px;\"><\/div><\/div><div class=\"fusion-text fusion-text-7\"><p><strong><em>Il campanello<\/em><\/strong><\/p>\n<p>Farsa in un atto<br \/>\nParole e musica di\u00a0<strong>Gaetano Donizetti<br \/>\n<\/strong>Prima rappresentazione della nuova versione: Napoli, Teatro del Fondo, 23 maggio 1837<br \/>\nEdizione critica a cura di Ilaria Narici \u00a9Casa Ricordi, Milano<br \/>\ncon la collaborazione e il contributo del Comune di Bergamo<\/p>\n<p><strong><em>Deux hommes et une femme<\/em><\/strong><\/p>\n<p>Op\u00e9ra- comique in un atto di\u00a0<strong>Gustave Va\u00ebz<br \/>\n<\/strong>Musica di\u00a0<strong>Gaetano Donizetti<br \/>\n<\/strong>Prima rappresentazione: Parigi, Op\u00e9ra-Comique, 7 maggio 1860 (come\u00a0<em>Rita, ou Le mari battu<\/em>)<br \/>\nEdizione critica a cura di Paolo A. Rossini, con la collaborazione di Francesco Bellotto \u00a9Casa Ricordi, Milano<br \/>\ncon la collaborazione e il contributo della Fondazione Teatro Donizetti di Bergamo<\/p>\n<p>Direttore\u00a0<strong>Enrico Pagano<br \/>\n<\/strong>Regia\u00a0<strong>Stefania Bonfadelli<\/strong><\/p>\n<p><strong>DESCRIZIONE<\/strong><\/p>\n<p>Siete invitati a scoprire due gioielli del teatro musicale di Gaetano Donizetti, che uniscono musica, comicit\u00e0 e situazioni paradossali in un dittico dal ritmo brillante e irresistibile. In scena due opere in un atto:\u00a0<em>Il campanello<\/em>\u00a0e\u00a0<em>Deux hommes et une femme<\/em>, entrambe costruite attorno a un triangolo amoroso e alla confusione sentimentale che ne deriva, ma con stili e colori diversi.<\/p>\n<p>Scritta nel 1837 per il Teatro del Fondo di Napoli,\u00a0<em>Il campanello<\/em> \u00e8 una farsa travolgente in cui il giovane Enrico cerca in ogni modo di impedire che la donna amata, Serafina, consumi le nozze con il vecchio farmacista Don Pistacchio. Lo fa travestendosi e suonando il campanello della farmacia per tutta la notte, scatenando una serie di situazioni comiche e surreali. Donizetti \u00e8 autore non solo della musica, ma anche del libretto: un esempio del suo talento teatrale completo e del suo spirito generoso, poich\u00e9 regal\u00f2 l\u2019opera a una compagnia teatrale in difficolt\u00e0 economiche.<\/p>\n<p>Conosciuta anche come\u00a0<em>Rita, ou Le mari battu<\/em>, questa\u00a0<em>op\u00e9ra-comique<\/em> <em>&#8211;<\/em>\u00a0<em>Deux hommes et une femme &#8211; <\/em>fu rappresentata solo dopo la morte di Donizetti, nel 1860 a Parigi. Racconta di Rita, una donna sposata con il timido Pep\u00e8, convinta che il primo marito, Gasparo, sia morto. Ma Gasparo ritorna all\u2019improvviso, creando una situazione comica piena di colpi di scena e dinamiche di potere all\u2019interno della coppia. I toni sono leggeri ma spinti fino all\u2019assurdo, con un umorismo che ricorda il teatro francese di Feydeau e Ionesco.<\/p>\n<p>Le due opere saranno messe in scena con la regia di Stefania Bonfadelli e un team creativo tutto al femminile. La musica sar\u00e0 eseguita dall\u2019orchestra di strumenti d\u2019epoca Gli Originali, diretta da Enrico Pagano, giovane talento selezionato da Forbes tra i \u201c100 under 30\u201d pi\u00f9 promettenti d\u2019Italia. I cantanti in scena sono tutti allievi della Bottega Donizetti 2025, un progetto formativo per giovani artisti, guidati da un grande mentore della lirica: Alessandro Corbelli.<br \/>\nQueste due opere sono un\u2019occasione unica per conoscere un lato diverso di Donizetti: quello pi\u00f9 ironico, teatrale e sperimentale. Un\u2019esperienza perfetta per avvicinarsi all\u2019opera lirica divertendosi, tra travestimenti, equivoci, ritorni inaspettati e risate assicurate!<br \/>\nPerch\u00e9 l\u2019opera non \u00e8 solo emozione: \u00e8 anche divertimento, sorpresa e\u2026 campanelli che suonano di notte!<\/p>\n<\/div><div class=\"fusion-text fusion-text-8\" style=\"--awb-margin-top:40px;\"><h2><em>Anteprima<\/em><br \/>\nIl furioso nell&#8217;isola di S. Domingo<\/h2>\n<\/div><div class=\"fusion-separator fusion-full-width-sep\" style=\"align-self: center;margin-left: auto;margin-right: auto;margin-bottom:40px;width:100%;\"><div class=\"fusion-separator-border sep-single sep-solid\" style=\"--awb-height:20px;--awb-amount:20px;border-color:var(--awb-color5);border-top-width:4px;\"><\/div><\/div><div class=\"fusion-text fusion-text-9\"><p>Melodramma in due atti di<strong>\u00a0<\/strong><strong>Jacopo Ferretti<\/strong><br \/>\nMusica di<strong>\u00a0Gaetano Donizetti<\/strong><br \/>\nPrima rappresentazione: Roma, Teatro Valle, 2 gennaio 1833<br \/>\nEdizione critica a cura di Eleonora di Cintio \u00a9 Casa Ricordi, Milano<br \/>\ncon la collaborazione e il contributo della Fondazione Teatro Donizetti di Bergamo<\/p>\n<p>Direttore\u00a0<strong>Alessandro Palumbo<br \/>\n<\/strong>Regia\u00a0<strong>Manuel Renga<\/strong><\/p>\n<p><strong>DESCRIZIONE<\/strong><\/p>\n<p>Vi invitiamo a conoscere un\u2019opera avvincente e intensa di Gaetano Donizetti: <em>Il furioso nell\u2019isola di S. Domingo<\/em>, un titolo che fu uno straordinario successo fin dalla sua prima rappresentazione al Teatro Valle di Roma nel 1833. Talmente apprezzata che a Napoli fu messa in scena contemporaneamente in tre teatri!<br \/>\nAl centro della vicenda c\u2019\u00e8 Cardenio, un uomo impazzito per amore, personaggio ispirato al \u201cfolle della Sierra Morena\u201d tratto dal capolavoro <em>Don Chisciotte<\/em> di Cervantes. Ritirato in una casa di cura, l\u2019anziano Cardenio rievoca il suo passato sull\u2019isola di Santo Domingo, dove si intrecciano le sue passioni, i suoi dolori e i suoi ricordi confusi. Con lui rivivono figure come Eleonora, l\u2019amata perduta, Marcella e Bartolomeo, compagni di un tempo lontano, e Kaidam\u00e0, personaggio comico e affettuoso.<br \/>\nAttraverso una narrazione che oscilla tra realt\u00e0 e immaginazione, l\u2019opera ci parla della forza del sentimento, del dolore della perdita e del fragile confine tra lucidit\u00e0 e follia.<br \/>\nPer questa nuova edizione curata da Eleonora Di Cintio, si \u00e8 scelto di ripristinare parti originariamente tagliate, restituendo al pubblico la versione completa dell\u2019opera. La regia \u00e8 affidata a Manuel Renga, noto anche per i suoi spettacoli pensati per i pi\u00f9 giovani, che propone una lettura originale: un Cardenio anziano che, tra oggetti del passato e ricordi sbiaditi, ricostruisce la propria storia d\u2019amore e di dolore.<br \/>\nLe scenografie e i costumi sono firmati da Aurelio Colombo, le luci da Emanuele Agliati. Sul palco, un cast di altissimo livello: Paolo Bordogna sar\u00e0 Cardenio, Mariangela Sicilia (Premio Abbiati 2024) interpreter\u00e0 Eleonora, con la direzione musicale di Alessandro Palumbo alla guida dell\u2019Orchestra Donizetti Opera e del Coro dell\u2019Accademia Teatro alla Scala.<br \/>\nPerch\u00e9 vedere quest\u2019opera? Perch\u00e9\u00a0<em>Il furioso nell\u2019isola di S. Domingo<\/em>\u00a0non \u00e8 solo un\u2019opera lirica: \u00e8 un viaggio nella mente e nel cuore umano, tra ricordi, sogni e paure. Una riflessione profonda, ma piena di vita, musica, poesia e teatro, perfetta per avvicinarsi all\u2019opera in modo emozionante e accessibile.<br \/>\nUn\u2019occasione unica per scoprire Donizetti nella sua forma pi\u00f9 toccante, moderna e umana.<\/p>\n<\/div><\/div><\/div><div class=\"fusion-layout-column fusion_builder_column fusion-builder-column-3 fusion_builder_column_1_3 1_3 fusion-flex-column\" style=\"--awb-padding-top:25px;--awb-padding-right:25px;--awb-padding-bottom:25px;--awb-padding-left:25px;--awb-bg-color:var(--awb-color1);--awb-bg-color-hover:var(--awb-color1);--awb-bg-size:cover;--awb-width-large:33.333333333333%;--awb-margin-top-large:0px;--awb-spacing-right-large:11.04%;--awb-margin-bottom-large:0px;--awb-spacing-left-large:11.04%;--awb-width-medium:33.333333333333%;--awb-order-medium:0;--awb-spacing-right-medium:11.04%;--awb-spacing-left-medium:11.04%;--awb-width-small:100%;--awb-order-small:0;--awb-spacing-right-small:3.68%;--awb-spacing-left-small:3.68%;\" data-scroll-devices=\"small-visibility,medium-visibility,large-visibility\"><div class=\"fusion-column-wrapper fusion-column-has-shadow fusion-flex-justify-content-flex-start fusion-content-layout-column\"><div class=\"fusion-title title fusion-title-3 fusion-sep-none fusion-title-text fusion-title-size-two\" style=\"--awb-margin-bottom:0px;--awb-font-size:30px;\"><h2 class=\"fusion-title-heading title-heading-left fusion-responsive-typography-calculated\" style=\"margin:0;font-size:1em;--fontSize:30;line-height:1;\">Info<\/h2><\/div><div class=\"fusion-separator fusion-full-width-sep\" style=\"align-self: center;margin-left: auto;margin-right: auto;margin-top:25px;margin-bottom:25px;width:100%;\"><div class=\"fusion-separator-border sep-single\" style=\"--awb-height:20px;--awb-amount:20px;border-color:var(--awb-color5);border-top-width:4px;\"><\/div><\/div><div class=\"fusion-title title fusion-title-4 fusion-sep-none fusion-title-text fusion-title-size-paragraph\" style=\"--awb-text-color:var(--awb-color5);--awb-margin-bottom:0px;--awb-font-size:16px;\"><p class=\"fusion-title-heading title-heading-left title-heading-tag fusion-responsive-typography-calculated\" style=\"font-family:&quot;Roboto&quot;;font-style:normal;font-weight:700;margin:0;text-transform:uppercase;font-size:1em;--fontSize:16;--minFontSize:16;line-height:var(--awb-typography4-line-height);\">Date<\/p><\/div><div class=\"fusion-text fusion-text-10 fusion-text-no-margin\" style=\"--awb-text-color:var(--awb-color5);\"><p>11 novembre 2025 \u2013 ore 17.00<\/p>\n<\/div><div class=\"fusion-text fusion-text-11\" style=\"--awb-font-size:14px;\"><p><em>Anteprima &#8211; <\/em>Caterina Cornaro<\/p>\n<\/div><div class=\"fusion-text fusion-text-12 fusion-text-no-margin\" style=\"--awb-text-color:var(--awb-color5);\"><p>12 novembre 2025 \u2013 ore 17.00<\/p>\n<\/div><div class=\"fusion-text fusion-text-13\" style=\"--awb-font-size:14px;\"><p><em>Anteprima &#8211; <\/em>Il campanello \/ Deux hommes et une femme<\/p>\n<\/div><div class=\"fusion-text fusion-text-14 fusion-text-no-margin\" style=\"--awb-text-color:var(--awb-color5);\"><p>13 novembre 2025 \u2013 ore 17.00<\/p>\n<\/div><div class=\"fusion-text fusion-text-15\" style=\"--awb-font-size:14px;\"><p><em>Anteprima <\/em>&#8211; Il furioso nell\u2019Isola di S. Domingo<\/p>\n<\/div><div class=\"fusion-title title fusion-title-5 fusion-sep-none fusion-title-text fusion-title-size-paragraph\" style=\"--awb-text-color:var(--awb-color5);--awb-margin-bottom:0px;--awb-font-size:16px;\"><p class=\"fusion-title-heading title-heading-left title-heading-tag fusion-responsive-typography-calculated\" style=\"font-family:&quot;Roboto&quot;;font-style:normal;font-weight:700;margin:0;text-transform:uppercase;font-size:1em;--fontSize:16;--minFontSize:16;line-height:var(--awb-typography4-line-height);\">Luogo<\/p><\/div><div class=\"fusion-text fusion-text-16 fusion-text-no-margin\"><p>Teatro Donizetti<\/p>\n<\/div><div class=\"fusion-text fusion-text-17 fusion-text-no-margin\" style=\"--awb-font-size:14px;\"><p><em>Anteprima &#8211; <\/em>Caterina Cornaro<\/p>\n<\/div><div class=\"fusion-text fusion-text-18\" style=\"--awb-font-size:14px;\"><p><em>Anteprima<\/em> &#8211; Il furioso nell\u2019Isola di S. Domingo<\/p>\n<\/div><div class=\"fusion-text fusion-text-19 fusion-text-no-margin\"><p>Teatro Sociale<\/p>\n<\/div><div class=\"fusion-text fusion-text-20\" style=\"--awb-font-size:14px;\"><p><em>Anteprima &#8211;<\/em> Il campanello \/ Deux hommes et une femme<\/p>\n<\/div><div class=\"fusion-title title fusion-title-6 fusion-sep-none fusion-title-text fusion-title-size-paragraph\" style=\"--awb-text-color:var(--awb-color5);--awb-margin-bottom:0px;--awb-font-size:16px;\"><p class=\"fusion-title-heading title-heading-left title-heading-tag fusion-responsive-typography-calculated\" style=\"font-family:&quot;Roboto&quot;;font-style:normal;font-weight:700;margin:0;text-transform:uppercase;font-size:1em;--fontSize:16;--minFontSize:16;line-height:var(--awb-typography4-line-height);\">Biglietti da<\/p><\/div><div class=\"fusion-text fusion-text-21\"><p>\u20ac 15 &#8211; compreso biglietto e incontro di preparazione in classe<\/p>\n<\/div><div class=\"fusion-title title fusion-title-7 fusion-sep-none fusion-title-text fusion-title-size-paragraph\" style=\"--awb-text-color:var(--awb-color5);--awb-margin-bottom:0px;--awb-font-size:16px;\"><p class=\"fusion-title-heading title-heading-left title-heading-tag fusion-responsive-typography-calculated\" style=\"font-family:&quot;Roboto&quot;;font-style:normal;font-weight:700;margin:0;text-transform:uppercase;font-size:1em;--fontSize:16;--minFontSize:16;line-height:var(--awb-typography4-line-height);\">Durata<\/p><\/div><div class=\"fusion-text fusion-text-22 fusion-text-no-margin\"><p>2 ore e mezza<\/p>\n<\/div><div class=\"fusion-text fusion-text-23 fusion-text-no-margin\" style=\"--awb-font-size:14px;\"><p><em>Anteprima &#8211; <\/em>Caterina Cornaro<\/p>\n<\/div><div class=\"fusion-text fusion-text-24\" style=\"--awb-font-size:14px;\"><p><em>Anteprima &#8211;<\/em> Il campanello \/ Deux hommes et une femme<\/p>\n<\/div><div class=\"fusion-text fusion-text-25 fusion-text-no-margin\"><p>3 ore<\/p>\n<\/div><div class=\"fusion-text fusion-text-26\" style=\"--awb-font-size:14px;\"><p><em>Anteprima<\/em> &#8211; Il furioso nell\u2019isola di S. Domingo<\/p>\n<\/div><div class=\"fusion-title title fusion-title-8 fusion-sep-none fusion-title-text fusion-title-size-paragraph\" style=\"--awb-text-color:var(--awb-color5);--awb-margin-bottom:0px;--awb-font-size:16px;\"><p class=\"fusion-title-heading title-heading-left title-heading-tag fusion-responsive-typography-calculated\" style=\"font-family:&quot;Roboto&quot;;font-style:normal;font-weight:700;margin:0;text-transform:uppercase;font-size:1em;--fontSize:16;--minFontSize:16;line-height:var(--awb-typography4-line-height);\">Partecipanti<\/p><\/div><div class=\"fusion-text fusion-text-27\"><p>In base alla disponibilit\u00e0 del Teatro<\/p>\n<\/div><div style=\"text-align:center;\"><a class=\"fusion-button button-flat fusion-button-default-size button-default fusion-button-default button-1 fusion-button-span-yes fusion-button-default-type\" style=\"--button_text_transform:uppercase;--button_margin-bottom:20px;\" target=\"_self\" href=\"mailto:scuole@fondazioneteatrodonizetti.org\"><span class=\"fusion-button-text awb-button__text awb-button__text--default\">Richiedi informazioni<\/span><\/a><\/div><div style=\"text-align:center;\"><a class=\"fusion-button button-flat fusion-button-default-size button-custom fusion-button-default button-2 fusion-button-span-yes fusion-button-default-type\" style=\"--button_accent_color:var(--awb-color5);--button_accent_hover_color:var(--awb-color1);--button_border_hover_color:var(--awb-custom_color_1);--button_gradient_top_color:var(--awb-color1);--button_gradient_bottom_color:var(--awb-color1);--button_gradient_top_color_hover:var(--awb-custom_color_1);--button_gradient_bottom_color_hover:var(--awb-custom_color_1);--button_text_transform:uppercase;\" target=\"_self\" href=\"https:\/\/forms.gle\/o7qyd3wjhdBYTW6Y6\"><span class=\"fusion-button-text awb-button__text awb-button__text--default\">Compila il modulo di iscrizione<\/span><\/a><\/div><\/div><\/div><\/div><\/div><\/p>\n","protected":false},"excerpt":{"rendered":"","protected":false},"author":1,"featured_media":0,"parent":1563,"menu_order":0,"comment_status":"closed","ping_status":"closed","template":"100-width.php","meta":{"footnotes":""},"class_list":["post-3201","page","type-page","status-publish","hentry"],"yoast_head":"<!-- This site is optimized with the Yoast SEO plugin v26.9 - https:\/\/yoast.com\/product\/yoast-seo-wordpress\/ -->\n<title>Anteprime Donizetti Opera 2025 - Donizetti Opera Festival<\/title>\n<meta name=\"robots\" content=\"index, follow, max-snippet:-1, max-image-preview:large, max-video-preview:-1\" \/>\n<link rel=\"canonical\" href=\"https:\/\/www.donizettiopera.org\/it\/education\/anteprime-donizetti-opera-2025\/\" \/>\n<meta property=\"og:locale\" content=\"it_IT\" \/>\n<meta property=\"og:type\" content=\"article\" \/>\n<meta property=\"og:title\" content=\"Anteprime Donizetti Opera 2025 - Donizetti Opera Festival\" \/>\n<meta property=\"og:url\" content=\"https:\/\/www.donizettiopera.org\/it\/education\/anteprime-donizetti-opera-2025\/\" \/>\n<meta property=\"og:site_name\" content=\"Donizetti Opera Festival\" \/>\n<meta property=\"article:modified_time\" content=\"2025-07-15T21:20:55+00:00\" \/>\n<meta name=\"twitter:card\" content=\"summary_large_image\" \/>\n<meta name=\"twitter:label1\" content=\"Tempo di lettura stimato\" \/>\n\t<meta name=\"twitter:data1\" content=\"102 minuti\" \/>\n<script type=\"application\/ld+json\" class=\"yoast-schema-graph\">{\"@context\":\"https:\/\/schema.org\",\"@graph\":[{\"@type\":\"WebPage\",\"@id\":\"https:\/\/www.donizettiopera.org\/it\/education\/anteprime-donizetti-opera-2025\/\",\"url\":\"https:\/\/www.donizettiopera.org\/it\/education\/anteprime-donizetti-opera-2025\/\",\"name\":\"Anteprime Donizetti Opera 2025 - Donizetti Opera Festival\",\"isPartOf\":{\"@id\":\"https:\/\/www.donizettiopera.org\/it\/#website\"},\"datePublished\":\"2025-06-27T06:43:52+00:00\",\"dateModified\":\"2025-07-15T21:20:55+00:00\",\"breadcrumb\":{\"@id\":\"https:\/\/www.donizettiopera.org\/it\/education\/anteprime-donizetti-opera-2025\/#breadcrumb\"},\"inLanguage\":\"it-IT\",\"potentialAction\":[{\"@type\":\"ReadAction\",\"target\":[\"https:\/\/www.donizettiopera.org\/it\/education\/anteprime-donizetti-opera-2025\/\"]}]},{\"@type\":\"BreadcrumbList\",\"@id\":\"https:\/\/www.donizettiopera.org\/it\/education\/anteprime-donizetti-opera-2025\/#breadcrumb\",\"itemListElement\":[{\"@type\":\"ListItem\",\"position\":1,\"name\":\"Home\",\"item\":\"https:\/\/www.donizettiopera.org\/it\/\"},{\"@type\":\"ListItem\",\"position\":2,\"name\":\"Education\",\"item\":\"https:\/\/www.donizettiopera.org\/it\/education\/\"},{\"@type\":\"ListItem\",\"position\":3,\"name\":\"Anteprime Donizetti Opera 2025\"}]},{\"@type\":\"WebSite\",\"@id\":\"https:\/\/www.donizettiopera.org\/it\/#website\",\"url\":\"https:\/\/www.donizettiopera.org\/it\/\",\"name\":\"Donizetti Opera Festival\",\"description\":\"Donizetti Opera Festival\",\"potentialAction\":[{\"@type\":\"SearchAction\",\"target\":{\"@type\":\"EntryPoint\",\"urlTemplate\":\"https:\/\/www.donizettiopera.org\/it\/?s={search_term_string}\"},\"query-input\":{\"@type\":\"PropertyValueSpecification\",\"valueRequired\":true,\"valueName\":\"search_term_string\"}}],\"inLanguage\":\"it-IT\"}]}<\/script>\n<!-- \/ Yoast SEO plugin. -->","yoast_head_json":{"title":"Anteprime Donizetti Opera 2025 - Donizetti Opera Festival","robots":{"index":"index","follow":"follow","max-snippet":"max-snippet:-1","max-image-preview":"max-image-preview:large","max-video-preview":"max-video-preview:-1"},"canonical":"https:\/\/www.donizettiopera.org\/it\/education\/anteprime-donizetti-opera-2025\/","og_locale":"it_IT","og_type":"article","og_title":"Anteprime Donizetti Opera 2025 - Donizetti Opera Festival","og_url":"https:\/\/www.donizettiopera.org\/it\/education\/anteprime-donizetti-opera-2025\/","og_site_name":"Donizetti Opera Festival","article_modified_time":"2025-07-15T21:20:55+00:00","twitter_card":"summary_large_image","twitter_misc":{"Tempo di lettura stimato":"102 minuti"},"schema":{"@context":"https:\/\/schema.org","@graph":[{"@type":"WebPage","@id":"https:\/\/www.donizettiopera.org\/it\/education\/anteprime-donizetti-opera-2025\/","url":"https:\/\/www.donizettiopera.org\/it\/education\/anteprime-donizetti-opera-2025\/","name":"Anteprime Donizetti Opera 2025 - Donizetti Opera Festival","isPartOf":{"@id":"https:\/\/www.donizettiopera.org\/it\/#website"},"datePublished":"2025-06-27T06:43:52+00:00","dateModified":"2025-07-15T21:20:55+00:00","breadcrumb":{"@id":"https:\/\/www.donizettiopera.org\/it\/education\/anteprime-donizetti-opera-2025\/#breadcrumb"},"inLanguage":"it-IT","potentialAction":[{"@type":"ReadAction","target":["https:\/\/www.donizettiopera.org\/it\/education\/anteprime-donizetti-opera-2025\/"]}]},{"@type":"BreadcrumbList","@id":"https:\/\/www.donizettiopera.org\/it\/education\/anteprime-donizetti-opera-2025\/#breadcrumb","itemListElement":[{"@type":"ListItem","position":1,"name":"Home","item":"https:\/\/www.donizettiopera.org\/it\/"},{"@type":"ListItem","position":2,"name":"Education","item":"https:\/\/www.donizettiopera.org\/it\/education\/"},{"@type":"ListItem","position":3,"name":"Anteprime Donizetti Opera 2025"}]},{"@type":"WebSite","@id":"https:\/\/www.donizettiopera.org\/it\/#website","url":"https:\/\/www.donizettiopera.org\/it\/","name":"Donizetti Opera Festival","description":"Donizetti Opera Festival","potentialAction":[{"@type":"SearchAction","target":{"@type":"EntryPoint","urlTemplate":"https:\/\/www.donizettiopera.org\/it\/?s={search_term_string}"},"query-input":{"@type":"PropertyValueSpecification","valueRequired":true,"valueName":"search_term_string"}}],"inLanguage":"it-IT"}]}},"_links":{"self":[{"href":"https:\/\/www.donizettiopera.org\/it\/wp-json\/wp\/v2\/pages\/3201","targetHints":{"allow":["GET"]}}],"collection":[{"href":"https:\/\/www.donizettiopera.org\/it\/wp-json\/wp\/v2\/pages"}],"about":[{"href":"https:\/\/www.donizettiopera.org\/it\/wp-json\/wp\/v2\/types\/page"}],"author":[{"embeddable":true,"href":"https:\/\/www.donizettiopera.org\/it\/wp-json\/wp\/v2\/users\/1"}],"replies":[{"embeddable":true,"href":"https:\/\/www.donizettiopera.org\/it\/wp-json\/wp\/v2\/comments?post=3201"}],"version-history":[{"count":0,"href":"https:\/\/www.donizettiopera.org\/it\/wp-json\/wp\/v2\/pages\/3201\/revisions"}],"up":[{"embeddable":true,"href":"https:\/\/www.donizettiopera.org\/it\/wp-json\/wp\/v2\/pages\/1563"}],"wp:attachment":[{"href":"https:\/\/www.donizettiopera.org\/it\/wp-json\/wp\/v2\/media?parent=3201"}],"curies":[{"name":"wp","href":"https:\/\/api.w.org\/{rel}","templated":true}]}}